{"id":7625,"date":"2019-06-02T23:29:22","date_gmt":"2019-06-02T21:29:22","guid":{"rendered":"http:\/\/shalom.org.pl\/?post_type=tribe_events&#038;p=7625"},"modified":"2020-11-06T13:29:24","modified_gmt":"2020-11-06T12:29:24","slug":"xvi-festiwal-kultury-zydowskiej-warszawa-singera-zydowski-warszawski-miedzynarodowy","status":"publish","type":"tribe_events","link":"https:\/\/shalom.org.pl\/en\/event\/xvi-festiwal-kultury-zydowskiej-warszawa-singera-zydowski-warszawski-miedzynarodowy\/","title":{"rendered":"XVI Festiwal Kultury \u017bydowskiej Warszawa Singera"},"content":{"rendered":"<p><strong>XVI Festiwal Kultury \u017bydowskiej Warszawa Singera &#8211; \u017bydowski. Warszawski. Mi\u0119dzynarodowy. To jedno z najwa\u017cniejszych i najbardziej dynamicznych wydarze\u0144 kulturalnych Stolicy.<\/strong> <strong>Jazz, pop, kabaretowe rewie, teatr, literatura, sztuki wizualne, historia i tradycja \u017byd<\/strong><strong>\u00f3<\/strong><strong>w, Polski, Warszawy. Bogata oferta dla dzieci i rodzin.<\/strong><\/p>\n<p>Po raz pierwszy na Festiwalu zago\u015bci<strong> Naom Vazana <\/strong>z Izraela, a towarzyszy\u0107 jej b\u0119dzie <strong>Tomasz Kukurba<\/strong>, lider najbardziej znanej polskiej formacji klezmerskiej Kroke. <strong>Adrienne Haan<\/strong>, niemiecko-luksemburska wokalistka i aktorka o ogromnym temperamencie scenicznym, kt\u00f3rej szczeg\u00f3lnie bliska jest piosenka kabaretowa lat 20. i 30. XX wieku wyst\u0105pi w koncercie <strong>\u201eTehorah\u201d<\/strong>. Na mi\u0142o\u015bnik\u00f3w tanga czeka spektakl \u201e<strong>Jak za dawnych lat \u2013 polskie tango show\u201d<\/strong>, przygotowany przez <strong>SawarS Tango Orquesta.<\/strong> To jedna z niewielu formacji instrumentalnych nawi\u0105zuj\u0105cych bezpo\u015brednio do argenty\u0144skich <em>orquesta tipica <\/em>oraz zespo\u0142\u00f3w tangowych przedwojennej Warszawy. W spektaklu wyst\u0105pi\u0105 <strong>Anna Dereszowska <\/strong>i <strong>Andrzej Seweryn<\/strong>.<\/p>\n\n\t\t<style type=\"text\/css\">\n\t\t\t#gallery-1 {\n\t\t\t\tmargin: auto;\n\t\t\t}\n\t\t\t#gallery-1 .gallery-item {\n\t\t\t\tfloat: left;\n\t\t\t\tmargin-top: 10px;\n\t\t\t\ttext-align: center;\n\t\t\t\twidth: 33%;\n\t\t\t}\n\t\t\t#gallery-1 img {\n\t\t\t\tborder: 2px solid #cfcfcf;\n\t\t\t}\n\t\t\t#gallery-1 .gallery-caption {\n\t\t\t\tmargin-left: 0;\n\t\t\t}\n\t\t\t\/* see gallery_shortcode() in wp-includes\/media.php *\/\n\t\t<\/style>\n\t\t<div id='gallery-1' class='gallery galleryid-7625 gallery-columns-3 gallery-size-thumbnail'><dl class='gallery-item'>\n\t\t\t<dt class='gallery-icon landscape'>\n\t\t\t\t<a href='https:\/\/shalom.org.pl\/en\/program-2020\/photo-adrienne-haan-kopia-2\/'><img fetchpriority=\"high\" decoding=\"async\" width=\"300\" height=\"300\" src=\"https:\/\/shalom.org.pl\/wp-content\/uploads\/2019\/06\/PHOTO-ADRIENNE-HAAN-\u2014-kopia-1-300x300.jpg\" class=\"attachment-thumbnail size-thumbnail\" alt=\"\" aria-describedby=\"gallery-1-7614\" \/><\/a>\n\t\t\t<\/dt>\n\t\t\t\t<dd class='wp-caption-text gallery-caption' id='gallery-1-7614'>\n\t\t\t\tAdrienne Haan\n\t\t\t\t<\/dd><\/dl><dl class='gallery-item'>\n\t\t\t<dt class='gallery-icon landscape'>\n\t\t\t\t<a href='https:\/\/shalom.org.pl\/en\/seweryn\/'><img decoding=\"async\" width=\"300\" height=\"300\" src=\"https:\/\/shalom.org.pl\/wp-content\/uploads\/2019\/06\/seweryn-300x300.png\" class=\"attachment-thumbnail size-thumbnail\" alt=\"\" aria-describedby=\"gallery-1-7386\" \/><\/a>\n\t\t\t<\/dt>\n\t\t\t\t<dd class='wp-caption-text gallery-caption' id='gallery-1-7386'>\n\t\t\t\tAndrzej Seweryn\n\t\t\t\t<\/dd><\/dl><dl class='gallery-item'>\n\t\t\t<dt class='gallery-icon landscape'>\n\t\t\t\t<a href='https:\/\/shalom.org.pl\/en\/program-2020\/dereszowska-2\/'><img decoding=\"async\" width=\"300\" height=\"300\" src=\"https:\/\/shalom.org.pl\/wp-content\/uploads\/2019\/06\/dereszowska-1-300x300.png\" class=\"attachment-thumbnail size-thumbnail\" alt=\"\" aria-describedby=\"gallery-1-7611\" \/><\/a>\n\t\t\t<\/dt>\n\t\t\t\t<dd class='wp-caption-text gallery-caption' id='gallery-1-7611'>\n\t\t\t\tAnna Dereszowska\n\t\t\t\t<\/dd><\/dl><br style=\"clear: both\" \/>\n\t\t<\/div>\n\n<p>Rodzime tradycje folkowe przybli\u017cy <strong>Kapela Brod<\/strong><strong>\u00f3<\/strong><strong>w<\/strong>, zesp\u00f3\u0142 za\u0142o\u017cony przez Witka Brod\u0119, multiinstrumentalist\u0119 i eksploratora muzycznych tradycji r\u00f3\u017cnych kultur oraz <strong>Orkiestra Klezmerska Teatru Sejne\u0144skiego, <\/strong>od 1996 roku wydaj\u0105ca nowe pokolenia interpretator\u00f3w muzyki klezmerskiej. Grupa wyst\u0105pi podczas <strong>Nocy Klezmer<\/strong><strong>\u00f3<\/strong><strong>w<\/strong>, a wraz z ni\u0105 <strong>Frank London<\/strong>, tr\u0119bacz i kompozytor, jeden z najwa\u017cniejszych ameryka\u0144skich muzyk\u00f3w klezmerskich. Po raz kolejny na Festiwalu b\u0119dzie mo\u017cna pos\u0142ucha\u0107 znakomitych <strong>Jana Emila M\u0142ynarskiego <\/strong>i<strong> Marcina Maseckiego<\/strong>, w interpretacjach szlagier\u00f3w z lat 20-tych ubieg\u0142ego stulecia autorstwa wybitnych kompozytor\u00f3w takich jak Henryk Wars, Jerzy Petersburski czy bracia Artur i Henryk Gold, kt\u00f3rzy tym razem stworz\u0105 trio ze skrzypkiem <strong>Marcinem Markowiczem<\/strong>. <strong>Pawe\u0142 Szamburski<\/strong>, klarnecista i kompozytor, specjalnie na Festiwal Warszawa Singera przygotowa\u0142 autorskie opracowania pie\u015bni i nigun\u00f3w chasydzkich. Wielbiciele ekspresji <strong>Marka Dyjaka<\/strong> b\u0119d\u0105 mieli okazj\u0119 uczestniczy\u0107 w jego koncercie <strong>Jasminum<\/strong>, w kt\u00f3rym artysta zaprezentuje aran\u017cacje przedwojennych kompozycji tw\u00f3rc\u00f3w \u017cydowskiego pochodzenia, m. in.&nbsp; H. Warsa i J. Petersburskiego.<\/p>\n\n\t\t<style type=\"text\/css\">\n\t\t\t#gallery-2 {\n\t\t\t\tmargin: auto;\n\t\t\t}\n\t\t\t#gallery-2 .gallery-item {\n\t\t\t\tfloat: left;\n\t\t\t\tmargin-top: 10px;\n\t\t\t\ttext-align: center;\n\t\t\t\twidth: 33%;\n\t\t\t}\n\t\t\t#gallery-2 img {\n\t\t\t\tborder: 2px solid #cfcfcf;\n\t\t\t}\n\t\t\t#gallery-2 .gallery-caption {\n\t\t\t\tmargin-left: 0;\n\t\t\t}\n\t\t\t\/* see gallery_shortcode() in wp-includes\/media.php *\/\n\t\t<\/style>\n\t\t<div id='gallery-2' class='gallery galleryid-7625 gallery-columns-3 gallery-size-thumbnail'><dl class='gallery-item'>\n\t\t\t<dt class='gallery-icon portrait'>\n\t\t\t\t<a href='https:\/\/shalom.org.pl\/en\/noc-klezmerow-koncert-plenerowy-bubliczki-czyli-wild-balkan-brass-from-poland-gosc-specjalny-frank-london-us\/image001-19\/'><img loading=\"lazy\" decoding=\"async\" width=\"300\" height=\"300\" src=\"https:\/\/shalom.org.pl\/wp-content\/uploads\/2019\/06\/image001-300x300.jpg\" class=\"attachment-thumbnail size-thumbnail\" alt=\"\" aria-describedby=\"gallery-2-7525\" \/><\/a>\n\t\t\t<\/dt>\n\t\t\t\t<dd class='wp-caption-text gallery-caption' id='gallery-2-7525'>\n\t\t\t\tFrank London\n\t\t\t\t<\/dd><\/dl><dl class='gallery-item'>\n\t\t\t<dt class='gallery-icon portrait'>\n\t\t\t\t<a href='https:\/\/shalom.org.pl\/en\/pawel-szamburski\/'><img loading=\"lazy\" decoding=\"async\" width=\"300\" height=\"300\" src=\"https:\/\/shalom.org.pl\/wp-content\/uploads\/2019\/06\/Szamburski-300x300.jpg\" class=\"attachment-thumbnail size-thumbnail\" alt=\"\" aria-describedby=\"gallery-2-7359\" \/><\/a>\n\t\t\t<\/dt>\n\t\t\t\t<dd class='wp-caption-text gallery-caption' id='gallery-2-7359'>\n\t\t\t\tPawe\u0142 Szamburski\n\t\t\t\t<\/dd><\/dl><dl class='gallery-item'>\n\t\t\t<dt class='gallery-icon portrait'>\n\t\t\t\t<a href='https:\/\/shalom.org.pl\/en\/dyjak-fot-jacek-poremba-maly\/'><img loading=\"lazy\" decoding=\"async\" width=\"300\" height=\"300\" src=\"https:\/\/shalom.org.pl\/wp-content\/uploads\/2019\/06\/dyjak-Fot.-Jacek-Poremba-ma\u0142y-300x300.jpg\" class=\"attachment-thumbnail size-thumbnail\" alt=\"\" aria-describedby=\"gallery-2-7405\" \/><\/a>\n\t\t\t<\/dt>\n\t\t\t\t<dd class='wp-caption-text gallery-caption' id='gallery-2-7405'>\n\t\t\t\tMarek Dyjak\n\t\t\t\t<\/dd><\/dl><br style=\"clear: both\" \/>\n\t\t<\/div>\n\n<p>Festiwal zostanie zainaugurowany uroczystym premierowym koncertem kantor\u00f3w w Synagodze im. No\u017cyk\u00f3w. W tym roku wyst\u0105pi\u0105: <strong>Yaakov Lemmer<\/strong> z USA, <strong>Yoni Rose<\/strong> z Niemiec oraz ch\u0142opiec kantor <strong>Aharon Shtark <\/strong>z Izraela, przy akompaniamencie wybitnego pianisty <strong>Menachema Bristowskiego.<\/strong><\/p>\n<p>Dla mi\u0142o\u015bnik\u00f3w jazzu natomiast ciekaw\u0105 propozycj\u0105 b\u0119dzie <strong>\u201eHammond Summit\u201d<\/strong>, trzecie ju\u017c wydarzenie w ramach innowacyjnej serii koncert\u00f3w, w kt\u00f3rych spotykaj\u0105 si\u0119 muzycy graj\u0105cy na tym samym instrumencie (w ubieg\u0142ym roku by\u0142y to skrzypce, a jeszcze poprzednio \u2013 klarnet). W tej nietypowej konwencji spotkaj\u0105 si\u0119 w tym roku: <strong>Kajetan Galas<\/strong>, <strong>Pawe\u0142 Tomaszewski<\/strong> oraz <strong>Kit Downes <\/strong>z Wielkiej Brytanii. W\u0142oska grupa <strong>Erodoto Project<\/strong> wyst\u0105pi w koncercie zatytu\u0142owanym \u201e<strong>Mol<\/strong><strong>\u00f2<\/strong><strong>n lab<\/strong><strong>\u00e8\u201d<\/strong>, kt\u00f3ry oddaje rytmy i atmosfer\u0119 regionu \u015br\u00f3dziemnomorskiego, z ca\u0142\u0105 jego wielowiekow\u0105 mozaik\u0105 kulturow\u0105. Z kolei jeden z czo\u0142owych polskich pianist\u00f3w jazzowych, <strong>Kuba Stankiewicz <\/strong>zaprezentuje muzyk\u0119 <strong>Romana Statkowskiego<\/strong>, genialnego polskiego kompozytora z prze\u0142omu XIX i XX w.<\/p>\n\n\t\t<style type=\"text\/css\">\n\t\t\t#gallery-3 {\n\t\t\t\tmargin: auto;\n\t\t\t}\n\t\t\t#gallery-3 .gallery-item {\n\t\t\t\tfloat: left;\n\t\t\t\tmargin-top: 10px;\n\t\t\t\ttext-align: center;\n\t\t\t\twidth: 33%;\n\t\t\t}\n\t\t\t#gallery-3 img {\n\t\t\t\tborder: 2px solid #cfcfcf;\n\t\t\t}\n\t\t\t#gallery-3 .gallery-caption {\n\t\t\t\tmargin-left: 0;\n\t\t\t}\n\t\t\t\/* see gallery_shortcode() in wp-includes\/media.php *\/\n\t\t<\/style>\n\t\t<div id='gallery-3' class='gallery galleryid-7625 gallery-columns-3 gallery-size-thumbnail'><dl class='gallery-item'>\n\t\t\t<dt class='gallery-icon landscape'>\n\t\t\t\t<a href='https:\/\/shalom.org.pl\/en\/_dsc8305\/'><img loading=\"lazy\" decoding=\"async\" width=\"300\" height=\"300\" src=\"https:\/\/shalom.org.pl\/wp-content\/uploads\/2019\/06\/DSC8305-300x300.jpg\" class=\"attachment-thumbnail size-thumbnail\" alt=\"\" aria-describedby=\"gallery-3-7508\" \/><\/a>\n\t\t\t<\/dt>\n\t\t\t\t<dd class='wp-caption-text gallery-caption' id='gallery-3-7508'>\n\t\t\t\tKajetan Galas\n\t\t\t\t<\/dd><\/dl><dl class='gallery-item'>\n\t\t\t<dt class='gallery-icon landscape'>\n\t\t\t\t<a href='https:\/\/shalom.org.pl\/en\/img_6218_ok\/'><img loading=\"lazy\" decoding=\"async\" width=\"300\" height=\"300\" src=\"https:\/\/shalom.org.pl\/wp-content\/uploads\/2019\/06\/IMG_6218_OK-300x300.jpg\" class=\"attachment-thumbnail size-thumbnail\" alt=\"\" aria-describedby=\"gallery-3-7509\" \/><\/a>\n\t\t\t<\/dt>\n\t\t\t\t<dd class='wp-caption-text gallery-caption' id='gallery-3-7509'>\n\t\t\t\tPawe\u0142 Tomaszewski\n\t\t\t\t<\/dd><\/dl><dl class='gallery-item'>\n\t\t\t<dt class='gallery-icon portrait'>\n\t\t\t\t<a href='https:\/\/shalom.org.pl\/en\/6pmv2czq\/'><img loading=\"lazy\" decoding=\"async\" width=\"300\" height=\"300\" src=\"https:\/\/shalom.org.pl\/wp-content\/uploads\/2019\/06\/6pMV2cZQ-300x300.jpeg\" class=\"attachment-thumbnail size-thumbnail\" alt=\"\" aria-describedby=\"gallery-3-7366\" \/><\/a>\n\t\t\t<\/dt>\n\t\t\t\t<dd class='wp-caption-text gallery-caption' id='gallery-3-7366'>\n\t\t\t\tKuba Stankiewicz\n\t\t\t\t<\/dd><\/dl><br style=\"clear: both\" \/>\n\t\t<\/div>\n\n<p>Wiele interesuj\u0105cych propozycji znajd\u0105 wielbiciele teatru. Mi\u0119dzy innymi hiszpa\u0144ski spektakl <strong>\u201eKartograf\u201d<\/strong> (\u201e<strong>El Cart\u00f3<\/strong><strong>grafo\u201d<\/strong>), kt\u00f3rego akcja rozgrywa si\u0119 w Warszawie, w 1940 roku i wsp\u00f3\u0142cze\u015bnie. Do przesz\u0142o\u015bci wojennej nawi\u0105zuje tak\u017ce monodram w\u0142oskiej aktorki <strong>Lucii Vita<\/strong> \u201e<strong>To by\u0142o\u201d<\/strong> (\u201e<strong>Questo \u00e8 stato<\/strong><strong>\u201d<\/strong>), b\u0119d\u0105cy adaptacj\u0105 przejmuj\u0105cej historii rodziny Piery Sonnino, spisanej w ksi\u0105\u017cce pod tym samym tytu\u0142em. Oczywi\u015bcie zobaczy\u0107 b\u0119dzie mo\u017cna spektakle warszawskiego <strong>Teatru \u017bydowskiego,<\/strong> m.in. tegoroczn\u0105 premier\u0119: <strong>\u201e\u015apiewaka Jazzbandu\u201d<\/strong>, musical w re\u017c. <strong>Wojciecha Ko\u015bcielniaka <\/strong>&#8211; histori\u0119 jazzowego muzyka, kt\u00f3ry chce wyrwa\u0107 si\u0119 z \u017cydowskiego domu i kantoralnej tradycji. Warto te\u017c zwr\u00f3ci\u0107 uwag\u0119 na spektakl z Poznania &#8211; <strong>\u201e<\/strong><strong>Micha<\/strong><strong>\u015b<\/strong>\u201d. Jest to monodram zrealizowany przez <strong>Teatr <\/strong><strong>\u00d3smego Dnia<\/strong> i <strong>Grup<\/strong><strong>\u0119 Stonewall<\/strong>, po\u015bwi\u0119cony prof. Micha\u0142owi G\u0142owi\u0144skiemu, wybitnemu polskiemu literaturoznawcy. Re\u017cyserem spektaklu jest <strong>Mike Urbaniak<\/strong>, a zagra w nim <strong>Piotr Nerlewski<\/strong>.<\/p>\n<p>Warszawa Singera to r\u00f3wnie\u017c bogata oferta dla dzieci i rodzin. Zarekomendowa\u0107 tu mo\u017cna spektakl muzyczny <strong>\u201eFili\u017canka\u201d,<\/strong> przygotowany w <strong>Centrum Artystycznym SCENA,<\/strong> b\u0119d\u0105cy spojrzeniem na wojn\u0119 z perspektywy najm\u0142odszych. To sztuka o dzieciach, dla dzieci i z dzie\u0107mi w rolach g\u0142\u00f3wnych.<\/p>\n\n\t\t<style type=\"text\/css\">\n\t\t\t#gallery-4 {\n\t\t\t\tmargin: auto;\n\t\t\t}\n\t\t\t#gallery-4 .gallery-item {\n\t\t\t\tfloat: left;\n\t\t\t\tmargin-top: 10px;\n\t\t\t\ttext-align: center;\n\t\t\t\twidth: 33%;\n\t\t\t}\n\t\t\t#gallery-4 img {\n\t\t\t\tborder: 2px solid #cfcfcf;\n\t\t\t}\n\t\t\t#gallery-4 .gallery-caption {\n\t\t\t\tmargin-left: 0;\n\t\t\t}\n\t\t\t\/* see gallery_shortcode() in wp-includes\/media.php *\/\n\t\t<\/style>\n\t\t<div id='gallery-4' class='gallery galleryid-7625 gallery-columns-3 gallery-size-thumbnail'><dl class='gallery-item'>\n\t\t\t<dt class='gallery-icon portrait'>\n\t\t\t\t<a href='https:\/\/shalom.org.pl\/en\/img_4982\/'><img loading=\"lazy\" decoding=\"async\" width=\"300\" height=\"300\" src=\"https:\/\/shalom.org.pl\/wp-content\/uploads\/2019\/06\/IMG_4982-300x300.jpg\" class=\"attachment-thumbnail size-thumbnail\" alt=\"\" aria-describedby=\"gallery-4-7425\" \/><\/a>\n\t\t\t<\/dt>\n\t\t\t\t<dd class='wp-caption-text gallery-caption' id='gallery-4-7425'>\n\t\t\t\t&#8220;Fili\u017canka&#8221;\n\t\t\t\t<\/dd><\/dl><dl class='gallery-item'>\n\t\t\t<dt class='gallery-icon landscape'>\n\t\t\t\t<a href='https:\/\/shalom.org.pl\/en\/el-cartografo-seleccion-825-kopia\/'><img loading=\"lazy\" decoding=\"async\" width=\"300\" height=\"300\" src=\"https:\/\/shalom.org.pl\/wp-content\/uploads\/2019\/06\/El-cart\u00f3grafo-selecci\u00f3n-825-\u2014-kopia-300x300.jpg\" class=\"attachment-thumbnail size-thumbnail\" alt=\"\" aria-describedby=\"gallery-4-7285\" \/><\/a>\n\t\t\t<\/dt>\n\t\t\t\t<dd class='wp-caption-text gallery-caption' id='gallery-4-7285'>\n\t\t\t\t&#8220;Kartograf&#8221;\n\t\t\t\t<\/dd><\/dl><dl class='gallery-item'>\n\t\t\t<dt class='gallery-icon landscape'>\n\t\t\t\t<a href='https:\/\/shalom.org.pl\/en\/c-3\/'><img loading=\"lazy\" decoding=\"async\" width=\"300\" height=\"300\" src=\"https:\/\/shalom.org.pl\/wp-content\/uploads\/2019\/05\/C-300x300.jpg\" class=\"attachment-thumbnail size-thumbnail\" alt=\"\" aria-describedby=\"gallery-4-7173\" \/><\/a>\n\t\t\t<\/dt>\n\t\t\t\t<dd class='wp-caption-text gallery-caption' id='gallery-4-7173'>\n\t\t\t\tNigel Kennedy\n\t\t\t\t<\/dd><\/dl><br style=\"clear: both\" \/>\n\t\t<\/div>\n\n<p>Fina\u0142em tegorocznej edycji Festiwalu Singera b\u0119dzie tradycyjne plenerowe widowisko na placu Grzybowskim, kt\u00f3re zawsze gromadzi tysi\u0105ce widz\u00f3w. Tym razem wyst\u0105pi legendarna gwiazda skrzypiec \u2013 <strong>Nigel Kennedy <\/strong>w koncercie zainspirowanym \u201eSztukmistrzem z Lublina\u201d Isaaka B. Singera oraz kompozycjami Georga Gershwina.<\/p>\n<p>A to tylko wybrane propozycje.&nbsp;<\/p>\n","protected":false},"excerpt":{"rendered":"<p>Festiwal Kultury \u017bydowskiej Warszawa Singera \/ 24 sierpnia &#8211; 1 wrze\u015bnia 2019 \/ To jedno z najwa\u017cniejszych i najbardziej dynamicznych wydarze\u0144 kulturalnych Stolicy. Jazz, pop, kabaretowe rewie, teatr, literatura, sztuki wizualne, historia i tradycja \u017byd\u00f3w, Polski, Warszawy. Bogata oferta dla dzieci i rodzin.<\/p>\n","protected":false},"author":5,"featured_media":7626,"comment_status":"closed","ping_status":"closed","template":"","meta":{"_acf_changed":false,"ngg_post_thumbnail":0,"_tribe_events_status":"","_tribe_events_status_reason":"","footnotes":""},"tags":[],"tribe_events_cat":[356,352],"class_list":["post-7625","tribe_events","type-tribe_events","status-publish","has-post-thumbnail","hentry","tribe_events_cat-festiwal-pl","tribe_events_cat-slider-pl","cat_festiwal-pl","cat_slider-pl"],"acf":[],"_links":{"self":[{"href":"https:\/\/shalom.org.pl\/en\/wp-json\/wp\/v2\/tribe_events\/7625","targetHints":{"allow":["GET"]}}],"collection":[{"href":"https:\/\/shalom.org.pl\/en\/wp-json\/wp\/v2\/tribe_events"}],"about":[{"href":"https:\/\/shalom.org.pl\/en\/wp-json\/wp\/v2\/types\/tribe_events"}],"author":[{"embeddable":true,"href":"https:\/\/shalom.org.pl\/en\/wp-json\/wp\/v2\/users\/5"}],"replies":[{"embeddable":true,"href":"https:\/\/shalom.org.pl\/en\/wp-json\/wp\/v2\/comments?post=7625"}],"version-history":[{"count":3,"href":"https:\/\/shalom.org.pl\/en\/wp-json\/wp\/v2\/tribe_events\/7625\/revisions"}],"predecessor-version":[{"id":7628,"href":"https:\/\/shalom.org.pl\/en\/wp-json\/wp\/v2\/tribe_events\/7625\/revisions\/7628"}],"wp:featuredmedia":[{"embeddable":true,"href":"https:\/\/shalom.org.pl\/en\/wp-json\/wp\/v2\/media\/7626"}],"wp:attachment":[{"href":"https:\/\/shalom.org.pl\/en\/wp-json\/wp\/v2\/media?parent=7625"}],"wp:term":[{"taxonomy":"post_tag","embeddable":true,"href":"https:\/\/shalom.org.pl\/en\/wp-json\/wp\/v2\/tags?post=7625"},{"taxonomy":"tribe_events_cat","embeddable":true,"href":"https:\/\/shalom.org.pl\/en\/wp-json\/wp\/v2\/tribe_events_cat?post=7625"}],"curies":[{"name":"wp","href":"https:\/\/api.w.org\/{rel}","templated":true}]}}