{"id":22762,"date":"2025-07-24T10:35:45","date_gmt":"2025-07-24T08:35:45","guid":{"rendered":"https:\/\/shalom.org.pl\/?post_type=tribe_events&#038;p=22762"},"modified":"2025-08-28T12:13:13","modified_gmt":"2025-08-28T10:13:13","slug":"remigius-grzela-zaprasza-program-literacki-festiwalu-singera","status":"publish","type":"tribe_events","link":"https:\/\/shalom.org.pl\/en\/event\/remigius-grzela-zaprasza-program-literacki-festiwalu-singera\/","title":{"rendered":"Remigiusz Grzela zaprasza &#8211; program literacki Festiwalu Singera"},"content":{"rendered":"<p>Gor\u0105ce premiery ksi\u0105\u017ckowe, spotkania ze znakomitymi autorami, powa\u017cne rozmowy<br \/>\no historii i jej wp\u0142ywie na \u015bwiat, w kt\u00f3rym \u017cyjemy.<br \/>\nKa\u017cdego roku Festiwal Warszawa Singera proponuje bogaty program literacki,<br \/>\nsi\u0119gaj\u0105c do dziedzictwa laureata literackiej nagrody Nobla, Icchoka Baszewisa<br \/>\nSingera, ale te\u017c&nbsp;\u015bledz\u0105c aktualne zjawiska. Ka\u017cdego roku go\u015bciem festiwalu jest<br \/>\nwnuczka Singera, Meirav Hen z rodzin\u0105, niez\u0142omna ambasadorka dzie\u0142a swojego<br \/>\ndziadka, jednego z najwa\u017cniejszych warszawskich pisarzy.<br \/>\nKilkakrotnie na Festiwalu go\u015bci\u0142a wybitna reporterka, Hanna Krall, autorka m.in.<br \/>\njednej z najwa\u017cniejszych polskich ksi\u0105\u017cek XX wieku \u201eZd\u0105\u017cy\u0107 przed Panem Bogiem\u201d,<br \/>\nopowie\u015bci Marka Edelmana o \u017cydowskim oporze, \u201eSublokatorki\u201d i monumentalnego<br \/>\nzbioru reporta\u017cy \u201eFantom b\u00f3lu\u201d. W tym roku \u015bwi\u0119tuje 90. urodziny. Pretekstem do<br \/>\nurodzinowej rozmowy jest jej ostatnia ksi\u0105\u017cka \u201eJedena\u015bcie\u201d \u2013 zbi\u00f3r mikropowie\u015bci o<br \/>\n\u015bwiecie, kt\u00f3ry min\u0105\u0142, ale tak\u017ce sytuacji bie\u017c\u0105cej: wojny w Ukrainie, czy kryzysu na<br \/>\ngranicy polsko-bia\u0142oruskiej. Ksi\u0105\u017cka Hanny Krall nominowana jest do Nagrody<br \/>\nLiterackiej Nike.<br \/>\n&amp;quot;Stawi\u0107 op\u00f3r nurtowi\u201d \u2013 to tytu\u0142 wsp\u00f3lnego spotkania Andy Rottenberg i Marii<br \/>\nPoprz\u0119ckiej. Dwie wybitne krytyczki, dwie wa\u017cne postacie polskiej kultury XX wieku<br \/>\nmierz\u0105 si\u0119 z tematem odchodzenia i staro\u015bci, ka\u017cda na sw\u00f3j spos\u00f3b. Rottenberg<br \/>\nosobistym dziennikiem \u201eSchy\u0142ek\u201d i zbiorem esej\u00f3w \u201eTrudny wiek\u201d o Andrzeju Wajdzie,<br \/>\nAndrzeju Wr\u00f3blewskim i Alinie Szapocznikow, Poprz\u0119cka zbiorem esej\u00f3w o sztuce i<br \/>\nliteraturze \u201e\u015amier\u0107 przed obrazem\u201d. Ksi\u0105\u017cka Marii Poprz\u0119ckiej nominowana jest do<br \/>\nNagrody Literackiej Nike.<br \/>\nMarta Grzywacz zaprezentuje swoj\u0105 now\u0105 ksi\u0105\u017ck\u0119 \u201eRado\u015b\u0107 soboty. Archiwum<br \/>\n\u017cycia i \u015bmierci\u201d o dziele Emanuela Ringelbluma i tajnej organizacji Oneg Szabat,<br \/>\nzbieraj\u0105cej w getcie warszawskim dowody na istnienie \u017cydowskiego \u015bwiata: relacje,<br \/>\ndzienniki, prywatn\u0105 korespondencj\u0119, teksty literackie, zdj\u0119cia, rysunki, pras\u0119,<br \/>\ndokumenty, programy teatralne, kartki na \u017cywno\u015b\u0107\u2026&nbsp;Kiedy wiadomo ju\u017c, \u017ce koniec<br \/>\ngetta jest bliski, grupa wtajemniczonych ukrywa zgromadzone archiwum pod ziemi\u0105.<br \/>\nZ nowymi ksi\u0105\u017ckami pojawi\u0105 si\u0119 Piotr Pazi\u0144ski (\u201eObstalunki\u201d), Justyna Majewska<br \/>\n(\u201eMury i szczeliny. Przestrzenie getta warszawskiego), Kristof Zorde (\u201eFenicjanie\u201d),<br \/>\nAndrzej Krakowski (\u201eDalsze przygody perypatetyka\u201d), Remigiusz Grzela<br \/>\n(\u201ePoszukiwany Franz Kafka\u201d), a tak\u017ce Benny Mer, autor wydanej w\u0142a\u015bnie w Polsce<br \/>\nksi\u0105\u017cki \u201eSmocza. Biografia \u017cydowskiej ulicy w Warszawie\u201d.<br \/>\nW cyklu \u201ePrzystanek poezja\u201d wiersze Debory Vogel.<br \/>\nW cyklu \u201eMistrzowie czytaj\u0105\u201d Anna Romantowska zinterpretuje fragmenty<br \/>\n\u201ePasa\u017cerki\u201d Zofii Posmysz, a Magdalena Zawadzka lekcj\u0119 Mariana Turskiego,<br \/>\njak\u0105 pozostawi\u0142 w ksi\u0105\u017cce \u201eXI Nie b\u0105d\u017a oboj\u0119tny\u201d. Autorem programu literackiego jest<br \/>\nRemigiusz Grzela.<\/p>\n<p>Partnerzy Festiwalu:<br \/>\n\u2022 Fundacja PZU<br \/>\n\u2022 Samorz\u0105d Wojew\u00f3dztwa Mazowieckiego<br \/>\n\u2022 Stowarzyszenie Autor\u00f3w ZAIKS<br \/>\n\u2022 Teatr \u017bydowski im. Estery Rachel i Idy Kami\u0144skich &#8211; Centrum Kultury Jidysz<br \/>\nFestiwal dofinansowano ze \u015brodk\u00f3w:<br \/>\n\u2022 Miasta Sto\u0142ecznego Warszawy<br \/>\n\u2022 Ministra Kultury i Dziedzictwa Narodowego pochodz\u0105cych z Funduszu Promocji<br \/>\nKultury \u2013 pa\u0144stwowego funduszu celowego, w ramach programu \u201eMuzyka\u201d<br \/>\nrealizowanego przez Narodowy Instytut Muzyki i Ta\u0144ca<br \/>\n\u2022 dotacji Ministra Spraw Wewn\u0119trznych i Administracji<br \/>\n\u2022 Fundacji Wsp\u00f3\u0142pracy Polsko-Niemieckiej<\/p>\n<p>Szczeg\u00f3\u0142owe informacje w programie!<\/p>\n","protected":false},"excerpt":{"rendered":"<p>Premiery ksi\u0105\u017cek, spotkania z autorami, rozmowy o historii i wsp\u00f3\u0142czesno\u015bci \u2013 literacki program Festiwalu to ho\u0142d dla dziedzictwa Icchoka Baszewisa Singera i \u017cywa rozmowa z tera\u017aniejszo\u015bci\u0105.<\/p>\n","protected":false},"author":8,"featured_media":22763,"comment_status":"open","ping_status":"closed","template":"","meta":{"_acf_changed":false,"ngg_post_thumbnail":0,"_tribe_events_status":"","_tribe_events_status_reason":"","footnotes":""},"tags":[],"tribe_events_cat":[14,356],"class_list":["post-22762","tribe_events","type-tribe_events","status-publish","has-post-thumbnail","hentry","tribe_events_cat-festiwal","tribe_events_cat-festiwal-pl","cat_festiwal","cat_festiwal-pl"],"acf":[],"_links":{"self":[{"href":"https:\/\/shalom.org.pl\/en\/wp-json\/wp\/v2\/tribe_events\/22762","targetHints":{"allow":["GET"]}}],"collection":[{"href":"https:\/\/shalom.org.pl\/en\/wp-json\/wp\/v2\/tribe_events"}],"about":[{"href":"https:\/\/shalom.org.pl\/en\/wp-json\/wp\/v2\/types\/tribe_events"}],"author":[{"embeddable":true,"href":"https:\/\/shalom.org.pl\/en\/wp-json\/wp\/v2\/users\/8"}],"replies":[{"embeddable":true,"href":"https:\/\/shalom.org.pl\/en\/wp-json\/wp\/v2\/comments?post=22762"}],"version-history":[{"count":3,"href":"https:\/\/shalom.org.pl\/en\/wp-json\/wp\/v2\/tribe_events\/22762\/revisions"}],"predecessor-version":[{"id":23069,"href":"https:\/\/shalom.org.pl\/en\/wp-json\/wp\/v2\/tribe_events\/22762\/revisions\/23069"}],"wp:featuredmedia":[{"embeddable":true,"href":"https:\/\/shalom.org.pl\/en\/wp-json\/wp\/v2\/media\/22763"}],"wp:attachment":[{"href":"https:\/\/shalom.org.pl\/en\/wp-json\/wp\/v2\/media?parent=22762"}],"wp:term":[{"taxonomy":"post_tag","embeddable":true,"href":"https:\/\/shalom.org.pl\/en\/wp-json\/wp\/v2\/tags?post=22762"},{"taxonomy":"tribe_events_cat","embeddable":true,"href":"https:\/\/shalom.org.pl\/en\/wp-json\/wp\/v2\/tribe_events_cat?post=22762"}],"curies":[{"name":"wp","href":"https:\/\/api.w.org\/{rel}","templated":true}]}}