{"id":21743,"date":"2025-06-10T21:13:02","date_gmt":"2025-06-10T19:13:02","guid":{"rendered":"https:\/\/shalom.org.pl\/?post_type=tribe_events&#038;p=21743"},"modified":"2025-06-10T21:59:39","modified_gmt":"2025-06-10T19:59:39","slug":"laureaci-konkursu-historia-i-kultura-zydow-polskich","status":"publish","type":"tribe_events","link":"https:\/\/shalom.org.pl\/en\/event\/laureaci-konkursu-historia-i-kultura-zydow-polskich\/","title":{"rendered":"Laureaci konkursu \u201eHistoria i Kultura \u017byd\u00f3w Polskich&#8221;"},"content":{"rendered":"<p>8 czerwca odby\u0142 si\u0119 fina\u0142 XIV edycji konkursu \u201eHistoria i kultura \u017byd\u00f3w polskich\u201d, organizowanego przez Fundacj\u0119 Shalom, przy wsp\u00f3\u0142pracy z \u017bydowskim Instytutem Historycznym im. E. Ringelbluma. Wydarzenie obj\u0119te honorowym patronatem Ministerstwa Edukacji Narodowej mia\u0142o niezwykle uroczysty i wzruszaj\u0105cy charakter.<\/p>\n<p>Podczas fina\u0142u wyr\u00f3\u017cnieni uczestnicy oraz laureaci otrzymali presti\u017cowe nagrody, w tym ksi\u0105\u017cki, elektroniczne gad\u017cety oraz dla najlepszych indeksy na uczelnie wy\u017csze. Szczeg\u00f3lnym wyr\u00f3\u017cnieniem by\u0142a nagroda dla zwyci\u0119\u017cczyni konkursu Marii Dr\u0105\u017cek z I Liceum Og\u00f3lnokszta\u0142c\u0105cego im. Ziemi Kujawskiej we W\u0142oc\u0142awku, kt\u00f3ra otrzyma\u0142a wyjazd do Madrytu ufundowany przez \u017bydowski Instytut Historyczny im. E. Ringelbluma.<\/p>\n<p>Zdj\u0119cia&nbsp;Renaty Zawadzkiej&nbsp;<span class=\"il\">Ben<\/span>-Dor.<\/p>\n\n\t\t<style type=\"text\/css\">\n\t\t\t#gallery-1 {\n\t\t\t\tmargin: auto;\n\t\t\t}\n\t\t\t#gallery-1 .gallery-item {\n\t\t\t\tfloat: left;\n\t\t\t\tmargin-top: 10px;\n\t\t\t\ttext-align: center;\n\t\t\t\twidth: 14%;\n\t\t\t}\n\t\t\t#gallery-1 img {\n\t\t\t\tborder: 2px solid #cfcfcf;\n\t\t\t}\n\t\t\t#gallery-1 .gallery-caption {\n\t\t\t\tmargin-left: 0;\n\t\t\t}\n\t\t\t\/* see gallery_shortcode() in wp-includes\/media.php *\/\n\t\t<\/style>\n\t\t<div id='gallery-1' class='gallery galleryid-21743 gallery-columns-7 gallery-size-thumbnail'><dl class='gallery-item'>\n\t\t\t<dt class='gallery-icon landscape'>\n\t\t\t\t<a href='https:\/\/shalom.org.pl\/en\/event\/laureaci-konkursu-historia-i-kultura-zydow-polskich\/dsc_0872-poprawione-szum\/'><img fetchpriority=\"high\" decoding=\"async\" width=\"300\" height=\"300\" src=\"https:\/\/shalom.org.pl\/wp-content\/uploads\/2025\/06\/DSC_0872-Poprawione-Szum-300x300.jpg\" class=\"attachment-thumbnail size-thumbnail\" alt=\"\" \/><\/a>\n\t\t\t<\/dt><\/dl><dl class='gallery-item'>\n\t\t\t<dt class='gallery-icon landscape'>\n\t\t\t\t<a href='https:\/\/shalom.org.pl\/en\/event\/laureaci-konkursu-historia-i-kultura-zydow-polskich\/dsc_0873-poprawione-szum\/'><img decoding=\"async\" width=\"300\" height=\"300\" src=\"https:\/\/shalom.org.pl\/wp-content\/uploads\/2025\/06\/DSC_0873-Poprawione-Szum-300x300.jpg\" class=\"attachment-thumbnail size-thumbnail\" alt=\"\" \/><\/a>\n\t\t\t<\/dt><\/dl><dl class='gallery-item'>\n\t\t\t<dt class='gallery-icon landscape'>\n\t\t\t\t<a href='https:\/\/shalom.org.pl\/en\/event\/laureaci-konkursu-historia-i-kultura-zydow-polskich\/dsc_0877\/'><img decoding=\"async\" width=\"300\" height=\"300\" src=\"https:\/\/shalom.org.pl\/wp-content\/uploads\/2025\/06\/DSC_0877-300x300.jpg\" class=\"attachment-thumbnail size-thumbnail\" alt=\"\" \/><\/a>\n\t\t\t<\/dt><\/dl><dl class='gallery-item'>\n\t\t\t<dt class='gallery-icon landscape'>\n\t\t\t\t<a href='https:\/\/shalom.org.pl\/en\/event\/laureaci-konkursu-historia-i-kultura-zydow-polskich\/dsc_0877-poprawione-szum\/'><img loading=\"lazy\" decoding=\"async\" width=\"300\" height=\"300\" src=\"https:\/\/shalom.org.pl\/wp-content\/uploads\/2025\/06\/DSC_0877-Poprawione-Szum-300x300.jpg\" class=\"attachment-thumbnail size-thumbnail\" alt=\"\" \/><\/a>\n\t\t\t<\/dt><\/dl><dl class='gallery-item'>\n\t\t\t<dt class='gallery-icon portrait'>\n\t\t\t\t<a href='https:\/\/shalom.org.pl\/en\/event\/laureaci-konkursu-historia-i-kultura-zydow-polskich\/dsc_0893-poprawione-szum\/'><img loading=\"lazy\" decoding=\"async\" width=\"300\" height=\"300\" src=\"https:\/\/shalom.org.pl\/wp-content\/uploads\/2025\/06\/DSC_0893-Poprawione-Szum-300x300.jpg\" class=\"attachment-thumbnail size-thumbnail\" alt=\"\" \/><\/a>\n\t\t\t<\/dt><\/dl><dl class='gallery-item'>\n\t\t\t<dt class='gallery-icon landscape'>\n\t\t\t\t<a href='https:\/\/shalom.org.pl\/en\/event\/laureaci-konkursu-historia-i-kultura-zydow-polskich\/dsc_0843-poprawione-szum\/'><img loading=\"lazy\" decoding=\"async\" width=\"300\" height=\"300\" src=\"https:\/\/shalom.org.pl\/wp-content\/uploads\/2025\/06\/DSC_0843-Poprawione-Szum-300x300.jpg\" class=\"attachment-thumbnail size-thumbnail\" alt=\"\" \/><\/a>\n\t\t\t<\/dt><\/dl><dl class='gallery-item'>\n\t\t\t<dt class='gallery-icon landscape'>\n\t\t\t\t<a href='https:\/\/shalom.org.pl\/en\/event\/laureaci-konkursu-historia-i-kultura-zydow-polskich\/dsc_0845-poprawione-szum\/'><img loading=\"lazy\" decoding=\"async\" width=\"300\" height=\"300\" src=\"https:\/\/shalom.org.pl\/wp-content\/uploads\/2025\/06\/DSC_0845-Poprawione-Szum-300x300.jpg\" class=\"attachment-thumbnail size-thumbnail\" alt=\"\" \/><\/a>\n\t\t\t<\/dt><\/dl><br style=\"clear: both\" \/><dl class='gallery-item'>\n\t\t\t<dt class='gallery-icon landscape'>\n\t\t\t\t<a href='https:\/\/shalom.org.pl\/en\/event\/laureaci-konkursu-historia-i-kultura-zydow-polskich\/dsc_0849\/'><img loading=\"lazy\" decoding=\"async\" width=\"300\" height=\"300\" src=\"https:\/\/shalom.org.pl\/wp-content\/uploads\/2025\/06\/DSC_0849-300x300.jpg\" class=\"attachment-thumbnail size-thumbnail\" alt=\"\" \/><\/a>\n\t\t\t<\/dt><\/dl><dl class='gallery-item'>\n\t\t\t<dt class='gallery-icon portrait'>\n\t\t\t\t<a href='https:\/\/shalom.org.pl\/en\/event\/laureaci-konkursu-historia-i-kultura-zydow-polskich\/dsc_0862-poprawione-szum\/'><img loading=\"lazy\" decoding=\"async\" width=\"300\" height=\"300\" src=\"https:\/\/shalom.org.pl\/wp-content\/uploads\/2025\/06\/DSC_0862-Poprawione-Szum-300x300.jpg\" class=\"attachment-thumbnail size-thumbnail\" alt=\"\" \/><\/a>\n\t\t\t<\/dt><\/dl><dl class='gallery-item'>\n\t\t\t<dt class='gallery-icon landscape'>\n\t\t\t\t<a href='https:\/\/shalom.org.pl\/en\/event\/laureaci-konkursu-historia-i-kultura-zydow-polskich\/dsc_0866-poprawione-szum\/'><img loading=\"lazy\" decoding=\"async\" width=\"300\" height=\"300\" src=\"https:\/\/shalom.org.pl\/wp-content\/uploads\/2025\/06\/DSC_0866-Poprawione-Szum-300x300.jpg\" class=\"attachment-thumbnail size-thumbnail\" alt=\"\" \/><\/a>\n\t\t\t<\/dt><\/dl><dl class='gallery-item'>\n\t\t\t<dt class='gallery-icon landscape'>\n\t\t\t\t<a href='https:\/\/shalom.org.pl\/en\/event\/laureaci-konkursu-historia-i-kultura-zydow-polskich\/dsc_0868-poprawione-szum\/'><img loading=\"lazy\" decoding=\"async\" width=\"300\" height=\"300\" src=\"https:\/\/shalom.org.pl\/wp-content\/uploads\/2025\/06\/DSC_0868-Poprawione-Szum-300x300.jpg\" class=\"attachment-thumbnail size-thumbnail\" alt=\"\" \/><\/a>\n\t\t\t<\/dt><\/dl><dl class='gallery-item'>\n\t\t\t<dt class='gallery-icon portrait'>\n\t\t\t\t<a href='https:\/\/shalom.org.pl\/en\/event\/laureaci-konkursu-historia-i-kultura-zydow-polskich\/dsc_0869-poprawione-szum\/'><img loading=\"lazy\" decoding=\"async\" width=\"300\" height=\"300\" src=\"https:\/\/shalom.org.pl\/wp-content\/uploads\/2025\/06\/DSC_0869-Poprawione-Szum-300x300.jpg\" class=\"attachment-thumbnail size-thumbnail\" alt=\"\" \/><\/a>\n\t\t\t<\/dt><\/dl><dl class='gallery-item'>\n\t\t\t<dt class='gallery-icon landscape'>\n\t\t\t\t<a href='https:\/\/shalom.org.pl\/en\/event\/laureaci-konkursu-historia-i-kultura-zydow-polskich\/dsc_0870-poprawione-szum\/'><img loading=\"lazy\" decoding=\"async\" width=\"300\" height=\"300\" src=\"https:\/\/shalom.org.pl\/wp-content\/uploads\/2025\/06\/DSC_0870-Poprawione-Szum-300x300.jpg\" class=\"attachment-thumbnail size-thumbnail\" alt=\"\" \/><\/a>\n\t\t\t<\/dt><\/dl><dl class='gallery-item'>\n\t\t\t<dt class='gallery-icon portrait'>\n\t\t\t\t<a href='https:\/\/shalom.org.pl\/en\/event\/laureaci-konkursu-historia-i-kultura-zydow-polskich\/dsc_0837-poprawione-szum\/'><img loading=\"lazy\" decoding=\"async\" width=\"300\" height=\"300\" src=\"https:\/\/shalom.org.pl\/wp-content\/uploads\/2025\/06\/DSC_0837-Poprawione-Szum-300x300.jpg\" class=\"attachment-thumbnail size-thumbnail\" alt=\"\" \/><\/a>\n\t\t\t<\/dt><\/dl><br style=\"clear: both\" \/>\n\t\t<\/div>\n\n<p><strong>Laureaci XIV edycji konkursu \u201eHistoria i kultura \u017byd\u00f3w polskich\u201d<\/strong><\/p>\n<p><strong>I miejsce<\/strong><br data-start=\"286\" data-end=\"289\"><strong data-start=\"289\" data-end=\"305\">Maria Dr\u0105\u017cek<\/strong> \u2013 I LO im. Ziemi Kujawskiej we W\u0142oc\u0142awku<\/p>\n<p><strong>II miejsce ex aequo<\/strong><\/p>\n<p><strong>Janis\u0142awa Dzieran<\/strong> \u2013 II LO w Sieradzu<\/p>\n<p data-start=\"462\" data-end=\"504\"><strong data-start=\"462\" data-end=\"486\">Wiktoria Matuszewska<\/strong> \u2013 I LO w Bochni<\/p>\n<p data-start=\"507\" data-end=\"556\"><strong data-start=\"507\" data-end=\"527\">Kacper Olesi\u0144ski<\/strong> \u2013 II LO w D\u0105browie G\u00f3rniczej<\/p>\n<p data-start=\"558\" data-end=\"587\"><strong>III miejsce ex aequo<\/strong><\/p>\n<p data-start=\"590\" data-end=\"629\"><strong data-start=\"590\" data-end=\"609\">Maria Andrzejak<\/strong> \u2013 II LO w Lesznie<\/p>\n<p data-start=\"632\" data-end=\"665\"><strong data-start=\"632\" data-end=\"645\">Igor Ca\u0142a<\/strong> \u2013 V LO w Krakowie<\/p>\n<p data-start=\"632\" data-end=\"665\"><strong data-start=\"668\" data-end=\"688\">Adam Jaszczy\u0144ski<\/strong> \u2013 XIII LO w Szczecinie<br data-start=\"711\" data-end=\"714\"><strong>Aleksandra Partyczny<\/strong> \u2013 I LO w K\u0119tach (nagroda specjalna)<\/p>\n<p data-start=\"779\" data-end=\"808\"><strong>Wyr\u00f3\u017cnienia ex aequo<\/strong><\/p>\n<p data-start=\"811\" data-end=\"880\"><strong data-start=\"811\" data-end=\"833\">Adrianna Syczy\u0144ska<\/strong> \u2013 ZSP im. Jana Paw\u0142a II w Radzyniu Podlaskim<\/p>\n<p data-start=\"883\" data-end=\"931\"><strong data-start=\"883\" data-end=\"900\">Weronika Lila<\/strong> \u2013 Katolickie LO w Szczecinie<\/p>\n<p data-start=\"934\" data-end=\"969\"><strong data-start=\"934\" data-end=\"948\">Maja Rybak<\/strong> \u2013 II LO w Sieradzu<\/p>\n<p data-start=\"972\" data-end=\"1008\"><strong data-start=\"972\" data-end=\"988\">Maja Kapusta<\/strong> \u2013 V LO w Krakowie<\/p>\n<p data-start=\"1011\" data-end=\"1096\"><strong data-start=\"1011\" data-end=\"1053\">Zuzanna Margalith Winnicka-Brzostowicz<\/strong> \u2013 Prywatne LO im. Z. Ginczanki w Warszawie<\/p>\n<p>Komisja konkursowa doceni\u0142a tak\u017ce nauczycieli i szko\u0142y za ich wk\u0142ad w propagowanie wiedzy o historii i kulturze \u017byd\u00f3w polskich:<\/p>\n<ul>\n<li><strong>II Liceum Og\u00f3lnokszta\u0142c\u0105ce im. Stefana \u017beromskiego w D\u0105browie G\u00f3rniczej<\/strong> wraz z nauczycielk\u0105 Joann\u0105 Hurcewicz otrzyma\u0142o wyr\u00f3\u017cnienie w postaci wizyty studyjnej w Muzeum Auschwitz-Birkenau oraz zestawu ksi\u0105\u017cek.<\/li>\n<li><strong>Pani Agnieszka Mysakowska<\/strong> z II Liceum Og\u00f3lnokszta\u0142c\u0105cego im. Janusza Korczaka w Wieluniu zosta\u0142a nagrodzona za propagowanie wiedzy o historii i kulturze \u017byd\u00f3w polskich.<\/li>\n<li><strong>II Liceum Og\u00f3lnokszta\u0142c\u0105ce im. Janusza Korczaka w Wieluniu<\/strong> otrzyma\u0142o nagrod\u0119 finansow\u0105 na rozw\u00f3j projektu \u201eSzlakiem Wielu\u0144skich \u017byd\u00f3w\u201d, ufundowan\u0105 przez Muzeum Historii \u017byd\u00f3w Polskich POLIN.<\/li>\n<\/ul>\n<p>Nasi partnerzy naukowi <strong>Instytut Judaistyki Uniwersytetu Jagiello\u0144skiego, Katedra Judaistyki Uniwersytetu Wroc\u0142awskiego, Wydzia\u0142 Historii Uniwersytetu Warszawskiego <\/strong>oraz <strong>Muzeum Historii \u017byd\u00f3w Polskich POLIN <\/strong>w szczeg\u00f3lny spos\u00f3b uhonorowali laureat\u00f3w:<\/p>\n<ul>\n<li>uchwa\u0142\u0105 Senatu Uniwersytetu Warszawskiego laureaci konkursu otrzymuj\u0105 maksymaln\u0105 liczb\u0119 punkt\u00f3w mo\u017cliwych do zdobycia w postepowaniu kwalifikacyjnym na studnia I stopnia na kierunkach Filologia Polska oraz Kulturoznawstwo \u2013 wiedza o kulturze na Wydziale Polonistyki<\/li>\n<li>laureaci konkursu otrzymuj\u0105 maksymaln\u0105 liczb\u0119 punkt\u00f3w mo\u017cliw\u0105 do zdobycia z jednego przedmiotu do wyboru z grupy: historia, historia sztuki, historia muzyki albo z odpowiadaj\u0105cego im przedmiotu zdawanego w ramach matury IB (mi\u0119dzynarodowej) albo matury EB (europejskiej) na studia I stopnia na kierunku Historia i Kultura \u017byd\u00f3w na Wydziale Historycznym<\/li>\n<li>decyzj\u0105 Rektora Uniwersytetu Jagiello\u0144skiego w Krakowie 3 Laureat\u00f3w konkursu ma zapewniony wolny wst\u0119p na studia na kierunku Historia, specjalno\u015b\u0107 Judaistyka w Instytucie Judaistyki UJ. Uprawnienie do otrzymania indeksu jest dost\u0119pne jedynie w roku otrzymania \u015bwiadectwa maturalnego.<\/li>\n<li>uchwa\u0142\u0105 Senatu Uniwersytetu Wroc\u0142awskiego Laureaci konkursu maj\u0105 zapewniony wst\u0119p na studia na kierunku Judaistyka w Katedrze Judaistyki Uniwersytetu Wroc\u0142awskiego<\/li>\n<\/ul>\n<p>Fina\u0142 XIV edycji konkursu to wydarzenie, kt\u00f3re nie tylko uhonorowa\u0142o uczestnik\u00f3w, ale tak\u017ce podkre\u015bli\u0142o znaczenie edukacji i pami\u0119ci o historii \u017byd\u00f3w polskich.<\/p>\n<p style=\"font-weight: 400;\"><strong>Nagrody w konkursie ufundowali:<\/strong><\/p>\n<p style=\"font-weight: 400;\"><strong>Marsza\u0142ek Sejmu RP<\/strong><\/p>\n<p style=\"font-weight: 400;\"><strong>Prezes Rady Ministr\u00f3w RP<\/strong><\/p>\n<p style=\"font-weight: 400;\"><strong>Minister Spraw Zagranicznych RP<\/strong><\/p>\n<p style=\"font-weight: 400;\"><strong>Minister Edukacji RP<\/strong><\/p>\n<p style=\"font-weight: 400;\"><strong>Marsza\u0142ek Wojew\u00f3dztwa Mazowieckiego<\/strong><\/p>\n<p style=\"font-weight: 400;\"><strong>Wojewoda Mazowiecki<\/strong><\/p>\n<p style=\"font-weight: 400;\"><strong>Biuro Edukacji m.st.&nbsp;Warszawy<\/strong><\/p>\n<p style=\"font-weight: 400;\"><strong>\u017bydowski Instytut Historyczny im. E. Ringelbluma<\/strong><\/p>\n<p style=\"font-weight: 400;\"><strong>Muzeum Historii \u017byd\u00f3w Polskich POLIN<\/strong><\/p>\n<p style=\"font-weight: 400;\"><strong>Stowarzyszenie Dzieci Holokaustu w Polsce<\/strong><\/p>\n<p style=\"font-weight: 400;\"><strong>Gmina Wyznaniowa \u017bydowska w Warszawie<\/strong><\/p>\n<p style=\"font-weight: 400;\"><strong>Pa\u0144stwowe Muzeum Auschwitz-Birkenau<\/strong><\/p>\n<p style=\"font-weight: 400;\"><strong>Muzeum J\u00f3zefa Pi\u0142sudskiego w Sulej\u00f3wku<\/strong><\/p>\n<p style=\"font-weight: 400;\"><strong>Muzeum Warszawy<\/strong><\/p>\n<p style=\"font-weight: 400;\"><strong>Fundacja Ochrony Dziedzictwa \u017bydowskiego<\/strong><\/p>\n<p style=\"font-weight: 400;\"><strong>Villa la Fleur<\/strong><\/p>\n<p style=\"font-weight: 400;\"><strong>Fundacja Shalom<\/strong><\/p>\n<p>&nbsp;<\/p>\n<h3><strong>Projekt pod Patronatem Honorowym Ministra Edukacji<\/strong><\/h3>\n<p><img loading=\"lazy\" decoding=\"async\" class=\"alignnone wp-image-21744 size-full\" src=\"https:\/\/shalom.org.pl\/wp-content\/uploads\/2025\/06\/konkurs_belka.png\" alt=\"\" width=\"5792\" height=\"720\" srcset=\"https:\/\/shalom.org.pl\/wp-content\/uploads\/2025\/06\/konkurs_belka.png 5792w, https:\/\/shalom.org.pl\/wp-content\/uploads\/2025\/06\/konkurs_belka-300x37.png 300w, https:\/\/shalom.org.pl\/wp-content\/uploads\/2025\/06\/konkurs_belka-1024x127.png 1024w, https:\/\/shalom.org.pl\/wp-content\/uploads\/2025\/06\/konkurs_belka-768x95.png 768w, https:\/\/shalom.org.pl\/wp-content\/uploads\/2025\/06\/konkurs_belka-1536x191.png 1536w, https:\/\/shalom.org.pl\/wp-content\/uploads\/2025\/06\/konkurs_belka-2048x255.png 2048w, https:\/\/shalom.org.pl\/wp-content\/uploads\/2025\/06\/konkurs_belka-498x62.png 498w, https:\/\/shalom.org.pl\/wp-content\/uploads\/2025\/06\/konkurs_belka-200x25.png 200w, https:\/\/shalom.org.pl\/wp-content\/uploads\/2025\/06\/konkurs_belka-350x44.png 350w\" sizes=\"(max-width: 5792px) 100vw, 5792px\" \/><\/p>\n<h3 data-start=\"2902\" data-end=\"2998\">Projekt dofinansowany ze \u015brodk\u00f3w dotacji Ministra Spraw Wewn\u0119trznych i Administracji<\/h3>\n<p><img loading=\"lazy\" decoding=\"async\" class=\"alignnone wp-image-21727\" src=\"https:\/\/shalom.org.pl\/wp-content\/uploads\/2025\/05\/mswia-300x194.png\" alt=\"Orze\u0142 w koronie i napis Ministerstwo Spraw Wewn\u0119trznych i Administracji\" width=\"179\" height=\"116\" srcset=\"https:\/\/shalom.org.pl\/wp-content\/uploads\/2025\/05\/mswia-300x194.png 300w, https:\/\/shalom.org.pl\/wp-content\/uploads\/2025\/05\/mswia-1024x662.png 1024w, https:\/\/shalom.org.pl\/wp-content\/uploads\/2025\/05\/mswia-768x497.png 768w, https:\/\/shalom.org.pl\/wp-content\/uploads\/2025\/05\/mswia-1536x993.png 1536w, https:\/\/shalom.org.pl\/wp-content\/uploads\/2025\/05\/mswia-394x255.png 394w, https:\/\/shalom.org.pl\/wp-content\/uploads\/2025\/05\/mswia-200x129.png 200w, https:\/\/shalom.org.pl\/wp-content\/uploads\/2025\/05\/mswia-350x226.png 350w, https:\/\/shalom.org.pl\/wp-content\/uploads\/2025\/05\/mswia.png 1636w\" sizes=\"(max-width: 179px) 100vw, 179px\" \/><\/p>\n","protected":false},"excerpt":{"rendered":"<p>8 czerwca odby\u0142 si\u0119 fina\u0142 XIV edycji konkursu \u201eHistoria i kultura \u017byd\u00f3w polskich\u201d, organizowanego przez Fundacj\u0119 Shalom, przy wsp\u00f3\u0142pracy z [&hellip;]<\/p>\n","protected":false},"author":8,"featured_media":21762,"comment_status":"open","ping_status":"closed","template":"","meta":{"_acf_changed":false,"ngg_post_thumbnail":0,"_tribe_events_status":"","_tribe_events_status_reason":"","footnotes":""},"tags":[],"tribe_events_cat":[13,346,350,15],"class_list":["post-21743","tribe_events","type-tribe_events","status-publish","has-post-thumbnail","hentry","tribe_events_cat-edukacja","tribe_events_cat-edukacja-pl","tribe_events_cat-instytucja-pl","tribe_events_cat-instytucja","cat_edukacja","cat_edukacja-pl","cat_instytucja-pl","cat_instytucja"],"acf":[],"_links":{"self":[{"href":"https:\/\/shalom.org.pl\/en\/wp-json\/wp\/v2\/tribe_events\/21743","targetHints":{"allow":["GET"]}}],"collection":[{"href":"https:\/\/shalom.org.pl\/en\/wp-json\/wp\/v2\/tribe_events"}],"about":[{"href":"https:\/\/shalom.org.pl\/en\/wp-json\/wp\/v2\/types\/tribe_events"}],"author":[{"embeddable":true,"href":"https:\/\/shalom.org.pl\/en\/wp-json\/wp\/v2\/users\/8"}],"replies":[{"embeddable":true,"href":"https:\/\/shalom.org.pl\/en\/wp-json\/wp\/v2\/comments?post=21743"}],"version-history":[{"count":5,"href":"https:\/\/shalom.org.pl\/en\/wp-json\/wp\/v2\/tribe_events\/21743\/revisions"}],"predecessor-version":[{"id":21765,"href":"https:\/\/shalom.org.pl\/en\/wp-json\/wp\/v2\/tribe_events\/21743\/revisions\/21765"}],"wp:featuredmedia":[{"embeddable":true,"href":"https:\/\/shalom.org.pl\/en\/wp-json\/wp\/v2\/media\/21762"}],"wp:attachment":[{"href":"https:\/\/shalom.org.pl\/en\/wp-json\/wp\/v2\/media?parent=21743"}],"wp:term":[{"taxonomy":"post_tag","embeddable":true,"href":"https:\/\/shalom.org.pl\/en\/wp-json\/wp\/v2\/tags?post=21743"},{"taxonomy":"tribe_events_cat","embeddable":true,"href":"https:\/\/shalom.org.pl\/en\/wp-json\/wp\/v2\/tribe_events_cat?post=21743"}],"curies":[{"name":"wp","href":"https:\/\/api.w.org\/{rel}","templated":true}]}}