{"id":20979,"date":"2024-08-20T22:25:22","date_gmt":"2024-08-20T20:25:22","guid":{"rendered":"https:\/\/shalom.org.pl\/?post_type=tribe_events&#038;p=20979"},"modified":"2025-01-28T18:25:03","modified_gmt":"2025-01-28T17:25:03","slug":"republika-marzen-symbolizm-tajemniczosc-i-poetyckosc-schulza-28-08-godzina-17-30","status":"publish","type":"tribe_events","link":"https:\/\/shalom.org.pl\/en\/event\/republika-marzen-symbolizm-tajemniczosc-i-poetyckosc-schulza-28-08-godzina-17-30\/","title":{"rendered":"Republika Marze\u0144 Symbolizm, tajemniczo\u015b\u0107 i poetycko\u015b\u0107 Schulza &#8211; na Festiwalu Warszawa Singera!"},"content":{"rendered":"<p style=\"font-weight: 400;\">28.08. o godzinie 17.30 zapraszamy na niezwyk\u0142e przedstawienie &nbsp;aktorsko-lalkowe \u201eREPUBLIK DER TR\u00c4UME\u201d (Republika marze\u0144), re\u017c. Frank Soehnle, Teatr \u015amiechu we Frankfurcie nad Odr\u0105, re\u017cyseria:&nbsp;Frank Soehnle, scenografia:&nbsp;Leonard Wanner,&nbsp;Frank Soehnle, muzyka: S\u00f6ren Gundermann. Obsada:&nbsp;Matylda Matuszak,&nbsp;Arkadiusz Porada,&nbsp;Torsten Gesser, akompaniament:&nbsp;S\u00f8ren Gundermann&nbsp;(pianino)<\/p>\n<p>Na podstawie \u201eSklep\u00f3w cynamonowych\u201d Brunona Schulza, prawa: Carl Hanser Verlag GmbH &amp; Co. KG<\/p>\n<p style=\"font-weight: 400;\">Tak o&nbsp; przedstawieniu pisze sam zesp\u00f3\u0142: &#8220;To co jest szczeg\u00f3lnie fascynuj\u0105ce dla nas, to fantastyczne, groteskowe elementy literatury Schulza. Symbolizm, tajemniczo\u015b\u0107 i poetycko\u015b\u0107 wymuszaj\u0105 na nas u\u017cycie &nbsp;niecodziennych \u015brodk\u00f3w teatralnych. Utrata dzieci\u0144stwa w &#8220;Sklepach cynamonowych&#8221; to istotny temat w powie\u015bci Schulza.<\/p>\n<p style=\"font-weight: 400;\">Ojca, kt\u00f3ry najpierw zamienia si\u0119 w ptaka, a nast\u0119pnie przechodzi przez r\u00f3\u017cne metamorfozy, zanim skurczy si\u0119 i ca\u0142kowicie zniknie, mo\u017cna przedstawi\u0107 tylko za pomoc\u0105 lalek. Wynikaj\u0105cy z tego pomys\u0142, \u017ce w ka\u017cdym przedmiocie jest \u017cycie, a martwa materia to jedynie poz\u00f3r skrywaj\u0105cy jego nieznane formy, &nbsp;jest oczywi\u015bcie genialny dla teatru lalek. Pragnienie narratora, by wszystko zosta\u0142o tak, jak jest, pomimo nadchodz\u0105cego nowego \u015bwiata, i nieuchronnych zmian kt\u00f3re ze sob\u0105 niesie, to temat, kt\u00f3ry zawsze nas zajmowa\u0142&#8221;<\/p>\n<p><iframe title=\"Republik der Tr\u00e4ume (Republika marze\u0144) Trailer\" width=\"500\" height=\"281\" src=\"https:\/\/www.youtube.com\/embed\/ert7cEVK3Cs?start=150&#038;feature=oembed\" frameborder=\"0\" allow=\"accelerometer; autoplay; clipboard-write; encrypted-media; gyroscope; picture-in-picture; web-share\" referrerpolicy=\"strict-origin-when-cross-origin\" allowfullscreen><\/iframe><\/p>\n<p>&nbsp;<\/p>\n","protected":false},"excerpt":{"rendered":"<p>28.08. o godzinie 17.30 zapraszamy na niezwyk\u0142e przedstawienie &nbsp;aktorsko-lalkowe \u201eREPUBLIK DER TR\u00c4UME\u201d (Republika marze\u0144), re\u017c. Frank Soehnle, Teatr \u015amiechu we [&hellip;]<\/p>\n","protected":false},"author":8,"featured_media":20984,"comment_status":"open","ping_status":"closed","template":"","meta":{"_acf_changed":false,"ngg_post_thumbnail":0,"_tribe_events_status":"","_tribe_events_status_reason":"","footnotes":""},"tags":[],"tribe_events_cat":[14,356],"class_list":["post-20979","tribe_events","type-tribe_events","status-publish","has-post-thumbnail","hentry","tribe_events_cat-festiwal","tribe_events_cat-festiwal-pl","cat_festiwal","cat_festiwal-pl"],"acf":[],"_links":{"self":[{"href":"https:\/\/shalom.org.pl\/en\/wp-json\/wp\/v2\/tribe_events\/20979","targetHints":{"allow":["GET"]}}],"collection":[{"href":"https:\/\/shalom.org.pl\/en\/wp-json\/wp\/v2\/tribe_events"}],"about":[{"href":"https:\/\/shalom.org.pl\/en\/wp-json\/wp\/v2\/types\/tribe_events"}],"author":[{"embeddable":true,"href":"https:\/\/shalom.org.pl\/en\/wp-json\/wp\/v2\/users\/8"}],"replies":[{"embeddable":true,"href":"https:\/\/shalom.org.pl\/en\/wp-json\/wp\/v2\/comments?post=20979"}],"version-history":[{"count":3,"href":"https:\/\/shalom.org.pl\/en\/wp-json\/wp\/v2\/tribe_events\/20979\/revisions"}],"predecessor-version":[{"id":20985,"href":"https:\/\/shalom.org.pl\/en\/wp-json\/wp\/v2\/tribe_events\/20979\/revisions\/20985"}],"wp:featuredmedia":[{"embeddable":true,"href":"https:\/\/shalom.org.pl\/en\/wp-json\/wp\/v2\/media\/20984"}],"wp:attachment":[{"href":"https:\/\/shalom.org.pl\/en\/wp-json\/wp\/v2\/media?parent=20979"}],"wp:term":[{"taxonomy":"post_tag","embeddable":true,"href":"https:\/\/shalom.org.pl\/en\/wp-json\/wp\/v2\/tags?post=20979"},{"taxonomy":"tribe_events_cat","embeddable":true,"href":"https:\/\/shalom.org.pl\/en\/wp-json\/wp\/v2\/tribe_events_cat?post=20979"}],"curies":[{"name":"wp","href":"https:\/\/api.w.org\/{rel}","templated":true}]}}