{"id":16836,"date":"2022-08-28T15:15:01","date_gmt":"2022-08-28T13:15:01","guid":{"rendered":"http:\/\/shalom.org.pl\/?post_type=tribe_events&#038;p=16836"},"modified":"2022-08-28T15:16:12","modified_gmt":"2022-08-28T13:16:12","slug":"osiem-zdjec-w-osiem-godzin-zbliza-sie-warszawski-maraton-fotograficzny-2022","status":"publish","type":"tribe_events","link":"https:\/\/shalom.org.pl\/en\/event\/osiem-zdjec-w-osiem-godzin-zbliza-sie-warszawski-maraton-fotograficzny-2022\/","title":{"rendered":"Osiem zdj\u0119\u0107 w osiem godzin.  Zbli\u017ca si\u0119 Warszawski Maraton Fotograficzny 2022"},"content":{"rendered":"<p><strong>Tegoroczna edycja Warszawskiego Maratonu Fotograficznego odb\u0119dzie si\u0119 w sobot\u0119, 10 wrze\u015bnia. Na ulice stolicy wyruszy kilkuset amator\u00f3w fotografii, kt\u00f3rych zadaniem b\u0119dzie zrobienie 8 zdj\u0119\u0107 w 8 godzin. Po raz pierwszy w historii konkursu fotografie mo\u017cna b\u0119dzie wykona\u0107 tak\u017ce telefonem kom\u00f3rkowym czy tabletem. To ju\u017c trzecia edycja konkursu, organizowanego przez Green Caff\u00e8 Nero pod Honorowym Patronatem Prezydenta M. St. Warszawy. Zapisy trwaj\u0105 do 4 wrze\u015bnia.<\/strong><\/p>\n<p>&nbsp;<\/p>\n<p><strong>Fotografuj i zwiedzaj \u2013 \u015bwiatowy format po raz kolejny w Warszawie<\/strong><\/p>\n<p>Maraton Fotograficzny to impreza mi\u0119dzynarodowa, znana na \u015bwiecie pod nazw\u0105 \u201ePhotomarathon&#8221;. Od lat organizowana jest w takich miastach jak Berlin, Sztokholm czy Szanghaj. Jej fani podr\u00f3\u017cuj\u0105 od kraju do kraju, podobnie jak uczestnicy maraton\u00f3w biegowych, aby wzi\u0105\u0107 udzia\u0142 w tym wydarzeniu w r\u00f3\u017cnych miejscach i poznawa\u0107 ich lokaln\u0105 kultur\u0119.<\/p>\n<p><em>Mia\u0142em okazj\u0119 zasiada\u0107 w jury poprzednich edycji imprezy, kt\u00f3re odby\u0142y si\u0119 w 2018 i 2019 r. Ciesz\u0119 si\u0119, \u017ce po trzech latach przerwy Warszawski Maraton Fotograficzny powraca do kalendarza wydarze\u0144 w stolicy i \u017ce mog\u0119 przewodniczy\u0107 obradom Jury w tym roku<\/em>&nbsp;\u2013 m\u00f3wi Marek Grygiel, fotograf, polski historyk sztuki, kurator licznych wystaw, redaktor portalu <a href=\"http:\/\/fototapeta.art.pl\">fototapeta.art.pl<\/a>.&nbsp; Konkurs od pocz\u0105tku skupia znane w fotograficznym \u015bwiecie nazwiska. W tej edycji do grona juror\u00f3w nale\u017c\u0105 tak\u017ce: Chris Niedenthal \u2013 jeden z najbardziej znanych fotograf\u00f3w europejskich, laureat nagrody World Press Photo, Beata \u0141y\u017cwa \u2013 kieruj\u0105ca dzia\u0142em foto w Gazecie Wyborczej, reporter i artysta \u2013fotograf Miko\u0142aj Grynberg, Filip Siemaszko \u2013 kontynuator rodzinnych tradycji fotograficznych oraz Adam Erdheim \u2013 fotograf, kt\u00f3ry popularyzuje ide\u0119 fotomaratonu w Polsce.<\/p>\n<p>Organizatorem imprezy od pierwszej edycji jest Green Caff\u00e8 Nero, popularna sie\u0107 kawiarni. <em>Od zawsze inicjatywy kulturalne s\u0105 nam bliskie, dlatego bez wahania podj\u0119li\u015bmy si\u0119 organizacji Maratonu Fotograficznego. Mamy blisko 60 kawiarni w r\u00f3\u017cnych zak\u0105tkach stolicy i wierzymy, \u017ce konkursy takie jak Maraton pomagaj\u0105 tworzy\u0107 tkank\u0119 miejsk\u0105, odkrywa\u0107 nieznane zakamarki miasta i integrowa\u0107 spo\u0142eczno\u015b\u0107 <\/em>\u2013 m\u00f3wi Ewelina Karpi\u0144ska, odpowiedzialna za marketing Green Caff\u00e8 Nero i organizacj\u0119 Fotomaratonu.<\/p>\n<p>&nbsp;<\/p>\n<p><strong>Kreatywna wizja stolicy w 8 kadrach bez retuszu<\/strong><\/p>\n<p>Maraton wystartuje w samo po\u0142udnie 10 wrze\u015bnia, a zako\u0144czy si\u0119 o godzinie 20:00. W tym czasie uczestnicy maj\u0105 za zadanie wyruszy\u0107 w miasto w poszukiwaniu najbardziej inspiruj\u0105cych, zaskakuj\u0105cych i nietypowych kadr\u00f3w, z kt\u00f3rych stworz\u0105 swoj\u0105 popisow\u0105 galeri\u0119 8 uj\u0119\u0107. Konkurs adresowany jest zar\u00f3wno do profesjonalnych fotograf\u00f3w, jak i do nie zwi\u0105zanych z tym zawodem pasjonat\u00f3w amator\u00f3w. Temat przewodni tegorocznej edycji to \u201ePokojowo r\u00f3\u017cnorodni&#8221;, a szczeg\u00f3\u0142owe tematy zdj\u0119\u0107 pozostaj\u0105 tajemnic\u0105 a\u017c do rozpocz\u0119cia maratonu. &nbsp;Uczestnik\u00f3w ogranicza\u0107 b\u0119dzie jedynie czas i wyobra\u017ania oraz podstawowa zasada Maratonu \u2013 brak postprodukcji wykonanych zdj\u0119\u0107.<\/p>\n<p><em>\u201eLiczy si\u0119 pomys\u0142, interpretacja, jako\u015b\u0107, kt\u00f3re na koniec oceni jury, przyznaj\u0105c wyj\u0105tkowe nagrody. Jeden z naszych partner\u00f3w wypo\u017cycza nieodp\u0142atnie uczestnikom maratonu wysokiej klasy obiektywy, ale o wygranej z pewno\u015bci\u0105 nie zdecyduje sprz\u0119t, a umiej\u0119tno\u015b\u0107 uchwycenia tego wyj\u0105tkowego kadru&#8221;<\/em> \u2013 podkre\u015bla Chris Niedenthal, cz\u0142onek jury.<\/p>\n\n\t\t<style type=\"text\/css\">\n\t\t\t#gallery-1 {\n\t\t\t\tmargin: auto;\n\t\t\t}\n\t\t\t#gallery-1 .gallery-item {\n\t\t\t\tfloat: left;\n\t\t\t\tmargin-top: 10px;\n\t\t\t\ttext-align: center;\n\t\t\t\twidth: 25%;\n\t\t\t}\n\t\t\t#gallery-1 img {\n\t\t\t\tborder: 2px solid #cfcfcf;\n\t\t\t}\n\t\t\t#gallery-1 .gallery-caption {\n\t\t\t\tmargin-left: 0;\n\t\t\t}\n\t\t\t\/* see gallery_shortcode() in wp-includes\/media.php *\/\n\t\t<\/style>\n\t\t<div id='gallery-1' class='gallery galleryid-16836 gallery-columns-4 gallery-size-thumbnail'><dl class='gallery-item'>\n\t\t\t<dt class='gallery-icon portrait'>\n\t\t\t\t<a href='https:\/\/shalom.org.pl\/en\/event\/osiem-zdjec-w-osiem-godzin-zbliza-sie-warszawski-maraton-fotograficzny-2022\/warszawski-szyk_2019\/'><img fetchpriority=\"high\" decoding=\"async\" width=\"300\" height=\"300\" src=\"https:\/\/shalom.org.pl\/wp-content\/uploads\/2022\/08\/Warszawski-Szyk_2019-300x300.jpg\" class=\"attachment-thumbnail size-thumbnail\" alt=\"\" aria-describedby=\"gallery-1-16842\" \/><\/a>\n\t\t\t<\/dt>\n\t\t\t\t<dd class='wp-caption-text gallery-caption' id='gallery-1-16842'>\n\t\t\t\tWarszawski Szyk &#8211; edycja 2019\n\t\t\t\t<\/dd><\/dl><dl class='gallery-item'>\n\t\t\t<dt class='gallery-icon landscape'>\n\t\t\t\t<a href='https:\/\/shalom.org.pl\/en\/event\/osiem-zdjec-w-osiem-godzin-zbliza-sie-warszawski-maraton-fotograficzny-2022\/olympus-digital-camera-246\/'><img decoding=\"async\" width=\"300\" height=\"300\" src=\"https:\/\/shalom.org.pl\/wp-content\/uploads\/2022\/08\/Aktywnie-nad-Wis\u0142\u0105_edycja2018-300x300.jpg\" class=\"attachment-thumbnail size-thumbnail\" alt=\"\" aria-describedby=\"gallery-1-16837\" \/><\/a>\n\t\t\t<\/dt>\n\t\t\t\t<dd class='wp-caption-text gallery-caption' id='gallery-1-16837'>\n\t\t\t\tAktywnie nad Wis\u0142\u0105 &#8211; edycja 2018\n\t\t\t\t<\/dd><\/dl><dl class='gallery-item'>\n\t\t\t<dt class='gallery-icon landscape'>\n\t\t\t\t<a href='https:\/\/shalom.org.pl\/en\/event\/osiem-zdjec-w-osiem-godzin-zbliza-sie-warszawski-maraton-fotograficzny-2022\/przebieg-2018\/'><img decoding=\"async\" width=\"300\" height=\"300\" src=\"https:\/\/shalom.org.pl\/wp-content\/uploads\/2022\/08\/Przebieg-2018-300x300.jpg\" class=\"attachment-thumbnail size-thumbnail\" alt=\"\" aria-describedby=\"gallery-1-16839\" \/><\/a>\n\t\t\t<\/dt>\n\t\t\t\t<dd class='wp-caption-text gallery-caption' id='gallery-1-16839'>\n\t\t\t\tPrzebieg &#8211; edycja 2018\n\t\t\t\t<\/dd><\/dl><dl class='gallery-item'>\n\t\t\t<dt class='gallery-icon landscape'>\n\t\t\t\t<a href='https:\/\/shalom.org.pl\/en\/event\/osiem-zdjec-w-osiem-godzin-zbliza-sie-warszawski-maraton-fotograficzny-2022\/przyszlosc_2018\/'><img loading=\"lazy\" decoding=\"async\" width=\"300\" height=\"300\" src=\"https:\/\/shalom.org.pl\/wp-content\/uploads\/2022\/08\/Przyszlosc_2018-300x300.jpg\" class=\"attachment-thumbnail size-thumbnail\" alt=\"\" aria-describedby=\"gallery-1-16840\" \/><\/a>\n\t\t\t<\/dt>\n\t\t\t\t<dd class='wp-caption-text gallery-caption' id='gallery-1-16840'>\n\t\t\t\tPrzysz\u0142o\u015b\u0107 &#8211; edycja 2018\n\t\t\t\t<\/dd><\/dl><br style=\"clear: both\" \/>\n\t\t<\/div>\n\n<p><strong>Jak do\u0142\u0105czy\u0107 do fotograficznego wy\u015bcigu?<\/strong><\/p>\n<p>Zapisy do konkursu trwaj\u0105 do 4 wrze\u015bnia lub do wyczerpania 500 miejsc, przeznaczonych dla uczestnik\u00f3w. Aby do\u0142\u0105czy\u0107 do wydarzenia nale\u017cy dokona\u0107 rejestracji poprzez platform\u0119 EVENEA: <a href=\"https:\/\/evenea.pl\/pl\/wydarzenie\/warszawskimaratonfotograficzny2022\">TUTAJ<\/a><\/p>\n<p>Uczestnicy uiszczaj\u0105 op\u0142at\u0119 rejestracyjn\u0105 w wysoko\u015bci 64,99 z\u0142 plus op\u0142aty serwisowe wed\u0142ug cennika EVENEA.<\/p>\n<p><strong>Laureaci konkursu, a wi\u0119c troje autor\u00f3w najwy\u017cej ocenionych galerii oraz o\u015bmioro fotograf\u00f3w wyr\u00f3\u017cnionych w poszczeg\u00f3lnych kategoriach zostan\u0105 wybrani przez jury. Og\u0142oszenie wynik\u00f3w i wr\u0119czenie nagr\u00f3d odb\u0119dzie si\u0119 podczas uroczystej gali w Pa\u0142acu Kultury i Nauki 12 pa\u017adziernika 2022 r. Nagrody w konkursie o warto\u015bci od 1 do 3 tys. z\u0142 funduje Organizator oraz Partnerzy. <\/strong><\/p>\n<div id=\"attachment_16841\" style=\"width: 1034px\" class=\"wp-caption alignnone\"><img loading=\"lazy\" decoding=\"async\" aria-describedby=\"caption-attachment-16841\" class=\"wp-image-16841 size-large\" src=\"http:\/\/shalom.org.pl\/wp-content\/uploads\/2022\/08\/Gala-2019-1024x639.jpg\" alt=\"\" width=\"1024\" height=\"639\" srcset=\"https:\/\/shalom.org.pl\/wp-content\/uploads\/2022\/08\/Gala-2019-1024x639.jpg 1024w, https:\/\/shalom.org.pl\/wp-content\/uploads\/2022\/08\/Gala-2019-300x187.jpg 300w, https:\/\/shalom.org.pl\/wp-content\/uploads\/2022\/08\/Gala-2019-768x479.jpg 768w, https:\/\/shalom.org.pl\/wp-content\/uploads\/2022\/08\/Gala-2019-409x255.jpg 409w, https:\/\/shalom.org.pl\/wp-content\/uploads\/2022\/08\/Gala-2019-350x218.jpg 350w, https:\/\/shalom.org.pl\/wp-content\/uploads\/2022\/08\/Gala-2019.jpg 1253w\" sizes=\"(max-width: 1024px) 100vw, 1024px\" \/><p id=\"caption-attachment-16841\" class=\"wp-caption-text\">Gala 2019<\/p><\/div>\n<p>&nbsp;<\/p>\n<p><strong><u>Wi\u0119cej informacji o Maratonie: <\/u><\/strong><\/p>\n<p>Strona internetowa WMF: <a href=\"http:\/\/www.warszawskimaratonfotograficzny.pl\">www.warszawskimaratonfotograficzny.pl<\/a><\/p>\n<p>Facebook: <a href=\"http:\/\/www.facebook.com\/warszawskimaratonfotograficzny\">www.facebook.com\/warszawskimaratonfotograficzny<\/a><\/p>\n<p>Instagram: <a href=\"http:\/\/www.instagram.com\/warszawskimaratonfotograficzny\">www.instagram.com\/warszawskimaratonfotograficzny<\/a><\/p>\n<p>Zapisy: <a href=\"https:\/\/evenea.pl\/pl\/wydarzenie\/warszawskimaratonfotograficzny2022\">https:\/\/evenea.pl\/pl\/wydarzenie\/warszawskimaratonfotograficzny2022<\/a><\/p>\n<p>&nbsp;<\/p>\n<p><strong>O Green Caff\u00e8 Nero<\/strong><\/p>\n<p>Green Caff\u00e8 Nero pozostaje wierne misji, kt\u00f3ra przy\u015bwieca\u0142a jej za\u0142o\u017cycielom: oferowaniu najlepszej kawy i tworzeniu kameralnej, domowej atmosfery, w kt\u00f3rej mo\u017cna si\u0119 delektowa\u0107 kaw\u0105. Green Caff\u00e8 Nero posiada 69 kawiarni w Polsce, a ka\u017cda z nich zosta\u0142a zaprojektowana w&nbsp;niepowtarzalny spos\u00f3b, aby odzwierciedla\u0107 charakter lokalnej spo\u0142eczno\u015bci oraz tradycje miejsca, w&nbsp;kt\u00f3rym si\u0119 znajduje.<\/p>\n<p><a href=\"http:\/\/www.greencaffenero.pl\">www.greencaffenero.pl<\/a><\/p>\n<p><a href=\"https:\/\/www.facebook.com\/greencoffeepl\">https:\/\/www.facebook.com\/greencoffeepl<\/a><\/p>\n<p><a href=\"https:\/\/www.instagram.com\/greencaffenero_\/\">https:\/\/www.instagram.com\/greencaffenero_\/<\/a><\/p>\n<p>&nbsp;<\/p>\n<p><strong><u>Dodatkowych informacji udziela:<\/u><\/strong><\/p>\n<table>\n<tbody>\n<tr>\n<td width=\"439\"><strong>Ewelina Karpi\u0144ska<\/strong>&nbsp;<strong>|&nbsp;Head of Brand &amp; Marketing <\/strong><strong>e:<\/strong>&nbsp;<a href=\"mailto:ewelina.karpinska@greencaffenero.com\">ewelina.karpinska@greencaffenero.com<\/a>&nbsp;|&nbsp;<strong>w:<\/strong><a href=\"https:\/\/greencaffenero.pl\/pl\/\">&nbsp;www.greencaffenero.pl<\/a><br \/>\n<strong>m:<\/strong>&nbsp;+48 515&nbsp;154&nbsp;271<\/td>\n<\/tr>\n<\/tbody>\n<\/table>\n<p>&nbsp;<\/p>\n<hr>\n<p><span style=\"font-size: 10pt;\">Partnerem g\u0142\u00f3wnym jest <strong>Warszawski Oddzia\u0142 PTTK<\/strong><\/span><\/p>\n<p><span style=\"font-size: 10pt;\">Stron\u0105 technologiczn\u0105 wydarzenia opiekuje si\u0119 <strong>Inteligent Technologies S.A.<\/strong> <\/span><\/p>\n<p><span style=\"font-size: 10pt;\">Partnerem Medialnym wydarzenia jest <strong>Wyborcza.pl \u2013 Warszawa<\/strong><\/span><\/p>\n<p><span style=\"font-size: 10pt;\">Do grona pozosta\u0142ych Partner\u00f3w wydarzenia nale\u017c\u0105: <\/span><\/p>\n<p><span style=\"font-size: 10pt;\"><strong>Canon Polska<\/strong>, <strong>Sigma Sklep<\/strong>, <strong>Fotoforma<\/strong>, <strong>Pa\u0142ac Kultury i Nauki<\/strong>, <strong>Teatr Muzyczny Roma<\/strong>, <strong>Fundacja Shalom<\/strong> oraz <strong>Galeria sztuki Le Guern<\/strong><\/span><\/p>\n<p><span style=\"font-size: 10pt;\">Honorowy Patronat nad imprez\u0105 obj\u0105\u0142 <strong>Prezydent M. St. Warszawy Rafa\u0142 Trzaskowski<\/strong><\/span><\/p>\n","protected":false},"excerpt":{"rendered":"<p>Tegoroczna edycja Warszawskiego Maratonu Fotograficznego odb\u0119dzie si\u0119 w sobot\u0119, 10 wrze\u015bnia. Na ulice stolicy wyruszy kilkuset amator\u00f3w fotografii, kt\u00f3rych zadaniem [&hellip;]<\/p>\n","protected":false},"author":5,"featured_media":16838,"comment_status":"open","ping_status":"closed","template":"","meta":{"_acf_changed":false,"ngg_post_thumbnail":0,"_tribe_events_status":"","_tribe_events_status_reason":"","footnotes":""},"tags":[],"tribe_events_cat":[364,358],"class_list":["post-16836","tribe_events","type-tribe_events","status-publish","has-post-thumbnail","hentry","tribe_events_cat-jubileusz-pl","tribe_events_cat-kultura-pl","cat_jubileusz-pl","cat_kultura-pl"],"acf":[],"_links":{"self":[{"href":"https:\/\/shalom.org.pl\/en\/wp-json\/wp\/v2\/tribe_events\/16836","targetHints":{"allow":["GET"]}}],"collection":[{"href":"https:\/\/shalom.org.pl\/en\/wp-json\/wp\/v2\/tribe_events"}],"about":[{"href":"https:\/\/shalom.org.pl\/en\/wp-json\/wp\/v2\/types\/tribe_events"}],"author":[{"embeddable":true,"href":"https:\/\/shalom.org.pl\/en\/wp-json\/wp\/v2\/users\/5"}],"replies":[{"embeddable":true,"href":"https:\/\/shalom.org.pl\/en\/wp-json\/wp\/v2\/comments?post=16836"}],"version-history":[{"count":1,"href":"https:\/\/shalom.org.pl\/en\/wp-json\/wp\/v2\/tribe_events\/16836\/revisions"}],"predecessor-version":[{"id":16843,"href":"https:\/\/shalom.org.pl\/en\/wp-json\/wp\/v2\/tribe_events\/16836\/revisions\/16843"}],"wp:featuredmedia":[{"embeddable":true,"href":"https:\/\/shalom.org.pl\/en\/wp-json\/wp\/v2\/media\/16838"}],"wp:attachment":[{"href":"https:\/\/shalom.org.pl\/en\/wp-json\/wp\/v2\/media?parent=16836"}],"wp:term":[{"taxonomy":"post_tag","embeddable":true,"href":"https:\/\/shalom.org.pl\/en\/wp-json\/wp\/v2\/tags?post=16836"},{"taxonomy":"tribe_events_cat","embeddable":true,"href":"https:\/\/shalom.org.pl\/en\/wp-json\/wp\/v2\/tribe_events_cat?post=16836"}],"curies":[{"name":"wp","href":"https:\/\/api.w.org\/{rel}","templated":true}]}}