{"id":15663,"date":"2022-07-22T12:25:57","date_gmt":"2022-07-22T10:25:57","guid":{"rendered":"http:\/\/shalom.org.pl\/?post_type=tribe_events&#038;p=15663"},"modified":"2022-08-11T00:12:39","modified_gmt":"2022-08-10T22:12:39","slug":"przypominamy-janusz-korczak-stary-doktor-lekarz-wychowawca-publicysta-pisarz-dzialacz-spoleczny-czlowiek-sprawiedliwy","status":"publish","type":"tribe_events","link":"https:\/\/shalom.org.pl\/en\/event\/przypominamy-janusz-korczak-stary-doktor-lekarz-wychowawca-publicysta-pisarz-dzialacz-spoleczny-czlowiek-sprawiedliwy\/","title":{"rendered":"Przypominamy: Janusz Korczak \u2013 Stary Doktor, lekarz, wychowawca, publicysta, pisarz, dzia\u0142acz spo\u0142eczny, cz\u0142owiek sprawiedliwy\u2026"},"content":{"rendered":"<p>Dzi\u015b, 7 sierpnia mija ju\u017c 144 lat od narodzin od Janusza Korczaka i przy tej okazji pragniemy przypomnie\u0107 o miejscu w Warszawie, w kt\u00f3rym nasza pami\u0119\u0107 o Nim znalaz\u0142a sw\u00f3j wyraz w postaci pomnika po\u015bwi\u0119conego Jemu i Jego dzieciom. Pomnik Janusza Korczaka stan\u0105\u0142 w miejscu, z kt\u00f3rego Stary Doktor ze swoimi podopiecznymi wyruszy\u0142 na Umschlagplatz. Siedmioramienne drzewo chroni pami\u0119\u0107 o szlachetnym pedagogu i jego \u017cydowskich wychowankach.<\/p>\n<p>Narodziny idei powstania warszawskiego pomnika Janusza Korczaka to rok 1946. Jednak dopiero jesieni\u0105 1999 roku, z inicjatywy Go\u0142dy Tencer \u2013 \u00f3wczesnej Dyrektor Generalnej Fundacji Shalom i prof. Jadwigi Bi\u0144czyckiej \u2013 \u00f3wczesnej Przewodnicz\u0105cej Polskiego Stowarzyszenia im. Janusza Korczaka, powr\u00f3cono do tego tematu. W mi\u0119dzynarodowym konkursie na projekt pomnika wygra\u0142a koncepcja \u201eDrzewo\u201d autorstwa Bohdana Chmielewskiego i Zbigniewa Wilmy. We wrze\u015bniu 2003 roku w zachodniej cz\u0119\u015bci skweru po\u0142o\u017conego po stronie p\u00f3\u0142nocnej Pa\u0142acu Kultury i Nauki wbudowano kamie\u0144 w\u0119gielny, a d\u0142ugo oczekiwane ods\u0142oni\u0119cie pomnika nast\u0105pi\u0142o 1 czerwca 2006 roku. Inicjatorki budowy pomnika, Go\u0142da Tencer i prof. Jadwiga Bi\u0144czycka na uroczystej ceremonii z rado\u015bci\u0105 przywita\u0142y nie tylko wielu znamienitych go\u015bci, ale przede wszystkim m\u0142odzie\u017c i dzieci przyby\u0142e z plac\u00f3wek korczakowskich z ca\u0142ej Polski. Z kraju i zagranicy przyjechali tak\u017ce nieliczni, \u017cyj\u0105cy wychowankowie Janusza Korczaka.<\/p>\n<p>&nbsp;<\/p>\n\n\t\t<style type=\"text\/css\">\n\t\t\t#gallery-1 {\n\t\t\t\tmargin: auto;\n\t\t\t}\n\t\t\t#gallery-1 .gallery-item {\n\t\t\t\tfloat: left;\n\t\t\t\tmargin-top: 10px;\n\t\t\t\ttext-align: center;\n\t\t\t\twidth: 33%;\n\t\t\t}\n\t\t\t#gallery-1 img {\n\t\t\t\tborder: 2px solid #cfcfcf;\n\t\t\t}\n\t\t\t#gallery-1 .gallery-caption {\n\t\t\t\tmargin-left: 0;\n\t\t\t}\n\t\t\t\/* see gallery_shortcode() in wp-includes\/media.php *\/\n\t\t<\/style>\n\t\t<div id='gallery-1' class='gallery galleryid-15663 gallery-columns-3 gallery-size-thumbnail'><dl class='gallery-item'>\n\t\t\t<dt class='gallery-icon landscape'>\n\t\t\t\t<a href='https:\/\/shalom.org.pl\/en\/event\/przypominamy-janusz-korczak-stary-doktor-lekarz-wychowawca-publicysta-pisarz-dzialacz-spoleczny-czlowiek-sprawiedliwy\/4-podpis-g-tencer-2-2\/'><img fetchpriority=\"high\" decoding=\"async\" width=\"300\" height=\"300\" src=\"https:\/\/shalom.org.pl\/wp-content\/uploads\/2022\/07\/4-podpis-G-Tencer-2-300x300.jpg\" class=\"attachment-thumbnail size-thumbnail\" alt=\"\" \/><\/a>\n\t\t\t<\/dt><\/dl><dl class='gallery-item'>\n\t\t\t<dt class='gallery-icon landscape'>\n\t\t\t\t<a href='https:\/\/shalom.org.pl\/en\/event\/przypominamy-janusz-korczak-stary-doktor-lekarz-wychowawca-publicysta-pisarz-dzialacz-spoleczny-czlowiek-sprawiedliwy\/5-podpis-binczycka-300x300\/'><img decoding=\"async\" width=\"300\" height=\"300\" src=\"https:\/\/shalom.org.pl\/wp-content\/uploads\/2022\/07\/5-podpis-Binczycka-300x300.jpg\" class=\"attachment-thumbnail size-thumbnail\" alt=\"\" srcset=\"https:\/\/shalom.org.pl\/wp-content\/uploads\/2022\/07\/5-podpis-Binczycka-300x300.jpg 300w, https:\/\/shalom.org.pl\/wp-content\/uploads\/2022\/07\/5-podpis-Binczycka-300x300-255x255.jpg 255w\" sizes=\"(max-width: 300px) 100vw, 300px\" \/><\/a>\n\t\t\t<\/dt><\/dl><dl class='gallery-item'>\n\t\t\t<dt class='gallery-icon landscape'>\n\t\t\t\t<a href='https:\/\/shalom.org.pl\/en\/event\/przypominamy-janusz-korczak-stary-doktor-lekarz-wychowawca-publicysta-pisarz-dzialacz-spoleczny-czlowiek-sprawiedliwy\/12-oficjele-2-300x300\/'><img decoding=\"async\" width=\"300\" height=\"300\" src=\"https:\/\/shalom.org.pl\/wp-content\/uploads\/2022\/07\/12-oficjele-2-300x300.jpg\" class=\"attachment-thumbnail size-thumbnail\" alt=\"\" srcset=\"https:\/\/shalom.org.pl\/wp-content\/uploads\/2022\/07\/12-oficjele-2-300x300.jpg 300w, https:\/\/shalom.org.pl\/wp-content\/uploads\/2022\/07\/12-oficjele-2-300x300-255x255.jpg 255w\" sizes=\"(max-width: 300px) 100vw, 300px\" \/><\/a>\n\t\t\t<\/dt><\/dl><br style=\"clear: both\" \/><dl class='gallery-item'>\n\t\t\t<dt class='gallery-icon landscape'>\n\t\t\t\t<a href='https:\/\/shalom.org.pl\/en\/event\/przypominamy-janusz-korczak-stary-doktor-lekarz-wychowawca-publicysta-pisarz-dzialacz-spoleczny-czlowiek-sprawiedliwy\/goldfaden-proby-137-300x300\/'><img loading=\"lazy\" decoding=\"async\" width=\"300\" height=\"300\" src=\"https:\/\/shalom.org.pl\/wp-content\/uploads\/2022\/07\/goldfaden-pr\u00f3by-137-300x300.jpg\" class=\"attachment-thumbnail size-thumbnail\" alt=\"\" srcset=\"https:\/\/shalom.org.pl\/wp-content\/uploads\/2022\/07\/goldfaden-pr\u00f3by-137-300x300.jpg 300w, https:\/\/shalom.org.pl\/wp-content\/uploads\/2022\/07\/goldfaden-pr\u00f3by-137-300x300-255x255.jpg 255w\" sizes=\"(max-width: 300px) 100vw, 300px\" \/><\/a>\n\t\t\t<\/dt><\/dl><dl class='gallery-item'>\n\t\t\t<dt class='gallery-icon portrait'>\n\t\t\t\t<a href='https:\/\/shalom.org.pl\/en\/event\/przypominamy-janusz-korczak-stary-doktor-lekarz-wychowawca-publicysta-pisarz-dzialacz-spoleczny-czlowiek-sprawiedliwy\/pom12-225x300\/'><img loading=\"lazy\" decoding=\"async\" width=\"225\" height=\"300\" src=\"https:\/\/shalom.org.pl\/wp-content\/uploads\/2022\/07\/pom12-225x300-225x300.jpg\" class=\"attachment-thumbnail size-thumbnail\" alt=\"\" srcset=\"https:\/\/shalom.org.pl\/wp-content\/uploads\/2022\/07\/pom12-225x300.jpg 225w, https:\/\/shalom.org.pl\/wp-content\/uploads\/2022\/07\/pom12-225x300-191x255.jpg 191w\" sizes=\"(max-width: 225px) 100vw, 225px\" \/><\/a>\n\t\t\t<\/dt><\/dl><dl class='gallery-item'>\n\t\t\t<dt class='gallery-icon landscape'>\n\t\t\t\t<a href='https:\/\/shalom.org.pl\/en\/event\/przypominamy-janusz-korczak-stary-doktor-lekarz-wychowawca-publicysta-pisarz-dzialacz-spoleczny-czlowiek-sprawiedliwy\/goldfaden-proby-155-300x300\/'><img loading=\"lazy\" decoding=\"async\" width=\"300\" height=\"300\" src=\"https:\/\/shalom.org.pl\/wp-content\/uploads\/2022\/07\/goldfaden-pr\u00f3by-155-300x300.jpg\" class=\"attachment-thumbnail size-thumbnail\" alt=\"\" srcset=\"https:\/\/shalom.org.pl\/wp-content\/uploads\/2022\/07\/goldfaden-pr\u00f3by-155-300x300.jpg 300w, https:\/\/shalom.org.pl\/wp-content\/uploads\/2022\/07\/goldfaden-pr\u00f3by-155-300x300-255x255.jpg 255w\" sizes=\"(max-width: 300px) 100vw, 300px\" \/><\/a>\n\t\t\t<\/dt><\/dl><br style=\"clear: both\" \/>\n\t\t<\/div>\n\n<p>Realizacja tej pi\u0119knej inicjatywy, z kt\u00f3rej do dzi\u015b jeste\u015bmy dumni, nie by\u0142aby mo\u017cliwa bez wsparcia grona wspania\u0142ych os\u00f3b \u2013 Patron\u00f3w, Cz\u0142onk\u00f3w Komitetu Honorowego, Cz\u0142onk\u00f3w Jury Konkursu, Artyst\u00f3w, kt\u00f3rzy swoim talentem wspierali koncerty i aukcje dzie\u0142 sztuki, a tak\u017ce wszystkich Darczy\u0144c\u00f3w z kraju i zagranicy. Dzi\u015b po raz kolejny sk\u0142adamy Wam serdeczne podzi\u0119kowania!<\/p>\n<p>A wszystkich zapraszamy te\u017c do przeczytania historii budowy pomnika: <a href=\"http:\/\/shalom.org.pl\/pomnik-janusza-korczaka-2\/\">TUTAJ<\/a> oraz, przede wszystkim, zach\u0119camy do wspomnienia postaci Janusza Korczaka, autora s\u0142\u00f3w:<\/p>\n<p><em>Jestem nie po to, aby mnie kochali i podziwiali, ale po to, abym ja dzia\u0142a\u0142 i kocha\u0142.&nbsp;Nie obowi\u0105zkiem otoczenia pomaga\u0107 mnie, ale ja mam obowi\u0105zek troszczenia si\u0119 o \u015bwiat,&nbsp;o cz\u0142owieka<\/em>&nbsp;<\/p>\n<p>(Janusz Korczak, Pami\u0119tnik).<\/p>\n","protected":false},"excerpt":{"rendered":"<p>Dzi\u015b, 7 sierpnia mija ju\u017c 144 lat od narodzin od Janusza Korczaka i przy tej okazji pragniemy przypomnie\u0107 o miejscu [&hellip;]<\/p>\n","protected":false},"author":5,"featured_media":15669,"comment_status":"open","ping_status":"closed","template":"","meta":{"_acf_changed":false,"ngg_post_thumbnail":0,"_tribe_events_status":"","_tribe_events_status_reason":"","footnotes":""},"tags":[],"tribe_events_cat":[354,350,364,362],"class_list":["post-15663","tribe_events","type-tribe_events","status-publish","has-post-thumbnail","hentry","tribe_events_cat-dobroczynnosc-pl","tribe_events_cat-instytucja-pl","tribe_events_cat-jubileusz-pl","tribe_events_cat-pamiec-pl","cat_dobroczynnosc-pl","cat_instytucja-pl","cat_jubileusz-pl","cat_pamiec-pl"],"acf":[],"_links":{"self":[{"href":"https:\/\/shalom.org.pl\/en\/wp-json\/wp\/v2\/tribe_events\/15663","targetHints":{"allow":["GET"]}}],"collection":[{"href":"https:\/\/shalom.org.pl\/en\/wp-json\/wp\/v2\/tribe_events"}],"about":[{"href":"https:\/\/shalom.org.pl\/en\/wp-json\/wp\/v2\/types\/tribe_events"}],"author":[{"embeddable":true,"href":"https:\/\/shalom.org.pl\/en\/wp-json\/wp\/v2\/users\/5"}],"replies":[{"embeddable":true,"href":"https:\/\/shalom.org.pl\/en\/wp-json\/wp\/v2\/comments?post=15663"}],"version-history":[{"count":3,"href":"https:\/\/shalom.org.pl\/en\/wp-json\/wp\/v2\/tribe_events\/15663\/revisions"}],"predecessor-version":[{"id":16434,"href":"https:\/\/shalom.org.pl\/en\/wp-json\/wp\/v2\/tribe_events\/15663\/revisions\/16434"}],"wp:featuredmedia":[{"embeddable":true,"href":"https:\/\/shalom.org.pl\/en\/wp-json\/wp\/v2\/media\/15669"}],"wp:attachment":[{"href":"https:\/\/shalom.org.pl\/en\/wp-json\/wp\/v2\/media?parent=15663"}],"wp:term":[{"taxonomy":"post_tag","embeddable":true,"href":"https:\/\/shalom.org.pl\/en\/wp-json\/wp\/v2\/tags?post=15663"},{"taxonomy":"tribe_events_cat","embeddable":true,"href":"https:\/\/shalom.org.pl\/en\/wp-json\/wp\/v2\/tribe_events_cat?post=15663"}],"curies":[{"name":"wp","href":"https:\/\/api.w.org\/{rel}","templated":true}]}}