{"id":14995,"date":"2022-02-28T10:27:42","date_gmt":"2022-02-28T09:27:42","guid":{"rendered":"http:\/\/shalom.org.pl\/?post_type=tribe_events&#038;p=14995"},"modified":"2022-02-28T10:27:42","modified_gmt":"2022-02-28T09:27:42","slug":"centrum-kultury-jidysz-zapraszamy-do-zydowskiego-uniwersytetu-otwartego-online","status":"publish","type":"tribe_events","link":"https:\/\/shalom.org.pl\/en\/event\/centrum-kultury-jidysz-zapraszamy-do-zydowskiego-uniwersytetu-otwartego-online\/","title":{"rendered":"Centrum Kultury Jidysz: Zapraszamy do \u017bydowskiego Uniwersytetu Otwartego ONLINE"},"content":{"rendered":"<p>Do <strong>28 lutego 2022 <\/strong>lub do wyczerpania limitu wolnych miejsc trwaj\u0105 zapisy na semestr letni \u017bydowskiego Uniwersytetu Otwartego w Centrum Kultury Jidysz.<\/p>\n<p><strong>Temat przewodni semestru letniego 2021\/2022: POSTHUMANIZM<\/strong><\/p>\n<p><strong>Pocz\u0105tek semestru:&nbsp; 2 marca 2022<\/strong><\/p>\n<p>Wyk\u0142ady odbywaj\u0105 si\u0119 w formule&nbsp;<strong>online<\/strong>&nbsp;za po\u015brednictwem platformy ZOOM w \u015brody w godzinach 17.30-20.30<\/p>\n<p>Do udzia\u0142u w zaj\u0119ciach zapraszamy wszystkich ch\u0119tnych bez wzgl\u0119du na wiek i wykszta\u0142cenie!<\/p>\n<p>Zaj\u0119cia odbywaj\u0105 si\u0119 pod patronatem rektora Uniwersytetu Warszawskiego. Studenci UW regularnie ucz\u0119szczaj\u0105cy na zaj\u0119cia po uko\u0144czeniu semestru i zdaniu egzaminu uzyskuj\u0105 5 punkt\u00f3w ECTS w ramach przedmiot\u00f3w og\u00f3lnouniwersyteckich.<\/p>\n<p>Informacje o op\u0142atach i wi\u0119cej informacji nt. zaj\u0119\u0107 z nowego semestru <a href=\"http:\/\/jidyszland.pl\/pl\/zuo\/\">TUTAJ<\/a>.<\/p>\n<p>&nbsp;<\/p>\n<p>\u017bydowski Uniwersytet Otwarty to interdyscyplinarne zaj\u0119cia z kultury \u017cydowskiej, obejmuj\u0105ce wyk\u0142ady i warsztaty skierowane do wszystkich, kt\u00f3rzy zainteresowani s\u0105 histori\u0105 i kultur\u0105 \u017cydowsk\u0105 i chcieliby pog\u0142\u0119bi\u0107 swoj\u0105 wiedz\u0119 w zakresie filozofii, teatru, literatury czy sztuk wizualnych. Zaj\u0119cia prowadzone s\u0105 ju\u017c od ponad 10 lat przez wybitnych specjalist\u00f3w z ca\u0142ej Polski i zza granicy, a grono wsp\u00f3\u0142pracuj\u0105cych z nami wyk\u0142adowc\u00f3w staramy si\u0119 regularnie poszerza\u0107. W\u015br\u00f3d nich znale\u017ali si\u0119 ju\u017c m.in: dr hab. Adam Lipszyc (PAN), prof. Jacek Leociak (PAN), dr hab. Roma Sendyka (UJ) , dr hab. Agata Bielik (Uniwersytet w Nottingham), prof. Pawe\u0142 \u015apiewak (UW), dr El\u017cbieta Janicka (PAN), dr Natalia Krynicka (Sorbona), prof. Hanna Zaremska (PAN), prof. dr hab. Wojciech Burszta (Uniwersytet SWPS), dr Joanna Ostrowska. Na zaj\u0119cia sk\u0142ada si\u0119 kilka blok\u00f3w tematycznych prowadzonych przez r\u00f3\u017cnych wyk\u0142adowc\u00f3w&nbsp; i skupionych wok\u00f3\u0142 tematu przewodniego, kt\u00f3ry zmieniamy co semestr.&nbsp;<\/p>\n<p><strong>Takich zaj\u0119\u0107 nie oferuje \u017cadna warszawska uczelnia!<\/strong><\/p>\n","protected":false},"excerpt":{"rendered":"<p>Do 28 lutego 2022 lub do wyczerpania limitu wolnych miejsc trwaj\u0105 zapisy na semestr letni \u017bydowskiego Uniwersytetu Otwartego w Centrum [&hellip;]<\/p>\n","protected":false},"author":5,"featured_media":14996,"comment_status":"open","ping_status":"closed","template":"","meta":{"_acf_changed":false,"ngg_post_thumbnail":0,"_tribe_events_status":"","_tribe_events_status_reason":"","footnotes":""},"tags":[],"tribe_events_cat":[346,348],"class_list":["post-14995","tribe_events","type-tribe_events","status-publish","has-post-thumbnail","hentry","tribe_events_cat-edukacja-pl","tribe_events_cat-polecamy-pl","cat_edukacja-pl","cat_polecamy-pl"],"acf":[],"_links":{"self":[{"href":"https:\/\/shalom.org.pl\/en\/wp-json\/wp\/v2\/tribe_events\/14995","targetHints":{"allow":["GET"]}}],"collection":[{"href":"https:\/\/shalom.org.pl\/en\/wp-json\/wp\/v2\/tribe_events"}],"about":[{"href":"https:\/\/shalom.org.pl\/en\/wp-json\/wp\/v2\/types\/tribe_events"}],"author":[{"embeddable":true,"href":"https:\/\/shalom.org.pl\/en\/wp-json\/wp\/v2\/users\/5"}],"replies":[{"embeddable":true,"href":"https:\/\/shalom.org.pl\/en\/wp-json\/wp\/v2\/comments?post=14995"}],"version-history":[{"count":1,"href":"https:\/\/shalom.org.pl\/en\/wp-json\/wp\/v2\/tribe_events\/14995\/revisions"}],"predecessor-version":[{"id":14997,"href":"https:\/\/shalom.org.pl\/en\/wp-json\/wp\/v2\/tribe_events\/14995\/revisions\/14997"}],"wp:featuredmedia":[{"embeddable":true,"href":"https:\/\/shalom.org.pl\/en\/wp-json\/wp\/v2\/media\/14996"}],"wp:attachment":[{"href":"https:\/\/shalom.org.pl\/en\/wp-json\/wp\/v2\/media?parent=14995"}],"wp:term":[{"taxonomy":"post_tag","embeddable":true,"href":"https:\/\/shalom.org.pl\/en\/wp-json\/wp\/v2\/tags?post=14995"},{"taxonomy":"tribe_events_cat","embeddable":true,"href":"https:\/\/shalom.org.pl\/en\/wp-json\/wp\/v2\/tribe_events_cat?post=14995"}],"curies":[{"name":"wp","href":"https:\/\/api.w.org\/{rel}","templated":true}]}}