{"id":14426,"date":"2021-08-17T00:28:46","date_gmt":"2021-08-16T22:28:46","guid":{"rendered":"http:\/\/shalom.org.pl\/?post_type=tribe_events&#038;p=14426"},"modified":"2021-08-18T09:10:40","modified_gmt":"2021-08-18T07:10:40","slug":"zmiany-w-programie-festiwalu-warszawa-singera","status":"publish","type":"tribe_events","link":"https:\/\/shalom.org.pl\/en\/event\/zmiany-w-programie-festiwalu-warszawa-singera\/","title":{"rendered":"Zmiany w programie Festiwalu Warszawa Singera"},"content":{"rendered":"<p><strong>Ze wzgl\u0119du na <\/strong><strong>ograniczenia zwi\u0105zane z epidemi\u0105 Covid-19 zmuszeni jeste\u015bmy do odwo\u0142ania koncert\u00f3w artyst\u00f3w, kt\u00f3rzy mieli przyby\u0107 do nas z Izraela. Nie us\u0142yszymy w tym roku na \u017cywo Davida D\u2019Ora \u2013 zapowiadanej gwiazdy koncertu fina\u0142owego oraz kantor\u00f3w Chaima Sterna i Israela Nachmana, kt\u00f3rych koncert mia\u0142 otwiera\u0107 tegoroczny Festiwal.<\/strong><\/p>\n<p>\u201eJednak nic nie dzieje si\u0119 baz przyczyny. Gwiazd\u0105 tegorocznej edycji b\u0119dzie najwy\u017cszej klasy wirtuoz i muzyk, znamienity skrzypek z W\u0119gier Roby Lakatos\u201d \u2013 m\u00f3wi Go\u0142da Tencer, tw\u00f3rczyni festiwalu. Zamiast koncertu Next Generation z udzia\u0142em m\u0142odych izraelskich kantor\u00f3w odb\u0119dzie si\u0119 koncert wspania\u0142ego chazana Yoniego Rose, kt\u00f3ry przyb\u0119dzie do nas z Niemiec.<\/p>\n<p><strong>&nbsp;<\/strong><strong>Roby Lakatos<\/strong><strong>, <\/strong><strong>szalone skrzypce i muzyka \u015bwiata<\/strong><\/p>\n<p><strong>&nbsp;<\/strong>Roby Lakatos to posta\u0107, kt\u00f3ra nie poddaje si\u0119 jakimkolwiek kwalifikacjom \u2013 w tej samej chwili jest szalonym cyga\u0144skim skrzypkiem, uduchowionym klezmerem i perfekcyjnie doskona\u0142ym wirtuozem, a zaraz potem rasowym jazzmanem i kompozytorem. Artysta pochodzi z rodu legendarnego kr\u00f3la romskich skrzypk\u00f3w, Janosa Bihari&#8217;ego. Jako 9-latek debiutowa\u0142 w roli prymisty w cyga\u0144skim zespole, by potem uko\u0144czy\u0107 z pierwsz\u0105 lokat\u0105 budapeszte\u0144skie Konserwatorium im. Beli Bartoka. Wielbi\u0142 go Yehudi Menuhin. Lakatos wyst\u0119puje zar\u00f3wno z formacj\u0105 Klezmer Karma i \u015bpiewaczk\u0105 jidysz Myriam Fuks, jak i wielk\u0105 Marth\u0105 Argerich czy klasycznymi Franz Liszt Chamber Orchestra oraz Vieuxtemps Quartet. Znaj\u0105 go wszystkie najbardziej presti\u017cowe sale koncertowe na trzech kontynentach.<\/p>\n\n\t\t<style type=\"text\/css\">\n\t\t\t#gallery-1 {\n\t\t\t\tmargin: auto;\n\t\t\t}\n\t\t\t#gallery-1 .gallery-item {\n\t\t\t\tfloat: left;\n\t\t\t\tmargin-top: 10px;\n\t\t\t\ttext-align: center;\n\t\t\t\twidth: 33%;\n\t\t\t}\n\t\t\t#gallery-1 img {\n\t\t\t\tborder: 2px solid #cfcfcf;\n\t\t\t}\n\t\t\t#gallery-1 .gallery-caption {\n\t\t\t\tmargin-left: 0;\n\t\t\t}\n\t\t\t\/* see gallery_shortcode() in wp-includes\/media.php *\/\n\t\t<\/style>\n\t\t<div id='gallery-1' class='gallery galleryid-14426 gallery-columns-3 gallery-size-thumbnail'><dl class='gallery-item'>\n\t\t\t<dt class='gallery-icon landscape'>\n\t\t\t\t<a href='https:\/\/shalom.org.pl\/en\/event\/zmiany-w-programie-festiwalu-warszawa-singera\/img_1412\/'><img fetchpriority=\"high\" decoding=\"async\" width=\"300\" height=\"300\" src=\"https:\/\/shalom.org.pl\/wp-content\/uploads\/2021\/08\/IMG_1412-300x300.jpg\" class=\"attachment-thumbnail size-thumbnail\" alt=\"\" \/><\/a>\n\t\t\t<\/dt><\/dl><dl class='gallery-item'>\n\t\t\t<dt class='gallery-icon landscape'>\n\t\t\t\t<a href='https:\/\/shalom.org.pl\/en\/event\/zmiany-w-programie-festiwalu-warszawa-singera\/img_1414\/'><img decoding=\"async\" width=\"300\" height=\"300\" src=\"https:\/\/shalom.org.pl\/wp-content\/uploads\/2021\/08\/IMG_1414-300x300.jpg\" class=\"attachment-thumbnail size-thumbnail\" alt=\"\" \/><\/a>\n\t\t\t<\/dt><\/dl><dl class='gallery-item'>\n\t\t\t<dt class='gallery-icon landscape'>\n\t\t\t\t<a href='https:\/\/shalom.org.pl\/en\/event\/zmiany-w-programie-festiwalu-warszawa-singera\/img_1413-2\/'><img decoding=\"async\" width=\"300\" height=\"300\" src=\"https:\/\/shalom.org.pl\/wp-content\/uploads\/2021\/08\/IMG_1413-1-300x300.jpg\" class=\"attachment-thumbnail size-thumbnail\" alt=\"\" \/><\/a>\n\t\t\t<\/dt><\/dl><br style=\"clear: both\" \/><dl class='gallery-item'>\n\t\t\t<dt class='gallery-icon landscape'>\n\t\t\t\t<a href='https:\/\/shalom.org.pl\/en\/event\/zmiany-w-programie-festiwalu-warszawa-singera\/bester-quartet-foto-dorota-koperska-00000047\/'><img loading=\"lazy\" decoding=\"async\" width=\"300\" height=\"300\" src=\"https:\/\/shalom.org.pl\/wp-content\/uploads\/2021\/08\/Bester-Quartet-foto-Dorota-Koperska-00000047-300x300.jpg\" class=\"attachment-thumbnail size-thumbnail\" alt=\"\" \/><\/a>\n\t\t\t<\/dt><\/dl><dl class='gallery-item'>\n\t\t\t<dt class='gallery-icon portrait'>\n\t\t\t\t<a href='https:\/\/shalom.org.pl\/en\/event\/zmiany-w-programie-festiwalu-warszawa-singera\/e_n4\/'><img loading=\"lazy\" decoding=\"async\" width=\"300\" height=\"300\" src=\"https:\/\/shalom.org.pl\/wp-content\/uploads\/2021\/08\/E_n4-300x300.jpg\" class=\"attachment-thumbnail size-thumbnail\" alt=\"\" aria-describedby=\"gallery-1-14434\" \/><\/a>\n\t\t\t<\/dt>\n\t\t\t\t<dd class='wp-caption-text gallery-caption' id='gallery-1-14434'>\n\t\t\t\tJeno Lisztes\n\t\t\t\t<\/dd><\/dl><dl class='gallery-item'>\n\t\t\t<dt class='gallery-icon portrait'>\n\t\t\t\t<a href='https:\/\/shalom.org.pl\/en\/event\/zmiany-w-programie-festiwalu-warszawa-singera\/dsc5292\/'><img loading=\"lazy\" decoding=\"async\" width=\"300\" height=\"300\" src=\"https:\/\/shalom.org.pl\/wp-content\/uploads\/2021\/08\/DSC5292-300x300.jpeg\" class=\"attachment-thumbnail size-thumbnail\" alt=\"\" aria-describedby=\"gallery-1-14433\" \/><\/a>\n\t\t\t<\/dt>\n\t\t\t\t<dd class='wp-caption-text gallery-caption' id='gallery-1-14433'>\n\t\t\t\tKalman Cseki\n\t\t\t\t<\/dd><\/dl><br style=\"clear: both\" \/>\n\t\t<\/div>\n\n<p>Koncertowi blasku doda bardzo ceniona przez Robiego Lakatosa wybitna polska skrzypaczka, solistka i kameralista \u2013 Anna Wandtke. Tytu\u0142owe \u201eSZALONE SKRZYPCE&#8221;, to w g\u0142\u00f3wnej mierze repertuar debiutanckiej i solowej p\u0142yty artystki, wydanej oficyn\u0105 DUX, do kt\u00f3rej zaprosi\u0142a Robiego Lakatosa i innych znakomitych artyst\u00f3w.<\/p>\n<p>Wspomnianej dw\u00f3jce wybitnych wirtuoz\u00f3w skrzypiec towarzysz\u0105 wspaniali soli\u015bci. Na koncertowych cymba\u0142ach zagra jeden z czo\u0142owych w\u0119gierskich cymbalist\u00f3w m\u0142odego pokolenia \u2013 Jen\u0151 Lisztes. Obok niego przy fortepianie zasi\u0105dzie znakomity improwizator \u2013 Kalman Cseki. Na akordeonie zagra wszechstronny krakowski akordeonista, solista \u2013 Jaros\u0142aw Bester. Na kontrabasie zagra i koncert poprowadzi znany polskiej publiczno\u015bci artysta\/wirtuoz \u2013 solista, kameralista, eksperymentator, za\u0142o\u017cyciel wielu zespo\u0142\u00f3w i kompozytor \u2013 Sebastian Wypych.<\/p>\n<p>Tak oto b\u0119dzie prezentowa\u0142 si\u0119 koncert \u201eSzalone skrzypce i muzyka \u015bwiata\u201d, podczas kt\u00f3rego us\u0142yszymy \u015bwiatow\u0105 muzyk\u0119 kompozytor\u00f3w \u017cydowskiego pochodzenia, tradycyjne utwory rosyjskie i tureckie oraz tematy i otwarte improwizacje muzyki filmowej. Zaskoczeniem nie b\u0119d\u0105 wi\u0119c takie nazwiska w programie koncertu, jak: Jerry Bock, Bella Bartok, Jerzy Petersburski Aleksander Olshanetsky czy Vittorio Monti.<\/p>\n<p>&nbsp;<\/p>\n<p><strong>Kantor Yoni Rose<\/strong><\/p>\n<p>Zanim kantor Yoni Rose osi\u0105gn\u0105\u0142 pozycj\u0119 chazana, wsp\u00f3\u0142pracowa\u0142 m.in. z Wolf Trap Opera, The Glimmerglass Festival i The Santa Fe Opera. Wygra\u0142 tak\u017ce kilka presti\u017cowych konkurs\u00f3w wokalnych. Na scenie mi\u0119dzynarodowej jest ceniony i jako mistrz \u015bpiewu kantoralnego, i jako \u015bpiewak koncertowy i operowy. Doskona\u0142y w wielu stylach muzycznych, od klasycznych utwor\u00f3w chazanus przez melodie broadway&#8217;owe po nowoczesne kompozycje, wci\u0105\u017c zachwyca publiczno\u015b\u0107 i krytyk\u00f3w muzycznych swoim artyzmem i talentem wokalnym.<\/p>\n<p><img loading=\"lazy\" decoding=\"async\" class=\"alignnone wp-image-12625\" src=\"http:\/\/shalom.org.pl\/wp-content\/uploads\/2020\/12\/FS_otwarcieFS_2020_17-300x200.jpg\" alt=\"\" width=\"600\" height=\"400\" srcset=\"https:\/\/shalom.org.pl\/wp-content\/uploads\/2020\/12\/FS_otwarcieFS_2020_17-300x200.jpg 300w, https:\/\/shalom.org.pl\/wp-content\/uploads\/2020\/12\/FS_otwarcieFS_2020_17-768x512.jpg 768w, https:\/\/shalom.org.pl\/wp-content\/uploads\/2020\/12\/FS_otwarcieFS_2020_17-1024x683.jpg 1024w, https:\/\/shalom.org.pl\/wp-content\/uploads\/2020\/12\/FS_otwarcieFS_2020_17-382x255.jpg 382w, https:\/\/shalom.org.pl\/wp-content\/uploads\/2020\/12\/FS_otwarcieFS_2020_17-350x233.jpg 350w, https:\/\/shalom.org.pl\/wp-content\/uploads\/2020\/12\/FS_otwarcieFS_2020_17.jpg 1600w\" sizes=\"(max-width: 600px) 100vw, 600px\" \/><\/p>\n<p>Koncertowa\u0142 w ca\u0142ej Europie i Stanach Zjednoczonych. Wyst\u0119powa\u0142 m.in. w Budapeszcie, Pradze i w miastach w ca\u0142ych Niemczech, w tym we Frankfurcie nad Menem \u2013 mie\u015bcie, w kt\u00f3rym na co dzie\u0144 jest chazanem spo\u0142eczno\u015bci \u017cydowskiej. Ostatnio \u015bpiewa\u0142 wraz z Jerozolimskim Wielkim Ch\u00f3rem Synagogalnym pod dyrekcj\u0105 maestro Elliego Jaffe, a jako go\u015b\u0107 wyst\u0119powa\u0142 w Wielkiej Synagodze w Jerozolimie. Jest r\u00f3wnie\u017c znany publiczno\u015bci Festiwalu Warszawa Singera.<\/p>\n","protected":false},"excerpt":{"rendered":"<p>Ze wzgl\u0119du na ograniczenia zwi\u0105zane z epidemi\u0105 Covid-19 zmuszeni jeste\u015bmy do odwo\u0142ania koncert\u00f3w artyst\u00f3w, kt\u00f3rzy mieli przyby\u0107 do nas z [&hellip;]<\/p>\n","protected":false},"author":5,"featured_media":14439,"comment_status":"open","ping_status":"closed","template":"","meta":{"_acf_changed":false,"ngg_post_thumbnail":0,"_tribe_events_status":"","_tribe_events_status_reason":"","footnotes":""},"tags":[],"tribe_events_cat":[],"class_list":["post-14426","tribe_events","type-tribe_events","status-publish","has-post-thumbnail","hentry"],"acf":[],"_links":{"self":[{"href":"https:\/\/shalom.org.pl\/en\/wp-json\/wp\/v2\/tribe_events\/14426","targetHints":{"allow":["GET"]}}],"collection":[{"href":"https:\/\/shalom.org.pl\/en\/wp-json\/wp\/v2\/tribe_events"}],"about":[{"href":"https:\/\/shalom.org.pl\/en\/wp-json\/wp\/v2\/types\/tribe_events"}],"author":[{"embeddable":true,"href":"https:\/\/shalom.org.pl\/en\/wp-json\/wp\/v2\/users\/5"}],"replies":[{"embeddable":true,"href":"https:\/\/shalom.org.pl\/en\/wp-json\/wp\/v2\/comments?post=14426"}],"version-history":[{"count":1,"href":"https:\/\/shalom.org.pl\/en\/wp-json\/wp\/v2\/tribe_events\/14426\/revisions"}],"predecessor-version":[{"id":14440,"href":"https:\/\/shalom.org.pl\/en\/wp-json\/wp\/v2\/tribe_events\/14426\/revisions\/14440"}],"wp:featuredmedia":[{"embeddable":true,"href":"https:\/\/shalom.org.pl\/en\/wp-json\/wp\/v2\/media\/14439"}],"wp:attachment":[{"href":"https:\/\/shalom.org.pl\/en\/wp-json\/wp\/v2\/media?parent=14426"}],"wp:term":[{"taxonomy":"post_tag","embeddable":true,"href":"https:\/\/shalom.org.pl\/en\/wp-json\/wp\/v2\/tags?post=14426"},{"taxonomy":"tribe_events_cat","embeddable":true,"href":"https:\/\/shalom.org.pl\/en\/wp-json\/wp\/v2\/tribe_events_cat?post=14426"}],"curies":[{"name":"wp","href":"https:\/\/api.w.org\/{rel}","templated":true}]}}