{"id":10354,"date":"2020-06-27T23:21:54","date_gmt":"2020-06-27T21:21:54","guid":{"rendered":"http:\/\/shalom.org.pl\/?post_type=tribe_events&#038;p=10354"},"modified":"2020-11-06T13:29:23","modified_gmt":"2020-11-06T12:29:23","slug":"online-i-offline-xvii-festiwal-kultury-zydowskiej-warszawa-singera","status":"publish","type":"tribe_events","link":"https:\/\/shalom.org.pl\/en\/event\/online-i-offline-xvii-festiwal-kultury-zydowskiej-warszawa-singera\/","title":{"rendered":"Online i offline &#8211; XVII Festiwal Kultury \u017bydowskiej Warszawa Singera"},"content":{"rendered":"<p><strong>W tym roku Warszawa Singera dost\u0119pna dla odbiorc\u00f3w kultury na ca\u0142ym \u015bwiecie. Koncerty, spektakle i spotkania autorskie, r\u00f3wnie\u017c online ze wzgl\u0119du na restrykcje zwi\u0105zane z koronawirusem. Festiwal si\u0119ga po nowatorsk\u0105 formu\u0142\u0119, dostosowan\u0105 do nowego stylu \u017cycia. Online i offline. Bogata oferta artystyczna \u2013 dost\u0119pna bardziej ni\u017c kiedykolwiek. <\/strong><\/p>\n<p>Koncerty i przedstawienia na \u017cywo b\u0119d\u0105 mia\u0142y bardziej kameralny charakter ni\u017c w poprzednich latach. G\u0142\u00f3wny plener wydarze\u0144 festiwalowych przenosi si\u0119 w tym roku z Placu Grzybowskiego do <strong>Centrum Praskiego Koneser<\/strong>. Koncerty i spektakle odb\u0119d\u0105 si\u0119 na ma\u0142ych warszawskich <strong>scenach klubowych, Synagodze im. No\u017cyk\u00f3w, Scenie Letniej Teatru \u017bydowskiego<\/strong> oraz \u2013 tradycyjnie w <strong>Teatrze Kwadrat<\/strong>. Organizatorzy stawiaj\u0105 na kameralno\u015b\u0107 z powodu obowi\u0105zuj\u0105cych zaostrzonych norm sanitarnych, ale te\u017c na transmisje internetowe, co sprawia, \u017ce wydarzenia festiwalowe b\u0119d\u0105 w niemal ka\u017cdym miejscu na \u015bwiecie.<\/p>\n<p>Festiwal zawsze proponowa\u0142 szerokie spektrum wydarze\u0144 kulturalnych. Tak b\u0119dzie r\u00f3wnie\u017c w tegorocznej edycji. W programie du\u017co kolorytu warszawskiego, przedwojennego, przypominaj\u0105cego genialnych \u017cydowskich tw\u00f3rc\u00f3w ubieg\u0142ego stulecia. Dawne piosenki w porywaj\u0105cych wsp\u00f3\u0142czesnych interpretacjach, mi\u0119dzy innymi <strong>Jana<\/strong> <strong>Emila M\u0142ynarskiego i grupy Combo<\/strong>, w recitalu <strong>Moniki Chrz\u0105stowskiej<\/strong>, spektaklach kabaretowych aktor\u00f3w <strong>Teatru \u017bydowskiego<\/strong> czy koncercie <strong>&#8220;Mieczys\u0142aw Fogg \u2013 co nam zosta\u0142o z tamtych&#8221;<\/strong> lat w wykonaniu <strong>Retro Orchestra<\/strong>.<\/p>\n<p>Na tegorocznym Festiwalu zaprezentowany zostanie najnowszy projekt zespo\u0142u <strong>KROKE \u2013 &#8220;Nasza muzyka filmowa i teatralna&#8221;<\/strong> z repertuarem z niedawno wydanej p\u0142yty <strong>&#8220;Rejwach&#8221;<\/strong>. Znalaz\u0142a si\u0119 na niej muzyka do spektaklu <strong>Teatru \u017bydowskiego<\/strong> o tym samym tytule oraz kompozycje z filmo\u0301w &#8220;El anonimo caronte&#8221; (re\u017c. Toni Bestard), &#8220;Inland Empire&#8221; (re\u017c. David Lynch), &#8220;Wszystko p\u0142ynie&#8221; (re\u017c. Edyta Turczanik) i &#8220;Kabaret S\u0301mierci&#8221; (re\u017c. Andrzej Celin\u0301ski).<\/p>\n<div id=\"attachment_10358\" style=\"width: 650px\" class=\"wp-caption alignnone\"><img fetchpriority=\"high\" decoding=\"async\" aria-describedby=\"caption-attachment-10358\" class=\"wp-image-10358 size-full\" src=\"http:\/\/shalom.org.pl\/wp-content\/uploads\/2020\/06\/KROKE_foto_Jacek_Dyl\u0105g_Robert_Bubel.jpg\" alt=\"\" width=\"640\" height=\"427\" srcset=\"https:\/\/shalom.org.pl\/wp-content\/uploads\/2020\/06\/KROKE_foto_Jacek_Dyl\u0105g_Robert_Bubel.jpg 640w, https:\/\/shalom.org.pl\/wp-content\/uploads\/2020\/06\/KROKE_foto_Jacek_Dyl\u0105g_Robert_Bubel-300x200.jpg 300w, https:\/\/shalom.org.pl\/wp-content\/uploads\/2020\/06\/KROKE_foto_Jacek_Dyl\u0105g_Robert_Bubel-382x255.jpg 382w, https:\/\/shalom.org.pl\/wp-content\/uploads\/2020\/06\/KROKE_foto_Jacek_Dyl\u0105g_Robert_Bubel-350x234.jpg 350w\" sizes=\"(max-width: 640px) 100vw, 640px\" \/><p id=\"caption-attachment-10358\" class=\"wp-caption-text\">KROKE \/ foto Jacek Dyl\u0105g, Robert Bubel<\/p><\/div>\n<p>W tradycyjnym inauguracyjnym koncercie kantoralnym wyst\u0105pi kantor <b>Yoni Rose <\/b>z Niemiec, a w specjalnym wyst\u0119pie on-line us\u0142yszymy te\u017c nowojorskiego kantora <strong>Yaakova Lemmera<\/strong> oraz &nbsp;<strong>Nachmana Turgemana <\/strong>z Izraela. Nie zabraknie pie\u015bni jidysz. B\u0119dzie je mo\u017cna us\u0142ysze\u0107 w wykonaniu <strong>Karstena Troyke <\/strong>i&nbsp;<strong>Sharon Brauner<\/strong> z Niemiec oraz zespo\u0142u <strong>Pressburger Klezmer Band<\/strong> ze S\u0142owacji. Tradycyjne pie\u015bni \u017cydowskie zostan\u0105 zaprezentowane podczas projektu &#8220;<strong>I skrzypce zacz\u0119\u0142y gra\u0107&#8221;<\/strong>. Ponadczasowe szlagiery, m.in. &#8220;Rodzynki z migda\u0142ami&#8221;, &#8220;Rebeka&#8221;, &#8220;Mein jidisze Mame&#8221;, &#8220;Tak jak malowa\u0142 Pan Chagall&#8221; w wykonaniu znakomitego skrzypka <strong>Vadima Brodskiego<\/strong>.<\/p>\n<p>W tej edycji, podobnie jak w poprzednich, zapowiada si\u0119 bogaty i r\u00f3\u017cnorodny program jazzowy. Wyst\u0105pi <strong>Francesco Bruno<\/strong>, w\u0142oski gitarzysta i kompozytor, znany polskiej publiczno\u015bci z presti\u017cowych koncert\u00f3w w Katowicach, Warszawie i Szczecinie. Artysta zagra z trzema m\u0142odymi polskimi sk\u0142adami: z <strong>Jerzy Ma\u0142ek Trio<\/strong>, <strong>Szymon \u0141ukowski Trio<\/strong> oraz grup\u0105 <strong>Jachna\/K\u0105dziela\/Gwadera<\/strong>. Kolejnym niezwyk\u0142ym go\u015bciem Festiwalu b\u0119dzie <strong>Liudas Mock\u016bnas<\/strong>, litewski saksofonista i eklektyczny kompozytor, tworz\u0105cy na pograniczu jazzu i muzyki klasycznej. Na scenie znanego melomanom jazzu <strong>Klubu Pardon, To Tu<\/strong> stworz\u0105 niezwyk\u0142y projekt muzyczny z <strong>Miko\u0142ajem Trzask\u0105<\/strong>. Zaszczytem dla nas jest wyst\u0119p prawdziwej gwiazdy, laureata nagrody Grammy, pianisty i kompozytora <strong>W\u0142odka Pawlika<\/strong>.<\/p>\n<div id=\"attachment_10355\" style=\"width: 460px\" class=\"wp-caption alignnone\"><img decoding=\"async\" aria-describedby=\"caption-attachment-10355\" class=\"wp-image-10355\" src=\"http:\/\/shalom.org.pl\/wp-content\/uploads\/2020\/06\/W\u0142odek-Pawlik-w-garniturze-3-foto-Marek-Ba\u0142ata-C-2015-9849_ppCROP-300x286.jpg\" alt=\"\" width=\"450\" height=\"429\" srcset=\"https:\/\/shalom.org.pl\/wp-content\/uploads\/2020\/06\/W\u0142odek-Pawlik-w-garniturze-3-foto-Marek-Ba\u0142ata-C-2015-9849_ppCROP-300x286.jpg 300w, https:\/\/shalom.org.pl\/wp-content\/uploads\/2020\/06\/W\u0142odek-Pawlik-w-garniturze-3-foto-Marek-Ba\u0142ata-C-2015-9849_ppCROP-268x255.jpg 268w, https:\/\/shalom.org.pl\/wp-content\/uploads\/2020\/06\/W\u0142odek-Pawlik-w-garniturze-3-foto-Marek-Ba\u0142ata-C-2015-9849_ppCROP-350x333.jpg 350w, https:\/\/shalom.org.pl\/wp-content\/uploads\/2020\/06\/W\u0142odek-Pawlik-w-garniturze-3-foto-Marek-Ba\u0142ata-C-2015-9849_ppCROP.jpg 630w\" sizes=\"(max-width: 450px) 100vw, 450px\" \/><p id=\"caption-attachment-10355\" class=\"wp-caption-text\">W\u0142odek Pawlik \/ foto Marek Ba\u0142ata<\/p><\/div>\n<p>Nie zabraknie muzyki klasycznej. Ju\u017c dzi\u015b zapowiedzie\u0107 mo\u017cna niezwyk\u0142y koncert <strong>&#8220;Kr\u00f3lewska harfa&#8221;<\/strong>, w kt\u00f3rym wyst\u0105pi m.in. wybitna polska harfistka <strong>Ma\u0142gorzata Zalewska-Guthman<\/strong>.<\/p>\n<p>Gwiazd\u0105 wielkiego fina\u0142u Festiwalu Warszawa Singera b\u0119dzie<strong> Kayah<\/strong> &#8211; jedna z najpopularniejszych polskich piosenkarek, osobowo\u015b\u0107 telewizyjna, autorka tekst\u00f3w i producentka muzyczna, kt\u00f3ra wyst\u0105pi wraz z zespo\u0142em <strong>Transoriental Orchestra<\/strong>.<\/p>\n<p><img decoding=\"async\" class=\"alignnone wp-image-10821\" src=\"http:\/\/shalom.org.pl\/wp-content\/uploads\/2020\/06\/KAYAH_ma\u0142a-300x214.jpg\" alt=\"\" width=\"600\" height=\"429\" srcset=\"https:\/\/shalom.org.pl\/wp-content\/uploads\/2020\/06\/KAYAH_ma\u0142a-300x214.jpg 300w, https:\/\/shalom.org.pl\/wp-content\/uploads\/2020\/06\/KAYAH_ma\u0142a-768x549.jpg 768w, https:\/\/shalom.org.pl\/wp-content\/uploads\/2020\/06\/KAYAH_ma\u0142a-1024x732.jpg 1024w, https:\/\/shalom.org.pl\/wp-content\/uploads\/2020\/06\/KAYAH_ma\u0142a-357x255.jpg 357w, https:\/\/shalom.org.pl\/wp-content\/uploads\/2020\/06\/KAYAH_ma\u0142a-350x250.jpg 350w\" sizes=\"(max-width: 600px) 100vw, 600px\" \/><\/p>\n<p>Warszawa Singera to tak\u017ce teatr. Przede wszystkim warszawski <strong>Teatr \u017bydowski<\/strong>, kt\u00f3ry prezentuje na Festiwalu swe najlepsze spektakle. W tym roku zobaczy\u0107 b\u0119dzie mo\u017cna m. in. &#8220;Jak w przedwojennym kabarecie&#8221; w re\u017c. Go\u0142dy Tencer, &#8220;Szabasow\u0105 dziewczyn\u0119&#8221; Marcina S\u0142awi\u0144skiego, &#8220;PeKiN&#8221; Agaty Biziuk czy &#8220;Balkon Goldy&#8221; Marty Mi\u0142oszewskiej.<\/p>\n<p>W tej szczeg\u00f3lnej edycji Festiwalu b\u0119dzie mo\u017cna tak\u017ce uczestniczy\u0107 w tradycyjnych cyklach spotka\u0144 z literatami i artystami, w promocjach nowo\u015bci wydawniczych, pokazach film\u00f3w, spacerach edukacyjnych po Warszawie, w debatach i warsztatach. W wersji na \u017cywo i online.<\/p>\n<p><strong>XVII Festiwal Kultury \u017bydowskiej Warszawa Singera 22-30 sierpnia 2020 r.<\/strong><\/p>\n","protected":false},"excerpt":{"rendered":"<p>W tym roku Warszawa Singera dost\u0119pna dla odbiorc\u00f3w kultury na ca\u0142ym \u015bwiecie. Koncerty, spektakle i spotkania autorskie, r\u00f3wnie\u017c online ze [&hellip;]<\/p>\n","protected":false},"author":5,"featured_media":10360,"comment_status":"open","ping_status":"closed","template":"","meta":{"_acf_changed":false,"ngg_post_thumbnail":0,"_tribe_events_status":"","_tribe_events_status_reason":"","footnotes":""},"tags":[],"tribe_events_cat":[356],"class_list":["post-10354","tribe_events","type-tribe_events","status-publish","has-post-thumbnail","hentry","tribe_events_cat-festiwal-pl","cat_festiwal-pl"],"acf":[],"_links":{"self":[{"href":"https:\/\/shalom.org.pl\/en\/wp-json\/wp\/v2\/tribe_events\/10354","targetHints":{"allow":["GET"]}}],"collection":[{"href":"https:\/\/shalom.org.pl\/en\/wp-json\/wp\/v2\/tribe_events"}],"about":[{"href":"https:\/\/shalom.org.pl\/en\/wp-json\/wp\/v2\/types\/tribe_events"}],"author":[{"embeddable":true,"href":"https:\/\/shalom.org.pl\/en\/wp-json\/wp\/v2\/users\/5"}],"replies":[{"embeddable":true,"href":"https:\/\/shalom.org.pl\/en\/wp-json\/wp\/v2\/comments?post=10354"}],"version-history":[{"count":6,"href":"https:\/\/shalom.org.pl\/en\/wp-json\/wp\/v2\/tribe_events\/10354\/revisions"}],"predecessor-version":[{"id":11053,"href":"https:\/\/shalom.org.pl\/en\/wp-json\/wp\/v2\/tribe_events\/10354\/revisions\/11053"}],"wp:featuredmedia":[{"embeddable":true,"href":"https:\/\/shalom.org.pl\/en\/wp-json\/wp\/v2\/media\/10360"}],"wp:attachment":[{"href":"https:\/\/shalom.org.pl\/en\/wp-json\/wp\/v2\/media?parent=10354"}],"wp:term":[{"taxonomy":"post_tag","embeddable":true,"href":"https:\/\/shalom.org.pl\/en\/wp-json\/wp\/v2\/tags?post=10354"},{"taxonomy":"tribe_events_cat","embeddable":true,"href":"https:\/\/shalom.org.pl\/en\/wp-json\/wp\/v2\/tribe_events_cat?post=10354"}],"curies":[{"name":"wp","href":"https:\/\/api.w.org\/{rel}","templated":true}]}}