{"id":7633,"date":"2019-06-03T08:39:31","date_gmt":"2019-06-03T06:39:31","guid":{"rendered":"http:\/\/shalom.org.pl\/?page_id=7633"},"modified":"2019-06-03T23:47:59","modified_gmt":"2019-06-03T21:47:59","slug":"2018-2","status":"publish","type":"page","link":"https:\/\/shalom.org.pl\/en\/o-festiwalu\/poprzednie-edycje\/2018-2\/","title":{"rendered":"2018"},"content":{"rendered":"\t\t<div data-elementor-type=\"wp-post\" data-elementor-id=\"7633\" class=\"elementor elementor-7633\">\n\t\t\t\t\t\t<section class=\"has_eae_slider elementor-section elementor-top-section elementor-element elementor-element-658da584 elementor-section-boxed elementor-section-height-default elementor-section-height-default\" data-eae-slider=\"44497\" data-id=\"658da584\" data-element_type=\"section\" data-e-type=\"section\">\n\t\t\t\t\t\t<div class=\"elementor-container elementor-column-gap-default\">\n\t\t\t\t\t<div class=\"has_eae_slider elementor-column elementor-col-100 elementor-top-column elementor-element elementor-element-24ec1425\" data-eae-slider=\"61249\" data-id=\"24ec1425\" data-element_type=\"column\" data-e-type=\"column\">\n\t\t\t<div class=\"elementor-widget-wrap elementor-element-populated\">\n\t\t\t\t\t\t<div class=\"elementor-element elementor-element-50ea6c3a elementor-widget elementor-widget-text-editor\" data-id=\"50ea6c3a\" data-element_type=\"widget\" data-e-type=\"widget\" data-widget_type=\"text-editor.default\">\n\t\t\t\t<div class=\"elementor-widget-container\">\n\t\t\t\t\t\t\t\t\t<div class=\"title-uniwersalny\">\n<h1><span style=\"color: #8c45bf;\">2018<\/span><\/h1>\n<\/div>\n<div class=\"elementor elementor-6223\" data-elementor-type=\"post\" data-elementor-id=\"6223\" data-elementor-settings=\"[]\">\n<div class=\"elementor-inner\">\n<div class=\"elementor-section-wrap\"><section class=\"has_eae_slider elementor-element elementor-element-0c89992 elementor-section-boxed elementor-section-height-default elementor-section-height-default elementor-section elementor-top-section\" data-id=\"0c89992\" data-element_type=\"section\">\n<div class=\"elementor-container elementor-column-gap-default\">\n<div class=\"elementor-row\">\n<div class=\"has_eae_slider elementor-element elementor-element-2513bc5 elementor-column elementor-col-100 elementor-top-column\" data-id=\"2513bc5\" data-element_type=\"column\">\n<div class=\"elementor-column-wrap  elementor-element-populated\">\n<div class=\"elementor-widget-wrap\">\n<div class=\"elementor-element elementor-element-57fdb5d elementor-widget elementor-widget-heading\" data-id=\"57fdb5d\" data-element_type=\"widget\" data-widget_type=\"heading.default\">\n<div class=\"elementor-widget-container\">\n<h2 class=\"elementor-heading-title elementor-size-default\"><span style=\"color: #8c45bf;\">XV JUBILEUSZOWA EDYCJA FESTIWALU WARSZAWA SINGERA<\/span><\/h2>\n&nbsp;\n\n<\/div>\n<\/div>\n<\/div>\n<\/div>\n<\/div>\n<\/div>\n<\/div>\n<\/section><\/div>\n<\/div>\n<\/div>\t\t\t\t\t\t\t\t<\/div>\n\t\t\t\t<\/div>\n\t\t\t\t\t<\/div>\n\t\t<\/div>\n\t\t\t\t\t<\/div>\n\t\t<\/section>\n\t\t\t\t<section class=\"has_eae_slider elementor-section elementor-top-section elementor-element elementor-element-2406d13 elementor-section-boxed elementor-section-height-default elementor-section-height-default\" data-eae-slider=\"71996\" data-id=\"2406d13\" data-element_type=\"section\" data-e-type=\"section\">\n\t\t\t\t\t\t<div class=\"elementor-container elementor-column-gap-default\">\n\t\t\t\t\t<div class=\"has_eae_slider elementor-column elementor-col-100 elementor-top-column elementor-element elementor-element-980151a\" data-eae-slider=\"43610\" data-id=\"980151a\" data-element_type=\"column\" data-e-type=\"column\">\n\t\t\t<div class=\"elementor-widget-wrap\">\n\t\t\t\t\t\t\t<\/div>\n\t\t<\/div>\n\t\t\t\t\t<\/div>\n\t\t<\/section>\n\t\t\t\t<section class=\"has_eae_slider elementor-section elementor-top-section elementor-element elementor-element-464fbd6 elementor-section-boxed elementor-section-height-default elementor-section-height-default\" data-eae-slider=\"39947\" data-id=\"464fbd6\" data-element_type=\"section\" data-e-type=\"section\">\n\t\t\t\t\t\t<div class=\"elementor-container elementor-column-gap-default\">\n\t\t\t\t\t<div class=\"has_eae_slider elementor-column elementor-col-100 elementor-top-column elementor-element elementor-element-384321e\" data-eae-slider=\"12164\" data-id=\"384321e\" data-element_type=\"column\" data-e-type=\"column\">\n\t\t\t<div class=\"elementor-widget-wrap elementor-element-populated\">\n\t\t\t\t\t\t<div class=\"elementor-element elementor-element-f7c9be7 elementor-widget elementor-widget-text-editor\" data-id=\"f7c9be7\" data-element_type=\"widget\" data-e-type=\"widget\" data-widget_type=\"text-editor.default\">\n\t\t\t\t<div class=\"elementor-widget-container\">\n\t\t\t\t\t\t\t\t\t<p>25 SIERPNIA &#8211; 2 WRZE\u015aNIA 2018<\/p>\t\t\t\t\t\t\t\t<\/div>\n\t\t\t\t<\/div>\n\t\t\t\t\t<\/div>\n\t\t<\/div>\n\t\t\t\t\t<\/div>\n\t\t<\/section>\n\t\t\t\t<section class=\"has_eae_slider elementor-section elementor-top-section elementor-element elementor-element-7691a1a elementor-section-boxed elementor-section-height-default elementor-section-height-default\" data-eae-slider=\"31618\" data-id=\"7691a1a\" data-element_type=\"section\" data-e-type=\"section\">\n\t\t\t\t\t\t<div class=\"elementor-container elementor-column-gap-default\">\n\t\t\t\t\t<div class=\"has_eae_slider elementor-column elementor-col-100 elementor-top-column elementor-element elementor-element-329f9c1\" data-eae-slider=\"8745\" data-id=\"329f9c1\" data-element_type=\"column\" data-e-type=\"column\">\n\t\t\t<div class=\"elementor-widget-wrap elementor-element-populated\">\n\t\t\t\t\t\t<div class=\"elementor-element elementor-element-293cb62 elementor-widget elementor-widget-text-editor\" data-id=\"293cb62\" data-element_type=\"widget\" data-e-type=\"widget\" data-widget_type=\"text-editor.default\">\n\t\t\t\t<div class=\"elementor-widget-container\">\n\t\t\t\t\t\t\t\t\t<p><strong>To by\u0142a specjalna, jubileuszowa ods\u0142ona Festiwalu Warszawa Singera. <\/strong><\/p><p>Wyj\u0105tkowo bogata, pe\u0142na gwiazd oraz m\u0142odych wykonawc\u00f3w. 9 dni kulturalnej fety, ponad 200 wydarze\u0144, ponad 250 artyst\u00f3w z Polski i r\u00f3\u017cnych cz\u0119\u015bci \u015bwiata. Wielo\u015b\u0107 gatunk\u00f3w muzycznych i teatralnych, przemieszanie styl\u00f3w i trend\u00f3w \u2013 a wszystko pod wsp\u00f3lnym mianownikiem: inspirowane kultur\u0105 \u017cydowsk\u0105, zar\u00f3wno tradycyjn\u0105, jak i wsp\u00f3\u0142czesn\u0105. XV Festiwal Warszawa Singera by\u0142 bardzo mi\u0119dzynarodowy. Przyby\u0142y gwiazdy z Izraela, Stan\u00f3w Zjednoczonych, Niemiec, Francji, Danii, Belgii, Hiszpanii, Japonii. Mi\u0119dzynarodowe sk\u0142ady zespo\u0142\u00f3w muzycznych i grup teatralnych udowodni\u0142y, \u017ce sztuka jest ponad \u2013 \u0142\u0105czy, ubogaca, inspiruje.<\/p><p>Festiwal zosta\u0142 zainaugurowany uroczystym premierowym koncertem kantor\u00f3w w Synagodze im. No\u017cyk\u00f3w. Wyst\u0105pili bracia <strong>Yaakov i Shulem Lemmer<\/strong> z USA, a towarzyszy\u0142 im b\u0119dzie ch\u00f3r kantoralny <strong>Kolot Israel<\/strong> (Israeli Voices) z Jerozolimy. W finale festiwalu zobaczyli\u015bmy porywaj\u0105ce show charyzmatycznego skrzypka <strong>Ary Malikiana<\/strong>, \u0142\u0105cz\u0105cego w swej muzyce w\u0105tki \u017cydowskie, arabskie, argenty\u0144skie, hiszpa\u0144skie i romskie.<\/p>\t\t\t\t\t\t\t\t<\/div>\n\t\t\t\t<\/div>\n\t\t\t\t\t<\/div>\n\t\t<\/div>\n\t\t\t\t\t<\/div>\n\t\t<\/section>\n\t\t\t\t<section class=\"has_eae_slider elementor-section elementor-top-section elementor-element elementor-element-d49572e elementor-section-boxed elementor-section-height-default elementor-section-height-default\" data-eae-slider=\"88915\" data-id=\"d49572e\" data-element_type=\"section\" data-e-type=\"section\">\n\t\t\t\t\t\t<div class=\"elementor-container elementor-column-gap-default\">\n\t\t\t\t\t<div class=\"has_eae_slider elementor-column elementor-col-100 elementor-top-column elementor-element elementor-element-ab879c2\" data-eae-slider=\"67602\" data-id=\"ab879c2\" data-element_type=\"column\" data-e-type=\"column\">\n\t\t\t<div class=\"elementor-widget-wrap elementor-element-populated\">\n\t\t\t\t\t\t<div class=\"elementor-element elementor-element-314c783 elementor-widget elementor-widget-image-gallery\" data-id=\"314c783\" data-element_type=\"widget\" data-e-type=\"widget\" data-widget_type=\"image-gallery.default\">\n\t\t\t\t<div class=\"elementor-widget-container\">\n\t\t\t\t\t\t\t<div class=\"elementor-image-gallery\">\n\t\t\t\n\t\t<style type=\"text\/css\">\n\t\t\t#gallery-1 {\n\t\t\t\tmargin: auto;\n\t\t\t}\n\t\t\t#gallery-1 .gallery-item {\n\t\t\t\tfloat: left;\n\t\t\t\tmargin-top: 10px;\n\t\t\t\ttext-align: center;\n\t\t\t\twidth: 50%;\n\t\t\t}\n\t\t\t#gallery-1 img {\n\t\t\t\tborder: 2px solid #cfcfcf;\n\t\t\t}\n\t\t\t#gallery-1 .gallery-caption {\n\t\t\t\tmargin-left: 0;\n\t\t\t}\n\t\t\t\/* see gallery_shortcode() in wp-includes\/media.php *\/\n\t\t<\/style>\n\t\t<div id='gallery-1' class='gallery galleryid-7633 gallery-columns-2 gallery-size-thumbnail'><dl class='gallery-item'>\n\t\t\t<dt class='gallery-icon landscape'>\n\t\t\t\t<a data-elementor-open-lightbox=\"yes\" data-elementor-lightbox-slideshow=\"314c783\" data-elementor-lightbox-title=\"Festiwal_Singera2018_3\" data-e-action-hash=\"#elementor-action%3Aaction%3Dlightbox%26settings%3DeyJpZCI6NzY3NywidXJsIjoiaHR0cHM6XC9cL3NoYWxvbS5vcmcucGxcL3dwLWNvbnRlbnRcL3VwbG9hZHNcLzIwMTlcLzA2XC9GZXN0aXdhbF9TaW5nZXJhMjAxOF8zLWUxNTU5NTk1OTY4NDMxLmpwZyIsInNsaWRlc2hvdyI6IjMxNGM3ODMifQ%3D%3D\" href='https:\/\/shalom.org.pl\/wp-content\/uploads\/2019\/06\/Festiwal_Singera2018_3-e1559595968431.jpg'><img fetchpriority=\"high\" decoding=\"async\" width=\"300\" height=\"300\" src=\"https:\/\/shalom.org.pl\/wp-content\/uploads\/2019\/06\/Festiwal_Singera2018_3-300x300.jpg\" class=\"attachment-thumbnail size-thumbnail\" alt=\"\" \/><\/a>\n\t\t\t<\/dt><\/dl><dl class='gallery-item'>\n\t\t\t<dt class='gallery-icon portrait'>\n\t\t\t\t<a data-elementor-open-lightbox=\"yes\" data-elementor-lightbox-slideshow=\"314c783\" data-elementor-lightbox-title=\"ara 2\" data-e-action-hash=\"#elementor-action%3Aaction%3Dlightbox%26settings%3DeyJpZCI6NzY4MCwidXJsIjoiaHR0cHM6XC9cL3NoYWxvbS5vcmcucGxcL3dwLWNvbnRlbnRcL3VwbG9hZHNcLzIwMTlcLzA2XC9hcmEtMi5qcGciLCJzbGlkZXNob3ciOiIzMTRjNzgzIn0%3D\" href='https:\/\/shalom.org.pl\/wp-content\/uploads\/2019\/06\/ara-2.jpg'><img decoding=\"async\" width=\"300\" height=\"300\" src=\"https:\/\/shalom.org.pl\/wp-content\/uploads\/2019\/06\/ara-2-300x300.jpg\" class=\"attachment-thumbnail size-thumbnail\" alt=\"\" \/><\/a>\n\t\t\t<\/dt><\/dl><br style=\"clear: both\" \/>\n\t\t<\/div>\n\t\t<\/div>\n\t\t\t\t\t\t<\/div>\n\t\t\t\t<\/div>\n\t\t\t\t\t<\/div>\n\t\t<\/div>\n\t\t\t\t\t<\/div>\n\t\t<\/section>\n\t\t\t\t<section class=\"has_eae_slider elementor-section elementor-top-section elementor-element elementor-element-7b315a7 elementor-section-boxed elementor-section-height-default elementor-section-height-default\" data-eae-slider=\"10842\" data-id=\"7b315a7\" data-element_type=\"section\" data-e-type=\"section\">\n\t\t\t\t\t\t<div class=\"elementor-container elementor-column-gap-default\">\n\t\t\t\t\t<div class=\"has_eae_slider elementor-column elementor-col-100 elementor-top-column elementor-element elementor-element-77246ea\" data-eae-slider=\"74237\" data-id=\"77246ea\" data-element_type=\"column\" data-e-type=\"column\">\n\t\t\t<div class=\"elementor-widget-wrap elementor-element-populated\">\n\t\t\t\t\t\t<div class=\"elementor-element elementor-element-a3e7da5 elementor-widget elementor-widget-text-editor\" data-id=\"a3e7da5\" data-element_type=\"widget\" data-e-type=\"widget\" data-widget_type=\"text-editor.default\">\n\t\t\t\t<div class=\"elementor-widget-container\">\n\t\t\t\t\t\t\t\t\t<p>Pomi\u0119dzy inauguracj\u0105 a fina\u0142em w samej tylko Warszawie by\u0142o 9 dni koncert\u00f3w wybitnych muzyk\u00f3w z Polski i zagranicy. Wyst\u0105pili miedzy innymi: s\u0142ynny skrzypek <strong>Dominique Pifar\u00e9ly<\/strong> z Francji, kwintet <strong>Kennetha Dahla Knudsena<\/strong> z Danii, <strong>Dorota Mi\u015bkiewicz<\/strong> z <strong>Atom Street Quartet<\/strong>. Us\u0142yszeli\u015bmy <strong>Gary\u2019ego Gutmana<\/strong> \u2013 we wsp\u00f3lnym projekcie muzycznym z wokalistk\u0105 <strong>Sash\u0105 Strunin<\/strong>, a tak\u017ce <strong>W\u0142odzimierza Nahornego<\/strong>, <strong>Marcina Wyrostka<\/strong>, <strong>Adama Ba\u0142dycha<\/strong>, <strong>Mateusza Smoczy\u0144skiego<\/strong>.<\/p><p>Mieli\u015bmy okazj\u0119 pozna\u0107 niezwyk\u0142\u0105 grup\u0119 z Japonii, zesp\u00f3\u0142 <strong>Jinta-la-Mvta<\/strong>, \u0142\u0105cz\u0105cy tokijsk\u0105 nowoczesn\u0105 street music z tradycyjnymi w\u0105tkami klezmerskimi i ba\u0142ka\u0144skim, a wi\u0119cej klasycznego brzmienia us\u0142yszeli\u015bmy podczas koncertu <strong>MazikDuo<\/strong>, \u0142\u0105cz\u0105cego muzyk\u0119 klasyczn\u0105 i klezmersk\u0105. Jazzow\u0105 ods\u0142on\u0119 festiwalu zainaugurowa\u0142 projekt sk\u0142adu <strong>Ole\u015b Brothers &amp; Theo J\u00f6rgensmanna<\/strong>. Wydarzeniem muzycznym tegorocznej edycji Singer Jazz Festival by\u0142 projekt <strong>Jazz Bandu M\u0142ynarski \u2013 Masecki<\/strong> ze swoim magnetyzuj\u0105cym s\u0142uchaczy repertuarem jazzowego dwudziestolecia mi\u0119dzywojennego.<\/p>\t\t\t\t\t\t\t\t<\/div>\n\t\t\t\t<\/div>\n\t\t\t\t\t<\/div>\n\t\t<\/div>\n\t\t\t\t\t<\/div>\n\t\t<\/section>\n\t\t\t\t<section class=\"has_eae_slider elementor-section elementor-top-section elementor-element elementor-element-de00655 elementor-section-boxed elementor-section-height-default elementor-section-height-default\" data-eae-slider=\"88975\" data-id=\"de00655\" data-element_type=\"section\" data-e-type=\"section\">\n\t\t\t\t\t\t<div class=\"elementor-container elementor-column-gap-default\">\n\t\t\t\t\t<div class=\"has_eae_slider elementor-column elementor-col-100 elementor-top-column elementor-element elementor-element-d74ae0c\" data-eae-slider=\"95479\" data-id=\"d74ae0c\" data-element_type=\"column\" data-e-type=\"column\">\n\t\t\t<div class=\"elementor-widget-wrap elementor-element-populated\">\n\t\t\t\t\t\t<div class=\"elementor-element elementor-element-316e068 elementor-widget elementor-widget-image-gallery\" data-id=\"316e068\" data-element_type=\"widget\" data-e-type=\"widget\" data-widget_type=\"image-gallery.default\">\n\t\t\t\t<div class=\"elementor-widget-container\">\n\t\t\t\t\t\t\t<div class=\"elementor-image-gallery\">\n\t\t\t\n\t\t<style type=\"text\/css\">\n\t\t\t#gallery-2 {\n\t\t\t\tmargin: auto;\n\t\t\t}\n\t\t\t#gallery-2 .gallery-item {\n\t\t\t\tfloat: left;\n\t\t\t\tmargin-top: 10px;\n\t\t\t\ttext-align: center;\n\t\t\t\twidth: 33%;\n\t\t\t}\n\t\t\t#gallery-2 img {\n\t\t\t\tborder: 2px solid #cfcfcf;\n\t\t\t}\n\t\t\t#gallery-2 .gallery-caption {\n\t\t\t\tmargin-left: 0;\n\t\t\t}\n\t\t\t\/* see gallery_shortcode() in wp-includes\/media.php *\/\n\t\t<\/style>\n\t\t<div id='gallery-2' class='gallery galleryid-7633 gallery-columns-3 gallery-size-thumbnail'><dl class='gallery-item'>\n\t\t\t<dt class='gallery-icon landscape'>\n\t\t\t\t<a data-elementor-open-lightbox=\"yes\" data-elementor-lightbox-slideshow=\"316e068\" data-elementor-lightbox-title=\"Festiwal_Singera2018_14\" data-e-action-hash=\"#elementor-action%3Aaction%3Dlightbox%26settings%3DeyJpZCI6NzY4MywidXJsIjoiaHR0cHM6XC9cL3NoYWxvbS5vcmcucGxcL3dwLWNvbnRlbnRcL3VwbG9hZHNcLzIwMTlcLzA2XC9GZXN0aXdhbF9TaW5nZXJhMjAxOF8xNC5qcGciLCJzbGlkZXNob3ciOiIzMTZlMDY4In0%3D\" href='https:\/\/shalom.org.pl\/wp-content\/uploads\/2019\/06\/Festiwal_Singera2018_14.jpg'><img decoding=\"async\" width=\"300\" height=\"300\" src=\"https:\/\/shalom.org.pl\/wp-content\/uploads\/2019\/06\/Festiwal_Singera2018_14-300x300.jpg\" class=\"attachment-thumbnail size-thumbnail\" alt=\"\" \/><\/a>\n\t\t\t<\/dt><\/dl><dl class='gallery-item'>\n\t\t\t<dt class='gallery-icon landscape'>\n\t\t\t\t<a data-elementor-open-lightbox=\"yes\" data-elementor-lightbox-slideshow=\"316e068\" data-elementor-lightbox-title=\"dania\" data-e-action-hash=\"#elementor-action%3Aaction%3Dlightbox%26settings%3DeyJpZCI6NzY4NCwidXJsIjoiaHR0cHM6XC9cL3NoYWxvbS5vcmcucGxcL3dwLWNvbnRlbnRcL3VwbG9hZHNcLzIwMTlcLzA2XC9kYW5pYS5qcGciLCJzbGlkZXNob3ciOiIzMTZlMDY4In0%3D\" href='https:\/\/shalom.org.pl\/wp-content\/uploads\/2019\/06\/dania.jpg'><img loading=\"lazy\" decoding=\"async\" width=\"300\" height=\"300\" src=\"https:\/\/shalom.org.pl\/wp-content\/uploads\/2019\/06\/dania-300x300.jpg\" class=\"attachment-thumbnail size-thumbnail\" alt=\"\" \/><\/a>\n\t\t\t<\/dt><\/dl><dl class='gallery-item'>\n\t\t\t<dt class='gallery-icon portrait'>\n\t\t\t\t<a data-elementor-open-lightbox=\"yes\" data-elementor-lightbox-slideshow=\"316e068\" data-elementor-lightbox-title=\"Festiwal_Singera2018_68\" data-e-action-hash=\"#elementor-action%3Aaction%3Dlightbox%26settings%3DeyJpZCI6NzY4NSwidXJsIjoiaHR0cHM6XC9cL3NoYWxvbS5vcmcucGxcL3dwLWNvbnRlbnRcL3VwbG9hZHNcLzIwMTlcLzA2XC9GZXN0aXdhbF9TaW5nZXJhMjAxOF82OC5qcGciLCJzbGlkZXNob3ciOiIzMTZlMDY4In0%3D\" href='https:\/\/shalom.org.pl\/wp-content\/uploads\/2019\/06\/Festiwal_Singera2018_68.jpg'><img loading=\"lazy\" decoding=\"async\" width=\"300\" height=\"300\" src=\"https:\/\/shalom.org.pl\/wp-content\/uploads\/2019\/06\/Festiwal_Singera2018_68-300x300.jpg\" class=\"attachment-thumbnail size-thumbnail\" alt=\"\" \/><\/a>\n\t\t\t<\/dt><\/dl><br style=\"clear: both\" \/><dl class='gallery-item'>\n\t\t\t<dt class='gallery-icon landscape'>\n\t\t\t\t<a data-elementor-open-lightbox=\"yes\" data-elementor-lightbox-slideshow=\"316e068\" data-elementor-lightbox-title=\"jinta\" data-e-action-hash=\"#elementor-action%3Aaction%3Dlightbox%26settings%3DeyJpZCI6NzY4NiwidXJsIjoiaHR0cHM6XC9cL3NoYWxvbS5vcmcucGxcL3dwLWNvbnRlbnRcL3VwbG9hZHNcLzIwMTlcLzA2XC9qaW50YS5qcGciLCJzbGlkZXNob3ciOiIzMTZlMDY4In0%3D\" href='https:\/\/shalom.org.pl\/wp-content\/uploads\/2019\/06\/jinta.jpg'><img loading=\"lazy\" decoding=\"async\" width=\"300\" height=\"300\" src=\"https:\/\/shalom.org.pl\/wp-content\/uploads\/2019\/06\/jinta-300x300.jpg\" class=\"attachment-thumbnail size-thumbnail\" alt=\"\" \/><\/a>\n\t\t\t<\/dt><\/dl><dl class='gallery-item'>\n\t\t\t<dt class='gallery-icon landscape'>\n\t\t\t\t<a data-elementor-open-lightbox=\"yes\" data-elementor-lightbox-slideshow=\"316e068\" data-elementor-lightbox-title=\"DSC_1993\" data-e-action-hash=\"#elementor-action%3Aaction%3Dlightbox%26settings%3DeyJpZCI6NzY4NywidXJsIjoiaHR0cHM6XC9cL3NoYWxvbS5vcmcucGxcL3dwLWNvbnRlbnRcL3VwbG9hZHNcLzIwMTlcLzA2XC9EU0NfMTk5My5qcGciLCJzbGlkZXNob3ciOiIzMTZlMDY4In0%3D\" href='https:\/\/shalom.org.pl\/wp-content\/uploads\/2019\/06\/DSC_1993.jpg'><img loading=\"lazy\" decoding=\"async\" width=\"300\" height=\"300\" src=\"https:\/\/shalom.org.pl\/wp-content\/uploads\/2019\/06\/DSC_1993-300x300.jpg\" class=\"attachment-thumbnail size-thumbnail\" alt=\"\" \/><\/a>\n\t\t\t<\/dt><\/dl><dl class='gallery-item'>\n\t\t\t<dt class='gallery-icon landscape'>\n\t\t\t\t<a data-elementor-open-lightbox=\"yes\" data-elementor-lightbox-slideshow=\"316e068\" data-elementor-lightbox-title=\"ole\u015b\" data-e-action-hash=\"#elementor-action%3Aaction%3Dlightbox%26settings%3DeyJpZCI6NzY4OCwidXJsIjoiaHR0cHM6XC9cL3NoYWxvbS5vcmcucGxcL3dwLWNvbnRlbnRcL3VwbG9hZHNcLzIwMTlcLzA2XC9vbGVcdTAxNWIuanBnIiwic2xpZGVzaG93IjoiMzE2ZTA2OCJ9\" href='https:\/\/shalom.org.pl\/wp-content\/uploads\/2019\/06\/ole\u015b.jpg'><img loading=\"lazy\" decoding=\"async\" width=\"300\" height=\"300\" src=\"https:\/\/shalom.org.pl\/wp-content\/uploads\/2019\/06\/ole\u015b-300x300.jpg\" class=\"attachment-thumbnail size-thumbnail\" alt=\"\" \/><\/a>\n\t\t\t<\/dt><\/dl><br style=\"clear: both\" \/>\n\t\t<\/div>\n\t\t<\/div>\n\t\t\t\t\t\t<\/div>\n\t\t\t\t<\/div>\n\t\t\t\t\t<\/div>\n\t\t<\/div>\n\t\t\t\t\t<\/div>\n\t\t<\/section>\n\t\t\t\t<section class=\"has_eae_slider elementor-section elementor-top-section elementor-element elementor-element-6affc3a elementor-section-boxed elementor-section-height-default elementor-section-height-default\" data-eae-slider=\"24062\" data-id=\"6affc3a\" data-element_type=\"section\" data-e-type=\"section\">\n\t\t\t\t\t\t<div class=\"elementor-container elementor-column-gap-default\">\n\t\t\t\t\t<div class=\"has_eae_slider elementor-column elementor-col-100 elementor-top-column elementor-element elementor-element-6d72630\" data-eae-slider=\"7363\" data-id=\"6d72630\" data-element_type=\"column\" data-e-type=\"column\">\n\t\t\t<div class=\"elementor-widget-wrap elementor-element-populated\">\n\t\t\t\t\t\t<div class=\"elementor-element elementor-element-c1b4705 elementor-widget elementor-widget-text-editor\" data-id=\"c1b4705\" data-element_type=\"widget\" data-e-type=\"widget\" data-widget_type=\"text-editor.default\">\n\t\t\t\t<div class=\"elementor-widget-container\">\n\t\t\t\t\t\t\t\t\t<p>Festiwal to tak\u017ce czas scenicznej uczty, w kt\u00f3rej mo\u017cna pozna\u0107 zar\u00f3wno polskie, jak i zagraniczne spektakle w r\u00f3\u017cnych formu\u0142ach scenicznych. W tym roku program teatralny by\u0142 szczeg\u00f3lnie bogaty. Go\u015bcili\u015bmy <strong>Teatr Yiddishpiel<\/strong> oraz <strong>grup\u0119 Nephesh<\/strong> z Izraela. A\u017c siedem swoich najnowszych spektakli zaprezentowa\u0142 te\u017c warszawski<strong> Teatr \u017bydowski<\/strong>.<\/p><div class=\"elementor-element-overlay\"><p>Opr\u00f3cz koncert\u00f3w i spektakli Festiwal obfitowa\u0142 w wiele wydarze\u0144: promocje ksi\u0105\u017cek, spotkania autorskie, spotkania z artystami, projekcje filmowe, warsztaty kulinarne, warsztaty dla dzieci, spacery edukacyjne po \u017cydowskiej Warszawie i mn\u00f3stwo innych.<\/p><\/div>\t\t\t\t\t\t\t\t<\/div>\n\t\t\t\t<\/div>\n\t\t\t\t\t<\/div>\n\t\t<\/div>\n\t\t\t\t\t<\/div>\n\t\t<\/section>\n\t\t\t\t<section class=\"has_eae_slider elementor-section elementor-top-section elementor-element elementor-element-7d7fd21 elementor-section-boxed elementor-section-height-default elementor-section-height-default\" data-eae-slider=\"66316\" data-id=\"7d7fd21\" data-element_type=\"section\" data-e-type=\"section\">\n\t\t\t\t\t\t<div class=\"elementor-container elementor-column-gap-default\">\n\t\t\t\t\t<div class=\"has_eae_slider elementor-column elementor-col-100 elementor-top-column elementor-element elementor-element-8d858f6\" data-eae-slider=\"19571\" data-id=\"8d858f6\" data-element_type=\"column\" data-e-type=\"column\">\n\t\t\t<div class=\"elementor-widget-wrap elementor-element-populated\">\n\t\t\t\t\t\t<div class=\"elementor-element elementor-element-8d40ff1 elementor-widget elementor-widget-image-gallery\" data-id=\"8d40ff1\" data-element_type=\"widget\" data-e-type=\"widget\" data-widget_type=\"image-gallery.default\">\n\t\t\t\t<div class=\"elementor-widget-container\">\n\t\t\t\t\t\t\t<div class=\"elementor-image-gallery\">\n\t\t\t\n\t\t<style type=\"text\/css\">\n\t\t\t#gallery-3 {\n\t\t\t\tmargin: auto;\n\t\t\t}\n\t\t\t#gallery-3 .gallery-item {\n\t\t\t\tfloat: left;\n\t\t\t\tmargin-top: 10px;\n\t\t\t\ttext-align: center;\n\t\t\t\twidth: 33%;\n\t\t\t}\n\t\t\t#gallery-3 img {\n\t\t\t\tborder: 2px solid #cfcfcf;\n\t\t\t}\n\t\t\t#gallery-3 .gallery-caption {\n\t\t\t\tmargin-left: 0;\n\t\t\t}\n\t\t\t\/* see gallery_shortcode() in wp-includes\/media.php *\/\n\t\t<\/style>\n\t\t<div id='gallery-3' class='gallery galleryid-7633 gallery-columns-3 gallery-size-thumbnail'><dl class='gallery-item'>\n\t\t\t<dt class='gallery-icon landscape'>\n\t\t\t\t<a data-elementor-open-lightbox=\"yes\" data-elementor-lightbox-slideshow=\"8d40ff1\" data-elementor-lightbox-title=\"Festiwal_Singera2018_52\" data-e-action-hash=\"#elementor-action%3Aaction%3Dlightbox%26settings%3DeyJpZCI6NzY5NCwidXJsIjoiaHR0cHM6XC9cL3NoYWxvbS5vcmcucGxcL3dwLWNvbnRlbnRcL3VwbG9hZHNcLzIwMTlcLzA2XC9GZXN0aXdhbF9TaW5nZXJhMjAxOF81Mi5qcGciLCJzbGlkZXNob3ciOiI4ZDQwZmYxIn0%3D\" href='https:\/\/shalom.org.pl\/wp-content\/uploads\/2019\/06\/Festiwal_Singera2018_52.jpg'><img loading=\"lazy\" decoding=\"async\" width=\"300\" height=\"300\" src=\"https:\/\/shalom.org.pl\/wp-content\/uploads\/2019\/06\/Festiwal_Singera2018_52-300x300.jpg\" class=\"attachment-thumbnail size-thumbnail\" alt=\"\" \/><\/a>\n\t\t\t<\/dt><\/dl><dl class='gallery-item'>\n\t\t\t<dt class='gallery-icon landscape'>\n\t\t\t\t<a data-elementor-open-lightbox=\"yes\" data-elementor-lightbox-slideshow=\"8d40ff1\" data-elementor-lightbox-title=\"Festiwal_Singera2018_53\" data-e-action-hash=\"#elementor-action%3Aaction%3Dlightbox%26settings%3DeyJpZCI6NzY5NSwidXJsIjoiaHR0cHM6XC9cL3NoYWxvbS5vcmcucGxcL3dwLWNvbnRlbnRcL3VwbG9hZHNcLzIwMTlcLzA2XC9GZXN0aXdhbF9TaW5nZXJhMjAxOF81My5qcGciLCJzbGlkZXNob3ciOiI4ZDQwZmYxIn0%3D\" href='https:\/\/shalom.org.pl\/wp-content\/uploads\/2019\/06\/Festiwal_Singera2018_53.jpg'><img loading=\"lazy\" decoding=\"async\" width=\"300\" height=\"300\" src=\"https:\/\/shalom.org.pl\/wp-content\/uploads\/2019\/06\/Festiwal_Singera2018_53-300x300.jpg\" class=\"attachment-thumbnail size-thumbnail\" alt=\"\" \/><\/a>\n\t\t\t<\/dt><\/dl><dl class='gallery-item'>\n\t\t\t<dt class='gallery-icon landscape'>\n\t\t\t\t<a data-elementor-open-lightbox=\"yes\" data-elementor-lightbox-slideshow=\"8d40ff1\" data-elementor-lightbox-title=\"Festiwal_Singera2018_78\" data-e-action-hash=\"#elementor-action%3Aaction%3Dlightbox%26settings%3DeyJpZCI6NzY5OSwidXJsIjoiaHR0cHM6XC9cL3NoYWxvbS5vcmcucGxcL3dwLWNvbnRlbnRcL3VwbG9hZHNcLzIwMTlcLzA2XC9GZXN0aXdhbF9TaW5nZXJhMjAxOF83OC5qcGciLCJzbGlkZXNob3ciOiI4ZDQwZmYxIn0%3D\" href='https:\/\/shalom.org.pl\/wp-content\/uploads\/2019\/06\/Festiwal_Singera2018_78.jpg'><img loading=\"lazy\" decoding=\"async\" width=\"300\" height=\"300\" src=\"https:\/\/shalom.org.pl\/wp-content\/uploads\/2019\/06\/Festiwal_Singera2018_78-300x300.jpg\" class=\"attachment-thumbnail size-thumbnail\" alt=\"\" \/><\/a>\n\t\t\t<\/dt><\/dl><br style=\"clear: both\" \/><dl class='gallery-item'>\n\t\t\t<dt class='gallery-icon landscape'>\n\t\t\t\t<a data-elementor-open-lightbox=\"yes\" data-elementor-lightbox-slideshow=\"8d40ff1\" data-elementor-lightbox-title=\"DSC_1426\" data-e-action-hash=\"#elementor-action%3Aaction%3Dlightbox%26settings%3DeyJpZCI6NzY5MywidXJsIjoiaHR0cHM6XC9cL3NoYWxvbS5vcmcucGxcL3dwLWNvbnRlbnRcL3VwbG9hZHNcLzIwMTlcLzA2XC9EU0NfMTQyNi5qcGciLCJzbGlkZXNob3ciOiI4ZDQwZmYxIn0%3D\" href='https:\/\/shalom.org.pl\/wp-content\/uploads\/2019\/06\/DSC_1426.jpg'><img loading=\"lazy\" decoding=\"async\" width=\"300\" height=\"300\" src=\"https:\/\/shalom.org.pl\/wp-content\/uploads\/2019\/06\/DSC_1426-300x300.jpg\" class=\"attachment-thumbnail size-thumbnail\" alt=\"\" \/><\/a>\n\t\t\t<\/dt><\/dl><dl class='gallery-item'>\n\t\t\t<dt class='gallery-icon landscape'>\n\t\t\t\t<a data-elementor-open-lightbox=\"yes\" data-elementor-lightbox-slideshow=\"8d40ff1\" data-elementor-lightbox-title=\"stuhr\" data-e-action-hash=\"#elementor-action%3Aaction%3Dlightbox%26settings%3DeyJpZCI6NzcwMCwidXJsIjoiaHR0cHM6XC9cL3NoYWxvbS5vcmcucGxcL3dwLWNvbnRlbnRcL3VwbG9hZHNcLzIwMTlcLzA2XC9zdHVoci5qcGciLCJzbGlkZXNob3ciOiI4ZDQwZmYxIn0%3D\" href='https:\/\/shalom.org.pl\/wp-content\/uploads\/2019\/06\/stuhr.jpg'><img loading=\"lazy\" decoding=\"async\" width=\"300\" height=\"300\" src=\"https:\/\/shalom.org.pl\/wp-content\/uploads\/2019\/06\/stuhr-300x300.jpg\" class=\"attachment-thumbnail size-thumbnail\" alt=\"\" \/><\/a>\n\t\t\t<\/dt><\/dl><dl class='gallery-item'>\n\t\t\t<dt class='gallery-icon landscape'>\n\t\t\t\t<a data-elementor-open-lightbox=\"yes\" data-elementor-lightbox-slideshow=\"8d40ff1\" data-elementor-lightbox-title=\"05.DSC_1229\" data-e-action-hash=\"#elementor-action%3Aaction%3Dlightbox%26settings%3DeyJpZCI6NzY5MiwidXJsIjoiaHR0cHM6XC9cL3NoYWxvbS5vcmcucGxcL3dwLWNvbnRlbnRcL3VwbG9hZHNcLzIwMTlcLzA2XC8wNS5EU0NfMTIyOS5qcGciLCJzbGlkZXNob3ciOiI4ZDQwZmYxIn0%3D\" href='https:\/\/shalom.org.pl\/wp-content\/uploads\/2019\/06\/05.DSC_1229.jpg'><img loading=\"lazy\" decoding=\"async\" width=\"300\" height=\"300\" src=\"https:\/\/shalom.org.pl\/wp-content\/uploads\/2019\/06\/05.DSC_1229-300x300.jpg\" class=\"attachment-thumbnail size-thumbnail\" alt=\"\" \/><\/a>\n\t\t\t<\/dt><\/dl><br style=\"clear: both\" \/><dl class='gallery-item'>\n\t\t\t<dt class='gallery-icon landscape'>\n\t\t\t\t<a data-elementor-open-lightbox=\"yes\" data-elementor-lightbox-slideshow=\"8d40ff1\" data-elementor-lightbox-title=\"Festiwal_Singera2018_57\" data-e-action-hash=\"#elementor-action%3Aaction%3Dlightbox%26settings%3DeyJpZCI6NzY5NiwidXJsIjoiaHR0cHM6XC9cL3NoYWxvbS5vcmcucGxcL3dwLWNvbnRlbnRcL3VwbG9hZHNcLzIwMTlcLzA2XC9GZXN0aXdhbF9TaW5nZXJhMjAxOF81Ny5qcGciLCJzbGlkZXNob3ciOiI4ZDQwZmYxIn0%3D\" href='https:\/\/shalom.org.pl\/wp-content\/uploads\/2019\/06\/Festiwal_Singera2018_57.jpg'><img loading=\"lazy\" decoding=\"async\" width=\"300\" height=\"300\" src=\"https:\/\/shalom.org.pl\/wp-content\/uploads\/2019\/06\/Festiwal_Singera2018_57-300x300.jpg\" class=\"attachment-thumbnail size-thumbnail\" alt=\"\" \/><\/a>\n\t\t\t<\/dt><\/dl><dl class='gallery-item'>\n\t\t\t<dt class='gallery-icon landscape'>\n\t\t\t\t<a data-elementor-open-lightbox=\"yes\" data-elementor-lightbox-slideshow=\"8d40ff1\" data-elementor-lightbox-title=\"Festiwal_Singera2018_63\" data-e-action-hash=\"#elementor-action%3Aaction%3Dlightbox%26settings%3DeyJpZCI6NzY5OCwidXJsIjoiaHR0cHM6XC9cL3NoYWxvbS5vcmcucGxcL3dwLWNvbnRlbnRcL3VwbG9hZHNcLzIwMTlcLzA2XC9GZXN0aXdhbF9TaW5nZXJhMjAxOF82My5qcGciLCJzbGlkZXNob3ciOiI4ZDQwZmYxIn0%3D\" href='https:\/\/shalom.org.pl\/wp-content\/uploads\/2019\/06\/Festiwal_Singera2018_63.jpg'><img loading=\"lazy\" decoding=\"async\" width=\"300\" height=\"300\" src=\"https:\/\/shalom.org.pl\/wp-content\/uploads\/2019\/06\/Festiwal_Singera2018_63-300x300.jpg\" class=\"attachment-thumbnail size-thumbnail\" alt=\"\" \/><\/a>\n\t\t\t<\/dt><\/dl><dl class='gallery-item'>\n\t\t\t<dt class='gallery-icon landscape'>\n\t\t\t\t<a data-elementor-open-lightbox=\"yes\" data-elementor-lightbox-slideshow=\"8d40ff1\" data-elementor-lightbox-title=\"04.DSC_0951\" data-e-action-hash=\"#elementor-action%3Aaction%3Dlightbox%26settings%3DeyJpZCI6NzY5MSwidXJsIjoiaHR0cHM6XC9cL3NoYWxvbS5vcmcucGxcL3dwLWNvbnRlbnRcL3VwbG9hZHNcLzIwMTlcLzA2XC8wNC5EU0NfMDk1MS5qcGciLCJzbGlkZXNob3ciOiI4ZDQwZmYxIn0%3D\" href='https:\/\/shalom.org.pl\/wp-content\/uploads\/2019\/06\/04.DSC_0951.jpg'><img loading=\"lazy\" decoding=\"async\" width=\"300\" height=\"300\" src=\"https:\/\/shalom.org.pl\/wp-content\/uploads\/2019\/06\/04.DSC_0951-300x300.jpg\" class=\"attachment-thumbnail size-thumbnail\" alt=\"\" \/><\/a>\n\t\t\t<\/dt><\/dl><br style=\"clear: both\" \/>\n\t\t<\/div>\n\t\t<\/div>\n\t\t\t\t\t\t<\/div>\n\t\t\t\t<\/div>\n\t\t\t\t\t<\/div>\n\t\t<\/div>\n\t\t\t\t\t<\/div>\n\t\t<\/section>\n\t\t\t\t<section class=\"has_eae_slider elementor-section elementor-top-section elementor-element elementor-element-e3f9976 elementor-section-boxed elementor-section-height-default elementor-section-height-default\" data-eae-slider=\"4697\" data-id=\"e3f9976\" data-element_type=\"section\" data-e-type=\"section\">\n\t\t\t\t\t\t<div class=\"elementor-container elementor-column-gap-default\">\n\t\t\t\t\t<div class=\"has_eae_slider elementor-column elementor-col-100 elementor-top-column elementor-element elementor-element-89186ab\" data-eae-slider=\"69311\" data-id=\"89186ab\" data-element_type=\"column\" data-e-type=\"column\">\n\t\t\t<div class=\"elementor-widget-wrap elementor-element-populated\">\n\t\t\t\t\t\t<div class=\"elementor-element elementor-element-cfacf62 elementor-widget elementor-widget-text-editor\" data-id=\"cfacf62\" data-element_type=\"widget\" data-e-type=\"widget\" data-widget_type=\"text-editor.default\">\n\t\t\t\t<div class=\"elementor-widget-container\">\n\t\t\t\t\t\t\t\t\t<p>Jubileuszowa edycja Festiwalu Kultury \u017bydowskiej Warszawa Singera zbieg\u0142a si\u0119 z jubileuszem Fundacji Shalom, inicjatorem i organizatorem Festiwalu, kt\u00f3ra obchodzi\u0142a w tym roku 30-lecie istnienia. Fundacja, z jej za\u0142o\u017cycielk\u0105 Go\u0142d\u0105 Tencer na czele, realizuje misj\u0119 kultywowania i upowszechniania bogactwa tradycji \u017cydowskiej w Polsce. Festiwal jest jednym z najwa\u017cniejszych przedsi\u0119wzi\u0119\u0107 Fundacji.<\/p>\t\t\t\t\t\t\t\t<\/div>\n\t\t\t\t<\/div>\n\t\t\t\t\t<\/div>\n\t\t<\/div>\n\t\t\t\t\t<\/div>\n\t\t<\/section>\n\t\t\t\t<section class=\"has_eae_slider elementor-section elementor-top-section elementor-element elementor-element-b4575c5 elementor-section-boxed elementor-section-height-default elementor-section-height-default\" data-eae-slider=\"37054\" data-id=\"b4575c5\" data-element_type=\"section\" data-e-type=\"section\">\n\t\t\t\t\t\t<div class=\"elementor-container elementor-column-gap-default\">\n\t\t\t\t\t<div class=\"has_eae_slider elementor-column elementor-col-100 elementor-top-column elementor-element elementor-element-8a3b56a\" data-eae-slider=\"74397\" data-id=\"8a3b56a\" data-element_type=\"column\" data-e-type=\"column\">\n\t\t\t<div class=\"elementor-widget-wrap elementor-element-populated\">\n\t\t\t\t\t\t<div class=\"elementor-element elementor-element-446a8ce elementor-widget elementor-widget-image-gallery\" data-id=\"446a8ce\" data-element_type=\"widget\" data-e-type=\"widget\" data-widget_type=\"image-gallery.default\">\n\t\t\t\t<div class=\"elementor-widget-container\">\n\t\t\t\t\t\t\t<div class=\"elementor-image-gallery\">\n\t\t\t\n\t\t<style type=\"text\/css\">\n\t\t\t#gallery-4 {\n\t\t\t\tmargin: auto;\n\t\t\t}\n\t\t\t#gallery-4 .gallery-item {\n\t\t\t\tfloat: left;\n\t\t\t\tmargin-top: 10px;\n\t\t\t\ttext-align: center;\n\t\t\t\twidth: 100%;\n\t\t\t}\n\t\t\t#gallery-4 img {\n\t\t\t\tborder: 2px solid #cfcfcf;\n\t\t\t}\n\t\t\t#gallery-4 .gallery-caption {\n\t\t\t\tmargin-left: 0;\n\t\t\t}\n\t\t\t\/* see gallery_shortcode() in wp-includes\/media.php *\/\n\t\t<\/style>\n\t\t<div id='gallery-4' class='gallery galleryid-7633 gallery-columns-1 gallery-size-thumbnail'><dl class='gallery-item'>\n\t\t\t<dt class='gallery-icon portrait'>\n\t\t\t\t<a data-elementor-open-lightbox=\"yes\" data-elementor-lightbox-slideshow=\"446a8ce\" data-elementor-lightbox-title=\"Festiwal_Singera2018_62\" data-e-action-hash=\"#elementor-action%3Aaction%3Dlightbox%26settings%3DeyJpZCI6NzY5NywidXJsIjoiaHR0cHM6XC9cL3NoYWxvbS5vcmcucGxcL3dwLWNvbnRlbnRcL3VwbG9hZHNcLzIwMTlcLzA2XC9GZXN0aXdhbF9TaW5nZXJhMjAxOF82Mi5qcGciLCJzbGlkZXNob3ciOiI0NDZhOGNlIn0%3D\" href='https:\/\/shalom.org.pl\/wp-content\/uploads\/2019\/06\/Festiwal_Singera2018_62.jpg'><img loading=\"lazy\" decoding=\"async\" width=\"300\" height=\"300\" src=\"https:\/\/shalom.org.pl\/wp-content\/uploads\/2019\/06\/Festiwal_Singera2018_62-300x300.jpg\" class=\"attachment-thumbnail size-thumbnail\" alt=\"\" \/><\/a>\n\t\t\t<\/dt><\/dl><br style=\"clear: both\" \/>\n\t\t<\/div>\n\t\t<\/div>\n\t\t\t\t\t\t<\/div>\n\t\t\t\t<\/div>\n\t\t\t\t\t<\/div>\n\t\t<\/div>\n\t\t\t\t\t<\/div>\n\t\t<\/section>\n\t\t\t\t<\/div>\n\t\t","protected":false},"excerpt":{"rendered":"<p>2018 XV JUBILEUSZOWA EDYCJA FESTIWALU WARSZAWA SINGERA &nbsp; 25 SIERPNIA &#8211; 2 WRZE\u015aNIA 2018 To by\u0142a specjalna, jubileuszowa ods\u0142ona Festiwalu [&hellip;]<\/p>\n","protected":false},"author":1,"featured_media":0,"parent":5690,"menu_order":0,"comment_status":"closed","ping_status":"closed","template":"","meta":{"_acf_changed":false,"ngg_post_thumbnail":0,"footnotes":""},"class_list":["post-7633","page","type-page","status-publish","hentry"],"acf":[],"_links":{"self":[{"href":"https:\/\/shalom.org.pl\/en\/wp-json\/wp\/v2\/pages\/7633","targetHints":{"allow":["GET"]}}],"collection":[{"href":"https:\/\/shalom.org.pl\/en\/wp-json\/wp\/v2\/pages"}],"about":[{"href":"https:\/\/shalom.org.pl\/en\/wp-json\/wp\/v2\/types\/page"}],"author":[{"embeddable":true,"href":"https:\/\/shalom.org.pl\/en\/wp-json\/wp\/v2\/users\/1"}],"replies":[{"embeddable":true,"href":"https:\/\/shalom.org.pl\/en\/wp-json\/wp\/v2\/comments?post=7633"}],"version-history":[{"count":16,"href":"https:\/\/shalom.org.pl\/en\/wp-json\/wp\/v2\/pages\/7633\/revisions"}],"predecessor-version":[{"id":7706,"href":"https:\/\/shalom.org.pl\/en\/wp-json\/wp\/v2\/pages\/7633\/revisions\/7706"}],"up":[{"embeddable":true,"href":"https:\/\/shalom.org.pl\/en\/wp-json\/wp\/v2\/pages\/5690"}],"wp:attachment":[{"href":"https:\/\/shalom.org.pl\/en\/wp-json\/wp\/v2\/media?parent=7633"}],"curies":[{"name":"wp","href":"https:\/\/api.w.org\/{rel}","templated":true}]}}