{"id":6221,"date":"2019-05-14T11:46:15","date_gmt":"2019-05-14T09:46:15","guid":{"rendered":"http:\/\/shalom.org.pl\/?page_id=6221"},"modified":"2019-05-29T22:22:25","modified_gmt":"2019-05-29T20:22:25","slug":"2014-2","status":"publish","type":"page","link":"https:\/\/shalom.org.pl\/en\/o-festiwalu\/poprzednie-edycje\/2014-2\/","title":{"rendered":"2014"},"content":{"rendered":"\t\t<div data-elementor-type=\"wp-post\" data-elementor-id=\"6221\" class=\"elementor elementor-6221\">\n\t\t\t\t\t\t<section class=\"has_eae_slider elementor-section elementor-top-section elementor-element elementor-element-a895e99 elementor-section-boxed elementor-section-height-default elementor-section-height-default\" data-eae-slider=\"39873\" data-id=\"a895e99\" data-element_type=\"section\" data-e-type=\"section\">\n\t\t\t\t\t\t<div class=\"elementor-container elementor-column-gap-default\">\n\t\t\t\t\t<div class=\"has_eae_slider elementor-column elementor-col-100 elementor-top-column elementor-element elementor-element-04911e6\" data-eae-slider=\"43014\" data-id=\"04911e6\" data-element_type=\"column\" data-e-type=\"column\">\n\t\t\t<div class=\"elementor-widget-wrap elementor-element-populated\">\n\t\t\t\t\t\t<div class=\"elementor-element elementor-element-0020d13 elementor-widget elementor-widget-heading\" data-id=\"0020d13\" data-element_type=\"widget\" data-e-type=\"widget\" data-widget_type=\"heading.default\">\n\t\t\t\t<div class=\"elementor-widget-container\">\n\t\t\t\t\t<h2 class=\"elementor-heading-title elementor-size-default\">XI EDYCJA FESTIWALU WARSZAWA SINGERA<\/h2>\t\t\t\t<\/div>\n\t\t\t\t<\/div>\n\t\t\t\t<div class=\"elementor-element elementor-element-b9e6742 elementor-widget elementor-widget-text-editor\" data-id=\"b9e6742\" data-element_type=\"widget\" data-e-type=\"widget\" data-widget_type=\"text-editor.default\">\n\t\t\t\t<div class=\"elementor-widget-container\">\n\t\t\t\t\t\t\t\t\t<p>23-31 SIERPNIA \u2013 1 WRZE\u015aNIA\u00a02014 R.\u200b<\/p><h2 align=\"JUSTIFY\"><strong><span class=\"userContent\">Galeria zdj\u0119\u0107 najwa\u017cniejszych wydarze\u0144 XI edycji festiwalu:<\/span><\/strong><\/h2>\t\t\t\t\t\t\t\t<\/div>\n\t\t\t\t<\/div>\n\t\t\t\t<div class=\"elementor-element elementor-element-93df590 elementor-widget elementor-widget-heading\" data-id=\"93df590\" data-element_type=\"widget\" data-e-type=\"widget\" data-widget_type=\"heading.default\">\n\t\t\t\t<div class=\"elementor-widget-container\">\n\t\t\t\t\t<h4 class=\"elementor-heading-title elementor-size-default\"><strong>Uroczyste Otwarcie Festiwalu \u2013 Koncert Kantor\u00f3w<\/strong><\/h4>\t\t\t\t<\/div>\n\t\t\t\t<\/div>\n\t\t\t\t\t<\/div>\n\t\t<\/div>\n\t\t\t\t\t<\/div>\n\t\t<\/section>\n\t\t\t\t<section class=\"has_eae_slider elementor-section elementor-top-section elementor-element elementor-element-74afa38 elementor-section-boxed elementor-section-height-default elementor-section-height-default\" data-eae-slider=\"80171\" data-id=\"74afa38\" data-element_type=\"section\" data-e-type=\"section\">\n\t\t\t\t\t\t<div class=\"elementor-container elementor-column-gap-default\">\n\t\t\t\t\t<div class=\"has_eae_slider elementor-column elementor-col-100 elementor-top-column elementor-element elementor-element-aa7a93b\" data-eae-slider=\"8365\" data-id=\"aa7a93b\" data-element_type=\"column\" data-e-type=\"column\">\n\t\t\t<div class=\"elementor-widget-wrap elementor-element-populated\">\n\t\t\t\t\t\t<div class=\"elementor-element elementor-element-02dc5c7 elementor-widget elementor-widget-text-editor\" data-id=\"02dc5c7\" data-element_type=\"widget\" data-e-type=\"widget\" data-widget_type=\"text-editor.default\">\n\t\t\t\t<div class=\"elementor-widget-container\">\n\t\t\t\t\t\t\t\t\t<p>(Synagoga im. No\u017cyk\u00f3w, 25.08)<\/p>\t\t\t\t\t\t\t\t<\/div>\n\t\t\t\t<\/div>\n\t\t\t\t\t<\/div>\n\t\t<\/div>\n\t\t\t\t\t<\/div>\n\t\t<\/section>\n\t\t\t\t<section class=\"has_eae_slider elementor-section elementor-top-section elementor-element elementor-element-2c11ba8 elementor-section-boxed elementor-section-height-default elementor-section-height-default\" data-eae-slider=\"92389\" data-id=\"2c11ba8\" data-element_type=\"section\" data-e-type=\"section\">\n\t\t\t\t\t\t<div class=\"elementor-container elementor-column-gap-default\">\n\t\t\t\t\t<div class=\"has_eae_slider elementor-column elementor-col-100 elementor-top-column elementor-element elementor-element-798032e\" data-eae-slider=\"40532\" data-id=\"798032e\" data-element_type=\"column\" data-e-type=\"column\">\n\t\t\t<div class=\"elementor-widget-wrap elementor-element-populated\">\n\t\t\t\t\t\t<div class=\"elementor-element elementor-element-35f39ff elementor-widget elementor-widget-wp-widget-media_gallery\" data-id=\"35f39ff\" data-element_type=\"widget\" data-e-type=\"widget\" data-widget_type=\"wp-widget-media_gallery.default\">\n\t\t\t\t<div class=\"elementor-widget-container\">\n\t\t\t\t\t\n\t\t<style type=\"text\/css\">\n\t\t\t#gallery-1 {\n\t\t\t\tmargin: auto;\n\t\t\t}\n\t\t\t#gallery-1 .gallery-item {\n\t\t\t\tfloat: left;\n\t\t\t\tmargin-top: 10px;\n\t\t\t\ttext-align: center;\n\t\t\t\twidth: 33%;\n\t\t\t}\n\t\t\t#gallery-1 img {\n\t\t\t\tborder: 2px solid #cfcfcf;\n\t\t\t}\n\t\t\t#gallery-1 .gallery-caption {\n\t\t\t\tmargin-left: 0;\n\t\t\t}\n\t\t\t\/* see gallery_shortcode() in wp-includes\/media.php *\/\n\t\t<\/style>\n\t\t<div id='gallery-1' class='gallery galleryid-6221 gallery-columns-3 gallery-size-medium'><dl class='gallery-item'>\n\t\t\t<dt class='gallery-icon landscape'>\n\t\t\t\t<a data-elementor-open-lightbox=\"yes\" data-elementor-lightbox-slideshow=\"35f39ff\" data-elementor-lightbox-title=\"kantorzy_002\" data-e-action-hash=\"#elementor-action%3Aaction%3Dlightbox%26settings%3DeyJpZCI6Njc2NCwidXJsIjoiaHR0cHM6XC9cL3NoYWxvbS5vcmcucGxcL3dwLWNvbnRlbnRcL3VwbG9hZHNcLzIwMTlcLzA1XC9rYW50b3J6eV8wMDIuanBnIiwic2xpZGVzaG93IjoiMzVmMzlmZiJ9\" href='https:\/\/shalom.org.pl\/wp-content\/uploads\/2019\/05\/kantorzy_002.jpg'><img fetchpriority=\"high\" decoding=\"async\" width=\"300\" height=\"190\" src=\"https:\/\/shalom.org.pl\/wp-content\/uploads\/2019\/05\/kantorzy_002-300x190.jpg\" class=\"attachment-medium size-medium\" alt=\"\" srcset=\"https:\/\/shalom.org.pl\/wp-content\/uploads\/2019\/05\/kantorzy_002-300x190.jpg 300w, https:\/\/shalom.org.pl\/wp-content\/uploads\/2019\/05\/kantorzy_002-768x485.jpg 768w, https:\/\/shalom.org.pl\/wp-content\/uploads\/2019\/05\/kantorzy_002-1024x647.jpg 1024w, https:\/\/shalom.org.pl\/wp-content\/uploads\/2019\/05\/kantorzy_002-404x255.jpg 404w, https:\/\/shalom.org.pl\/wp-content\/uploads\/2019\/05\/kantorzy_002-350x221.jpg 350w\" sizes=\"(max-width: 300px) 100vw, 300px\" \/><\/a>\n\t\t\t<\/dt><\/dl><dl class='gallery-item'>\n\t\t\t<dt class='gallery-icon landscape'>\n\t\t\t\t<a data-elementor-open-lightbox=\"yes\" data-elementor-lightbox-slideshow=\"35f39ff\" data-elementor-lightbox-title=\"koncert\" data-e-action-hash=\"#elementor-action%3Aaction%3Dlightbox%26settings%3DeyJpZCI6Njc2NSwidXJsIjoiaHR0cHM6XC9cL3NoYWxvbS5vcmcucGxcL3dwLWNvbnRlbnRcL3VwbG9hZHNcLzIwMTlcLzA1XC9rb25jZXJ0LmpwZyIsInNsaWRlc2hvdyI6IjM1ZjM5ZmYifQ%3D%3D\" href='https:\/\/shalom.org.pl\/wp-content\/uploads\/2019\/05\/koncert.jpg'><img decoding=\"async\" width=\"300\" height=\"225\" src=\"https:\/\/shalom.org.pl\/wp-content\/uploads\/2019\/05\/koncert-300x225.jpg\" class=\"attachment-medium size-medium\" alt=\"\" srcset=\"https:\/\/shalom.org.pl\/wp-content\/uploads\/2019\/05\/koncert-300x225.jpg 300w, https:\/\/shalom.org.pl\/wp-content\/uploads\/2019\/05\/koncert-768x576.jpg 768w, https:\/\/shalom.org.pl\/wp-content\/uploads\/2019\/05\/koncert-1024x768.jpg 1024w, https:\/\/shalom.org.pl\/wp-content\/uploads\/2019\/05\/koncert-340x255.jpg 340w, https:\/\/shalom.org.pl\/wp-content\/uploads\/2019\/05\/koncert-350x263.jpg 350w\" sizes=\"(max-width: 300px) 100vw, 300px\" \/><\/a>\n\t\t\t<\/dt><\/dl><dl class='gallery-item'>\n\t\t\t<dt class='gallery-icon landscape'>\n\t\t\t\t<a data-elementor-open-lightbox=\"yes\" data-elementor-lightbox-slideshow=\"35f39ff\" data-elementor-lightbox-title=\"koncert_002\" data-e-action-hash=\"#elementor-action%3Aaction%3Dlightbox%26settings%3DeyJpZCI6Njc2NiwidXJsIjoiaHR0cHM6XC9cL3NoYWxvbS5vcmcucGxcL3dwLWNvbnRlbnRcL3VwbG9hZHNcLzIwMTlcLzA1XC9rb25jZXJ0XzAwMi5qcGciLCJzbGlkZXNob3ciOiIzNWYzOWZmIn0%3D\" href='https:\/\/shalom.org.pl\/wp-content\/uploads\/2019\/05\/koncert_002.jpg'><img decoding=\"async\" width=\"300\" height=\"225\" src=\"https:\/\/shalom.org.pl\/wp-content\/uploads\/2019\/05\/koncert_002-300x225.jpg\" class=\"attachment-medium size-medium\" alt=\"\" srcset=\"https:\/\/shalom.org.pl\/wp-content\/uploads\/2019\/05\/koncert_002-300x225.jpg 300w, https:\/\/shalom.org.pl\/wp-content\/uploads\/2019\/05\/koncert_002-768x576.jpg 768w, https:\/\/shalom.org.pl\/wp-content\/uploads\/2019\/05\/koncert_002-1024x768.jpg 1024w, https:\/\/shalom.org.pl\/wp-content\/uploads\/2019\/05\/koncert_002-340x255.jpg 340w, https:\/\/shalom.org.pl\/wp-content\/uploads\/2019\/05\/koncert_002-350x263.jpg 350w\" sizes=\"(max-width: 300px) 100vw, 300px\" \/><\/a>\n\t\t\t<\/dt><\/dl><br style=\"clear: both\" \/><dl class='gallery-item'>\n\t\t\t<dt class='gallery-icon landscape'>\n\t\t\t\t<a data-elementor-open-lightbox=\"yes\" data-elementor-lightbox-slideshow=\"35f39ff\" data-elementor-lightbox-title=\"koncert_003\" data-e-action-hash=\"#elementor-action%3Aaction%3Dlightbox%26settings%3DeyJpZCI6Njc2NywidXJsIjoiaHR0cHM6XC9cL3NoYWxvbS5vcmcucGxcL3dwLWNvbnRlbnRcL3VwbG9hZHNcLzIwMTlcLzA1XC9rb25jZXJ0XzAwMy5qcGciLCJzbGlkZXNob3ciOiIzNWYzOWZmIn0%3D\" href='https:\/\/shalom.org.pl\/wp-content\/uploads\/2019\/05\/koncert_003.jpg'><img loading=\"lazy\" decoding=\"async\" width=\"300\" height=\"189\" src=\"https:\/\/shalom.org.pl\/wp-content\/uploads\/2019\/05\/koncert_003-300x189.jpg\" class=\"attachment-medium size-medium\" alt=\"\" srcset=\"https:\/\/shalom.org.pl\/wp-content\/uploads\/2019\/05\/koncert_003-300x189.jpg 300w, https:\/\/shalom.org.pl\/wp-content\/uploads\/2019\/05\/koncert_003-768x483.jpg 768w, https:\/\/shalom.org.pl\/wp-content\/uploads\/2019\/05\/koncert_003-1024x643.jpg 1024w, https:\/\/shalom.org.pl\/wp-content\/uploads\/2019\/05\/koncert_003-406x255.jpg 406w, https:\/\/shalom.org.pl\/wp-content\/uploads\/2019\/05\/koncert_003-350x220.jpg 350w\" sizes=\"(max-width: 300px) 100vw, 300px\" \/><\/a>\n\t\t\t<\/dt><\/dl>\n\t\t\t<br style='clear: both' \/>\n\t\t<\/div>\n\t\t\t\t<\/div>\n\t\t\t\t<\/div>\n\t\t\t\t\t<\/div>\n\t\t<\/div>\n\t\t\t\t\t<\/div>\n\t\t<\/section>\n\t\t\t\t<section class=\"has_eae_slider elementor-section elementor-top-section elementor-element elementor-element-6bc10e4 elementor-section-boxed elementor-section-height-default elementor-section-height-default\" data-eae-slider=\"10215\" data-id=\"6bc10e4\" data-element_type=\"section\" data-e-type=\"section\">\n\t\t\t\t\t\t<div class=\"elementor-container elementor-column-gap-default\">\n\t\t\t\t\t<div class=\"has_eae_slider elementor-column elementor-col-100 elementor-top-column elementor-element elementor-element-d785f28\" data-eae-slider=\"33652\" data-id=\"d785f28\" data-element_type=\"column\" data-e-type=\"column\">\n\t\t\t<div class=\"elementor-widget-wrap elementor-element-populated\">\n\t\t\t\t\t\t<div class=\"elementor-element elementor-element-32c1565 elementor-widget elementor-widget-heading\" data-id=\"32c1565\" data-element_type=\"widget\" data-e-type=\"widget\" data-widget_type=\"heading.default\">\n\t\t\t\t<div class=\"elementor-widget-container\">\n\t\t\t\t\t<h4 class=\"elementor-heading-title elementor-size-default\"><strong>Spektakl \u201eRobot Planet\u201d<\/strong><\/h4>\t\t\t\t<\/div>\n\t\t\t\t<\/div>\n\t\t\t\t\t<\/div>\n\t\t<\/div>\n\t\t\t\t\t<\/div>\n\t\t<\/section>\n\t\t\t\t<section class=\"has_eae_slider elementor-section elementor-top-section elementor-element elementor-element-4b9b121 elementor-section-boxed elementor-section-height-default elementor-section-height-default\" data-eae-slider=\"31175\" data-id=\"4b9b121\" data-element_type=\"section\" data-e-type=\"section\">\n\t\t\t\t\t\t<div class=\"elementor-container elementor-column-gap-default\">\n\t\t\t\t\t<div class=\"has_eae_slider elementor-column elementor-col-100 elementor-top-column elementor-element elementor-element-9e51f72\" data-eae-slider=\"61269\" data-id=\"9e51f72\" data-element_type=\"column\" data-e-type=\"column\">\n\t\t\t<div class=\"elementor-widget-wrap elementor-element-populated\">\n\t\t\t\t\t\t<div class=\"elementor-element elementor-element-f16d6a1 elementor-widget elementor-widget-text-editor\" data-id=\"f16d6a1\" data-element_type=\"widget\" data-e-type=\"widget\" data-widget_type=\"text-editor.default\">\n\t\t\t\t<div class=\"elementor-widget-container\">\n\t\t\t\t\t\t\t\t\t<p>(Teatr \u017bydowski, 25.08)<\/p>\t\t\t\t\t\t\t\t<\/div>\n\t\t\t\t<\/div>\n\t\t\t\t\t<\/div>\n\t\t<\/div>\n\t\t\t\t\t<\/div>\n\t\t<\/section>\n\t\t\t\t<section class=\"has_eae_slider elementor-section elementor-top-section elementor-element elementor-element-2ceca39 elementor-section-boxed elementor-section-height-default elementor-section-height-default\" data-eae-slider=\"36334\" data-id=\"2ceca39\" data-element_type=\"section\" data-e-type=\"section\">\n\t\t\t\t\t\t<div class=\"elementor-container elementor-column-gap-default\">\n\t\t\t\t\t<div class=\"has_eae_slider elementor-column elementor-col-100 elementor-top-column elementor-element elementor-element-05bedc7\" data-eae-slider=\"93759\" data-id=\"05bedc7\" data-element_type=\"column\" data-e-type=\"column\">\n\t\t\t<div class=\"elementor-widget-wrap elementor-element-populated\">\n\t\t\t\t\t\t<div class=\"elementor-element elementor-element-347fb21 elementor-widget elementor-widget-wp-widget-media_gallery\" data-id=\"347fb21\" data-element_type=\"widget\" data-e-type=\"widget\" data-widget_type=\"wp-widget-media_gallery.default\">\n\t\t\t\t<div class=\"elementor-widget-container\">\n\t\t\t\t\t\n\t\t<style type=\"text\/css\">\n\t\t\t#gallery-2 {\n\t\t\t\tmargin: auto;\n\t\t\t}\n\t\t\t#gallery-2 .gallery-item {\n\t\t\t\tfloat: left;\n\t\t\t\tmargin-top: 10px;\n\t\t\t\ttext-align: center;\n\t\t\t\twidth: 33%;\n\t\t\t}\n\t\t\t#gallery-2 img {\n\t\t\t\tborder: 2px solid #cfcfcf;\n\t\t\t}\n\t\t\t#gallery-2 .gallery-caption {\n\t\t\t\tmargin-left: 0;\n\t\t\t}\n\t\t\t\/* see gallery_shortcode() in wp-includes\/media.php *\/\n\t\t<\/style>\n\t\t<div id='gallery-2' class='gallery galleryid-6221 gallery-columns-3 gallery-size-medium'><dl class='gallery-item'>\n\t\t\t<dt class='gallery-icon landscape'>\n\t\t\t\t<a data-elementor-open-lightbox=\"yes\" data-elementor-lightbox-slideshow=\"347fb21\" data-elementor-lightbox-title=\"Robot-50-1024x683\" data-e-action-hash=\"#elementor-action%3Aaction%3Dlightbox%26settings%3DeyJpZCI6Njc2OCwidXJsIjoiaHR0cHM6XC9cL3NoYWxvbS5vcmcucGxcL3dwLWNvbnRlbnRcL3VwbG9hZHNcLzIwMTlcLzA1XC9Sb2JvdC01MC0xMDI0eDY4My5qcGciLCJzbGlkZXNob3ciOiIzNDdmYjIxIn0%3D\" href='https:\/\/shalom.org.pl\/wp-content\/uploads\/2019\/05\/Robot-50-1024x683.jpg'><img loading=\"lazy\" decoding=\"async\" width=\"300\" height=\"200\" src=\"https:\/\/shalom.org.pl\/wp-content\/uploads\/2019\/05\/Robot-50-1024x683-300x200.jpg\" class=\"attachment-medium size-medium\" alt=\"\" srcset=\"https:\/\/shalom.org.pl\/wp-content\/uploads\/2019\/05\/Robot-50-1024x683-300x200.jpg 300w, https:\/\/shalom.org.pl\/wp-content\/uploads\/2019\/05\/Robot-50-1024x683-768x512.jpg 768w, https:\/\/shalom.org.pl\/wp-content\/uploads\/2019\/05\/Robot-50-1024x683.jpg 1024w, https:\/\/shalom.org.pl\/wp-content\/uploads\/2019\/05\/Robot-50-1024x683-382x255.jpg 382w, https:\/\/shalom.org.pl\/wp-content\/uploads\/2019\/05\/Robot-50-1024x683-350x233.jpg 350w\" sizes=\"(max-width: 300px) 100vw, 300px\" \/><\/a>\n\t\t\t<\/dt><\/dl><dl class='gallery-item'>\n\t\t\t<dt class='gallery-icon landscape'>\n\t\t\t\t<a data-elementor-open-lightbox=\"yes\" data-elementor-lightbox-slideshow=\"347fb21\" data-elementor-lightbox-title=\"Robot-58-1024x683\" data-e-action-hash=\"#elementor-action%3Aaction%3Dlightbox%26settings%3DeyJpZCI6Njc2OSwidXJsIjoiaHR0cHM6XC9cL3NoYWxvbS5vcmcucGxcL3dwLWNvbnRlbnRcL3VwbG9hZHNcLzIwMTlcLzA1XC9Sb2JvdC01OC0xMDI0eDY4My5qcGciLCJzbGlkZXNob3ciOiIzNDdmYjIxIn0%3D\" href='https:\/\/shalom.org.pl\/wp-content\/uploads\/2019\/05\/Robot-58-1024x683.jpg'><img loading=\"lazy\" decoding=\"async\" width=\"300\" height=\"200\" src=\"https:\/\/shalom.org.pl\/wp-content\/uploads\/2019\/05\/Robot-58-1024x683-300x200.jpg\" class=\"attachment-medium size-medium\" alt=\"\" srcset=\"https:\/\/shalom.org.pl\/wp-content\/uploads\/2019\/05\/Robot-58-1024x683-300x200.jpg 300w, https:\/\/shalom.org.pl\/wp-content\/uploads\/2019\/05\/Robot-58-1024x683-768x512.jpg 768w, https:\/\/shalom.org.pl\/wp-content\/uploads\/2019\/05\/Robot-58-1024x683.jpg 1024w, https:\/\/shalom.org.pl\/wp-content\/uploads\/2019\/05\/Robot-58-1024x683-382x255.jpg 382w, https:\/\/shalom.org.pl\/wp-content\/uploads\/2019\/05\/Robot-58-1024x683-350x233.jpg 350w\" sizes=\"(max-width: 300px) 100vw, 300px\" \/><\/a>\n\t\t\t<\/dt><\/dl><dl class='gallery-item'>\n\t\t\t<dt class='gallery-icon landscape'>\n\t\t\t\t<a data-elementor-open-lightbox=\"yes\" data-elementor-lightbox-slideshow=\"347fb21\" data-elementor-lightbox-title=\"Robot-59-1024x683\" data-e-action-hash=\"#elementor-action%3Aaction%3Dlightbox%26settings%3DeyJpZCI6Njc3MCwidXJsIjoiaHR0cHM6XC9cL3NoYWxvbS5vcmcucGxcL3dwLWNvbnRlbnRcL3VwbG9hZHNcLzIwMTlcLzA1XC9Sb2JvdC01OS0xMDI0eDY4My5qcGciLCJzbGlkZXNob3ciOiIzNDdmYjIxIn0%3D\" href='https:\/\/shalom.org.pl\/wp-content\/uploads\/2019\/05\/Robot-59-1024x683.jpg'><img loading=\"lazy\" decoding=\"async\" width=\"300\" height=\"200\" src=\"https:\/\/shalom.org.pl\/wp-content\/uploads\/2019\/05\/Robot-59-1024x683-300x200.jpg\" class=\"attachment-medium size-medium\" alt=\"\" srcset=\"https:\/\/shalom.org.pl\/wp-content\/uploads\/2019\/05\/Robot-59-1024x683-300x200.jpg 300w, https:\/\/shalom.org.pl\/wp-content\/uploads\/2019\/05\/Robot-59-1024x683-768x512.jpg 768w, https:\/\/shalom.org.pl\/wp-content\/uploads\/2019\/05\/Robot-59-1024x683.jpg 1024w, https:\/\/shalom.org.pl\/wp-content\/uploads\/2019\/05\/Robot-59-1024x683-382x255.jpg 382w, https:\/\/shalom.org.pl\/wp-content\/uploads\/2019\/05\/Robot-59-1024x683-350x233.jpg 350w\" sizes=\"(max-width: 300px) 100vw, 300px\" \/><\/a>\n\t\t\t<\/dt><\/dl><br style=\"clear: both\" \/><dl class='gallery-item'>\n\t\t\t<dt class='gallery-icon landscape'>\n\t\t\t\t<a data-elementor-open-lightbox=\"yes\" data-elementor-lightbox-slideshow=\"347fb21\" data-elementor-lightbox-title=\"robotplanet\" data-e-action-hash=\"#elementor-action%3Aaction%3Dlightbox%26settings%3DeyJpZCI6Njc3MSwidXJsIjoiaHR0cHM6XC9cL3NoYWxvbS5vcmcucGxcL3dwLWNvbnRlbnRcL3VwbG9hZHNcLzIwMTlcLzA1XC9yb2JvdHBsYW5ldC5qcGciLCJzbGlkZXNob3ciOiIzNDdmYjIxIn0%3D\" href='https:\/\/shalom.org.pl\/wp-content\/uploads\/2019\/05\/robotplanet.jpg'><img loading=\"lazy\" decoding=\"async\" width=\"300\" height=\"200\" src=\"https:\/\/shalom.org.pl\/wp-content\/uploads\/2019\/05\/robotplanet-300x200.jpg\" class=\"attachment-medium size-medium\" alt=\"\" srcset=\"https:\/\/shalom.org.pl\/wp-content\/uploads\/2019\/05\/robotplanet-300x200.jpg 300w, https:\/\/shalom.org.pl\/wp-content\/uploads\/2019\/05\/robotplanet-768x512.jpg 768w, https:\/\/shalom.org.pl\/wp-content\/uploads\/2019\/05\/robotplanet-1024x683.jpg 1024w, https:\/\/shalom.org.pl\/wp-content\/uploads\/2019\/05\/robotplanet-383x255.jpg 383w, https:\/\/shalom.org.pl\/wp-content\/uploads\/2019\/05\/robotplanet-350x233.jpg 350w\" sizes=\"(max-width: 300px) 100vw, 300px\" \/><\/a>\n\t\t\t<\/dt><\/dl>\n\t\t\t<br style='clear: both' \/>\n\t\t<\/div>\n\t\t\t\t<\/div>\n\t\t\t\t<\/div>\n\t\t\t\t\t<\/div>\n\t\t<\/div>\n\t\t\t\t\t<\/div>\n\t\t<\/section>\n\t\t\t\t<section class=\"has_eae_slider elementor-section elementor-top-section elementor-element elementor-element-a45c924 elementor-section-boxed elementor-section-height-default elementor-section-height-default\" data-eae-slider=\"51544\" data-id=\"a45c924\" data-element_type=\"section\" data-e-type=\"section\">\n\t\t\t\t\t\t<div class=\"elementor-container elementor-column-gap-default\">\n\t\t\t\t\t<div class=\"has_eae_slider elementor-column elementor-col-100 elementor-top-column elementor-element elementor-element-d2e225a\" data-eae-slider=\"87724\" data-id=\"d2e225a\" data-element_type=\"column\" data-e-type=\"column\">\n\t\t\t<div class=\"elementor-widget-wrap elementor-element-populated\">\n\t\t\t\t\t\t<div class=\"elementor-element elementor-element-e576402 elementor-widget elementor-widget-heading\" data-id=\"e576402\" data-element_type=\"widget\" data-e-type=\"widget\" data-widget_type=\"heading.default\">\n\t\t\t\t<div class=\"elementor-widget-container\">\n\t\t\t\t\t<h4 class=\"elementor-heading-title elementor-size-default\"><p align=\"JUSTIFY\"><strong><span class=\"userContent\">Singer Jazz Festival: Harold R<\/span><\/strong><strong><span class=\"userContent\">ubin &amp; Miko\u0142aj Trzaska<\/span><\/strong><\/p><\/h4>\t\t\t\t<\/div>\n\t\t\t\t<\/div>\n\t\t\t\t\t<\/div>\n\t\t<\/div>\n\t\t\t\t\t<\/div>\n\t\t<\/section>\n\t\t\t\t<section class=\"has_eae_slider elementor-section elementor-top-section elementor-element elementor-element-40d55fe elementor-section-boxed elementor-section-height-default elementor-section-height-default\" data-eae-slider=\"96599\" data-id=\"40d55fe\" data-element_type=\"section\" data-e-type=\"section\">\n\t\t\t\t\t\t<div class=\"elementor-container elementor-column-gap-default\">\n\t\t\t\t\t<div class=\"has_eae_slider elementor-column elementor-col-100 elementor-top-column elementor-element elementor-element-6651ae2\" data-eae-slider=\"15041\" data-id=\"6651ae2\" data-element_type=\"column\" data-e-type=\"column\">\n\t\t\t<div class=\"elementor-widget-wrap elementor-element-populated\">\n\t\t\t\t\t\t<div class=\"elementor-element elementor-element-1bd4a7a elementor-widget elementor-widget-text-editor\" data-id=\"1bd4a7a\" data-element_type=\"widget\" data-e-type=\"widget\" data-widget_type=\"text-editor.default\">\n\t\t\t\t<div class=\"elementor-widget-container\">\n\t\t\t\t\t\t\t\t\t<p><span class=\"userContent\">(Pardon, To tu, 25.08)<\/span><\/p>\t\t\t\t\t\t\t\t<\/div>\n\t\t\t\t<\/div>\n\t\t\t\t\t<\/div>\n\t\t<\/div>\n\t\t\t\t\t<\/div>\n\t\t<\/section>\n\t\t\t\t<section class=\"has_eae_slider elementor-section elementor-top-section elementor-element elementor-element-812e11f elementor-section-boxed elementor-section-height-default elementor-section-height-default\" data-eae-slider=\"76469\" data-id=\"812e11f\" data-element_type=\"section\" data-e-type=\"section\">\n\t\t\t\t\t\t<div class=\"elementor-container elementor-column-gap-default\">\n\t\t\t\t\t<div class=\"has_eae_slider elementor-column elementor-col-100 elementor-top-column elementor-element elementor-element-73a4657\" data-eae-slider=\"34838\" data-id=\"73a4657\" data-element_type=\"column\" data-e-type=\"column\">\n\t\t\t<div class=\"elementor-widget-wrap elementor-element-populated\">\n\t\t\t\t\t\t<div class=\"elementor-element elementor-element-395873e elementor-widget elementor-widget-wp-widget-media_gallery\" data-id=\"395873e\" data-element_type=\"widget\" data-e-type=\"widget\" data-widget_type=\"wp-widget-media_gallery.default\">\n\t\t\t\t<div class=\"elementor-widget-container\">\n\t\t\t\t\t\n\t\t<style type=\"text\/css\">\n\t\t\t#gallery-3 {\n\t\t\t\tmargin: auto;\n\t\t\t}\n\t\t\t#gallery-3 .gallery-item {\n\t\t\t\tfloat: left;\n\t\t\t\tmargin-top: 10px;\n\t\t\t\ttext-align: center;\n\t\t\t\twidth: 33%;\n\t\t\t}\n\t\t\t#gallery-3 img {\n\t\t\t\tborder: 2px solid #cfcfcf;\n\t\t\t}\n\t\t\t#gallery-3 .gallery-caption {\n\t\t\t\tmargin-left: 0;\n\t\t\t}\n\t\t\t\/* see gallery_shortcode() in wp-includes\/media.php *\/\n\t\t<\/style>\n\t\t<div id='gallery-3' class='gallery galleryid-6221 gallery-columns-3 gallery-size-medium'><dl class='gallery-item'>\n\t\t\t<dt class='gallery-icon landscape'>\n\t\t\t\t<a data-elementor-open-lightbox=\"yes\" data-elementor-lightbox-slideshow=\"395873e\" data-elementor-lightbox-title=\"Final\" data-e-action-hash=\"#elementor-action%3Aaction%3Dlightbox%26settings%3DeyJpZCI6Njc3MywidXJsIjoiaHR0cHM6XC9cL3NoYWxvbS5vcmcucGxcL3dwLWNvbnRlbnRcL3VwbG9hZHNcLzIwMTlcLzA1XC9GaW5hbC5qcGciLCJzbGlkZXNob3ciOiIzOTU4NzNlIn0%3D\" href='https:\/\/shalom.org.pl\/wp-content\/uploads\/2019\/05\/Final.jpg'><img loading=\"lazy\" decoding=\"async\" width=\"300\" height=\"200\" src=\"https:\/\/shalom.org.pl\/wp-content\/uploads\/2019\/05\/Final-300x200.jpg\" class=\"attachment-medium size-medium\" alt=\"\" srcset=\"https:\/\/shalom.org.pl\/wp-content\/uploads\/2019\/05\/Final-300x200.jpg 300w, https:\/\/shalom.org.pl\/wp-content\/uploads\/2019\/05\/Final-768x512.jpg 768w, https:\/\/shalom.org.pl\/wp-content\/uploads\/2019\/05\/Final.jpg 1024w, https:\/\/shalom.org.pl\/wp-content\/uploads\/2019\/05\/Final-382x255.jpg 382w, https:\/\/shalom.org.pl\/wp-content\/uploads\/2019\/05\/Final-350x233.jpg 350w\" sizes=\"(max-width: 300px) 100vw, 300px\" \/><\/a>\n\t\t\t<\/dt><\/dl><dl class='gallery-item'>\n\t\t\t<dt class='gallery-icon landscape'>\n\t\t\t\t<a data-elementor-open-lightbox=\"yes\" data-elementor-lightbox-slideshow=\"395873e\" data-elementor-lightbox-title=\"Rubin\" data-e-action-hash=\"#elementor-action%3Aaction%3Dlightbox%26settings%3DeyJpZCI6Njc3NCwidXJsIjoiaHR0cHM6XC9cL3NoYWxvbS5vcmcucGxcL3dwLWNvbnRlbnRcL3VwbG9hZHNcLzIwMTlcLzA1XC9SdWJpbi5qcGciLCJzbGlkZXNob3ciOiIzOTU4NzNlIn0%3D\" href='https:\/\/shalom.org.pl\/wp-content\/uploads\/2019\/05\/Rubin.jpg'><img loading=\"lazy\" decoding=\"async\" width=\"300\" height=\"200\" src=\"https:\/\/shalom.org.pl\/wp-content\/uploads\/2019\/05\/Rubin-300x200.jpg\" class=\"attachment-medium size-medium\" alt=\"\" srcset=\"https:\/\/shalom.org.pl\/wp-content\/uploads\/2019\/05\/Rubin-300x200.jpg 300w, https:\/\/shalom.org.pl\/wp-content\/uploads\/2019\/05\/Rubin-768x512.jpg 768w, https:\/\/shalom.org.pl\/wp-content\/uploads\/2019\/05\/Rubin.jpg 1024w, https:\/\/shalom.org.pl\/wp-content\/uploads\/2019\/05\/Rubin-382x255.jpg 382w, https:\/\/shalom.org.pl\/wp-content\/uploads\/2019\/05\/Rubin-350x233.jpg 350w\" sizes=\"(max-width: 300px) 100vw, 300px\" \/><\/a>\n\t\t\t<\/dt><\/dl><dl class='gallery-item'>\n\t\t\t<dt class='gallery-icon landscape'>\n\t\t\t\t<a data-elementor-open-lightbox=\"yes\" data-elementor-lightbox-slideshow=\"395873e\" data-elementor-lightbox-title=\"Rubin_003\" data-e-action-hash=\"#elementor-action%3Aaction%3Dlightbox%26settings%3DeyJpZCI6Njc3NSwidXJsIjoiaHR0cHM6XC9cL3NoYWxvbS5vcmcucGxcL3dwLWNvbnRlbnRcL3VwbG9hZHNcLzIwMTlcLzA1XC9SdWJpbl8wMDMuanBnIiwic2xpZGVzaG93IjoiMzk1ODczZSJ9\" href='https:\/\/shalom.org.pl\/wp-content\/uploads\/2019\/05\/Rubin_003.jpg'><img loading=\"lazy\" decoding=\"async\" width=\"300\" height=\"176\" src=\"https:\/\/shalom.org.pl\/wp-content\/uploads\/2019\/05\/Rubin_003-300x176.jpg\" class=\"attachment-medium size-medium\" alt=\"\" srcset=\"https:\/\/shalom.org.pl\/wp-content\/uploads\/2019\/05\/Rubin_003-300x176.jpg 300w, https:\/\/shalom.org.pl\/wp-content\/uploads\/2019\/05\/Rubin_003-768x451.jpg 768w, https:\/\/shalom.org.pl\/wp-content\/uploads\/2019\/05\/Rubin_003.jpg 1024w, https:\/\/shalom.org.pl\/wp-content\/uploads\/2019\/05\/Rubin_003-434x255.jpg 434w, https:\/\/shalom.org.pl\/wp-content\/uploads\/2019\/05\/Rubin_003-350x205.jpg 350w\" sizes=\"(max-width: 300px) 100vw, 300px\" \/><\/a>\n\t\t\t<\/dt><\/dl><br style=\"clear: both\" \/><dl class='gallery-item'>\n\t\t\t<dt class='gallery-icon landscape'>\n\t\t\t\t<a data-elementor-open-lightbox=\"yes\" data-elementor-lightbox-slideshow=\"395873e\" data-elementor-lightbox-title=\"Rubin.trzaska2014-9-768x512\" data-e-action-hash=\"#elementor-action%3Aaction%3Dlightbox%26settings%3DeyJpZCI6Njc3NiwidXJsIjoiaHR0cHM6XC9cL3NoYWxvbS5vcmcucGxcL3dwLWNvbnRlbnRcL3VwbG9hZHNcLzIwMTlcLzA1XC9SdWJpbi50cnphc2thMjAxNC05LTc2OHg1MTIuanBnIiwic2xpZGVzaG93IjoiMzk1ODczZSJ9\" href='https:\/\/shalom.org.pl\/wp-content\/uploads\/2019\/05\/Rubin.trzaska2014-9-768x512.jpg'><img loading=\"lazy\" decoding=\"async\" width=\"300\" height=\"200\" src=\"https:\/\/shalom.org.pl\/wp-content\/uploads\/2019\/05\/Rubin.trzaska2014-9-768x512-300x200.jpg\" class=\"attachment-medium size-medium\" alt=\"\" srcset=\"https:\/\/shalom.org.pl\/wp-content\/uploads\/2019\/05\/Rubin.trzaska2014-9-768x512-300x200.jpg 300w, https:\/\/shalom.org.pl\/wp-content\/uploads\/2019\/05\/Rubin.trzaska2014-9-768x512.jpg 768w, https:\/\/shalom.org.pl\/wp-content\/uploads\/2019\/05\/Rubin.trzaska2014-9-768x512-383x255.jpg 383w, https:\/\/shalom.org.pl\/wp-content\/uploads\/2019\/05\/Rubin.trzaska2014-9-768x512-350x233.jpg 350w\" sizes=\"(max-width: 300px) 100vw, 300px\" \/><\/a>\n\t\t\t<\/dt><\/dl>\n\t\t\t<br style='clear: both' \/>\n\t\t<\/div>\n\t\t\t\t<\/div>\n\t\t\t\t<\/div>\n\t\t\t\t\t<\/div>\n\t\t<\/div>\n\t\t\t\t\t<\/div>\n\t\t<\/section>\n\t\t\t\t<section class=\"has_eae_slider elementor-section elementor-top-section elementor-element elementor-element-fb34af8 elementor-section-boxed elementor-section-height-default elementor-section-height-default\" data-eae-slider=\"91774\" data-id=\"fb34af8\" data-element_type=\"section\" data-e-type=\"section\">\n\t\t\t\t\t\t<div class=\"elementor-container elementor-column-gap-default\">\n\t\t\t\t\t<div class=\"has_eae_slider elementor-column elementor-col-100 elementor-top-column elementor-element elementor-element-d9d0e1e\" data-eae-slider=\"50441\" data-id=\"d9d0e1e\" data-element_type=\"column\" data-e-type=\"column\">\n\t\t\t<div class=\"elementor-widget-wrap elementor-element-populated\">\n\t\t\t\t\t\t<div class=\"elementor-element elementor-element-a97b156 elementor-widget elementor-widget-heading\" data-id=\"a97b156\" data-element_type=\"widget\" data-e-type=\"widget\" data-widget_type=\"heading.default\">\n\t\t\t\t<div class=\"elementor-widget-container\">\n\t\t\t\t\t<h4 class=\"elementor-heading-title elementor-size-default\"><strong>\u201eGrajmy Panu\u201d \u2013 koncert Anny Sza\u0142apak<\/strong><\/h4>\t\t\t\t<\/div>\n\t\t\t\t<\/div>\n\t\t\t\t\t<\/div>\n\t\t<\/div>\n\t\t\t\t\t<\/div>\n\t\t<\/section>\n\t\t\t\t<section class=\"has_eae_slider elementor-section elementor-top-section elementor-element elementor-element-defd7f5 elementor-section-boxed elementor-section-height-default elementor-section-height-default\" data-eae-slider=\"33498\" data-id=\"defd7f5\" data-element_type=\"section\" data-e-type=\"section\">\n\t\t\t\t\t\t<div class=\"elementor-container elementor-column-gap-default\">\n\t\t\t\t\t<div class=\"has_eae_slider elementor-column elementor-col-100 elementor-top-column elementor-element elementor-element-2627bbf\" data-eae-slider=\"77714\" data-id=\"2627bbf\" data-element_type=\"column\" data-e-type=\"column\">\n\t\t\t<div class=\"elementor-widget-wrap elementor-element-populated\">\n\t\t\t\t\t\t<div class=\"elementor-element elementor-element-37c07c6 elementor-widget elementor-widget-text-editor\" data-id=\"37c07c6\" data-element_type=\"widget\" data-e-type=\"widget\" data-widget_type=\"text-editor.default\">\n\t\t\t\t<div class=\"elementor-widget-container\">\n\t\t\t\t\t\t\t\t\t<p>(Teatr \u017bydowski, 26.08)<\/p>\t\t\t\t\t\t\t\t<\/div>\n\t\t\t\t<\/div>\n\t\t\t\t\t<\/div>\n\t\t<\/div>\n\t\t\t\t\t<\/div>\n\t\t<\/section>\n\t\t\t\t<section class=\"has_eae_slider elementor-section elementor-top-section elementor-element elementor-element-62be138 elementor-section-boxed elementor-section-height-default elementor-section-height-default\" data-eae-slider=\"75766\" data-id=\"62be138\" data-element_type=\"section\" data-e-type=\"section\">\n\t\t\t\t\t\t<div class=\"elementor-container elementor-column-gap-default\">\n\t\t\t\t\t<div class=\"has_eae_slider elementor-column elementor-col-100 elementor-top-column elementor-element elementor-element-42ddee3\" data-eae-slider=\"2880\" data-id=\"42ddee3\" data-element_type=\"column\" data-e-type=\"column\">\n\t\t\t<div class=\"elementor-widget-wrap elementor-element-populated\">\n\t\t\t\t\t\t<div class=\"elementor-element elementor-element-6b5e60a elementor-widget elementor-widget-wp-widget-media_gallery\" data-id=\"6b5e60a\" data-element_type=\"widget\" data-e-type=\"widget\" data-widget_type=\"wp-widget-media_gallery.default\">\n\t\t\t\t<div class=\"elementor-widget-container\">\n\t\t\t\t\t\n\t\t<style type=\"text\/css\">\n\t\t\t#gallery-4 {\n\t\t\t\tmargin: auto;\n\t\t\t}\n\t\t\t#gallery-4 .gallery-item {\n\t\t\t\tfloat: left;\n\t\t\t\tmargin-top: 10px;\n\t\t\t\ttext-align: center;\n\t\t\t\twidth: 50%;\n\t\t\t}\n\t\t\t#gallery-4 img {\n\t\t\t\tborder: 2px solid #cfcfcf;\n\t\t\t}\n\t\t\t#gallery-4 .gallery-caption {\n\t\t\t\tmargin-left: 0;\n\t\t\t}\n\t\t\t\/* see gallery_shortcode() in wp-includes\/media.php *\/\n\t\t<\/style>\n\t\t<div id='gallery-4' class='gallery galleryid-6221 gallery-columns-2 gallery-size-full'><dl class='gallery-item'>\n\t\t\t<dt class='gallery-icon landscape'>\n\t\t\t\t<a data-elementor-open-lightbox=\"yes\" data-elementor-lightbox-slideshow=\"6b5e60a\" data-elementor-lightbox-title=\"szalapak\" data-e-action-hash=\"#elementor-action%3Aaction%3Dlightbox%26settings%3DeyJpZCI6Njc3NywidXJsIjoiaHR0cHM6XC9cL3NoYWxvbS5vcmcucGxcL3dwLWNvbnRlbnRcL3VwbG9hZHNcLzIwMTlcLzA1XC9zemFsYXBhay5qcGciLCJzbGlkZXNob3ciOiI2YjVlNjBhIn0%3D\" href='https:\/\/shalom.org.pl\/wp-content\/uploads\/2019\/05\/szalapak.jpg'><img loading=\"lazy\" decoding=\"async\" width=\"1024\" height=\"818\" src=\"https:\/\/shalom.org.pl\/wp-content\/uploads\/2019\/05\/szalapak.jpg\" class=\"attachment-full size-full\" alt=\"\" srcset=\"https:\/\/shalom.org.pl\/wp-content\/uploads\/2019\/05\/szalapak.jpg 1024w, https:\/\/shalom.org.pl\/wp-content\/uploads\/2019\/05\/szalapak-300x240.jpg 300w, https:\/\/shalom.org.pl\/wp-content\/uploads\/2019\/05\/szalapak-768x614.jpg 768w, https:\/\/shalom.org.pl\/wp-content\/uploads\/2019\/05\/szalapak-319x255.jpg 319w, https:\/\/shalom.org.pl\/wp-content\/uploads\/2019\/05\/szalapak-350x280.jpg 350w\" sizes=\"(max-width: 1024px) 100vw, 1024px\" \/><\/a>\n\t\t\t<\/dt><\/dl>\n\t\t\t<br style='clear: both' \/>\n\t\t<\/div>\n\t\t\t\t<\/div>\n\t\t\t\t<\/div>\n\t\t\t\t\t<\/div>\n\t\t<\/div>\n\t\t\t\t\t<\/div>\n\t\t<\/section>\n\t\t\t\t<section class=\"has_eae_slider elementor-section elementor-top-section elementor-element elementor-element-213f026 elementor-section-boxed elementor-section-height-default elementor-section-height-default\" data-eae-slider=\"27744\" data-id=\"213f026\" data-element_type=\"section\" data-e-type=\"section\">\n\t\t\t\t\t\t<div class=\"elementor-container elementor-column-gap-default\">\n\t\t\t\t\t<div class=\"has_eae_slider elementor-column elementor-col-100 elementor-top-column elementor-element elementor-element-212fe0c\" data-eae-slider=\"25438\" data-id=\"212fe0c\" data-element_type=\"column\" data-e-type=\"column\">\n\t\t\t<div class=\"elementor-widget-wrap elementor-element-populated\">\n\t\t\t\t\t\t<div class=\"elementor-element elementor-element-df5ae7a elementor-widget elementor-widget-heading\" data-id=\"df5ae7a\" data-element_type=\"widget\" data-e-type=\"widget\" data-widget_type=\"heading.default\">\n\t\t\t\t<div class=\"elementor-widget-container\">\n\t\t\t\t\t<h4 class=\"elementor-heading-title elementor-size-default\"><strong>Kapela Ze Wsi&nbsp; Warszawa &amp; Jorgos Skolias<\/strong><\/h4>\t\t\t\t<\/div>\n\t\t\t\t<\/div>\n\t\t\t\t\t<\/div>\n\t\t<\/div>\n\t\t\t\t\t<\/div>\n\t\t<\/section>\n\t\t\t\t<section class=\"has_eae_slider elementor-section elementor-top-section elementor-element elementor-element-7bfb728 elementor-section-boxed elementor-section-height-default elementor-section-height-default\" data-eae-slider=\"32087\" data-id=\"7bfb728\" data-element_type=\"section\" data-e-type=\"section\">\n\t\t\t\t\t\t<div class=\"elementor-container elementor-column-gap-default\">\n\t\t\t\t\t<div class=\"has_eae_slider elementor-column elementor-col-100 elementor-top-column elementor-element elementor-element-bad09bb\" data-eae-slider=\"4267\" data-id=\"bad09bb\" data-element_type=\"column\" data-e-type=\"column\">\n\t\t\t<div class=\"elementor-widget-wrap elementor-element-populated\">\n\t\t\t\t\t\t<div class=\"elementor-element elementor-element-8583021 elementor-widget elementor-widget-text-editor\" data-id=\"8583021\" data-element_type=\"widget\" data-e-type=\"widget\" data-widget_type=\"text-editor.default\">\n\t\t\t\t<div class=\"elementor-widget-container\">\n\t\t\t\t\t\t\t\t\t<p>(Ko\u015bci\u00f3\u0142 Wszystkich \u015awi\u0119tych, 27.08)<\/p>\t\t\t\t\t\t\t\t<\/div>\n\t\t\t\t<\/div>\n\t\t\t\t\t<\/div>\n\t\t<\/div>\n\t\t\t\t\t<\/div>\n\t\t<\/section>\n\t\t\t\t<section class=\"has_eae_slider elementor-section elementor-top-section elementor-element elementor-element-3b615ee elementor-section-boxed elementor-section-height-default elementor-section-height-default\" data-eae-slider=\"96713\" data-id=\"3b615ee\" data-element_type=\"section\" data-e-type=\"section\">\n\t\t\t\t\t\t<div class=\"elementor-container elementor-column-gap-default\">\n\t\t\t\t\t<div class=\"has_eae_slider elementor-column elementor-col-100 elementor-top-column elementor-element elementor-element-d8aec65\" data-eae-slider=\"36634\" data-id=\"d8aec65\" data-element_type=\"column\" data-e-type=\"column\">\n\t\t\t<div class=\"elementor-widget-wrap elementor-element-populated\">\n\t\t\t\t\t\t<div class=\"elementor-element elementor-element-c5644d7 elementor-widget elementor-widget-wp-widget-media_gallery\" data-id=\"c5644d7\" data-element_type=\"widget\" data-e-type=\"widget\" data-widget_type=\"wp-widget-media_gallery.default\">\n\t\t\t\t<div class=\"elementor-widget-container\">\n\t\t\t\t\t\n\t\t<style type=\"text\/css\">\n\t\t\t#gallery-5 {\n\t\t\t\tmargin: auto;\n\t\t\t}\n\t\t\t#gallery-5 .gallery-item {\n\t\t\t\tfloat: left;\n\t\t\t\tmargin-top: 10px;\n\t\t\t\ttext-align: center;\n\t\t\t\twidth: 33%;\n\t\t\t}\n\t\t\t#gallery-5 img {\n\t\t\t\tborder: 2px solid #cfcfcf;\n\t\t\t}\n\t\t\t#gallery-5 .gallery-caption {\n\t\t\t\tmargin-left: 0;\n\t\t\t}\n\t\t\t\/* see gallery_shortcode() in wp-includes\/media.php *\/\n\t\t<\/style>\n\t\t<div id='gallery-5' class='gallery galleryid-6221 gallery-columns-3 gallery-size-medium'><dl class='gallery-item'>\n\t\t\t<dt class='gallery-icon landscape'>\n\t\t\t\t<a data-elementor-open-lightbox=\"yes\" data-elementor-lightbox-slideshow=\"c5644d7\" data-elementor-lightbox-title=\"kapela.jorgos.2014-768x395\" data-e-action-hash=\"#elementor-action%3Aaction%3Dlightbox%26settings%3DeyJpZCI6Njc3OCwidXJsIjoiaHR0cHM6XC9cL3NoYWxvbS5vcmcucGxcL3dwLWNvbnRlbnRcL3VwbG9hZHNcLzIwMTlcLzA1XC9rYXBlbGEuam9yZ29zLjIwMTQtNzY4eDM5NS5qcGciLCJzbGlkZXNob3ciOiJjNTY0NGQ3In0%3D\" href='https:\/\/shalom.org.pl\/wp-content\/uploads\/2019\/05\/kapela.jorgos.2014-768x395.jpg'><img loading=\"lazy\" decoding=\"async\" width=\"300\" height=\"154\" src=\"https:\/\/shalom.org.pl\/wp-content\/uploads\/2019\/05\/kapela.jorgos.2014-768x395-300x154.jpg\" class=\"attachment-medium size-medium\" alt=\"\" srcset=\"https:\/\/shalom.org.pl\/wp-content\/uploads\/2019\/05\/kapela.jorgos.2014-768x395-300x154.jpg 300w, https:\/\/shalom.org.pl\/wp-content\/uploads\/2019\/05\/kapela.jorgos.2014-768x395.jpg 768w, https:\/\/shalom.org.pl\/wp-content\/uploads\/2019\/05\/kapela.jorgos.2014-768x395-496x255.jpg 496w, https:\/\/shalom.org.pl\/wp-content\/uploads\/2019\/05\/kapela.jorgos.2014-768x395-350x180.jpg 350w\" sizes=\"(max-width: 300px) 100vw, 300px\" \/><\/a>\n\t\t\t<\/dt><\/dl><dl class='gallery-item'>\n\t\t\t<dt class='gallery-icon landscape'>\n\t\t\t\t<a data-elementor-open-lightbox=\"yes\" data-elementor-lightbox-slideshow=\"c5644d7\" data-elementor-lightbox-title=\"Kapela.zewsi_.warszawa-3-768x512\" data-e-action-hash=\"#elementor-action%3Aaction%3Dlightbox%26settings%3DeyJpZCI6Njc3OSwidXJsIjoiaHR0cHM6XC9cL3NoYWxvbS5vcmcucGxcL3dwLWNvbnRlbnRcL3VwbG9hZHNcLzIwMTlcLzA1XC9LYXBlbGEuemV3c2lfLndhcnN6YXdhLTMtNzY4eDUxMi5qcGciLCJzbGlkZXNob3ciOiJjNTY0NGQ3In0%3D\" href='https:\/\/shalom.org.pl\/wp-content\/uploads\/2019\/05\/Kapela.zewsi_.warszawa-3-768x512.jpg'><img loading=\"lazy\" decoding=\"async\" width=\"300\" height=\"200\" src=\"https:\/\/shalom.org.pl\/wp-content\/uploads\/2019\/05\/Kapela.zewsi_.warszawa-3-768x512-300x200.jpg\" class=\"attachment-medium size-medium\" alt=\"\" srcset=\"https:\/\/shalom.org.pl\/wp-content\/uploads\/2019\/05\/Kapela.zewsi_.warszawa-3-768x512-300x200.jpg 300w, https:\/\/shalom.org.pl\/wp-content\/uploads\/2019\/05\/Kapela.zewsi_.warszawa-3-768x512.jpg 768w, https:\/\/shalom.org.pl\/wp-content\/uploads\/2019\/05\/Kapela.zewsi_.warszawa-3-768x512-383x255.jpg 383w, https:\/\/shalom.org.pl\/wp-content\/uploads\/2019\/05\/Kapela.zewsi_.warszawa-3-768x512-350x233.jpg 350w\" sizes=\"(max-width: 300px) 100vw, 300px\" \/><\/a>\n\t\t\t<\/dt><\/dl><dl class='gallery-item'>\n\t\t\t<dt class='gallery-icon landscape'>\n\t\t\t\t<a data-elementor-open-lightbox=\"yes\" data-elementor-lightbox-slideshow=\"c5644d7\" data-elementor-lightbox-title=\"Kapela.zewsi_.warszawa-23-768x512\" data-e-action-hash=\"#elementor-action%3Aaction%3Dlightbox%26settings%3DeyJpZCI6Njc4MCwidXJsIjoiaHR0cHM6XC9cL3NoYWxvbS5vcmcucGxcL3dwLWNvbnRlbnRcL3VwbG9hZHNcLzIwMTlcLzA1XC9LYXBlbGEuemV3c2lfLndhcnN6YXdhLTIzLTc2OHg1MTIuanBnIiwic2xpZGVzaG93IjoiYzU2NDRkNyJ9\" href='https:\/\/shalom.org.pl\/wp-content\/uploads\/2019\/05\/Kapela.zewsi_.warszawa-23-768x512.jpg'><img loading=\"lazy\" decoding=\"async\" width=\"300\" height=\"200\" src=\"https:\/\/shalom.org.pl\/wp-content\/uploads\/2019\/05\/Kapela.zewsi_.warszawa-23-768x512-300x200.jpg\" class=\"attachment-medium size-medium\" alt=\"\" srcset=\"https:\/\/shalom.org.pl\/wp-content\/uploads\/2019\/05\/Kapela.zewsi_.warszawa-23-768x512-300x200.jpg 300w, https:\/\/shalom.org.pl\/wp-content\/uploads\/2019\/05\/Kapela.zewsi_.warszawa-23-768x512.jpg 768w, https:\/\/shalom.org.pl\/wp-content\/uploads\/2019\/05\/Kapela.zewsi_.warszawa-23-768x512-383x255.jpg 383w, https:\/\/shalom.org.pl\/wp-content\/uploads\/2019\/05\/Kapela.zewsi_.warszawa-23-768x512-350x233.jpg 350w\" sizes=\"(max-width: 300px) 100vw, 300px\" \/><\/a>\n\t\t\t<\/dt><\/dl><br style=\"clear: both\" \/><dl class='gallery-item'>\n\t\t\t<dt class='gallery-icon landscape'>\n\t\t\t\t<a data-elementor-open-lightbox=\"yes\" data-elementor-lightbox-slideshow=\"c5644d7\" data-elementor-lightbox-title=\"Kapela_003\" data-e-action-hash=\"#elementor-action%3Aaction%3Dlightbox%26settings%3DeyJpZCI6Njc4MSwidXJsIjoiaHR0cHM6XC9cL3NoYWxvbS5vcmcucGxcL3dwLWNvbnRlbnRcL3VwbG9hZHNcLzIwMTlcLzA1XC9LYXBlbGFfMDAzLmpwZyIsInNsaWRlc2hvdyI6ImM1NjQ0ZDcifQ%3D%3D\" href='https:\/\/shalom.org.pl\/wp-content\/uploads\/2019\/05\/Kapela_003.jpg'><img loading=\"lazy\" decoding=\"async\" width=\"300\" height=\"200\" src=\"https:\/\/shalom.org.pl\/wp-content\/uploads\/2019\/05\/Kapela_003-300x200.jpg\" class=\"attachment-medium size-medium\" alt=\"\" srcset=\"https:\/\/shalom.org.pl\/wp-content\/uploads\/2019\/05\/Kapela_003-300x200.jpg 300w, https:\/\/shalom.org.pl\/wp-content\/uploads\/2019\/05\/Kapela_003-768x512.jpg 768w, https:\/\/shalom.org.pl\/wp-content\/uploads\/2019\/05\/Kapela_003.jpg 1024w, https:\/\/shalom.org.pl\/wp-content\/uploads\/2019\/05\/Kapela_003-382x255.jpg 382w, https:\/\/shalom.org.pl\/wp-content\/uploads\/2019\/05\/Kapela_003-350x233.jpg 350w\" sizes=\"(max-width: 300px) 100vw, 300px\" \/><\/a>\n\t\t\t<\/dt><\/dl>\n\t\t\t<br style='clear: both' \/>\n\t\t<\/div>\n\t\t\t\t<\/div>\n\t\t\t\t<\/div>\n\t\t\t\t\t<\/div>\n\t\t<\/div>\n\t\t\t\t\t<\/div>\n\t\t<\/section>\n\t\t\t\t<section class=\"has_eae_slider elementor-section elementor-top-section elementor-element elementor-element-b03cf73 elementor-section-boxed elementor-section-height-default elementor-section-height-default\" data-eae-slider=\"34185\" data-id=\"b03cf73\" data-element_type=\"section\" data-e-type=\"section\">\n\t\t\t\t\t\t<div class=\"elementor-container elementor-column-gap-default\">\n\t\t\t\t\t<div class=\"has_eae_slider elementor-column elementor-col-100 elementor-top-column elementor-element elementor-element-a5e0d50\" data-eae-slider=\"6483\" data-id=\"a5e0d50\" data-element_type=\"column\" data-e-type=\"column\">\n\t\t\t<div class=\"elementor-widget-wrap elementor-element-populated\">\n\t\t\t\t\t\t<div class=\"elementor-element elementor-element-82a0d28 elementor-widget elementor-widget-heading\" data-id=\"82a0d28\" data-element_type=\"widget\" data-e-type=\"widget\" data-widget_type=\"heading.default\">\n\t\t\t\t<div class=\"elementor-widget-container\">\n\t\t\t\t\t<h4 class=\"elementor-heading-title elementor-size-default\"><strong>Koncert Fina\u0142owy<\/strong><\/h4>\t\t\t\t<\/div>\n\t\t\t\t<\/div>\n\t\t\t\t\t<\/div>\n\t\t<\/div>\n\t\t\t\t\t<\/div>\n\t\t<\/section>\n\t\t\t\t<section class=\"has_eae_slider elementor-section elementor-top-section elementor-element elementor-element-a55f064 elementor-section-boxed elementor-section-height-default elementor-section-height-default\" data-eae-slider=\"41659\" data-id=\"a55f064\" data-element_type=\"section\" data-e-type=\"section\">\n\t\t\t\t\t\t<div class=\"elementor-container elementor-column-gap-default\">\n\t\t\t\t\t<div class=\"has_eae_slider elementor-column elementor-col-100 elementor-top-column elementor-element elementor-element-da355e2\" data-eae-slider=\"32760\" data-id=\"da355e2\" data-element_type=\"column\" data-e-type=\"column\">\n\t\t\t<div class=\"elementor-widget-wrap elementor-element-populated\">\n\t\t\t\t\t\t<div class=\"elementor-element elementor-element-ffc9b1c elementor-widget elementor-widget-text-editor\" data-id=\"ffc9b1c\" data-element_type=\"widget\" data-e-type=\"widget\" data-widget_type=\"text-editor.default\">\n\t\t\t\t<div class=\"elementor-widget-container\">\n\t\t\t\t\t\t\t\t\t<p>(Plac Grzybowski, 31.08)<\/p>\t\t\t\t\t\t\t\t<\/div>\n\t\t\t\t<\/div>\n\t\t\t\t\t<\/div>\n\t\t<\/div>\n\t\t\t\t\t<\/div>\n\t\t<\/section>\n\t\t\t\t<section class=\"has_eae_slider elementor-section elementor-top-section elementor-element elementor-element-2d18d4d elementor-section-boxed elementor-section-height-default elementor-section-height-default\" data-eae-slider=\"18471\" data-id=\"2d18d4d\" data-element_type=\"section\" data-e-type=\"section\">\n\t\t\t\t\t\t<div class=\"elementor-container elementor-column-gap-default\">\n\t\t\t\t\t<div class=\"has_eae_slider elementor-column elementor-col-100 elementor-top-column elementor-element elementor-element-0e4e3ee\" data-eae-slider=\"98550\" data-id=\"0e4e3ee\" data-element_type=\"column\" data-e-type=\"column\">\n\t\t\t<div class=\"elementor-widget-wrap elementor-element-populated\">\n\t\t\t\t\t\t<div class=\"elementor-element elementor-element-eaedff7 elementor-widget elementor-widget-wp-widget-media_gallery\" data-id=\"eaedff7\" data-element_type=\"widget\" data-e-type=\"widget\" data-widget_type=\"wp-widget-media_gallery.default\">\n\t\t\t\t<div class=\"elementor-widget-container\">\n\t\t\t\t\t\n\t\t<style type=\"text\/css\">\n\t\t\t#gallery-6 {\n\t\t\t\tmargin: auto;\n\t\t\t}\n\t\t\t#gallery-6 .gallery-item {\n\t\t\t\tfloat: left;\n\t\t\t\tmargin-top: 10px;\n\t\t\t\ttext-align: center;\n\t\t\t\twidth: 33%;\n\t\t\t}\n\t\t\t#gallery-6 img {\n\t\t\t\tborder: 2px solid #cfcfcf;\n\t\t\t}\n\t\t\t#gallery-6 .gallery-caption {\n\t\t\t\tmargin-left: 0;\n\t\t\t}\n\t\t\t\/* see gallery_shortcode() in wp-includes\/media.php *\/\n\t\t<\/style>\n\t\t<div id='gallery-6' class='gallery galleryid-6221 gallery-columns-3 gallery-size-medium'><dl class='gallery-item'>\n\t\t\t<dt class='gallery-icon landscape'>\n\t\t\t\t<a data-elementor-open-lightbox=\"yes\" data-elementor-lightbox-slideshow=\"eaedff7\" data-elementor-lightbox-title=\"Final.2014-6-768x438\" data-e-action-hash=\"#elementor-action%3Aaction%3Dlightbox%26settings%3DeyJpZCI6Njc4MiwidXJsIjoiaHR0cHM6XC9cL3NoYWxvbS5vcmcucGxcL3dwLWNvbnRlbnRcL3VwbG9hZHNcLzIwMTlcLzA1XC9GaW5hbC4yMDE0LTYtNzY4eDQzOC5qcGciLCJzbGlkZXNob3ciOiJlYWVkZmY3In0%3D\" href='https:\/\/shalom.org.pl\/wp-content\/uploads\/2019\/05\/Final.2014-6-768x438.jpg'><img loading=\"lazy\" decoding=\"async\" width=\"300\" height=\"171\" src=\"https:\/\/shalom.org.pl\/wp-content\/uploads\/2019\/05\/Final.2014-6-768x438-300x171.jpg\" class=\"attachment-medium size-medium\" alt=\"\" srcset=\"https:\/\/shalom.org.pl\/wp-content\/uploads\/2019\/05\/Final.2014-6-768x438-300x171.jpg 300w, https:\/\/shalom.org.pl\/wp-content\/uploads\/2019\/05\/Final.2014-6-768x438.jpg 768w, https:\/\/shalom.org.pl\/wp-content\/uploads\/2019\/05\/Final.2014-6-768x438-447x255.jpg 447w, https:\/\/shalom.org.pl\/wp-content\/uploads\/2019\/05\/Final.2014-6-768x438-350x200.jpg 350w\" sizes=\"(max-width: 300px) 100vw, 300px\" \/><\/a>\n\t\t\t<\/dt><\/dl><dl class='gallery-item'>\n\t\t\t<dt class='gallery-icon landscape'>\n\t\t\t\t<a data-elementor-open-lightbox=\"yes\" data-elementor-lightbox-slideshow=\"eaedff7\" data-elementor-lightbox-title=\"final.singer2014-768x512\" data-e-action-hash=\"#elementor-action%3Aaction%3Dlightbox%26settings%3DeyJpZCI6Njc4MywidXJsIjoiaHR0cHM6XC9cL3NoYWxvbS5vcmcucGxcL3dwLWNvbnRlbnRcL3VwbG9hZHNcLzIwMTlcLzA1XC9maW5hbC5zaW5nZXIyMDE0LTc2OHg1MTIuanBnIiwic2xpZGVzaG93IjoiZWFlZGZmNyJ9\" href='https:\/\/shalom.org.pl\/wp-content\/uploads\/2019\/05\/final.singer2014-768x512.jpg'><img loading=\"lazy\" decoding=\"async\" width=\"300\" height=\"200\" src=\"https:\/\/shalom.org.pl\/wp-content\/uploads\/2019\/05\/final.singer2014-768x512-300x200.jpg\" class=\"attachment-medium size-medium\" alt=\"\" srcset=\"https:\/\/shalom.org.pl\/wp-content\/uploads\/2019\/05\/final.singer2014-768x512-300x200.jpg 300w, https:\/\/shalom.org.pl\/wp-content\/uploads\/2019\/05\/final.singer2014-768x512.jpg 768w, https:\/\/shalom.org.pl\/wp-content\/uploads\/2019\/05\/final.singer2014-768x512-383x255.jpg 383w, https:\/\/shalom.org.pl\/wp-content\/uploads\/2019\/05\/final.singer2014-768x512-350x233.jpg 350w\" sizes=\"(max-width: 300px) 100vw, 300px\" \/><\/a>\n\t\t\t<\/dt><\/dl><dl class='gallery-item'>\n\t\t\t<dt class='gallery-icon landscape'>\n\t\t\t\t<a data-elementor-open-lightbox=\"yes\" data-elementor-lightbox-slideshow=\"eaedff7\" data-elementor-lightbox-title=\"Final_002\" data-e-action-hash=\"#elementor-action%3Aaction%3Dlightbox%26settings%3DeyJpZCI6Njc4NCwidXJsIjoiaHR0cHM6XC9cL3NoYWxvbS5vcmcucGxcL3dwLWNvbnRlbnRcL3VwbG9hZHNcLzIwMTlcLzA1XC9GaW5hbF8wMDIuanBnIiwic2xpZGVzaG93IjoiZWFlZGZmNyJ9\" href='https:\/\/shalom.org.pl\/wp-content\/uploads\/2019\/05\/Final_002.jpg'><img loading=\"lazy\" decoding=\"async\" width=\"300\" height=\"200\" src=\"https:\/\/shalom.org.pl\/wp-content\/uploads\/2019\/05\/Final_002-300x200.jpg\" class=\"attachment-medium size-medium\" alt=\"\" srcset=\"https:\/\/shalom.org.pl\/wp-content\/uploads\/2019\/05\/Final_002-300x200.jpg 300w, https:\/\/shalom.org.pl\/wp-content\/uploads\/2019\/05\/Final_002-768x512.jpg 768w, https:\/\/shalom.org.pl\/wp-content\/uploads\/2019\/05\/Final_002.jpg 1024w, https:\/\/shalom.org.pl\/wp-content\/uploads\/2019\/05\/Final_002-382x255.jpg 382w, https:\/\/shalom.org.pl\/wp-content\/uploads\/2019\/05\/Final_002-350x233.jpg 350w\" sizes=\"(max-width: 300px) 100vw, 300px\" \/><\/a>\n\t\t\t<\/dt><\/dl><br style=\"clear: both\" \/><dl class='gallery-item'>\n\t\t\t<dt class='gallery-icon landscape'>\n\t\t\t\t<a data-elementor-open-lightbox=\"yes\" data-elementor-lightbox-slideshow=\"eaedff7\" data-elementor-lightbox-title=\"Final_003\" data-e-action-hash=\"#elementor-action%3Aaction%3Dlightbox%26settings%3DeyJpZCI6Njc4NSwidXJsIjoiaHR0cHM6XC9cL3NoYWxvbS5vcmcucGxcL3dwLWNvbnRlbnRcL3VwbG9hZHNcLzIwMTlcLzA1XC9GaW5hbF8wMDMuanBnIiwic2xpZGVzaG93IjoiZWFlZGZmNyJ9\" href='https:\/\/shalom.org.pl\/wp-content\/uploads\/2019\/05\/Final_003.jpg'><img loading=\"lazy\" decoding=\"async\" width=\"300\" height=\"243\" src=\"https:\/\/shalom.org.pl\/wp-content\/uploads\/2019\/05\/Final_003-300x243.jpg\" class=\"attachment-medium size-medium\" alt=\"\" srcset=\"https:\/\/shalom.org.pl\/wp-content\/uploads\/2019\/05\/Final_003-300x243.jpg 300w, https:\/\/shalom.org.pl\/wp-content\/uploads\/2019\/05\/Final_003-768x623.jpg 768w, https:\/\/shalom.org.pl\/wp-content\/uploads\/2019\/05\/Final_003.jpg 1024w, https:\/\/shalom.org.pl\/wp-content\/uploads\/2019\/05\/Final_003-315x255.jpg 315w, https:\/\/shalom.org.pl\/wp-content\/uploads\/2019\/05\/Final_003-350x284.jpg 350w\" sizes=\"(max-width: 300px) 100vw, 300px\" \/><\/a>\n\t\t\t<\/dt><\/dl>\n\t\t\t<br style='clear: both' \/>\n\t\t<\/div>\n\t\t\t\t<\/div>\n\t\t\t\t<\/div>\n\t\t\t\t\t<\/div>\n\t\t<\/div>\n\t\t\t\t\t<\/div>\n\t\t<\/section>\n\t\t\t\t<section class=\"has_eae_slider elementor-section elementor-top-section elementor-element elementor-element-f6635c8 elementor-section-boxed elementor-section-height-default elementor-section-height-default\" data-eae-slider=\"97966\" data-id=\"f6635c8\" data-element_type=\"section\" data-e-type=\"section\">\n\t\t\t\t\t\t<div class=\"elementor-container elementor-column-gap-default\">\n\t\t\t\t\t<div class=\"has_eae_slider elementor-column elementor-col-100 elementor-top-column elementor-element elementor-element-bfe7167\" data-eae-slider=\"34614\" data-id=\"bfe7167\" data-element_type=\"column\" data-e-type=\"column\">\n\t\t\t<div class=\"elementor-widget-wrap elementor-element-populated\">\n\t\t\t\t\t\t<div class=\"elementor-element elementor-element-826af09 elementor-widget elementor-widget-text-editor\" data-id=\"826af09\" data-element_type=\"widget\" data-e-type=\"widget\" data-widget_type=\"text-editor.default\">\n\t\t\t\t<div class=\"elementor-widget-container\">\n\t\t\t\t\t\t\t\t\t<p align=\"JUSTIFY\"><strong>Singer\u2019s New York, czyli <\/strong><strong>Festiwal Singera po w Nowym Jorku<br \/><\/strong><\/p><p align=\"JUSTIFY\"><span class=\"userContent\">W dniach 15-20 listopada Festiwal Singera mia\u0142 swoj\u0105 pierwsz\u0105 nowojorsk\u0105 ods\u0142on\u0119!<br \/>W programie znalaz\u0142y si\u0119 m.in:<br \/>\u2022 15 listopada, Master Theatre: \u201eMazl Tov\u201d,<br \/>\u2022 18 listopada: czytanie \u201cOpowiada\u0144 dla dzieci\u201d Singera w ksi\u0119garni Barnes&amp;Noble oraz Wielki Koncert Singerowski w Jewish Heritage Mu<span class=\"text_exposed_show\">seum z udzia\u0142em artyst\u00f3w Teatru \u017bydowskiego, kt\u00f3remu towarzyszy\u0107 b\u0119dzie wystawa \u201eI ci\u0105gle widz\u0119 ich twarze\u201d,<br \/><\/span><\/span>\u2022 20 listopada, wyst\u0119p z okazji ceremonii wr\u0119czenia Nagrody im. Jana Karskiego w Konsulacie Generalnym Polski.<\/p><p align=\"JUSTIFY\"><span class=\"userContent\"><strong>Podczas dwutygodniowej trasy Teatr \u017bydowski wyst\u0105pi\u0142 sze\u015bciokrotnie: w Meksyku, Los Angeles, San Francisco, Bostonie i Nowym Jorku, wsz\u0119dzie spotykaj\u0105c si\u0119 z entuzjastycznym przyj\u0119ciem i owacjami na stoj\u0105co. Tournee zbieg\u0142o si\u0119 z pierwsz\u0105 edycj\u0105 \u201eSinger\u2019s New York\u201d \u2013 nowojorsk\u0105 ods\u0142on\u0105 Festiwalu Kultury \u017bydowskiej \u201eWarszawa Singera\u201d.<\/strong><br \/>Tournee Teatru \u017bydowskiego rozpocz\u0119\u0142o si\u0119 od wyst\u0119pu w Julio Castillo Theater w Meksyku, gdzie arty\u015bci zaprezentowali spektakl \u201eBonjour Monsieur Chagall\u201d w re\u017c. Szymona Szurmieja i Go\u0142dy Tencer. Kolejnymi punktami na trasie teatru by\u0142y: Wilshire Ebell Theatre w Los Angeles, Scottish Rite Masonic Center w San Francisco, John Hancock Hall w Bostonie oraz Master Theatre w Nowym Jorku, gdzie arty\u015bci wykonali barwne widowisko muzyczne \u201eMazl Tov\u201d w re\u017c. Go\u0142dy Tencer. Za ka\u017cdym razem sale przekraczaj\u0105ce 1000 miejsc wype\u0142nione by\u0142y do ostatniego miejsca, a publiczno\u015b\u0107 entuzjastycznie reagowa\u0142a na przedwojenne szlagiery.<\/span><\/p>\t\t\t\t\t\t\t\t<\/div>\n\t\t\t\t<\/div>\n\t\t\t\t\t<\/div>\n\t\t<\/div>\n\t\t\t\t\t<\/div>\n\t\t<\/section>\n\t\t\t\t<section class=\"has_eae_slider elementor-section elementor-top-section elementor-element elementor-element-73642ac elementor-section-boxed elementor-section-height-default elementor-section-height-default\" data-eae-slider=\"67919\" data-id=\"73642ac\" data-element_type=\"section\" data-e-type=\"section\">\n\t\t\t\t\t\t<div class=\"elementor-container elementor-column-gap-default\">\n\t\t\t\t\t<div class=\"has_eae_slider elementor-column elementor-col-100 elementor-top-column elementor-element elementor-element-033bf7d\" data-eae-slider=\"89247\" data-id=\"033bf7d\" data-element_type=\"column\" data-e-type=\"column\">\n\t\t\t<div class=\"elementor-widget-wrap elementor-element-populated\">\n\t\t\t\t\t\t<div class=\"elementor-element elementor-element-3bf506b elementor-widget elementor-widget-image\" data-id=\"3bf506b\" data-element_type=\"widget\" data-e-type=\"widget\" data-widget_type=\"image.default\">\n\t\t\t\t<div class=\"elementor-widget-container\">\n\t\t\t\t\t\t\t\t\t\t\t\t\t\t\t<img loading=\"lazy\" decoding=\"async\" width=\"1024\" height=\"683\" src=\"https:\/\/shalom.org.pl\/wp-content\/uploads\/2019\/05\/mazl_tov_w_nowym_jorku2014-1024x683.jpg\" class=\"attachment-large size-large wp-image-6786\" alt=\"\" srcset=\"https:\/\/shalom.org.pl\/wp-content\/uploads\/2019\/05\/mazl_tov_w_nowym_jorku2014-1024x683.jpg 1024w, https:\/\/shalom.org.pl\/wp-content\/uploads\/2019\/05\/mazl_tov_w_nowym_jorku2014-300x200.jpg 300w, https:\/\/shalom.org.pl\/wp-content\/uploads\/2019\/05\/mazl_tov_w_nowym_jorku2014-768x512.jpg 768w, https:\/\/shalom.org.pl\/wp-content\/uploads\/2019\/05\/mazl_tov_w_nowym_jorku2014-383x255.jpg 383w, https:\/\/shalom.org.pl\/wp-content\/uploads\/2019\/05\/mazl_tov_w_nowym_jorku2014-350x233.jpg 350w, https:\/\/shalom.org.pl\/wp-content\/uploads\/2019\/05\/mazl_tov_w_nowym_jorku2014.jpg 1200w\" sizes=\"(max-width: 1024px) 100vw, 1024px\" \/>\t\t\t\t\t\t\t\t\t\t\t\t\t\t\t<\/div>\n\t\t\t\t<\/div>\n\t\t\t\t\t<\/div>\n\t\t<\/div>\n\t\t\t\t\t<\/div>\n\t\t<\/section>\n\t\t\t\t<section class=\"has_eae_slider elementor-section elementor-top-section elementor-element elementor-element-e3568d2 elementor-section-boxed elementor-section-height-default elementor-section-height-default\" data-eae-slider=\"31083\" data-id=\"e3568d2\" data-element_type=\"section\" data-e-type=\"section\">\n\t\t\t\t\t\t<div class=\"elementor-container elementor-column-gap-default\">\n\t\t\t\t\t<div class=\"has_eae_slider elementor-column elementor-col-100 elementor-top-column elementor-element elementor-element-7eefbe7\" data-eae-slider=\"71546\" data-id=\"7eefbe7\" data-element_type=\"column\" data-e-type=\"column\">\n\t\t\t<div class=\"elementor-widget-wrap elementor-element-populated\">\n\t\t\t\t\t\t<div class=\"elementor-element elementor-element-f38b989 elementor-widget elementor-widget-text-editor\" data-id=\"f38b989\" data-element_type=\"widget\" data-e-type=\"widget\" data-widget_type=\"text-editor.default\">\n\t\t\t\t<div class=\"elementor-widget-container\">\n\t\t\t\t\t\t\t\t\t<p align=\"JUSTIFY\"><span class=\"userContent\">Wydarzenia w Nowym Jorku w ramach \u201eSinger\u2019s New York\u201d by\u0142y efektem rozszerzenia formu\u0142y festiwalu \u201eWarszawa Singera\u201d organizowanego przez fundacj\u0119 Shalom na miasta, w kt\u00f3rych \u017cy\u0142, mieszka\u0142 i tworzy\u0142 laureat literackiej nagrody Nobla \u2013 Icchok Baszewis Singer. G\u0142\u00f3wnym wydarzeniem Singer\u2019s New York by\u0142 Koncert Galowy w Jewish Heritage Museum na dolnym Manhattanie, w kt\u00f3rym wyst\u0105pili aktorzy Teatru \u017bydowskiego z towarzyszeniem nowojorskich muzyk\u00f3w \u2013 m. in. Franka Londona, Michaela Winograda i Zalmena Mlotka.<br \/>W Jewish Heritage Museum zaprezentowana zosta\u0142a tak\u017ce wystawa \u201eI ci\u0105gle widz\u0119 ich twarze\u201d, niezwyk\u0142a i wzruszaj\u0105ca kolekcja fotografii \u017byd\u00f3w polskich, prezentowana w ponad 50 muzeach na ca\u0142ym \u015bwiecie.<br \/>W programie Singer\u2019s New York nie mog\u0142o zabrakn\u0105\u0107 prozy patrona festiwalu. W ksi\u0119garni Barnes &amp; Noble Upper West Side zorganizowano czytanie dla dzieci i m\u0142odzie\u017cy opowiada\u0144 dla dzieci I. B. Singera, w tym ameryka\u0144skiego wydania \u201eZlateh the Goat &amp; Other Stories\u201d.<br \/>Dope\u0142nieniem tournee Teatru \u017bydowskiego i nowojorskiej edycji festiwalu \u201eSinger\u2019s New York\u201d by\u0142 wyst\u0119p w Konsulacie Polskim w Nowym Jorku podczas ceremonii wr\u0119czenia nagrody im. Jana Karskiego senatorowi Johnowi McCain, w kt\u00f3rym uczestniczy\u0142a tak\u017ce Pierwsza Dama RP Anna Komorowska.<br \/>Cho\u0107 cz\u0142onkowie Teatru \u017bydowskiego i Fundacji Shalom dopiero powr\u00f3cili do Warszawy, wszyscy pracuj\u0105 ju\u017c nad repertuarem teatru i kolejn\u0105 edycj\u0105 Festiwalu Singera!<\/span><\/p><p align=\"JUSTIFY\"><em>Projekt jest wsp\u00f3\u0142finansowany ze \u015brodk\u00f3w finansowych otrzymanych z Ministerstwa Spraw Zagranicznych w ramach konkursu na realizacj\u0119 zadania \u201eWsp\u00f3\u0142praca z Poloni\u0105 i Polakami za granic\u0105 w 2014 r.<\/em><\/p><p align=\"JUSTIFY\"><em>Projekt jest wsp\u00f3\u0142finansowany ze \u015brodk\u00f3w Ministra Kultury i Dziedzictwa Narodowego.<\/em><\/p><p align=\"JUSTIFY\">\u00a0<strong>XI Festiwal Warszawa Singera\u00a0 \u2013\u00a0 dzie\u0144 po dniu:<\/strong><\/p><p align=\"JUSTIFY\"><span class=\"userContent\"><strong>Jedenasta edycja Festiwalu Singera rozpocz\u0119\u0142a si\u0119 w pi\u0105tek, 8 sierpnia w Bi\u0142goraju, gdzie urodzi\u0142a si\u0119 matka I.B. Singera. W tym mie\u015bcie, do 10 sierpnia trwa\u0142y koncerty, spacery i spektakle teatralne. 17 sierpnia Festiwal przeni\u00f3s\u0142 si\u0119 do Leonicina,\u00a0 miasta urodzenia Singera, a 22 sierpnia w wydarzeniach\u00a0 festiwalowych wzi\u0119li udzia\u0142 mieszka\u0144cy Radzymina. Tego samego dnia <\/strong><\/span><span class=\"userContent\"><strong>wystartowa\u0142a warszawska cz\u0119\u015b\u0107 XI edycji \u2013 <\/strong><\/span><span class=\"userContent\"><strong>w kinie Iluzjon zainaugurowano przegl\u0105d filmowy , kt\u00f3rego bohaterem by\u0142 Micha\u0142 Waszy\u0144ski,\u00a0<\/strong><\/span><span class=\"userContent\"><strong> a w Teatrze \u017bydowskim wystawiono spektakl \u201eB\u00f3g zemsty\u201d.<\/strong><\/span><\/p><p align=\"JUSTIFY\"><span class=\"userContent\"><strong>23.08 <\/strong><br \/><\/span><\/p><p align=\"JUSTIFY\"><span class=\"userContent\">Pierwsz\u0105 festiwalow\u0105 sobot\u0119 otworzy\u0142a impreza z cyklu \u201eCzytelnia pisarzy \u017cydowskich: Mistrzowie czytaj\u0105\u201d. Proz\u0119\u00a0 I.L. Pereca przedstawi\u0142 W\u0142odzimierz Press.\u00a0 W\u00a0 budynku PAST-y odby\u0142 si\u0119 wernisa\u017c wystawy \u201eThe Creators\u201d Jaros\u0142awa Betleja, a w Foyer Teatru \u017bydowskiego \u2013 \u201eEmpty Void \u2013 fotografie z ulicy Pr\u00f3\u017cnej\u201d+ otwarcie wystawy Diti Ravner (Izrael).\u00a0 Mo\u017cna by\u0142o r\u00f3wnie\u017c obejrze\u0107 monodram w wykonaniu Wiolety Komar pt. \u201eDiva\u201d,\u00a0 a tak\u017ce wybra\u0107 si\u0119 na spotkanie z Ryszardem Markiem Gro\u0144skim, z cyklu \u201e\u017bydowski salon literacki\u201d.\u00a0 Festiwalowa publiczno\u015b\u0107 bardzo ciep\u0142o przyj\u0119\u0142a \u201eOstatni\u0105 mi\u0142o\u015b\u0107\u201d \u2013 spektakl z udzia\u0142em Shmuela Atzmona-Wircera (Izrael), na podstawie opowiadania Icchoka Baszewisa Singera. Wieczorem, na zako\u0144czenie szabatu, w Synagodze im. No\u017cyk\u00f3w wzi\u0119li\u015bmy udzia\u0142 w Hawdali po\u015bwi\u0119conej pami\u0119ci Szymona Szurmieja.<\/span><\/p>\t\t\t\t\t\t\t\t<\/div>\n\t\t\t\t<\/div>\n\t\t\t\t\t<\/div>\n\t\t<\/div>\n\t\t\t\t\t<\/div>\n\t\t<\/section>\n\t\t\t\t<section class=\"has_eae_slider elementor-section elementor-top-section elementor-element elementor-element-31f7dbf elementor-section-boxed elementor-section-height-default elementor-section-height-default\" data-eae-slider=\"36187\" data-id=\"31f7dbf\" data-element_type=\"section\" data-e-type=\"section\">\n\t\t\t\t\t\t<div class=\"elementor-container elementor-column-gap-default\">\n\t\t\t\t\t<div class=\"has_eae_slider elementor-column elementor-col-100 elementor-top-column elementor-element elementor-element-973ea23\" data-eae-slider=\"51026\" data-id=\"973ea23\" data-element_type=\"column\" data-e-type=\"column\">\n\t\t\t<div class=\"elementor-widget-wrap elementor-element-populated\">\n\t\t\t\t\t\t<div class=\"elementor-element elementor-element-31746b5 elementor-widget elementor-widget-image\" data-id=\"31746b5\" data-element_type=\"widget\" data-e-type=\"widget\" data-widget_type=\"image.default\">\n\t\t\t\t<div class=\"elementor-widget-container\">\n\t\t\t\t\t\t\t\t\t\t\t\t\t\t\t<img loading=\"lazy\" decoding=\"async\" width=\"960\" height=\"941\" src=\"https:\/\/shalom.org.pl\/wp-content\/uploads\/2019\/05\/wircer.jpg\" class=\"attachment-large size-large wp-image-6787\" alt=\"\" srcset=\"https:\/\/shalom.org.pl\/wp-content\/uploads\/2019\/05\/wircer.jpg 960w, https:\/\/shalom.org.pl\/wp-content\/uploads\/2019\/05\/wircer-300x294.jpg 300w, https:\/\/shalom.org.pl\/wp-content\/uploads\/2019\/05\/wircer-768x753.jpg 768w, https:\/\/shalom.org.pl\/wp-content\/uploads\/2019\/05\/wircer-260x255.jpg 260w, https:\/\/shalom.org.pl\/wp-content\/uploads\/2019\/05\/wircer-350x343.jpg 350w\" sizes=\"(max-width: 960px) 100vw, 960px\" \/>\t\t\t\t\t\t\t\t\t\t\t\t\t\t\t<\/div>\n\t\t\t\t<\/div>\n\t\t\t\t\t<\/div>\n\t\t<\/div>\n\t\t\t\t\t<\/div>\n\t\t<\/section>\n\t\t\t\t<section class=\"has_eae_slider elementor-section elementor-top-section elementor-element elementor-element-16876ab elementor-section-boxed elementor-section-height-default elementor-section-height-default\" data-eae-slider=\"76045\" data-id=\"16876ab\" data-element_type=\"section\" data-e-type=\"section\">\n\t\t\t\t\t\t<div class=\"elementor-container elementor-column-gap-default\">\n\t\t\t\t\t<div class=\"has_eae_slider elementor-column elementor-col-100 elementor-top-column elementor-element elementor-element-a32d22d\" data-eae-slider=\"81028\" data-id=\"a32d22d\" data-element_type=\"column\" data-e-type=\"column\">\n\t\t\t<div class=\"elementor-widget-wrap elementor-element-populated\">\n\t\t\t\t\t\t<div class=\"elementor-element elementor-element-6469142 elementor-widget elementor-widget-text-editor\" data-id=\"6469142\" data-element_type=\"widget\" data-e-type=\"widget\" data-widget_type=\"text-editor.default\">\n\t\t\t\t<div class=\"elementor-widget-container\">\n\t\t\t\t\t\t\t\t\t<p align=\"JUSTIFY\"><span class=\"userContent\"><strong>24.08<\/strong><br \/><\/span><\/p><p align=\"JUSTIFY\"><span class=\"userContent\">Drugi festiwalowy dzie\u0144 rozpocz\u0105\u0142 si\u0119 w po\u0142udnie od pikniku \u201eDzieci\u0119ca Warszawa Singera\u201d na Placu Grzybowskim, gdzie najm\u0142odsi mi\u0142o sp\u0119dzili czas na warsztatach, spotkaniach z bajk\u0105, muzyk\u0105 i ta\u0144cem. O 12.00 wiele os\u00f3b wybra\u0142o si\u0119 na \u201eOblicza Jidyszkajt\u201d czyli dzie\u0144 otwarty Centrum Kultury Jidysz, podczas kt\u00f3rego odby\u0142a si\u0119 m.in. pokazowa lekcja j\u0119zyka jidysz, czytanie performatywne i pokaz filmowy. Bardzo wa\u017cnym wydarzeniem by\u0142o spotkanie z cyklu \u201eCzytelnia pisarzy \u017cydowskich\u201d. Fragmenty \u201eSklep\u00f3w cynamonowych\u201d Brunona Schulza zaprezentowa\u0142a Anna Polony. Na du\u017cej scenie Teatru w koncercie \u201eOd Rosenfelda do Robesona \u2013 ludzkie oblicze pie\u015bni jidysz\u201d \u2013 wyst\u0105pili: Elmore James i Zalmen Mlotek. Natomiast w Synagodze im. No\u017cyk\u00f3w odby\u0142o si\u0119 Uroczyste Otwarcie Festiwalu \u2013 Koncert Kantor\u00f3w, w kt\u00f3rym wzi\u0119li udzia\u0142 \u015bpiewacy m\u0142odego pokolenia\u00a0 z Izraela: Moshe Fishel, Avraham Kirshenbaum, Elazar Vinograd oraz Jerusalem Cantors Choir.<\/span><\/p>\t\t\t\t\t\t\t\t<\/div>\n\t\t\t\t<\/div>\n\t\t\t\t\t<\/div>\n\t\t<\/div>\n\t\t\t\t\t<\/div>\n\t\t<\/section>\n\t\t\t\t<section class=\"has_eae_slider elementor-section elementor-top-section elementor-element elementor-element-8291289 elementor-section-boxed elementor-section-height-default elementor-section-height-default\" data-eae-slider=\"82262\" data-id=\"8291289\" data-element_type=\"section\" data-e-type=\"section\">\n\t\t\t\t\t\t<div class=\"elementor-container elementor-column-gap-default\">\n\t\t\t\t\t<div class=\"has_eae_slider elementor-column elementor-col-100 elementor-top-column elementor-element elementor-element-661a349\" data-eae-slider=\"23339\" data-id=\"661a349\" data-element_type=\"column\" data-e-type=\"column\">\n\t\t\t<div class=\"elementor-widget-wrap elementor-element-populated\">\n\t\t\t\t\t\t<div class=\"elementor-element elementor-element-52eaa8b elementor-widget elementor-widget-image\" data-id=\"52eaa8b\" data-element_type=\"widget\" data-e-type=\"widget\" data-widget_type=\"image.default\">\n\t\t\t\t<div class=\"elementor-widget-container\">\n\t\t\t\t\t\t\t\t\t\t\t\t\t\t\t<img loading=\"lazy\" decoding=\"async\" width=\"1024\" height=\"647\" src=\"https:\/\/shalom.org.pl\/wp-content\/uploads\/2019\/05\/kantorzy-1-1024x647.jpg\" class=\"attachment-large size-large wp-image-6788\" alt=\"\" srcset=\"https:\/\/shalom.org.pl\/wp-content\/uploads\/2019\/05\/kantorzy-1-1024x647.jpg 1024w, https:\/\/shalom.org.pl\/wp-content\/uploads\/2019\/05\/kantorzy-1-300x190.jpg 300w, https:\/\/shalom.org.pl\/wp-content\/uploads\/2019\/05\/kantorzy-1-768x485.jpg 768w, https:\/\/shalom.org.pl\/wp-content\/uploads\/2019\/05\/kantorzy-1-404x255.jpg 404w, https:\/\/shalom.org.pl\/wp-content\/uploads\/2019\/05\/kantorzy-1-350x221.jpg 350w\" sizes=\"(max-width: 1024px) 100vw, 1024px\" \/>\t\t\t\t\t\t\t\t\t\t\t\t\t\t\t<\/div>\n\t\t\t\t<\/div>\n\t\t\t\t\t<\/div>\n\t\t<\/div>\n\t\t\t\t\t<\/div>\n\t\t<\/section>\n\t\t\t\t<section class=\"has_eae_slider elementor-section elementor-top-section elementor-element elementor-element-fa962f4 elementor-section-boxed elementor-section-height-default elementor-section-height-default\" data-eae-slider=\"16096\" data-id=\"fa962f4\" data-element_type=\"section\" data-e-type=\"section\">\n\t\t\t\t\t\t<div class=\"elementor-container elementor-column-gap-default\">\n\t\t\t\t\t<div class=\"has_eae_slider elementor-column elementor-col-100 elementor-top-column elementor-element elementor-element-61c57f5\" data-eae-slider=\"42504\" data-id=\"61c57f5\" data-element_type=\"column\" data-e-type=\"column\">\n\t\t\t<div class=\"elementor-widget-wrap elementor-element-populated\">\n\t\t\t\t\t\t<div class=\"elementor-element elementor-element-8b62d24 elementor-widget elementor-widget-text-editor\" data-id=\"8b62d24\" data-element_type=\"widget\" data-e-type=\"widget\" data-widget_type=\"text-editor.default\">\n\t\t\t\t<div class=\"elementor-widget-container\">\n\t\t\t\t\t\t\t\t\t<p align=\"JUSTIFY\"><span class=\"userContent\"><strong>25.08<\/strong><br \/><\/span><\/p><p align=\"JUSTIFY\"><span class=\"userContent\">W poniedzia\u0142ek, w Centrum Kultury Jidysz, sporo os\u00f3b uczestniczy\u0142o w dniu otwartym Uniwersytetu Trzeciego Wieku (m.in. pokaz i warsztaty ta\u0144ca izraelskiego, warsztaty wycinanki \u017cydowskiej, zaj\u0119cia plastyczne i teatralne).\u00a0 Wielu koneser\u00f3w literatury przyby\u0142o na spotkanie z udzia\u0142em Ireny Rybczy\u0144skiej-Holland, Joanny Szcz\u0119snej i Olgi Lipi\u0144skiej, z cyklu \u201e\u017bydowski salon literacki\u201d pt. \u201eIrena Gelblum Conti di Mauro\u201d, po\u015bwi\u0119cone \u0142\u0105czniczce z getta i p\u00f3\u017aniejszej polsko-w\u0142oskiej dziennikarce, pisarce i poetce, po\u0142\u0105czone z zapowiedzi\u0105 \u201eWyboru Ireny\u201d \u2013 najnowszej ksi\u0105\u017cki Remigiusza Grzeli.\u00a0 XI Festiwal Warszawa Singera wystartowa\u0142 na Pradze! W Klubie Sk\u0142ad Butelek\u00a0 mo\u017cna by\u0142o wys\u0142ucha\u0107 wyk\u0142adu Tomasza Krakowskiego pt. \u201eHamsa \u2013 r\u0119ka Fatimy, a mo\u017ce r\u0119ka Miriam\u201d? \u201eKapliczki na podw\u00f3rkach \u017cydowskiej Pragi \u2013 historie przemilczane i niedopowiedziane\u201d \u2013\u00a0 pod takim has\u0142em odby\u0142 si\u0119 spacer z Katarzyn\u0105 Chudy\u0144sk\u0105-Szuchnik. \u201eRobot Planet\u201d \u2013 mi\u0119dzynarodowa premiera izraelskiego spektaklu na podstawie opowiadania Stanis\u0142awa Lema, kt\u00f3ry wielu widz\u00f3w przysz\u0142o obejrze\u0107 w Teatrze \u017bydowskim, to jedno z najwa\u017cniejszych wydarze\u0144 tegorocznej edycji. T\u0142um fan\u00f3w muzyki jazzowej do ostatniego miejsca wype\u0142ni\u0142 klub festiwalowy Pardon, To Tu, podczas koncertu otwieraj\u0105cego \u201eSinger Jazz Festival\u201d z Haroldem Rubinem (Izrael), Miko\u0142ajem Trzask\u0105 oraz Paw\u0142em Szamburskim w rolach g\u0142\u00f3wnych.<\/span><\/p>\t\t\t\t\t\t\t\t<\/div>\n\t\t\t\t<\/div>\n\t\t\t\t\t<\/div>\n\t\t<\/div>\n\t\t\t\t\t<\/div>\n\t\t<\/section>\n\t\t\t\t<section class=\"has_eae_slider elementor-section elementor-top-section elementor-element elementor-element-8bb9443 elementor-section-boxed elementor-section-height-default elementor-section-height-default\" data-eae-slider=\"41165\" data-id=\"8bb9443\" data-element_type=\"section\" data-e-type=\"section\">\n\t\t\t\t\t\t<div class=\"elementor-container elementor-column-gap-default\">\n\t\t\t\t\t<div class=\"has_eae_slider elementor-column elementor-col-100 elementor-top-column elementor-element elementor-element-5c0d431\" data-eae-slider=\"82582\" data-id=\"5c0d431\" data-element_type=\"column\" data-e-type=\"column\">\n\t\t\t<div class=\"elementor-widget-wrap elementor-element-populated\">\n\t\t\t\t\t\t<div class=\"elementor-element elementor-element-20acce2 elementor-widget elementor-widget-image\" data-id=\"20acce2\" data-element_type=\"widget\" data-e-type=\"widget\" data-widget_type=\"image.default\">\n\t\t\t\t<div class=\"elementor-widget-container\">\n\t\t\t\t\t\t\t\t\t\t\t\t\t\t\t<img loading=\"lazy\" decoding=\"async\" width=\"1024\" height=\"683\" src=\"https:\/\/shalom.org.pl\/wp-content\/uploads\/2019\/05\/robotplanet.fest-2014-1024x683.jpg\" class=\"attachment-large size-large wp-image-6789\" alt=\"\" srcset=\"https:\/\/shalom.org.pl\/wp-content\/uploads\/2019\/05\/robotplanet.fest-2014-1024x683.jpg 1024w, https:\/\/shalom.org.pl\/wp-content\/uploads\/2019\/05\/robotplanet.fest-2014-300x200.jpg 300w, https:\/\/shalom.org.pl\/wp-content\/uploads\/2019\/05\/robotplanet.fest-2014-768x512.jpg 768w, https:\/\/shalom.org.pl\/wp-content\/uploads\/2019\/05\/robotplanet.fest-2014-383x255.jpg 383w, https:\/\/shalom.org.pl\/wp-content\/uploads\/2019\/05\/robotplanet.fest-2014-350x233.jpg 350w\" sizes=\"(max-width: 1024px) 100vw, 1024px\" \/>\t\t\t\t\t\t\t\t\t\t\t\t\t\t\t<\/div>\n\t\t\t\t<\/div>\n\t\t\t\t\t<\/div>\n\t\t<\/div>\n\t\t\t\t\t<\/div>\n\t\t<\/section>\n\t\t\t\t<section class=\"has_eae_slider elementor-section elementor-top-section elementor-element elementor-element-38b6a33 elementor-section-boxed elementor-section-height-default elementor-section-height-default\" data-eae-slider=\"22903\" data-id=\"38b6a33\" data-element_type=\"section\" data-e-type=\"section\">\n\t\t\t\t\t\t<div class=\"elementor-container elementor-column-gap-default\">\n\t\t\t\t\t<div class=\"has_eae_slider elementor-column elementor-col-100 elementor-top-column elementor-element elementor-element-b89b3e1\" data-eae-slider=\"23726\" data-id=\"b89b3e1\" data-element_type=\"column\" data-e-type=\"column\">\n\t\t\t<div class=\"elementor-widget-wrap elementor-element-populated\">\n\t\t\t\t\t\t<div class=\"elementor-element elementor-element-b87525d elementor-widget elementor-widget-text-editor\" data-id=\"b87525d\" data-element_type=\"widget\" data-e-type=\"widget\" data-widget_type=\"text-editor.default\">\n\t\t\t\t<div class=\"elementor-widget-container\">\n\t\t\t\t\t\t\t\t\t<p align=\"JUSTIFY\"><span class=\"userContent\"><strong>26.08<\/strong><\/span><\/p><p align=\"JUSTIFY\"><span class=\"userContent\">Nast\u0119pny festiwalowy dzie\u0144 rozpocz\u0119\u0142o spotkanie z z Haroldem Rubinem, legendarnym klarnecist\u0105 . W Austriackim Forum Kultury, Hannelore Brenner-Wonschick opowiedzia\u0142a o ksi\u0105\u017cce \u201eDziewcz\u0119ta z pokoju 28. Przyja\u017a\u0144, nadzieja i przetrwanie w Theresienstadt\u201d.\u00a0 Anna Sza\u0142apak na du\u017cej scenie Teatru \u017bydowskiego wyst\u0105pi\u0142a z programem \u201eGrajmy Panu\u201d.\u00a0 Festiwalowy wtorek zako\u0144czy\u0142 Singer Jazz Festiwal w Pardon To, Tu \u2013 koncertem \u201eSpirit of Nadir\u201d \u2013 Marcina i Bart\u0142omiej Ole\u015b DUO (Polska) oraz go\u015bcia specjalnego \u2013 Harolda Rubina.<\/span><\/p><p align=\"JUSTIFY\"><span class=\"userContent\"><strong>27.08<\/strong><\/span><\/p><p align=\"JUSTIFY\"><span class=\"userContent\">\u00a0Nazajutrz mo\u017cna by\u0142o m.in. wybra\u0107 si\u0119 na spotkanie z Miriam Kainy z Izraela pt. \u201eP\u0142e\u0107 pod okupacj\u0105\u201d. W Sk\u0142adzie Butelek na Pradze, Tomasz Krakowski wyg\u0142osi\u0142 wyk\u0142ad \u201ePrzepowiadanie przysz\u0142o\u015bci w tradycji \u017cydowskiej\u201d.\u00a0 Simone Pergman Trio (Austria) z koncertem Oriental Visions wyst\u0105pi\u0142o w Klubie Mamele. \u201eWsp\u00f3\u0142czesny Jidyszland oczyma artyst\u00f3w\u201d \u2013 taki tytu\u0142 nosi\u0142 wyk\u0142ad Anny Rozenfeld zaprezentowany w Pr\u00f3\u017cna-Hoiz.\u00a0 W pierwszej cz\u0119\u015bci uroczystego koncertu w Ko\u015bciele Wszystkich \u015awi\u0119tych, wyst\u0105pi\u0142a Kapela Ze Wsi\u00a0 Warszawa, w repertuarze przygotowanym specjalnie na XI edycj\u0119 Festiwalu Warszawa Singera, p\u00f3\u017aniej muzycy zaprosili na scen\u0119 Jorgosa Skoliasa. W Praskim Sk\u0142adzie Butelek zagra\u0142 legendarny zesp\u00f3\u0142 freejazzowy \u2013 \u201eWyrwali mi torb\u0119 na stalowej\u201d. \u015arodowy wiecz\u00f3r zdominowa\u0142 Singer Jazz Festiwal. W Teatrze \u017bydowskim z fenomenalnym koncertem wyst\u0105pi\u0142 Daniel Zamir Quartet, a nieco p\u00f3\u017aniej w Pardon To, Tu, New Trio z go\u015bcinnym udzia\u0142em Daniela Zamira.<\/span><\/p>\t\t\t\t\t\t\t\t<\/div>\n\t\t\t\t<\/div>\n\t\t\t\t\t<\/div>\n\t\t<\/div>\n\t\t\t\t\t<\/div>\n\t\t<\/section>\n\t\t\t\t<section class=\"has_eae_slider elementor-section elementor-top-section elementor-element elementor-element-619389d elementor-section-boxed elementor-section-height-default elementor-section-height-default\" data-eae-slider=\"64772\" data-id=\"619389d\" data-element_type=\"section\" data-e-type=\"section\">\n\t\t\t\t\t\t<div class=\"elementor-container elementor-column-gap-default\">\n\t\t\t\t\t<div class=\"has_eae_slider elementor-column elementor-col-100 elementor-top-column elementor-element elementor-element-01100e4\" data-eae-slider=\"45406\" data-id=\"01100e4\" data-element_type=\"column\" data-e-type=\"column\">\n\t\t\t<div class=\"elementor-widget-wrap elementor-element-populated\">\n\t\t\t\t\t\t<div class=\"elementor-element elementor-element-a93379b elementor-widget elementor-widget-image\" data-id=\"a93379b\" data-element_type=\"widget\" data-e-type=\"widget\" data-widget_type=\"image.default\">\n\t\t\t\t<div class=\"elementor-widget-container\">\n\t\t\t\t\t\t\t\t\t\t\t\t\t\t\t<img loading=\"lazy\" decoding=\"async\" width=\"768\" height=\"395\" src=\"https:\/\/shalom.org.pl\/wp-content\/uploads\/2019\/05\/kapela.jorgos.2014-768x395-1.jpg\" class=\"attachment-large size-large wp-image-6790\" alt=\"\" srcset=\"https:\/\/shalom.org.pl\/wp-content\/uploads\/2019\/05\/kapela.jorgos.2014-768x395-1.jpg 768w, https:\/\/shalom.org.pl\/wp-content\/uploads\/2019\/05\/kapela.jorgos.2014-768x395-1-300x154.jpg 300w, https:\/\/shalom.org.pl\/wp-content\/uploads\/2019\/05\/kapela.jorgos.2014-768x395-1-496x255.jpg 496w, https:\/\/shalom.org.pl\/wp-content\/uploads\/2019\/05\/kapela.jorgos.2014-768x395-1-350x180.jpg 350w\" sizes=\"(max-width: 768px) 100vw, 768px\" \/>\t\t\t\t\t\t\t\t\t\t\t\t\t\t\t<\/div>\n\t\t\t\t<\/div>\n\t\t\t\t\t<\/div>\n\t\t<\/div>\n\t\t\t\t\t<\/div>\n\t\t<\/section>\n\t\t\t\t<section class=\"has_eae_slider elementor-section elementor-top-section elementor-element elementor-element-831813e elementor-section-boxed elementor-section-height-default elementor-section-height-default\" data-eae-slider=\"42075\" data-id=\"831813e\" data-element_type=\"section\" data-e-type=\"section\">\n\t\t\t\t\t\t<div class=\"elementor-container elementor-column-gap-default\">\n\t\t\t\t\t<div class=\"has_eae_slider elementor-column elementor-col-100 elementor-top-column elementor-element elementor-element-ba4aeb1\" data-eae-slider=\"95272\" data-id=\"ba4aeb1\" data-element_type=\"column\" data-e-type=\"column\">\n\t\t\t<div class=\"elementor-widget-wrap elementor-element-populated\">\n\t\t\t\t\t\t<div class=\"elementor-element elementor-element-b94c126 elementor-widget elementor-widget-text-editor\" data-id=\"b94c126\" data-element_type=\"widget\" data-e-type=\"widget\" data-widget_type=\"text-editor.default\">\n\t\t\t\t<div class=\"elementor-widget-container\">\n\t\t\t\t\t\t\t\t\t<p align=\"JUSTIFY\"><span class=\"userContent\"><strong>28.08<\/strong><\/span><\/p><p align=\"JUSTIFY\"><span class=\"userContent\">\u00a0W czwartek w Centrum Kultury Jidysz odby\u0142a si\u0119 sesja naukowa pt. \u201eBerlin \u2013 Warszawa\u201d.\u00a0 Andrzej Krakowski w Austriackim Forum Kultury\u00a0 wyg\u0142osi\u0142 wyk\u0142ad Sophie Tucker \u0660 Anna Held \u0660 Gilda Gray\u201c.\u00a0 Na spotkanie\u00a0 z cyklu \u201eOpowiedz mi swoj\u0105 histori\u0119\u201d , kt\u00f3rego bohaterem by\u0142 Lejb Fogelman, mo\u017cna si\u0119 by\u0142o wybra\u0107 do Mamele.<br \/>\u201eKot Rabina\u201d \u2013 czytanie performatywne komiksu Joanna Sfara, w re\u017cyserii Jacka Papisa, wystawiono na scenie na pi\u0119trze. Sporo os\u00f3b zjawi\u0142o si\u0119 w Pardon, To Tu na koncercie Christiana Dawida &amp; DJ Lenara. W czwartkowy wiecz\u00f3r fani jazzu mieli ostatni\u0105 szans\u0119, aby wzi\u0105\u0107 udzia\u0142 w Singer Jazz Festival. W Synagodze im. No\u017cyk\u00f3w zagra\u0142 Kuba Stankiewicz, w Teatrze \u017bydowskim za\u015bpiewa\u0142a Lena Pi\u0119kniewska, a w koncercie zamykaj\u0105cym ten cykl wyst\u0105pili: Jachna\/Urowski\/Olszewski Trio (Polska) oraz go\u015bcinnie Harold Rubin.<br \/><\/span><\/p><p align=\"JUSTIFY\"><span class=\"userContent\"><strong>29.08<\/strong><\/span><\/p><p align=\"JUSTIFY\"><span class=\"userContent\">Publiczno\u015b\u0107 drugiego festiwalowego pi\u0105tku r\u00f3wnie\u017c nie mog\u0142a narzeka\u0107 na brak muzycznych atrakcji! W Sk\u0142adzie Butelek zagrali: Pawe\u0142 Szamburski &amp; DJ Lenar i go\u015b\u0107 specjalny \u2013 Jerzy Rogiewicz. Spod instalacji \u201eK\u0142adka pami\u0119ci\u201d na rogu Ch\u0142odnej i \u017belaznej rozpocz\u0105\u0142 si\u0119 \u201emuzyczny spacer ulicami Warszawy, kt\u00f3rych ju\u017c nie ma\u201d z zespo\u0142em Trio Yas. Semer Label Reloaded zaserwowa\u0142 widzom przepi\u0119kny koncert w Teatrze \u017bydowskim. W Piwnicy Na W\u00f3jtowskiej wyst\u0105pili Klezmersi.\u00a0 Wiele os\u00f3b przysz\u0142o na Plac Grzybowski, aby uczestniczy\u0107 w \u201eShabat Shalom\u201d \u2013 \u015bwi\u0105tecznym wieczorze z udzia\u0142em m.in.Go\u0142dy Tencer, Etel Szyc, Genady Iskhakova, Henryka Rajfera, Izabelii Rzeszowskiej i Moniki Chrz\u0105stowskiej.\u00a0 Poza tym w tym dniu mo\u017cna by\u0142o m.in. pozna\u0107 historie opowiadane przez Mariana Lichtmana,\u00a0 obejrze\u0107 \u201eOpowie\u015b\u0107 o Zuzannie Ginczance\u201d \u2013 spektakl poetycko-muzyczny, wys\u0142ucha\u0107 prozy I. B. Singera w interpretacji Jerzego Stuhra i wybra\u0107 si\u0119 do Mamele na spotkanie \u201eW Kuchni mamy Soni\u201d, kt\u00f3rego bohaterem by\u0142\u00a0 Janusz Tencer.<\/span><\/p><p align=\"JUSTIFY\"><span class=\"userContent\"><strong>30.08<\/strong><\/span><\/p><p align=\"JUSTIFY\"><span class=\"userContent\">W \u201eCzytelni pisarzy \u017cydowskich\u201d proz\u0119 Szolema Alejchema przedstawi\u0142 Olgierd \u0141ukaszewicz, a w Mamele odby\u0142o si\u0119 spotkanie z Dariuszem Stol\u0105, dyrektorem Muzeum Historii \u017byd\u00f3w Polskich, a p\u00f3\u017aniej w tym samym miejscu wiele ciekawych historii opowiedzia\u0142 Zygmunt Rolat. Spor\u0105 widowni\u0119 mia\u0142 wiecz\u00f3r poezji Celii Dropkin, Pierwszej Damy poezji jidysz pt. \u201eDer alef-bejs fun der \u2013 Alfabet mi\u0142o\u015bci\u201d . Katarzyna Chudy\u0144ska \u2013 Szuchnik poprowadzi\u0142a\u00a0 na Pradze spacer pod has\u0142em \u201eWspominaj\u0105c niebieski syfon \u2013 kupcy Bazaru R\u00f3\u017cyckiego do II wojny \u015bwiatowej\u201d. Na Placu Grzybowskim jak co roku rozgo\u015bci\u0142 si\u0119 \u017cydowski jarmark ze straganami, ma\u0142ymi sklepikami, warsztatami i kramami z pami\u0105tkami. Na pewno ka\u017cdy znalaz\u0142 dla siebie co\u015b wyj\u0105tkowego.<br \/>Przedostatni festiwalowy dzie\u0144 obfitowa\u0142 w wiele atrakcyjnych wydarze\u0144.\u00a0 W Austriackim Forum Kultury mia\u0142o miejsce czytanie performatywne opowiada\u0144 Jacoba G. Rosenberga \u201eMidrasze i przypowie\u015bci\u201d.\u00a0 Bardzo du\u017co os\u00f3b wzi\u0119\u0142o udzia\u0142 w warsztatach ta\u0144ca \u017cydowskiego, kt\u00f3re na Placu Grzybowskim poprowadzi\u0142 Guy Schalom. Wielu artystycznych wra\u017ce\u0144 dostarczy\u0142a \u201eLola Blau\u201d wg Georga Kreislera \u2013 monodram Mai Morgenstern (Rumunia). Podczas Nocy Klezmer\u00f3w, czyli koncercie plenerowym na Placu Grzybowskim, wyst\u0105pi\u0142 Alan Bern\u00a0 w projekcie \u201eSemer Label Reloaded\u201d, z go\u015bcinnym udzia\u0142em Franka Londona oraz Trio Yas. Druga, festiwalowa sobota zako\u0144czy\u0142a si\u0119 spektaklem \u201eB\u0105d\u017a Pan M\u0105dry i nie durniej, jak powiada Szymon Szurmiej\u201d, kt\u00f3rym aktorzy-przyjaciele z\u0142o\u017cyli ho\u0142d wieloletniemu Dyrektorowi Teatru \u017bydowskiego.<\/span><\/p><p align=\"JUSTIFY\"><strong>31.08<\/strong><\/p><p align=\"JUSTIFY\"><span class=\"userContent\">Ostatni dzie\u0144 XI Festiwalu Warszawa Singera rozpocz\u0105\u0142 si\u0119 od spektaklu Teatru \u017bydowskiego \u201eO karpiu, kozie i tr\u0105bce, kt\u00f3ra gasi\u0142a po\u017cary\u201d,\u00a0 na podstawie opowiada\u0144 I. B. Singera. W Austriackim Forum Kultury odby\u0142o si\u0119 spotkanie z Savyon Liebrecht, a w Restauracji Pasadena podczas \u201ePrzystanku poezja\u201d, wiersze Debory Vogel, przedstawili aktorzy Teatru \u017bydowskiego: Mariola Ku\u017anik, Sylwia Najah i Rafa\u0142 Rutowicz.\u00a0 \u201eW \u017bydowskim salonie literackim\u201d mo\u017cna by\u0142o si\u0119\u00a0 spotka\u0107 z And\u0105 Rottenberg oraz Dorot\u0105 Jareck\u0105 + bohaterk\u0105 i autork\u0105 wywiadu rzeki pt. \u201eRottenberg. Ju\u017c trudno\u201d. W Mamele wyst\u0105pi\u0142 duet Maria Pomianowska\u00a0 &amp; Dima Gorelik.\u00a0 Spory t\u0142um pojawi\u0142 si\u0119 na Placu Grzybowskim, aby pos\u0142ucha\u0107 opowie\u015bci Macieja Nowaka o \u017cydowskich tradycjach poskiej kuchni. Nieco p\u00f3\u017aniej, w tym samym miejscu, na wielkie gotowanie czulentu zaprosili wszystkich zebranych Aneta i Jan Kuroniowie. Wa\u017cnym muzycznym wydarzeniem, w tym dniu, by\u0142 koncert\u00a0 Franka Londona i Yaakova Lemmera, z towarzyszeniem: Benjy Fox-Rosena oraz Trio YAS. Podczas koncertu fina\u0142owego na Placu Grzybowskim publiczno\u015b\u0107 bawi\u0142a si\u0119 znakomicie podczas wyst\u0119p\u00f3w Davida D\u2019ora z zespo\u0142em oraz Franka Londona &amp; Yaakova Lemmera oraz Trio YAS i Benjy Fox Rosena. XI Festiwal Warszawa Singera zako\u0144czy\u0142 si\u0119 tradycyjnie \u2013 \u201eKo\u0142ysank\u0105 dla pami\u0119ci\u201d przy Pomniku Bohater\u00f3w Getta.<\/span><\/p><p align=\"JUSTIFY\"><span class=\"userContent\"><strong>1.09<\/strong><\/span><\/p><p align=\"JUSTIFY\"><span class=\"userContent\">Ostatnim, bardzo wa\u017cnym akcentem tegorocznej edycji by\u0142a pokazana\u00a0 w Teatrze \u017bydowskim \u2013 \u201eNoc ca\u0142ego \u017cycia\u201d \u2013 ostatni spektakl wyre\u017cyserowany przez Dyrektora Teatru \u017bydowskiego \u2013 Szymona Szurmieja, wystawiany specjalnie podczas Festiwalu Warszawa Singera w 75 rocznic\u0119 wybuchu II Wojny \u015awiatowej.<\/span><\/p>\t\t\t\t\t\t\t\t<\/div>\n\t\t\t\t<\/div>\n\t\t\t\t\t<\/div>\n\t\t<\/div>\n\t\t\t\t\t<\/div>\n\t\t<\/section>\n\t\t\t\t<\/div>\n\t\t","protected":false},"excerpt":{"rendered":"<p>XI EDYCJA FESTIWALU WARSZAWA SINGERA 23-31 SIERPNIA \u2013 1 WRZE\u015aNIA&nbsp;2014 R.\u200b Galeria zdj\u0119\u0107 najwa\u017cniejszych wydarze\u0144 XI edycji festiwalu: Uroczyste Otwarcie [&hellip;]<\/p>\n","protected":false},"author":1,"featured_media":0,"parent":5690,"menu_order":0,"comment_status":"closed","ping_status":"closed","template":"src\/uniwersalny.php","meta":{"_acf_changed":false,"ngg_post_thumbnail":0,"footnotes":""},"class_list":["post-6221","page","type-page","status-publish","hentry"],"acf":[],"_links":{"self":[{"href":"https:\/\/shalom.org.pl\/en\/wp-json\/wp\/v2\/pages\/6221","targetHints":{"allow":["GET"]}}],"collection":[{"href":"https:\/\/shalom.org.pl\/en\/wp-json\/wp\/v2\/pages"}],"about":[{"href":"https:\/\/shalom.org.pl\/en\/wp-json\/wp\/v2\/types\/page"}],"author":[{"embeddable":true,"href":"https:\/\/shalom.org.pl\/en\/wp-json\/wp\/v2\/users\/1"}],"replies":[{"embeddable":true,"href":"https:\/\/shalom.org.pl\/en\/wp-json\/wp\/v2\/comments?post=6221"}],"version-history":[{"count":6,"href":"https:\/\/shalom.org.pl\/en\/wp-json\/wp\/v2\/pages\/6221\/revisions"}],"predecessor-version":[{"id":7049,"href":"https:\/\/shalom.org.pl\/en\/wp-json\/wp\/v2\/pages\/6221\/revisions\/7049"}],"up":[{"embeddable":true,"href":"https:\/\/shalom.org.pl\/en\/wp-json\/wp\/v2\/pages\/5690"}],"wp:attachment":[{"href":"https:\/\/shalom.org.pl\/en\/wp-json\/wp\/v2\/media?parent=6221"}],"curies":[{"name":"wp","href":"https:\/\/api.w.org\/{rel}","templated":true}]}}