{"id":6219,"date":"2019-05-14T11:46:04","date_gmt":"2019-05-14T09:46:04","guid":{"rendered":"http:\/\/shalom.org.pl\/?page_id=6219"},"modified":"2019-05-29T22:24:11","modified_gmt":"2019-05-29T20:24:11","slug":"2013-2","status":"publish","type":"page","link":"https:\/\/shalom.org.pl\/en\/o-festiwalu\/poprzednie-edycje\/2013-2\/","title":{"rendered":"2013"},"content":{"rendered":"\t\t<div data-elementor-type=\"wp-post\" data-elementor-id=\"6219\" class=\"elementor elementor-6219\">\n\t\t\t\t\t\t<section class=\"has_eae_slider elementor-section elementor-top-section elementor-element elementor-element-5a3e0f2e elementor-section-boxed elementor-section-height-default elementor-section-height-default\" data-eae-slider=\"27988\" data-id=\"5a3e0f2e\" data-element_type=\"section\" data-e-type=\"section\">\n\t\t\t\t\t\t<div class=\"elementor-container elementor-column-gap-default\">\n\t\t\t\t\t<div class=\"has_eae_slider elementor-column elementor-col-100 elementor-top-column elementor-element elementor-element-538e573\" data-eae-slider=\"6352\" data-id=\"538e573\" data-element_type=\"column\" data-e-type=\"column\">\n\t\t\t<div class=\"elementor-widget-wrap elementor-element-populated\">\n\t\t\t\t\t\t<div class=\"elementor-element elementor-element-fe335f1 elementor-widget elementor-widget-heading\" data-id=\"fe335f1\" data-element_type=\"widget\" data-e-type=\"widget\" data-widget_type=\"heading.default\">\n\t\t\t\t<div class=\"elementor-widget-container\">\n\t\t\t\t\t<h2 class=\"elementor-heading-title elementor-size-default\">X EDYCJA FESTIWALU WARSZAWA SINGERA<\/h2>\t\t\t\t<\/div>\n\t\t\t\t<\/div>\n\t\t\t\t<div class=\"elementor-element elementor-element-a901d50 elementor-widget elementor-widget-text-editor\" data-id=\"a901d50\" data-element_type=\"widget\" data-e-type=\"widget\" data-widget_type=\"text-editor.default\">\n\t\t\t\t<div class=\"elementor-widget-container\">\n\t\t\t\t\t\t\t\t\t<p style=\"text-align: justify;\"><strong>24 SIERPNIA \u2013 1 WRZE\u015aNIA\u00a02013 R.<\/strong><\/p><p style=\"text-align: justify;\"><strong>Relacja dzie\u0144 po dniu:<\/strong><\/p><div class=\"entry-content\" style=\"text-align: justify;\"><p align=\"JUSTIFY\"><strong>pi\u0105tek, 23.08<\/strong><\/p><p align=\"JUSTIFY\">Z okazji 90-lecia urodzin i 65-lecia pracy artystycznej Szymon Szurmieja zaprezentowano MI\u0118DZY DNIEM A NOC\u0104. DYBUK \u2013 spektakl w re\u017cyserii i adaptacji Szymona Szurmieja, na podstawie utwor\u00f3w \u201eDybuk\u201d oraz \u201eDzie\u0144 i noc\u201d Szymona An-skiego.<\/p><\/div><p style=\"color: #212529; text-align: justify;\" align=\"JUSTIFY\"><span style=\"font-weight: bolder;\">sobota, 24.08<\/span><\/p><p style=\"color: #212529; text-align: justify;\">\u00a0W Klubie La Playa podczas imprezy \u201eLa Playa: Warszawa-Tel Awiw\u201d odby\u0142 si\u0119 m.in. w pokaz kulinarny Ja\u015bka Kuronia \u201eIzraelska kuchnia wielu smak\u00f3w\u201d, warsztaty ta\u0144ca \u017cydowskiego z Micha\u0142em Pir\u00f3giem, koncert Si\u00f3str Rajfer oraz warsztaty dla dzieci. Gwiazd\u0105 imprezy \u201ePiknik Rodzinny: Big Beat na Muranowie\u201d by\u0142a Ania Rusowicz, kt\u00f3ra za\u015bpiewa\u0142a m.in. kilka utwor\u00f3w legendarnego zespo\u0142u \u015aliwki. W Akademii Sztuk Pi\u0119knych odby\u0142y si\u0119 wernisa\u017ce wystaw Krystyny Piotrowskiej: \u201ePortrety w technice w\u0142asnej oraz Ryszarda Horowitza \u201eAll that Jazz! \u2013 portrety jazzowe\u201d. Wieczorem mo\u017cna by\u0142o obejrze\u0107 spektakl Teatru \u017bydowskiego pt.\u00a0 \u201eKAFKA TA\u0143CZY\u201d, na podstawie sztuki Timothy\u2019ego Daly\u2019ego \u201eKafka dances\u201d, w t\u0142umaczeniu Lecha Mackiewicza.<\/p>\t\t\t\t\t\t\t\t<\/div>\n\t\t\t\t<\/div>\n\t\t\t\t<div class=\"elementor-element elementor-element-629c3b3 elementor-widget elementor-widget-image-gallery\" data-id=\"629c3b3\" data-element_type=\"widget\" data-e-type=\"widget\" data-widget_type=\"image-gallery.default\">\n\t\t\t\t<div class=\"elementor-widget-container\">\n\t\t\t\t\t\t\t<div class=\"elementor-image-gallery\">\n\t\t\t\n\t\t<style type=\"text\/css\">\n\t\t\t#gallery-1 {\n\t\t\t\tmargin: auto;\n\t\t\t}\n\t\t\t#gallery-1 .gallery-item {\n\t\t\t\tfloat: left;\n\t\t\t\tmargin-top: 10px;\n\t\t\t\ttext-align: center;\n\t\t\t\twidth: 33%;\n\t\t\t}\n\t\t\t#gallery-1 img {\n\t\t\t\tborder: 2px solid #cfcfcf;\n\t\t\t}\n\t\t\t#gallery-1 .gallery-caption {\n\t\t\t\tmargin-left: 0;\n\t\t\t}\n\t\t\t\/* see gallery_shortcode() in wp-includes\/media.php *\/\n\t\t<\/style>\n\t\t<div id='gallery-1' class='gallery galleryid-6219 gallery-columns-3 gallery-size-thumbnail'><dl class='gallery-item'>\n\t\t\t<dt class='gallery-icon landscape'>\n\t\t\t\t<a data-elementor-open-lightbox=\"yes\" data-elementor-lightbox-slideshow=\"629c3b3\" data-elementor-lightbox-title=\"ania_rusowicz\" data-e-action-hash=\"#elementor-action%3Aaction%3Dlightbox%26settings%3DeyJpZCI6Njc0NCwidXJsIjoiaHR0cHM6XC9cL3NoYWxvbS5vcmcucGxcL3dwLWNvbnRlbnRcL3VwbG9hZHNcLzIwMTlcLzA1XC9hbmlhX3J1c293aWN6LmpwZyIsInNsaWRlc2hvdyI6IjYyOWMzYjMifQ%3D%3D\" href='https:\/\/shalom.org.pl\/wp-content\/uploads\/2019\/05\/ania_rusowicz.jpg'><img fetchpriority=\"high\" decoding=\"async\" width=\"300\" height=\"300\" src=\"https:\/\/shalom.org.pl\/wp-content\/uploads\/2019\/05\/ania_rusowicz-300x300.jpg\" class=\"attachment-thumbnail size-thumbnail\" alt=\"\" \/><\/a>\n\t\t\t<\/dt><\/dl><dl class='gallery-item'>\n\t\t\t<dt class='gallery-icon landscape'>\n\t\t\t\t<a data-elementor-open-lightbox=\"yes\" data-elementor-lightbox-slideshow=\"629c3b3\" data-elementor-lightbox-title=\"kafkatanczy\" data-e-action-hash=\"#elementor-action%3Aaction%3Dlightbox%26settings%3DeyJpZCI6Njc0NywidXJsIjoiaHR0cHM6XC9cL3NoYWxvbS5vcmcucGxcL3dwLWNvbnRlbnRcL3VwbG9hZHNcLzIwMTlcLzA1XC9rYWZrYXRhbmN6eS5qcGciLCJzbGlkZXNob3ciOiI2MjljM2IzIn0%3D\" href='https:\/\/shalom.org.pl\/wp-content\/uploads\/2019\/05\/kafkatanczy.jpg'><img decoding=\"async\" width=\"300\" height=\"300\" src=\"https:\/\/shalom.org.pl\/wp-content\/uploads\/2019\/05\/kafkatanczy-300x300.jpg\" class=\"attachment-thumbnail size-thumbnail\" alt=\"\" \/><\/a>\n\t\t\t<\/dt><\/dl><dl class='gallery-item'>\n\t\t\t<dt class='gallery-icon landscape'>\n\t\t\t\t<a data-elementor-open-lightbox=\"yes\" data-elementor-lightbox-slideshow=\"629c3b3\" data-elementor-lightbox-title=\"LaPlaya\" data-e-action-hash=\"#elementor-action%3Aaction%3Dlightbox%26settings%3DeyJpZCI6Njc1MCwidXJsIjoiaHR0cHM6XC9cL3NoYWxvbS5vcmcucGxcL3dwLWNvbnRlbnRcL3VwbG9hZHNcLzIwMTlcLzA1XC9MYVBsYXlhLmpwZyIsInNsaWRlc2hvdyI6IjYyOWMzYjMifQ%3D%3D\" href='https:\/\/shalom.org.pl\/wp-content\/uploads\/2019\/05\/LaPlaya.jpg'><img decoding=\"async\" width=\"300\" height=\"242\" src=\"https:\/\/shalom.org.pl\/wp-content\/uploads\/2019\/05\/LaPlaya-300x242.jpg\" class=\"attachment-thumbnail size-thumbnail\" alt=\"\" \/><\/a>\n\t\t\t<\/dt><\/dl><br style=\"clear: both\" \/>\n\t\t<\/div>\n\t\t<\/div>\n\t\t\t\t\t\t<\/div>\n\t\t\t\t<\/div>\n\t\t\t\t<div class=\"elementor-element elementor-element-c899d14 elementor-widget elementor-widget-text-editor\" data-id=\"c899d14\" data-element_type=\"widget\" data-e-type=\"widget\" data-widget_type=\"text-editor.default\">\n\t\t\t\t<div class=\"elementor-widget-container\">\n\t\t\t\t\t\t\t\t\t<p style=\"text-align: justify;\"><strong>niedziela, 25.08<\/strong><\/p><p style=\"text-align: justify;\">Przy Andersa 15 odby\u0142 si\u0119 Dzie\u0144 Otwarty w Centrum Kultury Jidysz (m.in. lekcja j\u0119zyka jidysz, warsztaty: piosenki, dla dzieci, czytania literatury jidysz i spektakl \u201ePami\u0119tnik Blumki\u201d). Bardzo wa\u017cnym wydarzeniem by\u0142o spotkanie\u00a0 z Israelem Zamirem, synem I.B.Singera. Na ma\u0142ej scenie Teatru \u017bydowskiego mo\u017cna by\u0142o obejrze\u0107 znakomity spektakl \u201eMy, \u017bydzi Polscy\u201d Juliana Tuwima. Na du\u017cej scenie Teatru wyst\u0105pi\u0142 genialny Ron Davis. Natomiast w Synagodze im. No\u017cyk\u00f3w odby\u0142o si\u0119 Uroczyste Otwarcie Festiwalu \u2013 Koncert Kantor\u00f3w.<\/p>\t\t\t\t\t\t\t\t<\/div>\n\t\t\t\t<\/div>\n\t\t\t\t<div class=\"elementor-element elementor-element-485ae55 elementor-widget elementor-widget-image-gallery\" data-id=\"485ae55\" data-element_type=\"widget\" data-e-type=\"widget\" data-widget_type=\"image-gallery.default\">\n\t\t\t\t<div class=\"elementor-widget-container\">\n\t\t\t\t\t\t\t<div class=\"elementor-image-gallery\">\n\t\t\t\n\t\t<style type=\"text\/css\">\n\t\t\t#gallery-2 {\n\t\t\t\tmargin: auto;\n\t\t\t}\n\t\t\t#gallery-2 .gallery-item {\n\t\t\t\tfloat: left;\n\t\t\t\tmargin-top: 10px;\n\t\t\t\ttext-align: center;\n\t\t\t\twidth: 33%;\n\t\t\t}\n\t\t\t#gallery-2 img {\n\t\t\t\tborder: 2px solid #cfcfcf;\n\t\t\t}\n\t\t\t#gallery-2 .gallery-caption {\n\t\t\t\tmargin-left: 0;\n\t\t\t}\n\t\t\t\/* see gallery_shortcode() in wp-includes\/media.php *\/\n\t\t<\/style>\n\t\t<div id='gallery-2' class='gallery galleryid-6219 gallery-columns-3 gallery-size-thumbnail'><dl class='gallery-item'>\n\t\t\t<dt class='gallery-icon landscape'>\n\t\t\t\t<a data-elementor-open-lightbox=\"yes\" data-elementor-lightbox-slideshow=\"485ae55\" data-elementor-lightbox-title=\"IsraelZamirSinger\" data-e-action-hash=\"#elementor-action%3Aaction%3Dlightbox%26settings%3DeyJpZCI6Njc0NiwidXJsIjoiaHR0cHM6XC9cL3NoYWxvbS5vcmcucGxcL3dwLWNvbnRlbnRcL3VwbG9hZHNcLzIwMTlcLzA1XC9Jc3JhZWxaYW1pclNpbmdlci5qcGciLCJzbGlkZXNob3ciOiI0ODVhZTU1In0%3D\" href='https:\/\/shalom.org.pl\/wp-content\/uploads\/2019\/05\/IsraelZamirSinger.jpg'><img loading=\"lazy\" decoding=\"async\" width=\"300\" height=\"295\" src=\"https:\/\/shalom.org.pl\/wp-content\/uploads\/2019\/05\/IsraelZamirSinger-300x295.jpg\" class=\"attachment-thumbnail size-thumbnail\" alt=\"\" \/><\/a>\n\t\t\t<\/dt><\/dl><dl class='gallery-item'>\n\t\t\t<dt class='gallery-icon landscape'>\n\t\t\t\t<a data-elementor-open-lightbox=\"yes\" data-elementor-lightbox-slideshow=\"485ae55\" data-elementor-lightbox-title=\"Kantorzy2013\" data-e-action-hash=\"#elementor-action%3Aaction%3Dlightbox%26settings%3DeyJpZCI6Njc0OCwidXJsIjoiaHR0cHM6XC9cL3NoYWxvbS5vcmcucGxcL3dwLWNvbnRlbnRcL3VwbG9hZHNcLzIwMTlcLzA1XC9LYW50b3J6eTIwMTMuanBnIiwic2xpZGVzaG93IjoiNDg1YWU1NSJ9\" href='https:\/\/shalom.org.pl\/wp-content\/uploads\/2019\/05\/Kantorzy2013.jpg'><img loading=\"lazy\" decoding=\"async\" width=\"300\" height=\"266\" src=\"https:\/\/shalom.org.pl\/wp-content\/uploads\/2019\/05\/Kantorzy2013-300x266.jpg\" class=\"attachment-thumbnail size-thumbnail\" alt=\"\" \/><\/a>\n\t\t\t<\/dt><\/dl><dl class='gallery-item'>\n\t\t\t<dt class='gallery-icon landscape'>\n\t\t\t\t<a data-elementor-open-lightbox=\"yes\" data-elementor-lightbox-slideshow=\"485ae55\" data-elementor-lightbox-title=\"RonDaviskoncert2013\" data-e-action-hash=\"#elementor-action%3Aaction%3Dlightbox%26settings%3DeyJpZCI6Njc1MywidXJsIjoiaHR0cHM6XC9cL3NoYWxvbS5vcmcucGxcL3dwLWNvbnRlbnRcL3VwbG9hZHNcLzIwMTlcLzA1XC9Sb25EYXZpc2tvbmNlcnQyMDEzLmpwZyIsInNsaWRlc2hvdyI6IjQ4NWFlNTUifQ%3D%3D\" href='https:\/\/shalom.org.pl\/wp-content\/uploads\/2019\/05\/RonDaviskoncert2013.jpg'><img loading=\"lazy\" decoding=\"async\" width=\"300\" height=\"296\" src=\"https:\/\/shalom.org.pl\/wp-content\/uploads\/2019\/05\/RonDaviskoncert2013-300x296.jpg\" class=\"attachment-thumbnail size-thumbnail\" alt=\"\" \/><\/a>\n\t\t\t<\/dt><\/dl><br style=\"clear: both\" \/>\n\t\t<\/div>\n\t\t<\/div>\n\t\t\t\t\t\t<\/div>\n\t\t\t\t<\/div>\n\t\t\t\t<div class=\"elementor-element elementor-element-fc938fc elementor-widget elementor-widget-text-editor\" data-id=\"fc938fc\" data-element_type=\"widget\" data-e-type=\"widget\" data-widget_type=\"text-editor.default\">\n\t\t\t\t<div class=\"elementor-widget-container\">\n\t\t\t\t\t\t\t\t\t<p style=\"text-align: justify;\"><strong>poniedzia\u0142ek, 26.08<\/strong><\/p><p style=\"text-align: justify;\">W Centrum Kultury Jidysz przy ul. Andersa 15 sporo os\u00f3b uczestniczy\u0142o w dniu otwartym Uniwersytetu Trzeciego Wieku (m.in. pokaz i warsztaty ta\u0144ca izraelskiego, warsztaty wycinanki \u017cydowskiej oraz wyst\u0119p kabaretu \u201eGolden Age\u201d). W Klubie Mamele mo\u017cna by\u0142o zobaczy\u0107 spektakl \u201eOpowiadania nie tylko dla dzieci\u201d na podstawie prozy I.B.Singera. Wielu koneser\u00f3w literatury przyby\u0142o na promocj\u0119 ksi\u0105\u017cki \u201eWolne\u201d Remigiusza Grzeli, z udzia\u0142em m.in. Julii Hartwig. Spacer dotycz\u0105cy Wielkiej Synagogi na T\u0142omackiem poprowadzi\u0142a Katarzyna Chudy\u0144ska-Szuchnik. Wieczorem spektakl \u201eYentl\u201dprzedstawi\u0142 Teatr \u017bydowski z Bukaresztu. X Festiwal Warszawa Singera wystartowa\u0142 na Pradze! W Klubie Sk\u0142ad Butelek odby\u0142 si\u0119 pokaz film\u00f3w: \u201eI to wszystko zamienia si\u0119 w taniec\u201d i \u201eZid parch\u201d. Przed projekcj\u0105 zaproszono na degustacj\u0119 wina izraelskiego.<\/p><p style=\"text-align: justify;\"><strong>wtorek, 27.08<\/strong><\/p><p style=\"text-align: justify;\">Pi\u0105ty festiwalowy dzie\u0144 rozpocz\u0119\u0142o spotkanie z Piotrem Pazi\u0144skim. W Mamele w spektaklu \u201eWarszawo Ma!\u201d wyst\u0105pi\u0142a Danuta Stankiewicz. W Austriackim Forum Kultury Bella Szwarcman-Czarnota opowiedzia\u0142a o ksi\u0105\u017cce \u201eRabin bez g\u0142owy i inne opowie\u015bci z Che\u0142ma\u201d Menachema Kipnisa. Tomasz Sta\u0144ko w pierwszej cz\u0119\u015bci koncertu w Ko\u015bciele Wszystkich \u015awi\u0119tych wyst\u0105pi\u0142 z zespo\u0142em Kroke, p\u00f3\u017aniej zaprosi\u0142 na scen\u0119 New York Quartet. By\u0142a ta prawdziwa jazzowa uczta, wzbogacona \u017cydowsk\u0105 nut\u0105. Krzysztof Kilja\u0144ski za\u015bpiewa\u0142 na du\u017cej scenie Teatru \u017bydowskiego, m.in. piosenki Jonasza Kofty i kilka \u017cydowskich szlagier\u00f3w. Na Pradze z Placu Szembeka wyruszy\u0142 spacer z Katarzyn\u0105 Chydy\u0144sk\u0105-Szuchnik, a Tomasz Krakowski wyg\u0142osi\u0142 wyk\u0142ad o \u017cydowskiej demonologii w Kawiarni Chmury. Festiwalowy wtorek zako\u0144czy\u0142 si\u0119 w Sk\u0142adzie Butelek Przystankiem Poezja (Jeszaje Szpigel).<\/p>\t\t\t\t\t\t\t\t<\/div>\n\t\t\t\t<\/div>\n\t\t\t\t<div class=\"elementor-element elementor-element-de56b34 elementor-widget elementor-widget-image-gallery\" data-id=\"de56b34\" data-element_type=\"widget\" data-e-type=\"widget\" data-widget_type=\"image-gallery.default\">\n\t\t\t\t<div class=\"elementor-widget-container\">\n\t\t\t\t\t\t\t<div class=\"elementor-image-gallery\">\n\t\t\t\n\t\t<style type=\"text\/css\">\n\t\t\t#gallery-3 {\n\t\t\t\tmargin: auto;\n\t\t\t}\n\t\t\t#gallery-3 .gallery-item {\n\t\t\t\tfloat: left;\n\t\t\t\tmargin-top: 10px;\n\t\t\t\ttext-align: center;\n\t\t\t\twidth: 50%;\n\t\t\t}\n\t\t\t#gallery-3 img {\n\t\t\t\tborder: 2px solid #cfcfcf;\n\t\t\t}\n\t\t\t#gallery-3 .gallery-caption {\n\t\t\t\tmargin-left: 0;\n\t\t\t}\n\t\t\t\/* see gallery_shortcode() in wp-includes\/media.php *\/\n\t\t<\/style>\n\t\t<div id='gallery-3' class='gallery galleryid-6219 gallery-columns-2 gallery-size-thumbnail'><dl class='gallery-item'>\n\t\t\t<dt class='gallery-icon landscape'>\n\t\t\t\t<a data-elementor-open-lightbox=\"yes\" data-elementor-lightbox-slideshow=\"de56b34\" data-elementor-lightbox-title=\"stanko\" data-e-action-hash=\"#elementor-action%3Aaction%3Dlightbox%26settings%3DeyJpZCI6Njc1NCwidXJsIjoiaHR0cHM6XC9cL3NoYWxvbS5vcmcucGxcL3dwLWNvbnRlbnRcL3VwbG9hZHNcLzIwMTlcLzA1XC9zdGFua28uanBnIiwic2xpZGVzaG93IjoiZGU1NmIzNCJ9\" href='https:\/\/shalom.org.pl\/wp-content\/uploads\/2019\/05\/stanko.jpg'><img loading=\"lazy\" decoding=\"async\" width=\"300\" height=\"277\" src=\"https:\/\/shalom.org.pl\/wp-content\/uploads\/2019\/05\/stanko-300x277.jpg\" class=\"attachment-thumbnail size-thumbnail\" alt=\"\" \/><\/a>\n\t\t\t<\/dt><\/dl><dl class='gallery-item'>\n\t\t\t<dt class='gallery-icon landscape'>\n\t\t\t\t<a data-elementor-open-lightbox=\"yes\" data-elementor-lightbox-slideshow=\"de56b34\" data-elementor-lightbox-title=\"kiljanski\" data-e-action-hash=\"#elementor-action%3Aaction%3Dlightbox%26settings%3DeyJpZCI6Njc0OSwidXJsIjoiaHR0cHM6XC9cL3NoYWxvbS5vcmcucGxcL3dwLWNvbnRlbnRcL3VwbG9hZHNcLzIwMTlcLzA1XC9raWxqYW5za2kuanBnIiwic2xpZGVzaG93IjoiZGU1NmIzNCJ9\" href='https:\/\/shalom.org.pl\/wp-content\/uploads\/2019\/05\/kiljanski.jpg'><img loading=\"lazy\" decoding=\"async\" width=\"300\" height=\"267\" src=\"https:\/\/shalom.org.pl\/wp-content\/uploads\/2019\/05\/kiljanski-300x267.jpg\" class=\"attachment-thumbnail size-thumbnail\" alt=\"\" \/><\/a>\n\t\t\t<\/dt><\/dl><br style=\"clear: both\" \/>\n\t\t<\/div>\n\t\t<\/div>\n\t\t\t\t\t\t<\/div>\n\t\t\t\t<\/div>\n\t\t\t\t<div class=\"elementor-element elementor-element-332370e elementor-widget elementor-widget-text-editor\" data-id=\"332370e\" data-element_type=\"widget\" data-e-type=\"widget\" data-widget_type=\"text-editor.default\">\n\t\t\t\t<div class=\"elementor-widget-container\">\n\t\t\t\t\t\t\t\t\t<p style=\"text-align: justify;\"><strong>\u015broda, 28.08<\/strong><\/p><p style=\"text-align: justify;\">Festiwalowa \u015broda rozpocz\u0119\u0142a si\u0119 spektaklem \u201eMonogram M\u201d Teatru Hybrydy Uniwersytetu Warszawskiego. W Pr\u00f3\u017cna-Hoiz Maria Antosik-Pieli wyg\u0142osi\u0142a wyk\u0142ad \u201eSyjonistki \u2013 emancypantki na \u0142amach prasy \u017cydowskiej (\u201e1892-1939). W AFK odby\u0142 si\u0119 pokaz filmu \u201eMo\u017ce w jakim\u015b innym \u017cyciu\u201d. Na wernisa\u017c wystawy \u201eImpresje\u201d Witolda i Andrzeja Popiela mo\u017cna by\u0142o si\u0119 wybra\u0107 do praskiego Klubu Sk\u0142ad Butelek. Spor\u0105 publiczno\u015b\u0107 zebra\u0142 spektakl\u00a0 \u201eNoc ca\u0142ego \u017cycia\u201d .Olga Mieleszczuk z \u201ePie\u015bniami \u017cydowskiego Polesia\u201d wyst\u0105pi\u0142a w Klubie Mamele. Festiwalowa \u015broda zako\u0144czy\u0142a si\u0119 koncertem duetu Postaremczak &amp; Szpura w Pardon, To Tu.<\/p>\t\t\t\t\t\t\t\t<\/div>\n\t\t\t\t<\/div>\n\t\t\t\t<div class=\"elementor-element elementor-element-c02f60c elementor-widget elementor-widget-image-gallery\" data-id=\"c02f60c\" data-element_type=\"widget\" data-e-type=\"widget\" data-widget_type=\"image-gallery.default\">\n\t\t\t\t<div class=\"elementor-widget-container\">\n\t\t\t\t\t\t\t<div class=\"elementor-image-gallery\">\n\t\t\t\n\t\t<style type=\"text\/css\">\n\t\t\t#gallery-4 {\n\t\t\t\tmargin: auto;\n\t\t\t}\n\t\t\t#gallery-4 .gallery-item {\n\t\t\t\tfloat: left;\n\t\t\t\tmargin-top: 10px;\n\t\t\t\ttext-align: center;\n\t\t\t\twidth: 100%;\n\t\t\t}\n\t\t\t#gallery-4 img {\n\t\t\t\tborder: 2px solid #cfcfcf;\n\t\t\t}\n\t\t\t#gallery-4 .gallery-caption {\n\t\t\t\tmargin-left: 0;\n\t\t\t}\n\t\t\t\/* see gallery_shortcode() in wp-includes\/media.php *\/\n\t\t<\/style>\n\t\t<div id='gallery-4' class='gallery galleryid-6219 gallery-columns-1 gallery-size-full'><dl class='gallery-item'>\n\t\t\t<dt class='gallery-icon landscape'>\n\t\t\t\t<a data-elementor-open-lightbox=\"yes\" data-elementor-lightbox-slideshow=\"c02f60c\" data-elementor-lightbox-title=\"noc\" data-e-action-hash=\"#elementor-action%3Aaction%3Dlightbox%26settings%3DeyJpZCI6Njc1MSwidXJsIjoiaHR0cHM6XC9cL3NoYWxvbS5vcmcucGxcL3dwLWNvbnRlbnRcL3VwbG9hZHNcLzIwMTlcLzA1XC9ub2MuanBnIiwic2xpZGVzaG93IjoiYzAyZjYwYyJ9\" href='https:\/\/shalom.org.pl\/wp-content\/uploads\/2019\/05\/noc.jpg'><img loading=\"lazy\" decoding=\"async\" width=\"400\" height=\"281\" src=\"https:\/\/shalom.org.pl\/wp-content\/uploads\/2019\/05\/noc.jpg\" class=\"attachment-full size-full\" alt=\"\" srcset=\"https:\/\/shalom.org.pl\/wp-content\/uploads\/2019\/05\/noc.jpg 400w, https:\/\/shalom.org.pl\/wp-content\/uploads\/2019\/05\/noc-300x211.jpg 300w, https:\/\/shalom.org.pl\/wp-content\/uploads\/2019\/05\/noc-363x255.jpg 363w, https:\/\/shalom.org.pl\/wp-content\/uploads\/2019\/05\/noc-350x246.jpg 350w\" sizes=\"(max-width: 400px) 100vw, 400px\" \/><\/a>\n\t\t\t<\/dt><\/dl><br style=\"clear: both\" \/>\n\t\t<\/div>\n\t\t<\/div>\n\t\t\t\t\t\t<\/div>\n\t\t\t\t<\/div>\n\t\t\t\t<div class=\"elementor-element elementor-element-c5384cc elementor-widget elementor-widget-text-editor\" data-id=\"c5384cc\" data-element_type=\"widget\" data-e-type=\"widget\" data-widget_type=\"text-editor.default\">\n\t\t\t\t<div class=\"elementor-widget-container\">\n\t\t\t\t\t\t\t\t\t<p style=\"text-align: justify;\" align=\"JUSTIFY\"><strong>czwartek, 29.08<\/strong><\/p><p style=\"text-align: justify;\">W Centrum Kultury Jidysz odby\u0142a si\u0119 sesja naukowa dotycz\u0105ca tw\u00f3rczo\u015bci Juliana Tuwima. Anna Rozenfeld w Pr\u00f3\u017cna-Hoi wyg\u0142osi\u0142a wyk\u0142ad o audycjach \u017cydowskich w Polskim\u00a0 Radiu po II wojnie \u015bwiatowej. Niezwykle ciekawie o \u017begocie opowiedzia\u0142 na du\u017cej scenie Teatru \u017bydowskiego prof. W\u0142adys\u0142aw Bartoszewski. \u201eS\u0142oneczny mit\u201d \u2013 spektakl poetycko-muzyczny wystawiono na ma\u0142ej scenie Teatru \u017bydowskiego. Spod katedry przy Floria\u0144skiej wyruszy\u0142 spacer dotycz\u0105cy \u017cydowskich mieszka\u0144c\u00f3w warszawskiej Pragi. W Teatrze \u017bydowskim wi\u0105zank\u0119, nie tylko \u017cydowskich szlagier\u00f3w za\u015bpiewa\u0142 Dudu Fisher. Sporo widz\u00f3w obejrza\u0142o na skwerze Placu Grzybowskiego \u201eProces\u201d\u2013 spektakl plenerowy Teatru Formy z Wroc\u0142awia. Koncert Gro\u00dfm\u00fctterchen Hatz Salon Orkestar odby\u0142 si\u0119 w Cudzie nad Wis\u0142\u0105. Fan\u00f3w nowoczesnej muzyki \u017cydowskiej nie zabrak\u0142o na praskich koncertach przy ul. 11 listopada 22. W wype\u0142nionym na maksa Sk\u0142adzie Butelek zagra\u0142 kwartet HOZIM, a w Hydrozagadce wyst\u0105pili klezmerzy z OTHER EUROPEANS BAND.<\/p><p style=\"text-align: justify;\" align=\"JUSTIFY\"><strong>pi\u0105tek, 30.08<br \/><\/strong><br \/>Publiczno\u015b\u0107 festiwalowego pi\u0105tku nie mog\u0142a narzeka\u0107 na brak muzycznych atrakcji! Na \u201ePatelni\u201d przy stacji Metro Centrum rozpocz\u0105\u0142 si\u0119 spacer po Warszawie z zespo\u0142em Tsigunz Fanfara Avantura. Muzycy oprowadzili ta\u0144cz\u0105cy korow\u00f3d po nieistniej\u0105cych ju\u017c ulicach przedwojennej stolicy. Duet Alan Bern &amp; Christian David zaserwowa\u0142 widzom przepi\u0119kny koncert w Pardon, To Tu. W Mamele zagra\u0142 Horny Trees. W Hotelu Bristol mo\u017cna by\u0142o pos\u0142ucha\u0107 Si\u00f3str Rajfer. Wiele os\u00f3b przysz\u0142o na Plac Grzybowski, aby uczestniczy\u0107 w \u201eShabat Shalom\u201d \u2013 \u015bwi\u0105tecznym wieczorze z udzia\u0142em m.in.Go\u0142dy Tencer, Etel Szyc i Genady Iskhakova. Joshua Nelson za\u015bpiewa\u0142 rewelacyjnie na Placu Grzybowskim.\u00a0 Porwa\u0142 publiczno\u015b\u0107 do spontanicznego ta\u0144ca, \u015bpiewania i klaskania. Lautari- Other Europeans Band zagra\u0142 w Teatrze \u017bydowskim i zosta\u0142 entuzjastycznie przyjety przez publiczno\u015b\u0107. Poza tym mo\u017cna by\u0142o m.in. obejrze\u0107 spektakl \u201eDotknij wiatru, dotknij wody\u201d \u2013 adaptacj\u0119 sceniczn\u0105 powie\u015bci \u201eTouch the water,touch the wind\u201dAmosa Oza, a tak\u017ce wzi\u0105\u0107 udzia\u0142 w spotkaniu z Filipem Bia\u0142owiczem, uczestnikiem buntu wi\u0119\u017ani\u00f3w w obozie zag\u0142ady w Sobiborze. Na Pradze w Klubie Sk\u0142ad Butelek wystapi\u0142o Trio Micha\u0142a Milczarka.<\/p>\t\t\t\t\t\t\t\t<\/div>\n\t\t\t\t<\/div>\n\t\t\t\t<div class=\"elementor-element elementor-element-a46101c elementor-widget elementor-widget-image-gallery\" data-id=\"a46101c\" data-element_type=\"widget\" data-e-type=\"widget\" data-widget_type=\"image-gallery.default\">\n\t\t\t\t<div class=\"elementor-widget-container\">\n\t\t\t\t\t\t\t<div class=\"elementor-image-gallery\">\n\t\t\t\n\t\t<style type=\"text\/css\">\n\t\t\t#gallery-5 {\n\t\t\t\tmargin: auto;\n\t\t\t}\n\t\t\t#gallery-5 .gallery-item {\n\t\t\t\tfloat: left;\n\t\t\t\tmargin-top: 10px;\n\t\t\t\ttext-align: center;\n\t\t\t\twidth: 50%;\n\t\t\t}\n\t\t\t#gallery-5 img {\n\t\t\t\tborder: 2px solid #cfcfcf;\n\t\t\t}\n\t\t\t#gallery-5 .gallery-caption {\n\t\t\t\tmargin-left: 0;\n\t\t\t}\n\t\t\t\/* see gallery_shortcode() in wp-includes\/media.php *\/\n\t\t<\/style>\n\t\t<div id='gallery-5' class='gallery galleryid-6219 gallery-columns-2 gallery-size-thumbnail'><dl class='gallery-item'>\n\t\t\t<dt class='gallery-icon landscape'>\n\t\t\t\t<a data-elementor-open-lightbox=\"yes\" data-elementor-lightbox-slideshow=\"a46101c\" data-elementor-lightbox-title=\"01\" data-e-action-hash=\"#elementor-action%3Aaction%3Dlightbox%26settings%3DeyJpZCI6Njc0MywidXJsIjoiaHR0cHM6XC9cL3NoYWxvbS5vcmcucGxcL3dwLWNvbnRlbnRcL3VwbG9hZHNcLzIwMTlcLzA1XC8wMS0yLmpwZyIsInNsaWRlc2hvdyI6ImE0NjEwMWMifQ%3D%3D\" href='https:\/\/shalom.org.pl\/wp-content\/uploads\/2019\/05\/01-2.jpg'><img loading=\"lazy\" decoding=\"async\" width=\"300\" height=\"289\" src=\"https:\/\/shalom.org.pl\/wp-content\/uploads\/2019\/05\/01-2-300x289.jpg\" class=\"attachment-thumbnail size-thumbnail\" alt=\"\" \/><\/a>\n\t\t\t<\/dt><\/dl><dl class='gallery-item'>\n\t\t\t<dt class='gallery-icon landscape'>\n\t\t\t\t<a data-elementor-open-lightbox=\"yes\" data-elementor-lightbox-slideshow=\"a46101c\" data-elementor-lightbox-title=\"szabas\" data-e-action-hash=\"#elementor-action%3Aaction%3Dlightbox%26settings%3DeyJpZCI6Njc1NSwidXJsIjoiaHR0cHM6XC9cL3NoYWxvbS5vcmcucGxcL3dwLWNvbnRlbnRcL3VwbG9hZHNcLzIwMTlcLzA1XC9zemFiYXMuanBnIiwic2xpZGVzaG93IjoiYTQ2MTAxYyJ9\" href='https:\/\/shalom.org.pl\/wp-content\/uploads\/2019\/05\/szabas.jpg'><img loading=\"lazy\" decoding=\"async\" width=\"300\" height=\"300\" src=\"https:\/\/shalom.org.pl\/wp-content\/uploads\/2019\/05\/szabas-300x300.jpg\" class=\"attachment-thumbnail size-thumbnail\" alt=\"\" \/><\/a>\n\t\t\t<\/dt><\/dl><br style=\"clear: both\" \/>\n\t\t<\/div>\n\t\t<\/div>\n\t\t\t\t\t\t<\/div>\n\t\t\t\t<\/div>\n\t\t\t\t<div class=\"elementor-element elementor-element-89ff08c elementor-widget elementor-widget-text-editor\" data-id=\"89ff08c\" data-element_type=\"widget\" data-e-type=\"widget\" data-widget_type=\"text-editor.default\">\n\t\t\t\t<div class=\"elementor-widget-container\">\n\t\t\t\t\t\t\t\t\t<p style=\"text-align: justify;\"><strong>sobota, 31.08<\/strong><\/p><p style=\"text-align: justify;\">Publiczno\u015b\u0107 festiwalowa uczestniczy\u0142a w ostatnich wydarzenia X Festiwalu Warszawa Singera po prawej stronie Wis\u0142y. Ulicami Nowej Pragi prowadzi\u0142 szlak spaceru muzycznego z zespo\u0142em TSIGUNZ FANFARA AVANTURA, kt\u00f3ry zako\u0144czy\u0142 si\u0119 koncertem tej kapeli na podw\u00f3rku przy ul. 11 listopada 22.<br \/>Na Placu Grzybowskim jak co roku rozgo\u015bci\u0142 si\u0119 \u017cydowski jarmark ze straganami, ma\u0142ymi sklepikami, warsztatami i kramami z pami\u0105tkami. Na pewno ka\u017cdy znalaz\u0142 dla siebie co\u015b wyj\u0105tkowego. Przedostatni festiwalowy dzie\u0144 obfitowa\u0142 w wiele atrakcyjnych wydarze\u0144. Na ma\u0142ej scenie Teatru \u017bydowskiego Candelaria Saenz Valiente przedstawi\u0142a performans \u201eGolem\u201d. Bardzo du\u017co os\u00f3b wzi\u0119\u0142o udzia\u0142 w warsztatach ta\u0144ca \u017cydowskiego, kt\u00f3re na Placu Grzybowskim poprowadzi\u0142 Guy Schalom. Wielu artystycznych wra\u017ce\u0144 dostarczy\u0142 \u201eMarienbad\u201d \u2013 spektakl Teatru \u017bydowskiego. Podczas Nocy Klezmer\u00f3w czyli koncercie plenerowym na Placu Grzybowskim wyst\u0105pi\u0142 Other Europeans Band.<\/p><p style=\"text-align: justify;\"><b>niedziela, 1.09<\/b><\/p><p style=\"text-align: justify;\">W AFK odby\u0142o si\u0119 interesuj\u0105ce spotkanie z prof. Szewachem Weissem, z udzia\u0142em Zygnunta Rolata. \u201eZibn grozn fun di grozn\u201d [Siedem \u017ad\u017abe\u0142 trawy] to wiecz\u00f3r poezji Avroma Suckewera. Fragmenty prozy poetyckiej i wiersze w Pardon To Tu, zaprezentowa\u0142y: Anna Rozenfeld i Adrianna Janota S\u0142oci\u0144ska. Akompaniowa\u0142 na klarnecie \u2013 Christian Dawid. W spotkaniu \u201eW kuchni mamy Soni\u201d udzia\u0142 wzi\u0119li m.in.\u00a0 Go\u0142da i Janusz Tencer, Szymon Szurmiej, Dawid Szurmiej, Rivka Ostaszewski i Konrad \u201eKony\u201d Czarkowski. Na skwerze Placu Grzybowskiego sporo os\u00f3b uczestniczy\u0142o w popo\u0142udniu tanecznym w rytmie tanga pt. \u201eJidysz na trawie\u201d. \u201eHumor \u017cydowski itepe. Mi\u0119dzy kiczem a autentyzmem\u201d. Pod takim has\u0142em odby\u0142a si\u0119 w Empiku dyskusja \u201eCwiszn. \u017bydowskiego kwartalnika o literaturze i sztuce\u201dz udzia\u0142em: Aliny Ca\u0142ej, Belli Szwarman-Czarnoty, El\u017cbiety Janickiej, i Marka Tuszewickiego. Moderowa\u0142a: Karolina Szymaniak. Duet Pomianowska &amp; Gorelik wyst\u0105pi\u0142 w Klubie Mamele. Spotkanie z maszgijachem: pogadanka o kaszrucie \u2013 teoria i praktyka odby\u0142o si\u0119 w Restauracji Koszernej Galil. Jednym z najwa\u017cnie\u017cniejszych wydarze\u0144 x Festiwalu Warszawa Singera by\u0142o wystawienie spektaklu \u201eThe Dybbuk. Between Two Worlds\u201d Teatru Narodowego Habima z Izraela. Podczas koncertu fina\u0142owego na Placu Grzybowskim publiczno\u015b\u0107 bawi\u0142a si\u0119 wy\u015bmienicie podczas wyst\u0119p\u00f3w JOSHUY NELSONA z ch\u00f3rem gospel, KAYAH &amp; Transoriental Orchestra oraz CUKUNFT Big Band.<\/p><p style=\"text-align: justify;\" align=\"JUSTIFY\"><strong>Dzi\u0119kujemy wszystkim za udzia\u0142 i wspania\u0142\u0105 zabaw\u0119 w \u015bwi\u0119cie kultury \u017cydowskiej \u2013 X Festiwalu Warszawa Singera! Zapraszamy za rok!<\/strong><strong> \u00a0\u00a0\u00a0\u00a0\u00a0\u00a0\u00a0\u00a0\u00a0\u00a0\u00a0\u00a0\u00a0\u00a0\u00a0\u00a0\u00a0\u00a0\u00a0\u00a0\u00a0\u00a0\u00a0\u00a0\u00a0\u00a0\u00a0\u00a0\u00a0\u00a0\u00a0\u00a0\u00a0\u00a0\u00a0\u00a0\u00a0\u00a0\u00a0\u00a0\u00a0\u00a0\u00a0\u00a0\u00a0\u00a0\u00a0\u00a0\u00a0\u00a0\u00a0\u00a0\u00a0<\/strong><\/p><p style=\"text-align: justify;\" align=\"JUSTIFY\"><strong>Wi\u0119cej zdj\u0119\u0107:<\/strong><\/p><p style=\"text-align: justify;\" align=\"JUSTIFY\"><strong><a href=\"https:\/\/www.facebook.com\/media\/set\/?set=a.529628017092903.1073741832.150572354998473&amp;type=1&amp;l=8b4da77c5e\">X Festiwal Warszawa Singera (24.08.13)<\/a><\/strong><\/p><p style=\"text-align: justify;\" align=\"JUSTIFY\"><strong><a href=\"https:\/\/www.facebook.com\/media\/set\/?set=a.529417517113953.1073741831.150572354998473&amp;type=1&amp;l=6d8d84c1ff\">X Festiwal Warszawa Singera (24.08.13) cz\u0119\u015b\u0107 2<\/a><\/strong><\/p><p style=\"text-align: justify;\" align=\"JUSTIFY\"><a href=\"https:\/\/www.facebook.com\/media\/set\/?set=a.530354067020298.1073741835.150572354998473&amp;type=1&amp;l=1bc3e8f093\">La Playa (24.08. fot. Tadeusz Str\u0105czek)<\/a><\/p><p style=\"text-align: justify;\" align=\"JUSTIFY\"><a href=\"https:\/\/www.facebook.com\/media\/set\/?set=a.530354067020298.1073741835.150572354998473&amp;type=1&amp;l=1bc3e8f093\">W obiektywie Jacka Barcza (25.08.13)<\/a><\/p><p style=\"text-align: justify;\" align=\"JUSTIFY\"><a href=\"https:\/\/www.facebook.com\/media\/set\/?set=a.530373370351701.1073741836.150572354998473&amp;type=1&amp;l=c6a6e7185e\">X Festiwal Warszawa Singera (26.08.13)<\/a><\/p><p style=\"text-align: justify;\" align=\"JUSTIFY\"><a href=\"https:\/\/www.facebook.com\/media\/set\/?set=a.530937456961959.1073741840.150572354998473&amp;type=1&amp;l=5288c9b75c\">W obiektywie Jacka Barcza (27.08.13)<\/a><\/p><p style=\"text-align: justify;\" align=\"JUSTIFY\"><a href=\"https:\/\/www.facebook.com\/media\/set\/?set=a.531105583611813.1073741841.150572354998473&amp;type=1&amp;l=7975297706\">X Festiwal Warszawa Singera (28.08.13)<\/a><\/p><p style=\"text-align: justify;\" align=\"JUSTIFY\"><a href=\"https:\/\/www.facebook.com\/media\/set\/?set=a.531518343570537.1073741843.150572354998473&amp;type=1&amp;l=01dcfa2c4a\">X Festiwal Warszawa Singera na Pradze (29.08.13)<\/a><\/p><p style=\"text-align: justify;\" align=\"JUSTIFY\"><a href=\"https:\/\/www.facebook.com\/media\/set\/?set=a.531518343570537.1073741843.150572354998473&amp;type=1&amp;l=01dcfa2c4a\">X Festiwal Warszawa Singera (29.08.13)<\/a><\/p><p style=\"text-align: justify;\" align=\"JUSTIFY\"><a href=\"https:\/\/www.facebook.com\/media\/set\/?set=a.531694040219634.1073741844.150572354998473&amp;type=1&amp;l=7196409710\">X Festiwal Warszawa Singera w obiektywie Jacka Barcza (29.08.13)<\/a><\/p><p style=\"text-align: justify;\" align=\"JUSTIFY\"><a href=\"https:\/\/www.facebook.com\/media\/set\/?set=a.532050136850691.1073741845.150572354998473&amp;type=1&amp;l=3531376cb1\">X Festiwal Warszawa Singera (30.08.13)<\/a><\/p><p style=\"text-align: justify;\" align=\"JUSTIFY\"><a href=\"https:\/\/www.facebook.com\/media\/set\/?set=a.532399346815770.1073741853.150572354998473&amp;type=1&amp;l=0e38aca291\">Noc Klezmer\u00f3w: OTHER EUROPEANS BAND w obiektywie Jacka Barcza(31.08.13)<\/a><\/p><p style=\"text-align: justify;\" align=\"JUSTIFY\"><a href=\"https:\/\/www.facebook.com\/media\/set\/?set=a.533078240081214.1073741854.150572354998473&amp;type=1&amp;l=b46f78b418\">Koncert fina\u0142owy w obiektywie Jacka Barcza (1.09.13)<\/a><\/p><p style=\"text-align: justify;\" align=\"JUSTIFY\"><a href=\"https:\/\/www.facebook.com\/media\/set\/?set=a.533078240081214.1073741854.150572354998473&amp;type=1&amp;l=b46f78b418\">X Festiwal Warszawa Singera (1.09.13)<\/a><\/p><p style=\"text-align: justify;\" align=\"JUSTIFY\"><strong>DO POBRANIA<\/strong><\/p><p style=\"text-align: justify;\" align=\"JUSTIFY\"><a href=\"http:\/\/shalom.org.pl\/wp-content\/uploads\/2019\/05\/PROGRAMX_Festiwal_Warszawa_Singera2013.pdf\">[PROGRAM]X_Festiwal_Warszawa_Singera[2013]<\/a><\/p>\t\t\t\t\t\t\t\t<\/div>\n\t\t\t\t<\/div>\n\t\t\t\t<div class=\"elementor-element elementor-element-9287519 elementor-position-top elementor-widget elementor-widget-image-box\" data-id=\"9287519\" data-element_type=\"widget\" data-e-type=\"widget\" data-widget_type=\"image-box.default\">\n\t\t\t\t<div class=\"elementor-widget-container\">\n\t\t\t\t\t<div class=\"elementor-image-box-wrapper\"><figure class=\"elementor-image-box-img\"><img loading=\"lazy\" decoding=\"async\" width=\"768\" height=\"1107\" src=\"https:\/\/shalom.org.pl\/wp-content\/uploads\/2019\/05\/plakatduzy-1-768x1107.jpg\" class=\"attachment-medium_large size-medium_large wp-image-6877\" alt=\"\" srcset=\"https:\/\/shalom.org.pl\/wp-content\/uploads\/2019\/05\/plakatduzy-1-768x1107.jpg 768w, https:\/\/shalom.org.pl\/wp-content\/uploads\/2019\/05\/plakatduzy-1-208x300.jpg 208w, https:\/\/shalom.org.pl\/wp-content\/uploads\/2019\/05\/plakatduzy-1-711x1024.jpg 711w, https:\/\/shalom.org.pl\/wp-content\/uploads\/2019\/05\/plakatduzy-1-177x255.jpg 177w, https:\/\/shalom.org.pl\/wp-content\/uploads\/2019\/05\/plakatduzy-1-350x504.jpg 350w, https:\/\/shalom.org.pl\/wp-content\/uploads\/2019\/05\/plakatduzy-1.jpg 1928w\" sizes=\"(max-width: 768px) 100vw, 768px\" \/><\/figure><\/div>\t\t\t\t<\/div>\n\t\t\t\t<\/div>\n\t\t\t\t<div class=\"elementor-element elementor-element-5bb04343 elementor-widget elementor-widget-text-editor\" data-id=\"5bb04343\" data-element_type=\"widget\" data-e-type=\"widget\" data-widget_type=\"text-editor.default\">\n\t\t\t\t<div class=\"elementor-widget-container\">\n\t\t\t\t\t\t\t\t\t<div class=\"entry-content\"><div id=\"gallery-3\" class=\"gallery galleryid-309 gallery-columns-1 gallery-size-full\">\u00a0<\/div><p align=\"JUSTIFY\"><img loading=\"lazy\" decoding=\"async\" class=\"size-full wp-image-6745 aligncenter\" src=\"http:\/\/shalom.org.pl\/wp-content\/uploads\/2019\/05\/duzekoncertfinalowy.jpg\" alt=\"\" width=\"650\" height=\"409\" srcset=\"https:\/\/shalom.org.pl\/wp-content\/uploads\/2019\/05\/duzekoncertfinalowy.jpg 650w, https:\/\/shalom.org.pl\/wp-content\/uploads\/2019\/05\/duzekoncertfinalowy-300x189.jpg 300w, https:\/\/shalom.org.pl\/wp-content\/uploads\/2019\/05\/duzekoncertfinalowy-405x255.jpg 405w, https:\/\/shalom.org.pl\/wp-content\/uploads\/2019\/05\/duzekoncertfinalowy-350x220.jpg 350w\" sizes=\"(max-width: 650px) 100vw, 650px\" \/><\/p><p align=\"JUSTIFY\">\u00a0<\/p><\/div>\t\t\t\t\t\t\t\t<\/div>\n\t\t\t\t<\/div>\n\t\t\t\t\t<\/div>\n\t\t<\/div>\n\t\t\t\t\t<\/div>\n\t\t<\/section>\n\t\t\t\t<\/div>\n\t\t","protected":false},"excerpt":{"rendered":"<p>X EDYCJA FESTIWALU WARSZAWA SINGERA 24 SIERPNIA \u2013 1 WRZE\u015aNIA\u00a02013 R. Relacja dzie\u0144 po dniu: pi\u0105tek, 23.08 Z okazji 90-lecia [&hellip;]<\/p>\n","protected":false},"author":1,"featured_media":0,"parent":5690,"menu_order":0,"comment_status":"closed","ping_status":"closed","template":"src\/uniwersalny.php","meta":{"_acf_changed":false,"ngg_post_thumbnail":0,"footnotes":""},"class_list":["post-6219","page","type-page","status-publish","hentry"],"acf":[],"_links":{"self":[{"href":"https:\/\/shalom.org.pl\/en\/wp-json\/wp\/v2\/pages\/6219","targetHints":{"allow":["GET"]}}],"collection":[{"href":"https:\/\/shalom.org.pl\/en\/wp-json\/wp\/v2\/pages"}],"about":[{"href":"https:\/\/shalom.org.pl\/en\/wp-json\/wp\/v2\/types\/page"}],"author":[{"embeddable":true,"href":"https:\/\/shalom.org.pl\/en\/wp-json\/wp\/v2\/users\/1"}],"replies":[{"embeddable":true,"href":"https:\/\/shalom.org.pl\/en\/wp-json\/wp\/v2\/comments?post=6219"}],"version-history":[{"count":15,"href":"https:\/\/shalom.org.pl\/en\/wp-json\/wp\/v2\/pages\/6219\/revisions"}],"predecessor-version":[{"id":7050,"href":"https:\/\/shalom.org.pl\/en\/wp-json\/wp\/v2\/pages\/6219\/revisions\/7050"}],"up":[{"embeddable":true,"href":"https:\/\/shalom.org.pl\/en\/wp-json\/wp\/v2\/pages\/5690"}],"wp:attachment":[{"href":"https:\/\/shalom.org.pl\/en\/wp-json\/wp\/v2\/media?parent=6219"}],"curies":[{"name":"wp","href":"https:\/\/api.w.org\/{rel}","templated":true}]}}