{"id":6208,"date":"2019-05-14T11:45:05","date_gmt":"2019-05-14T09:45:05","guid":{"rendered":"http:\/\/shalom.org.pl\/?page_id=6208"},"modified":"2019-05-29T22:04:43","modified_gmt":"2019-05-29T20:04:43","slug":"2008-2","status":"publish","type":"page","link":"https:\/\/shalom.org.pl\/en\/o-festiwalu\/poprzednie-edycje\/2008-2\/","title":{"rendered":"2008"},"content":{"rendered":"\t\t<div data-elementor-type=\"wp-post\" data-elementor-id=\"6208\" class=\"elementor elementor-6208\">\n\t\t\t\t\t\t<section class=\"has_eae_slider elementor-section elementor-top-section elementor-element elementor-element-4a1ccd9 elementor-section-boxed elementor-section-height-default elementor-section-height-default\" data-eae-slider=\"25616\" data-id=\"4a1ccd9\" data-element_type=\"section\" data-e-type=\"section\">\n\t\t\t\t\t\t<div class=\"elementor-container elementor-column-gap-default\">\n\t\t\t\t\t<div class=\"has_eae_slider elementor-column elementor-col-100 elementor-top-column elementor-element elementor-element-a0e1074\" data-eae-slider=\"49750\" data-id=\"a0e1074\" data-element_type=\"column\" data-e-type=\"column\">\n\t\t\t<div class=\"elementor-widget-wrap elementor-element-populated\">\n\t\t\t\t\t\t<div class=\"elementor-element elementor-element-449ca38 elementor-widget elementor-widget-heading\" data-id=\"449ca38\" data-element_type=\"widget\" data-e-type=\"widget\" data-widget_type=\"heading.default\">\n\t\t\t\t<div class=\"elementor-widget-container\">\n\t\t\t\t\t<h2 class=\"elementor-heading-title elementor-size-default\">V EDYCJA FESTIWALU WARSZAWA SINGERA<\/h2>\t\t\t\t<\/div>\n\t\t\t\t<\/div>\n\t\t\t\t<div class=\"elementor-element elementor-element-1f980f23 elementor-widget elementor-widget-text-editor\" data-id=\"1f980f23\" data-element_type=\"widget\" data-e-type=\"widget\" data-widget_type=\"text-editor.default\">\n\t\t\t\t<div class=\"elementor-widget-container\">\n\t\t\t\t\t\t\t\t\t<p class=\"cz-color-16777215\" style=\"text-align: justify;\">4-6 WRZE\u015aNIA 2008 R.<\/p><p class=\"cz-color-16777215\" style=\"text-align: justify;\"><span class=\"cz-color-16777215\"><span class=\"cz-color-0\"><strong class=\"cz-color-0\">Inauguracj\u0105 V edycji Festiwalu Kultury \u017bydowskiej \u201eWarszawa Singera\u201d by\u0142a uroczysta Hawdala z kolacj\u0105 szabasow\u0105 we Dworze Cadyka w G\u00f3rze Kalwarii. <\/strong>\u201d\u015aladami Cadyk\u00f3w\u201d pod\u0105\u017cy\u0142o blisko dwie\u015bcie os\u00f3b, aby w zabytkowym dworze, zamieszkiwanym od drugiej po\u0142owy XIX wieku przez s\u0142ynny chasydzki r\u00f3d Alter\u00f3w, zasi\u0105\u015b\u0107 do tradycyjnej \u015bwi\u0105tecznej wieczerzy. By\u0142a to znakomita okazja do wys\u0142uchania historii tego miejsca, opowiedzianej przez opiekuna <strong class=\"cz-color-0\">Dworu Feliksa Karpmana i Jana Jagielskiego z \u017bIH-u.<\/strong><\/span><\/span><\/p><p class=\"cz-color-16777215\" style=\"text-align: justify;\"><span class=\"cz-color-16777215\"><span class=\"cz-color-0\">Drugi dzie\u0144 festiwalu odbywa\u0142 si\u0119 pod znakiem zabawy plenerowej, zorganizowanej wsp\u00f3lnie przez <strong class=\"cz-color-0\">American Jewish Joint Distribution Committee<\/strong> oraz Fundacj\u0119 Shalom. Bogaty i r\u00f3\u017cnorodny program zapewni\u0142 doskona\u0142\u0105 rozrywk\u0119 dla ca\u0142ych rodzin.<\/span><\/span><\/p><p class=\"cz-color-16777215\" style=\"text-align: justify;\"><span class=\"cz-color-16777215\"><span class=\"cz-color-0\">Na pocz\u0105tek, obowi\u0105zkowo, co\u015b na z\u0105b \u2013 \u017cydowskie smako\u0142yki przygotowane przez <strong class=\"cz-color-0\">Roberta Mak\u0142owicza<\/strong>. Wiele rado\u015bci go\u015bciom pikniku sprawi\u0142 koncert zespo\u0142u Klemafour oraz warsztaty ta\u0144ca z zespo\u0142em <strong class=\"cz-color-0\">Snunit<\/strong>.<\/span><\/span><\/p><p class=\"cz-color-16777215\" style=\"text-align: justify;\"><span class=\"cz-color-16777215\"><span class=\"cz-color-0\">Na go\u015bcinnej scenie Teatru \u017bydowskiego z recitalem pie\u015bni \u017cydowskiej wyst\u0105pili <strong class=\"cz-color-0\">Eleanor Reissa<\/strong> i<strong class=\"cz-color-0\"> Zalman Mlotek. <\/strong><br class=\"cz-color-0\" \/><br class=\"cz-color-0\" \/>Arty\u015bci z <strong class=\"cz-color-0\">National Yiddish Theatre Folksbiene<\/strong> z Nowego Yorku zaprezentowali w oryginalnych aran\u017cacjach utwory znane i lubiane po obu stronach oceanu, m.in. <em class=\"cz-color-0\">Rozinkes mit mandeln<\/em> <strong class=\"cz-color-0\">A. Goldfadena<\/strong>, <em class=\"cz-color-0\">Rejzele<\/em><strong class=\"cz-color-0\">M. Gebirtiga<\/strong>,<em class=\"cz-color-0\">Ojfn Weg<\/em> I. <strong class=\"cz-color-0\">Mangera<\/strong>.W\u015br\u00f3d popularnych szlagier\u00f3w \u017cydowskich nie zabrak\u0142o piosenek z repertuaru legendarnej Molly Picon.<\/span><\/span><\/p><p class=\"cz-color-16777215\" style=\"text-align: justify;\"><span class=\"cz-color-16777215\"><span class=\"cz-color-0\"><strong class=\"cz-color-0\">Lili Fija\u0142kowska<\/strong>, absolwentka Moskiewskiej Akademii Sztuk Pi\u0119knych, stworzy\u0142a wystaw\u0119 emanuj\u0105c\u0105 mistyk\u0105 i bajkowo\u015bci\u0105. \u015awiat singerowskiej prozy zosta\u0142 przez ni\u0105 wyra\u017cony w szerokiej palecie barw i niebanalnych kompozycjach. Tym bardziej efekt by\u0142 zaskakuj\u0105cy, gdy\u017c g\u0142\u00f3wne tworzywo dla dzie\u0142 artystki stanowi\u0142y kafle, uzupe\u0142nione rze\u017ab\u0105 i ceramik\u0105 u\u017cytkow\u0105.<\/span><\/span><\/p><p class=\"cz-color-16777215\" style=\"text-align: justify;\"><span class=\"cz-color-16777215\"><span class=\"cz-color-0\">Podczas uroczystego koncertu orwieraj\u0105cego V edycj\u0119 Festiwalu Kultury \u017bydowskiej \u201eWarszawa Singera\u201d wyst\u0105pi\u0142 wspania\u0142y<strong class=\"cz-color-0\"> Ch\u00f3r Synagogi Wielkiej w Jerozolimi<\/strong>e, kt\u00f3remu towarzyszyli znamienici kantorzy:<strong class=\"cz-color-0\"> Benzion Miller, Chaim Adler i Azi Schwartz.<\/strong><br class=\"cz-color-0\" \/>Ch\u00f3r, kt\u00f3ry w Warszawie go\u015bci\u0142 po raz pierwszy, zosta\u0142 gor\u0105co powitany przez publiczno\u015b\u0107.<\/span><\/span><\/p><p class=\"cz-color-16777215\" style=\"text-align: justify;\"><span class=\"cz-color-16777215\"><span class=\"cz-color-0\"><strong class=\"cz-color-0\">Lea Koenig<\/strong> \u2013 pierwsza dama \u017cydowskiego teatru, najpopularniejsza aktorka w Izraelu, na codzie\u0144 wyst\u0119puj\u0105ca na scenie Narodowego Teatru \u201eHabima\u201d w Tel Awiwie. Podczas koncertu z okazji 60-lecia powstania Pa\u0144stwa Izrael Lea Koenig zaprezentowa\u0142a pie\u015bni \u017cydowskie w swym unikalnym \u2013 urokliwym, pe\u0142nym humoru i temperamentu \u2013 stylu. Akompaniowa\u0142a jej znakomita pianistka \u2013 <strong class=\"cz-color-0\">Miriam Wolff<\/strong><\/span><\/span><\/p><p>\n\t\t<style type=\"text\/css\">\n\t\t\t#gallery-1 {\n\t\t\t\tmargin: auto;\n\t\t\t}\n\t\t\t#gallery-1 .gallery-item {\n\t\t\t\tfloat: left;\n\t\t\t\tmargin-top: 10px;\n\t\t\t\ttext-align: center;\n\t\t\t\twidth: 33%;\n\t\t\t}\n\t\t\t#gallery-1 img {\n\t\t\t\tborder: 2px solid #cfcfcf;\n\t\t\t}\n\t\t\t#gallery-1 .gallery-caption {\n\t\t\t\tmargin-left: 0;\n\t\t\t}\n\t\t\t\/* see gallery_shortcode() in wp-includes\/media.php *\/\n\t\t<\/style>\n\t\t<div id='gallery-1' class='gallery galleryid-6208 gallery-columns-3 gallery-size-medium'><dl class='gallery-item'>\n\t\t\t<dt class='gallery-icon landscape'>\n\t\t\t\t<a href='https:\/\/shalom.org.pl\/wp-content\/uploads\/2019\/05\/03-2.jpg'><img fetchpriority=\"high\" decoding=\"async\" width=\"300\" height=\"200\" src=\"https:\/\/shalom.org.pl\/wp-content\/uploads\/2019\/05\/03-2-300x200.jpg\" class=\"attachment-medium size-medium\" alt=\"\" srcset=\"https:\/\/shalom.org.pl\/wp-content\/uploads\/2019\/05\/03-2-300x200.jpg 300w, https:\/\/shalom.org.pl\/wp-content\/uploads\/2019\/05\/03-2-383x255.jpg 383w, https:\/\/shalom.org.pl\/wp-content\/uploads\/2019\/05\/03-2-350x233.jpg 350w, https:\/\/shalom.org.pl\/wp-content\/uploads\/2019\/05\/03-2.jpg 450w\" sizes=\"(max-width: 300px) 100vw, 300px\" \/><\/a>\n\t\t\t<\/dt><\/dl><dl class='gallery-item'>\n\t\t\t<dt class='gallery-icon landscape'>\n\t\t\t\t<a href='https:\/\/shalom.org.pl\/wp-content\/uploads\/2019\/05\/04-2.jpg'><img decoding=\"async\" width=\"300\" height=\"200\" src=\"https:\/\/shalom.org.pl\/wp-content\/uploads\/2019\/05\/04-2-300x200.jpg\" class=\"attachment-medium size-medium\" alt=\"\" srcset=\"https:\/\/shalom.org.pl\/wp-content\/uploads\/2019\/05\/04-2-300x200.jpg 300w, https:\/\/shalom.org.pl\/wp-content\/uploads\/2019\/05\/04-2-383x255.jpg 383w, https:\/\/shalom.org.pl\/wp-content\/uploads\/2019\/05\/04-2-350x233.jpg 350w, https:\/\/shalom.org.pl\/wp-content\/uploads\/2019\/05\/04-2.jpg 450w\" sizes=\"(max-width: 300px) 100vw, 300px\" \/><\/a>\n\t\t\t<\/dt><\/dl><dl class='gallery-item'>\n\t\t\t<dt class='gallery-icon landscape'>\n\t\t\t\t<a href='https:\/\/shalom.org.pl\/wp-content\/uploads\/2019\/05\/05-2.jpg'><img decoding=\"async\" width=\"300\" height=\"200\" src=\"https:\/\/shalom.org.pl\/wp-content\/uploads\/2019\/05\/05-2-300x200.jpg\" class=\"attachment-medium size-medium\" alt=\"\" srcset=\"https:\/\/shalom.org.pl\/wp-content\/uploads\/2019\/05\/05-2-300x200.jpg 300w, https:\/\/shalom.org.pl\/wp-content\/uploads\/2019\/05\/05-2-383x255.jpg 383w, https:\/\/shalom.org.pl\/wp-content\/uploads\/2019\/05\/05-2-350x233.jpg 350w, https:\/\/shalom.org.pl\/wp-content\/uploads\/2019\/05\/05-2.jpg 450w\" sizes=\"(max-width: 300px) 100vw, 300px\" \/><\/a>\n\t\t\t<\/dt><\/dl><br style=\"clear: both\" \/><dl class='gallery-item'>\n\t\t\t<dt class='gallery-icon landscape'>\n\t\t\t\t<a href='https:\/\/shalom.org.pl\/wp-content\/uploads\/2019\/05\/06-2.jpg'><img loading=\"lazy\" decoding=\"async\" width=\"300\" height=\"200\" src=\"https:\/\/shalom.org.pl\/wp-content\/uploads\/2019\/05\/06-2-300x200.jpg\" class=\"attachment-medium size-medium\" alt=\"\" srcset=\"https:\/\/shalom.org.pl\/wp-content\/uploads\/2019\/05\/06-2-300x200.jpg 300w, https:\/\/shalom.org.pl\/wp-content\/uploads\/2019\/05\/06-2-383x255.jpg 383w, https:\/\/shalom.org.pl\/wp-content\/uploads\/2019\/05\/06-2-350x233.jpg 350w, https:\/\/shalom.org.pl\/wp-content\/uploads\/2019\/05\/06-2.jpg 450w\" sizes=\"(max-width: 300px) 100vw, 300px\" \/><\/a>\n\t\t\t<\/dt><\/dl><dl class='gallery-item'>\n\t\t\t<dt class='gallery-icon landscape'>\n\t\t\t\t<a href='https:\/\/shalom.org.pl\/wp-content\/uploads\/2019\/05\/07-2.jpg'><img loading=\"lazy\" decoding=\"async\" width=\"300\" height=\"200\" src=\"https:\/\/shalom.org.pl\/wp-content\/uploads\/2019\/05\/07-2-300x200.jpg\" class=\"attachment-medium size-medium\" alt=\"\" srcset=\"https:\/\/shalom.org.pl\/wp-content\/uploads\/2019\/05\/07-2-300x200.jpg 300w, https:\/\/shalom.org.pl\/wp-content\/uploads\/2019\/05\/07-2-383x255.jpg 383w, https:\/\/shalom.org.pl\/wp-content\/uploads\/2019\/05\/07-2-350x233.jpg 350w, https:\/\/shalom.org.pl\/wp-content\/uploads\/2019\/05\/07-2.jpg 450w\" sizes=\"(max-width: 300px) 100vw, 300px\" \/><\/a>\n\t\t\t<\/dt><\/dl><dl class='gallery-item'>\n\t\t\t<dt class='gallery-icon landscape'>\n\t\t\t\t<a href='https:\/\/shalom.org.pl\/wp-content\/uploads\/2019\/05\/08-2.jpg'><img loading=\"lazy\" decoding=\"async\" width=\"300\" height=\"200\" src=\"https:\/\/shalom.org.pl\/wp-content\/uploads\/2019\/05\/08-2-300x200.jpg\" class=\"attachment-medium size-medium\" alt=\"\" srcset=\"https:\/\/shalom.org.pl\/wp-content\/uploads\/2019\/05\/08-2-300x200.jpg 300w, https:\/\/shalom.org.pl\/wp-content\/uploads\/2019\/05\/08-2-383x255.jpg 383w, https:\/\/shalom.org.pl\/wp-content\/uploads\/2019\/05\/08-2-350x233.jpg 350w, https:\/\/shalom.org.pl\/wp-content\/uploads\/2019\/05\/08-2.jpg 450w\" sizes=\"(max-width: 300px) 100vw, 300px\" \/><\/a>\n\t\t\t<\/dt><\/dl><br style=\"clear: both\" \/>\n\t\t<\/div>\n<\/p>\t\t\t\t\t\t\t\t<\/div>\n\t\t\t\t<\/div>\n\t\t\t\t\t<\/div>\n\t\t<\/div>\n\t\t\t\t\t<\/div>\n\t\t<\/section>\n\t\t\t\t<\/div>\n\t\t","protected":false},"excerpt":{"rendered":"<p>V EDYCJA FESTIWALU WARSZAWA SINGERA 4-6 WRZE\u015aNIA 2008 R. Inauguracj\u0105 V edycji Festiwalu Kultury \u017bydowskiej \u201eWarszawa Singera\u201d by\u0142a uroczysta Hawdala [&hellip;]<\/p>\n","protected":false},"author":1,"featured_media":0,"parent":5690,"menu_order":0,"comment_status":"closed","ping_status":"closed","template":"src\/uniwersalny.php","meta":{"_acf_changed":false,"ngg_post_thumbnail":0,"footnotes":""},"class_list":["post-6208","page","type-page","status-publish","hentry"],"acf":[],"_links":{"self":[{"href":"https:\/\/shalom.org.pl\/en\/wp-json\/wp\/v2\/pages\/6208","targetHints":{"allow":["GET"]}}],"collection":[{"href":"https:\/\/shalom.org.pl\/en\/wp-json\/wp\/v2\/pages"}],"about":[{"href":"https:\/\/shalom.org.pl\/en\/wp-json\/wp\/v2\/types\/page"}],"author":[{"embeddable":true,"href":"https:\/\/shalom.org.pl\/en\/wp-json\/wp\/v2\/users\/1"}],"replies":[{"embeddable":true,"href":"https:\/\/shalom.org.pl\/en\/wp-json\/wp\/v2\/comments?post=6208"}],"version-history":[{"count":5,"href":"https:\/\/shalom.org.pl\/en\/wp-json\/wp\/v2\/pages\/6208\/revisions"}],"predecessor-version":[{"id":7036,"href":"https:\/\/shalom.org.pl\/en\/wp-json\/wp\/v2\/pages\/6208\/revisions\/7036"}],"up":[{"embeddable":true,"href":"https:\/\/shalom.org.pl\/en\/wp-json\/wp\/v2\/pages\/5690"}],"wp:attachment":[{"href":"https:\/\/shalom.org.pl\/en\/wp-json\/wp\/v2\/media?parent=6208"}],"curies":[{"name":"wp","href":"https:\/\/api.w.org\/{rel}","templated":true}]}}