{"id":6206,"date":"2019-05-14T11:44:54","date_gmt":"2019-05-14T09:44:54","guid":{"rendered":"http:\/\/shalom.org.pl\/?page_id=6206"},"modified":"2019-05-29T22:00:08","modified_gmt":"2019-05-29T20:00:08","slug":"2007-2","status":"publish","type":"page","link":"https:\/\/shalom.org.pl\/en\/o-festiwalu\/poprzednie-edycje\/2007-2\/","title":{"rendered":"2007"},"content":{"rendered":"\t\t<div data-elementor-type=\"wp-post\" data-elementor-id=\"6206\" class=\"elementor elementor-6206\">\n\t\t\t\t\t\t<section class=\"has_eae_slider elementor-section elementor-top-section elementor-element elementor-element-44fa053e elementor-section-boxed elementor-section-height-default elementor-section-height-default\" data-eae-slider=\"34143\" data-id=\"44fa053e\" data-element_type=\"section\" data-e-type=\"section\">\n\t\t\t\t\t\t<div class=\"elementor-container elementor-column-gap-default\">\n\t\t\t\t\t<div class=\"has_eae_slider elementor-column elementor-col-100 elementor-top-column elementor-element elementor-element-772c8c8f\" data-eae-slider=\"85213\" data-id=\"772c8c8f\" data-element_type=\"column\" data-e-type=\"column\">\n\t\t\t<div class=\"elementor-widget-wrap elementor-element-populated\">\n\t\t\t\t\t\t<div class=\"elementor-element elementor-element-76b0481 elementor-widget elementor-widget-heading\" data-id=\"76b0481\" data-element_type=\"widget\" data-e-type=\"widget\" data-widget_type=\"heading.default\">\n\t\t\t\t<div class=\"elementor-widget-container\">\n\t\t\t\t\t<h2 class=\"elementor-heading-title elementor-size-default\">IV EDYCJA FESTIWALU WARSZAWA SINGERA<\/h2>\t\t\t\t<\/div>\n\t\t\t\t<\/div>\n\t\t\t\t<div class=\"elementor-element elementor-element-5c913d61 elementor-widget elementor-widget-text-editor\" data-id=\"5c913d61\" data-element_type=\"widget\" data-e-type=\"widget\" data-widget_type=\"text-editor.default\">\n\t\t\t\t<div class=\"elementor-widget-container\">\n\t\t\t\t\t\t\t\t\t<p class=\"cz-color-16777215\" style=\"text-align: justify;\">2-9 WRZE\u015aNIA 2007 R.<\/p><p class=\"cz-color-16777215\" style=\"text-align: justify;\"><span class=\"cz-color-16777215\"><span class=\"cz-color-0\"><strong class=\"cz-color-0\">Inauguracj\u0105 IV edycji Festiwalu Kultury \u017bydowskiej Warszawa Singera by\u0142 koncert \u015bwiatowej s\u0142awy kantora \u2013<\/strong><strong class=\"cz-color-0\"> Josepha Malovanego<\/strong><strong class=\"cz-color-0\"> w Synagodze im. No\u017cyk\u00f3w w Warszawie.<\/strong><\/span><\/span><\/p><p class=\"cz-color-16777215\" style=\"text-align: justify;\"><span class=\"cz-color-16777215\"><span class=\"cz-color-0\">Do innych niezapomnianych wyst\u0119p\u00f3w niew\u0105tpliwie nale\u017ca\u0142 koncert <strong class=\"cz-color-0\">Edyty Geppert<\/strong><strong class=\"cz-color-0\"> i zespo\u0142u <\/strong><strong class=\"cz-color-0\">Kroke<\/strong><strong class=\"cz-color-0\">, <\/strong>w kt\u00f3rym nie zabrak\u0142o tradycyjnych \u017cydowskich motyw\u00f3w muzycznych, ani te\u017c zupe\u0142nie nowych aran\u017cacji. Z Kanady na Festiwal Singera przyjecha\u0142a Marilyn Lerner \u2013 wybitna pianistka i improwizatorka jazzowa. Festiwal Singera 2007 to tak\u017ce Trzy \u017bydowskie Divy zza oceanu, w fantastycznym \u2013 wsp\u00f3lnym koncercie i we w\u0142asnych recitalach: <strong class=\"cz-color-0\">Joanne Borts<\/strong><strong class=\"cz-color-0\">,<\/strong><strong class=\"cz-color-0\">Adrienne Cooper<\/strong><strong class=\"cz-color-0\"> i <\/strong><strong class=\"cz-color-0\">Theresa Tova<\/strong><strong class=\"cz-color-0\">. <\/strong>Mistycznych dozna\u0144 dostarczy\u0142 koncert <strong class=\"cz-color-0\">duetu Leszek Mo\u017cd\u017cer i Zohar Fresco.<\/strong><\/span><\/span><\/p><p class=\"cz-color-16777215\" style=\"text-align: justify;\"><span class=\"cz-color-16777215\"><span class=\"cz-color-0\"><strong class=\"cz-color-0\"><br class=\"cz-color-0\" \/><\/strong>Pierwsza niedziela IV edycji up\u0142yne\u0142a w rodzinnej atmosferze, na<strong class=\"cz-color-0\">pikniku z Singerem <\/strong>zorganizowanym przez American Jewish Join Distribution Committee wraz z Fundacj\u0105 Shalom i firm\u0105 LEGO. Kilkana\u015bcie tysi\u0119cy klock\u00f3w LEGO i nie lada wyzwanie \u2013 wybudowanie wymarzonej synagogi.<\/span><\/span><\/p><p class=\"cz-color-16777215\" style=\"text-align: justify;\"><span class=\"cz-color-16777215\"><span class=\"cz-color-0\"><br class=\"cz-color-0\" \/>Na festiwalu w tym roku nie brakowa\u0142o premier. Sw\u00f3j debiut mia\u0142a swoja wystawa XIX-wiecznych drzeworyt\u00f3w sztorcowych o tematyce \u017cydowskiej pt. <strong class=\"cz-color-0\">\u201e\u017byd niemalowany<\/strong><strong class=\"cz-color-0\">\u201e. Tak\u017ce premier\u0119 mia\u0142 spektakl <\/strong><strong class=\"cz-color-0\">\u201eStraszna gospoda\u201d<\/strong><strong class=\"cz-color-0\"> wed\u0142ug prozy I. B. Singera. <\/strong><br class=\"cz-color-0\" \/><br class=\"cz-color-0\" \/><strong class=\"cz-color-0\">Po raz pierwszy tak\u017ce w historii \u017cydowskiego festiwalu uroczysty koncert zabrzmia\u0142 w ko\u015bciele katolickim.<\/strong> Niezwyk\u0142a kantata <strong class=\"cz-color-0\">\u201eOcala\u0142y z Warszawy\u201d<\/strong> zosta\u0142a zaprezentowana przez prawie stuosobowy <strong class=\"cz-color-0\">ch\u00f3r Filharmonii Narodowej i Orkiestr\u0119 Sinfonia Varsovia<\/strong> pod batut\u0105 <strong class=\"cz-color-0\">Jacka Kaspszyka<\/strong>.Ksi\u0105dz proboszcz Ma\u0142ecki, Pani Go\u0142da Tencer, jak i Prezydent Miasta St. Warszawy Pani Hanna Gronkiewicz Waltz przypomnieli znaczenie<strong class=\"cz-color-0\">Ko\u015bcio\u0142a Wszystkich \u015awi\u0119tych <\/strong>\u2013 ko\u015bcio\u0142a, w kt\u00f3rym podczas II wojny \u015bwiatowej ukrywano \u017cydowskie dzieci i uciekinier\u00f3w z getta, chroni\u0105c przed zag\u0142ad\u0105.<\/span><\/span><\/p><p class=\"cz-color-16777215\" style=\"text-align: justify;\"><span class=\"cz-color-16777215\"><span class=\"cz-color-0\">Mimo deszczu i wieczornych ciemno\u015bci na Pr\u00f3\u017cn\u0105 przyby\u0142y t\u0142umy, by wzi\u0105\u0107 udzia\u0142 w otwarciu Projektu<strong class=\"cz-color-0\"> Pr\u00f3\u017cna 2007<\/strong>. Wystawa prac najwybitniejszych wsp\u00f3\u0142czesnych artyst\u00f3w performer\u00f3w z Polski i zagranicy wype\u0142ni\u0142a zapomniane na co dzie\u0144 wn\u0119trza kamienic przy jednej z najstarszych ulic Warszawy. Kuratorem wystawy by\u0142a<strong class=\"cz-color-0\"> Krystyna Piotrowska.<\/strong><strong class=\"cz-color-0\"><br class=\"cz-color-0\" \/><\/strong><\/span><\/span><\/p><p class=\"cz-color-16777215\" style=\"text-align: justify;\"><span class=\"cz-color-16777215\"><span class=\"cz-color-0\"><strong class=\"cz-color-0\">Przy pe\u0142nej os\u00f3b sali wystawowej \u017bydowskiego Instytutu Historycznego w Warszawie odby\u0142a si\u0119 sesja pod opiek\u0105 naukow\u0105 dr Magdaleny Ruty z Uniwersytetu Jagiello\u0144skiego pt. <\/strong><strong class=\"cz-color-0\">\u201e\u017bydowskie \u017cycie kulturalne w Polsce we wczesnych latach powojennych<\/strong><strong class=\"cz-color-0\">\u201e.<\/strong><\/span><\/span><\/p><p class=\"cz-color-16777215\" style=\"text-align: justify;\"><span class=\"cz-color-16777215\"><span class=\"cz-color-0\">Podczas tegorocznego festiwalu by\u0142 z nami go\u015b\u0107 szczeg\u00f3lny <strong class=\"cz-color-0\">Sigmund A. Rolat<\/strong>. Cz\u0142owiek niezwykle zas\u0142u\u017cony dla spo\u0142eczno\u015bci \u017cydowskich na ca\u0142ym \u015bwiecie. Cho\u0107 od kilkudziesi\u0119ciu lat mieszka w Stanach Zjednoczonych nigdy nie zapomnia\u0142 o rodzinnej Cz\u0119stochowie, gdzie jest Przewodnicz\u0105cym \u015awiatowego Stowarzyszenia \u017byd\u00f3w Cz\u0119stochowian i Ich Potomk\u00f3w. W\u015br\u00f3d wielu zaszczytnych funkcji, kt\u00f3re pe\u0142ni, od niedawna jest tak\u017ce Przewodnicz\u0105cym Friends of the Shalom Foundation w Ameryce.<br class=\"cz-color-0\" \/><br class=\"cz-color-0\" \/><\/span><\/span><\/p><p class=\"cz-color-16777215\" style=\"text-align: justify;\"><span class=\"cz-color-16777215\"><span class=\"cz-color-0\">T\u0142umy wype\u0142ni\u0142y sal\u0119 w Austriackim Formu Kultury, gdzie <strong class=\"cz-color-0\">profesor<\/strong><strong class=\"cz-color-0\"> Szewach Weiss<\/strong> opowiada\u0142 o sytuacji w Polsce i w Izraelu. Profesor odpowiada\u0142 na licznie zadawane pytania i podpisywa\u0142 swoj\u0105 ksi\u0105\u017ck\u0119 pt. \u201eOkna t\u0119sknoty. Okna nadziei.\u201d<\/span><\/span><\/p><p class=\"cz-color-16777215\" style=\"text-align: justify;\"><span class=\"cz-color-16777215\"><span class=\"cz-color-0\">Jak co roku zorganizowali\u015bmy liczne warsztaty, w kt\u00f3rych ka\u017cdy m\u00f3g\u0142 wzi\u0105\u0107 udzia\u0142 bezp\u0142atnie: warsztaty kuchni \u017cydowskiej, warsztaty piosenki, warsztaty plastyczne, ABC j\u0119zyka jidysz i kaligrafii hebrajskiej, warsztaty wycinanki \u017cydowskiej. Warsztaty ta\u0144ca poprowadzi\u0142 <strong class=\"cz-color-0\">Leon Blank<\/strong>, piosenki \u2013 ch\u00f3r \u017cydowski<strong class=\"cz-color-0\"> Clil.<\/strong> T\u0142umy przysz\u0142y na warsztaty muzyki klezmerskiej prowadzone w tym roku przez jednego z najlepszych na \u015bwiecie klezmer\u00f3w<strong class=\"cz-color-0\"> DJ SoCalled<\/strong>. Nastomiast w tajniki kuchni \u017cydowskiej i gotowania czulentu wprowadzali <strong class=\"cz-color-0\">Go\u0142da <\/strong><strong class=\"cz-color-0\">Tencer<\/strong><strong class=\"cz-color-0\"> i <\/strong><strong class=\"cz-color-0\">Maciej Kuro\u0144<\/strong>.<\/span><\/span><\/p><p class=\"cz-color-16777215\" style=\"text-align: justify;\"><span class=\"cz-color-16777215\"><span class=\"cz-color-0\">Przez ca\u0142y festiwalowy tydzie\u0144 trwa\u0142y projekcje film\u00f3w powsta\u0142ych na pocz\u0105tku ubieg\u0142ego stulecia. <br class=\"cz-color-0\" \/>Opr\u00f3cz historycznych pere\u0142ek pojawi\u0142y si\u0119 tak\u017ce nowe filmy: premiera dokumentu S\u0142awomira Grunberga \u201eUratowani przez deportacj\u0119. Nieznana odyseja polskich \u017byd\u00f3w\u201d, a tak\u017ce g\u0142o\u015bne \u201eDziedzictwo Jedwabnego\u201d powracaj\u0105ce do bolesnych i kontrowersyjnych wydarze\u0144 z 1941 roku. Po projekcji film\u00f3w odby\u0142o si\u0119 spotkanie z ich tw\u00f3rcami.<\/span><\/span><\/p><p class=\"cz-color-16777215\" style=\"text-align: justify;\"><span class=\"cz-color-16777215\"><span class=\"cz-color-0\"><br class=\"cz-color-0\" \/>Taniec do muzyki klezmerskiej obchodzi\u0142 swoje prawdziwe \u015bwi\u0119to w sobotnie popo\u0142udnie, kiedy to 4873 osoby stworzy\u0142o najwi\u0119ksz\u0105 na \u015bwiecie ta\u0144cz\u0105c\u0105 grup\u0119, ustanawiaj\u0105c tym samym <strong class=\"cz-color-0\">Rekord Guinnessa<\/strong>!<\/span><\/span><\/p><p class=\"cz-color-16777215\" style=\"text-align: justify;\"><span class=\"cz-color-16777215\"><span class=\"cz-color-0\">Gor\u0105czka sobotniej nocy mia\u0142a si\u0119 jednak dopiero rozpocz\u0105\u0107. Po zmroku koncert da\u0142y zespo\u0142y klezmerskie z Kanady\/Stan\u00f3w Zjednoczonych i Europy Wschodniej. Przed publiczno\u015bci\u0105 wyst\u0105pi\u0142 <strong class=\"cz-color-0\">SoCalled Orchestra<\/strong>. W koncercie udzia\u0142 wzi\u0119li znakomici go\u015bcie tegorocznego festiwalu m.in.: <br class=\"cz-color-0\" \/><strong class=\"cz-color-0\">L<\/strong><strong class=\"cz-color-0\">ea Koenig, Adrienne Cooper, Joanne Borts, Theresa Tova, Marilyn Lerner, Moti Giladi, zesp\u00f3\u0142 Golem, SoCalled Orchestra i Hasidic Cappella. <\/strong>Koncert transmitowa\u0142a na \u017cywo TVP Kultura.<br class=\"cz-color-0\" \/><br class=\"cz-color-0\" \/>Tradycyjnie Festiwal Kultury \u017bydowskiej Warszawa Singera zako\u0144czy\u0142a tylko jedna, bardzo wymowna pie\u015b\u0144: \u201eKo\u0142ysanka dla Pami\u0119ci\u201d, wykonana pod Pomnikiem Bohater\u00f3w Getta w Warszawie. W tym roku licznie zgromadzeni us\u0142yszeli ch\u00f3r kantor\u00f3w Hasidic Cappella z Moskwy. Pochodnie i znicze roz\u015bwietli\u0142y miejsce pami\u0119ci tych, kt\u00f3rzy nie zwa\u017caj\u0105c na brak nadziei walczyli do ko\u0144ca. Modlitw\u0105 i chwil\u0105 refleksji uczcili\u015bmy ich wieczn\u0105 pami\u0119\u0107.<\/span><\/span><\/p><p>\n\t\t<style type=\"text\/css\">\n\t\t\t#gallery-1 {\n\t\t\t\tmargin: auto;\n\t\t\t}\n\t\t\t#gallery-1 .gallery-item {\n\t\t\t\tfloat: left;\n\t\t\t\tmargin-top: 10px;\n\t\t\t\ttext-align: center;\n\t\t\t\twidth: 33%;\n\t\t\t}\n\t\t\t#gallery-1 img {\n\t\t\t\tborder: 2px solid #cfcfcf;\n\t\t\t}\n\t\t\t#gallery-1 .gallery-caption {\n\t\t\t\tmargin-left: 0;\n\t\t\t}\n\t\t\t\/* see gallery_shortcode() in wp-includes\/media.php *\/\n\t\t<\/style>\n\t\t<div id='gallery-1' class='gallery galleryid-6206 gallery-columns-3 gallery-size-medium'><dl class='gallery-item'>\n\t\t\t<dt class='gallery-icon landscape'>\n\t\t\t\t<a href='https:\/\/shalom.org.pl\/wp-content\/uploads\/2019\/05\/01-1.jpg'><img fetchpriority=\"high\" decoding=\"async\" width=\"300\" height=\"200\" src=\"https:\/\/shalom.org.pl\/wp-content\/uploads\/2019\/05\/01-1-300x200.jpg\" class=\"attachment-medium size-medium\" alt=\"\" srcset=\"https:\/\/shalom.org.pl\/wp-content\/uploads\/2019\/05\/01-1-300x200.jpg 300w, https:\/\/shalom.org.pl\/wp-content\/uploads\/2019\/05\/01-1-383x255.jpg 383w, https:\/\/shalom.org.pl\/wp-content\/uploads\/2019\/05\/01-1-350x233.jpg 350w, https:\/\/shalom.org.pl\/wp-content\/uploads\/2019\/05\/01-1.jpg 450w\" sizes=\"(max-width: 300px) 100vw, 300px\" \/><\/a>\n\t\t\t<\/dt><\/dl><dl class='gallery-item'>\n\t\t\t<dt class='gallery-icon landscape'>\n\t\t\t\t<a href='https:\/\/shalom.org.pl\/wp-content\/uploads\/2019\/05\/02-1.jpg'><img decoding=\"async\" width=\"300\" height=\"200\" src=\"https:\/\/shalom.org.pl\/wp-content\/uploads\/2019\/05\/02-1-300x200.jpg\" class=\"attachment-medium size-medium\" alt=\"\" srcset=\"https:\/\/shalom.org.pl\/wp-content\/uploads\/2019\/05\/02-1-300x200.jpg 300w, https:\/\/shalom.org.pl\/wp-content\/uploads\/2019\/05\/02-1-383x255.jpg 383w, https:\/\/shalom.org.pl\/wp-content\/uploads\/2019\/05\/02-1-350x233.jpg 350w, https:\/\/shalom.org.pl\/wp-content\/uploads\/2019\/05\/02-1.jpg 450w\" sizes=\"(max-width: 300px) 100vw, 300px\" \/><\/a>\n\t\t\t<\/dt><\/dl><dl class='gallery-item'>\n\t\t\t<dt class='gallery-icon landscape'>\n\t\t\t\t<a href='https:\/\/shalom.org.pl\/wp-content\/uploads\/2019\/05\/03-1.jpg'><img decoding=\"async\" width=\"300\" height=\"200\" src=\"https:\/\/shalom.org.pl\/wp-content\/uploads\/2019\/05\/03-1-300x200.jpg\" class=\"attachment-medium size-medium\" alt=\"\" srcset=\"https:\/\/shalom.org.pl\/wp-content\/uploads\/2019\/05\/03-1-300x200.jpg 300w, https:\/\/shalom.org.pl\/wp-content\/uploads\/2019\/05\/03-1-383x255.jpg 383w, https:\/\/shalom.org.pl\/wp-content\/uploads\/2019\/05\/03-1-350x233.jpg 350w, https:\/\/shalom.org.pl\/wp-content\/uploads\/2019\/05\/03-1.jpg 450w\" sizes=\"(max-width: 300px) 100vw, 300px\" \/><\/a>\n\t\t\t<\/dt><\/dl><br style=\"clear: both\" \/><dl class='gallery-item'>\n\t\t\t<dt class='gallery-icon landscape'>\n\t\t\t\t<a href='https:\/\/shalom.org.pl\/wp-content\/uploads\/2019\/05\/04-1.jpg'><img loading=\"lazy\" decoding=\"async\" width=\"300\" height=\"200\" src=\"https:\/\/shalom.org.pl\/wp-content\/uploads\/2019\/05\/04-1-300x200.jpg\" class=\"attachment-medium size-medium\" alt=\"\" srcset=\"https:\/\/shalom.org.pl\/wp-content\/uploads\/2019\/05\/04-1-300x200.jpg 300w, https:\/\/shalom.org.pl\/wp-content\/uploads\/2019\/05\/04-1-383x255.jpg 383w, https:\/\/shalom.org.pl\/wp-content\/uploads\/2019\/05\/04-1-350x233.jpg 350w, https:\/\/shalom.org.pl\/wp-content\/uploads\/2019\/05\/04-1.jpg 450w\" sizes=\"(max-width: 300px) 100vw, 300px\" \/><\/a>\n\t\t\t<\/dt><\/dl><dl class='gallery-item'>\n\t\t\t<dt class='gallery-icon landscape'>\n\t\t\t\t<a href='https:\/\/shalom.org.pl\/wp-content\/uploads\/2019\/05\/05-1.jpg'><img loading=\"lazy\" decoding=\"async\" width=\"300\" height=\"200\" src=\"https:\/\/shalom.org.pl\/wp-content\/uploads\/2019\/05\/05-1-300x200.jpg\" class=\"attachment-medium size-medium\" alt=\"\" srcset=\"https:\/\/shalom.org.pl\/wp-content\/uploads\/2019\/05\/05-1-300x200.jpg 300w, https:\/\/shalom.org.pl\/wp-content\/uploads\/2019\/05\/05-1-383x255.jpg 383w, https:\/\/shalom.org.pl\/wp-content\/uploads\/2019\/05\/05-1-350x233.jpg 350w, https:\/\/shalom.org.pl\/wp-content\/uploads\/2019\/05\/05-1.jpg 450w\" sizes=\"(max-width: 300px) 100vw, 300px\" \/><\/a>\n\t\t\t<\/dt><\/dl><dl class='gallery-item'>\n\t\t\t<dt class='gallery-icon landscape'>\n\t\t\t\t<a href='https:\/\/shalom.org.pl\/wp-content\/uploads\/2019\/05\/06-1.jpg'><img loading=\"lazy\" decoding=\"async\" width=\"300\" height=\"200\" src=\"https:\/\/shalom.org.pl\/wp-content\/uploads\/2019\/05\/06-1-300x200.jpg\" class=\"attachment-medium size-medium\" alt=\"\" srcset=\"https:\/\/shalom.org.pl\/wp-content\/uploads\/2019\/05\/06-1-300x200.jpg 300w, https:\/\/shalom.org.pl\/wp-content\/uploads\/2019\/05\/06-1-383x255.jpg 383w, https:\/\/shalom.org.pl\/wp-content\/uploads\/2019\/05\/06-1-350x233.jpg 350w, https:\/\/shalom.org.pl\/wp-content\/uploads\/2019\/05\/06-1.jpg 450w\" sizes=\"(max-width: 300px) 100vw, 300px\" \/><\/a>\n\t\t\t<\/dt><\/dl><br style=\"clear: both\" \/><dl class='gallery-item'>\n\t\t\t<dt class='gallery-icon landscape'>\n\t\t\t\t<a href='https:\/\/shalom.org.pl\/wp-content\/uploads\/2019\/05\/07-1.jpg'><img loading=\"lazy\" decoding=\"async\" width=\"300\" height=\"200\" src=\"https:\/\/shalom.org.pl\/wp-content\/uploads\/2019\/05\/07-1-300x200.jpg\" class=\"attachment-medium size-medium\" alt=\"\" srcset=\"https:\/\/shalom.org.pl\/wp-content\/uploads\/2019\/05\/07-1-300x200.jpg 300w, https:\/\/shalom.org.pl\/wp-content\/uploads\/2019\/05\/07-1-383x255.jpg 383w, https:\/\/shalom.org.pl\/wp-content\/uploads\/2019\/05\/07-1-350x233.jpg 350w, https:\/\/shalom.org.pl\/wp-content\/uploads\/2019\/05\/07-1.jpg 450w\" sizes=\"(max-width: 300px) 100vw, 300px\" \/><\/a>\n\t\t\t<\/dt><\/dl><dl class='gallery-item'>\n\t\t\t<dt class='gallery-icon landscape'>\n\t\t\t\t<a href='https:\/\/shalom.org.pl\/wp-content\/uploads\/2019\/05\/08-1.jpg'><img loading=\"lazy\" decoding=\"async\" width=\"300\" height=\"200\" src=\"https:\/\/shalom.org.pl\/wp-content\/uploads\/2019\/05\/08-1-300x200.jpg\" class=\"attachment-medium size-medium\" alt=\"\" srcset=\"https:\/\/shalom.org.pl\/wp-content\/uploads\/2019\/05\/08-1-300x200.jpg 300w, https:\/\/shalom.org.pl\/wp-content\/uploads\/2019\/05\/08-1-383x255.jpg 383w, https:\/\/shalom.org.pl\/wp-content\/uploads\/2019\/05\/08-1-350x233.jpg 350w, https:\/\/shalom.org.pl\/wp-content\/uploads\/2019\/05\/08-1.jpg 450w\" sizes=\"(max-width: 300px) 100vw, 300px\" \/><\/a>\n\t\t\t<\/dt><\/dl><dl class='gallery-item'>\n\t\t\t<dt class='gallery-icon landscape'>\n\t\t\t\t<a href='https:\/\/shalom.org.pl\/wp-content\/uploads\/2019\/05\/09-1.jpg'><img loading=\"lazy\" decoding=\"async\" width=\"300\" height=\"200\" src=\"https:\/\/shalom.org.pl\/wp-content\/uploads\/2019\/05\/09-1-300x200.jpg\" class=\"attachment-medium size-medium\" alt=\"\" srcset=\"https:\/\/shalom.org.pl\/wp-content\/uploads\/2019\/05\/09-1-300x200.jpg 300w, https:\/\/shalom.org.pl\/wp-content\/uploads\/2019\/05\/09-1-383x255.jpg 383w, https:\/\/shalom.org.pl\/wp-content\/uploads\/2019\/05\/09-1-350x233.jpg 350w, https:\/\/shalom.org.pl\/wp-content\/uploads\/2019\/05\/09-1.jpg 450w\" sizes=\"(max-width: 300px) 100vw, 300px\" \/><\/a>\n\t\t\t<\/dt><\/dl><br style=\"clear: both\" \/><dl class='gallery-item'>\n\t\t\t<dt class='gallery-icon landscape'>\n\t\t\t\t<a href='https:\/\/shalom.org.pl\/wp-content\/uploads\/2019\/05\/10-1.jpg'><img loading=\"lazy\" decoding=\"async\" width=\"300\" height=\"200\" src=\"https:\/\/shalom.org.pl\/wp-content\/uploads\/2019\/05\/10-1-300x200.jpg\" class=\"attachment-medium size-medium\" alt=\"\" srcset=\"https:\/\/shalom.org.pl\/wp-content\/uploads\/2019\/05\/10-1-300x200.jpg 300w, https:\/\/shalom.org.pl\/wp-content\/uploads\/2019\/05\/10-1-383x255.jpg 383w, https:\/\/shalom.org.pl\/wp-content\/uploads\/2019\/05\/10-1-350x233.jpg 350w, https:\/\/shalom.org.pl\/wp-content\/uploads\/2019\/05\/10-1.jpg 450w\" sizes=\"(max-width: 300px) 100vw, 300px\" \/><\/a>\n\t\t\t<\/dt><\/dl><dl class='gallery-item'>\n\t\t\t<dt class='gallery-icon landscape'>\n\t\t\t\t<a href='https:\/\/shalom.org.pl\/wp-content\/uploads\/2019\/05\/11-1-1.jpg'><img loading=\"lazy\" decoding=\"async\" width=\"300\" height=\"200\" src=\"https:\/\/shalom.org.pl\/wp-content\/uploads\/2019\/05\/11-1-1-300x200.jpg\" class=\"attachment-medium size-medium\" alt=\"\" srcset=\"https:\/\/shalom.org.pl\/wp-content\/uploads\/2019\/05\/11-1-1-300x200.jpg 300w, https:\/\/shalom.org.pl\/wp-content\/uploads\/2019\/05\/11-1-1-383x255.jpg 383w, https:\/\/shalom.org.pl\/wp-content\/uploads\/2019\/05\/11-1-1-350x233.jpg 350w, https:\/\/shalom.org.pl\/wp-content\/uploads\/2019\/05\/11-1-1.jpg 450w\" sizes=\"(max-width: 300px) 100vw, 300px\" \/><\/a>\n\t\t\t<\/dt><\/dl><dl class='gallery-item'>\n\t\t\t<dt class='gallery-icon landscape'>\n\t\t\t\t<a href='https:\/\/shalom.org.pl\/wp-content\/uploads\/2019\/05\/12-1.jpg'><img loading=\"lazy\" decoding=\"async\" width=\"300\" height=\"200\" src=\"https:\/\/shalom.org.pl\/wp-content\/uploads\/2019\/05\/12-1-300x200.jpg\" class=\"attachment-medium size-medium\" alt=\"\" srcset=\"https:\/\/shalom.org.pl\/wp-content\/uploads\/2019\/05\/12-1-300x200.jpg 300w, https:\/\/shalom.org.pl\/wp-content\/uploads\/2019\/05\/12-1-383x255.jpg 383w, https:\/\/shalom.org.pl\/wp-content\/uploads\/2019\/05\/12-1-350x233.jpg 350w, https:\/\/shalom.org.pl\/wp-content\/uploads\/2019\/05\/12-1.jpg 450w\" sizes=\"(max-width: 300px) 100vw, 300px\" \/><\/a>\n\t\t\t<\/dt><\/dl><br style=\"clear: both\" \/><dl class='gallery-item'>\n\t\t\t<dt class='gallery-icon landscape'>\n\t\t\t\t<a href='https:\/\/shalom.org.pl\/wp-content\/uploads\/2019\/05\/13-1.jpg'><img loading=\"lazy\" decoding=\"async\" width=\"300\" height=\"200\" src=\"https:\/\/shalom.org.pl\/wp-content\/uploads\/2019\/05\/13-1-300x200.jpg\" class=\"attachment-medium size-medium\" alt=\"\" srcset=\"https:\/\/shalom.org.pl\/wp-content\/uploads\/2019\/05\/13-1-300x200.jpg 300w, https:\/\/shalom.org.pl\/wp-content\/uploads\/2019\/05\/13-1-383x255.jpg 383w, https:\/\/shalom.org.pl\/wp-content\/uploads\/2019\/05\/13-1-350x233.jpg 350w, https:\/\/shalom.org.pl\/wp-content\/uploads\/2019\/05\/13-1.jpg 450w\" sizes=\"(max-width: 300px) 100vw, 300px\" \/><\/a>\n\t\t\t<\/dt><\/dl><dl class='gallery-item'>\n\t\t\t<dt class='gallery-icon landscape'>\n\t\t\t\t<a href='https:\/\/shalom.org.pl\/wp-content\/uploads\/2019\/05\/14-1.jpg'><img loading=\"lazy\" decoding=\"async\" width=\"300\" height=\"200\" src=\"https:\/\/shalom.org.pl\/wp-content\/uploads\/2019\/05\/14-1-300x200.jpg\" class=\"attachment-medium size-medium\" alt=\"\" srcset=\"https:\/\/shalom.org.pl\/wp-content\/uploads\/2019\/05\/14-1-300x200.jpg 300w, https:\/\/shalom.org.pl\/wp-content\/uploads\/2019\/05\/14-1-383x255.jpg 383w, https:\/\/shalom.org.pl\/wp-content\/uploads\/2019\/05\/14-1-350x233.jpg 350w, https:\/\/shalom.org.pl\/wp-content\/uploads\/2019\/05\/14-1.jpg 440w\" sizes=\"(max-width: 300px) 100vw, 300px\" \/><\/a>\n\t\t\t<\/dt><\/dl>\n\t\t\t<br style='clear: both' \/>\n\t\t<\/div>\n<\/p>\t\t\t\t\t\t\t\t<\/div>\n\t\t\t\t<\/div>\n\t\t\t\t\t<\/div>\n\t\t<\/div>\n\t\t\t\t\t<\/div>\n\t\t<\/section>\n\t\t\t\t<\/div>\n\t\t","protected":false},"excerpt":{"rendered":"<p>IV EDYCJA FESTIWALU WARSZAWA SINGERA 2-9 WRZE\u015aNIA 2007 R. Inauguracj\u0105 IV edycji Festiwalu Kultury \u017bydowskiej Warszawa Singera by\u0142 koncert \u015bwiatowej [&hellip;]<\/p>\n","protected":false},"author":1,"featured_media":0,"parent":5690,"menu_order":0,"comment_status":"closed","ping_status":"closed","template":"src\/uniwersalny.php","meta":{"_acf_changed":false,"ngg_post_thumbnail":0,"footnotes":""},"class_list":["post-6206","page","type-page","status-publish","hentry"],"acf":[],"_links":{"self":[{"href":"https:\/\/shalom.org.pl\/en\/wp-json\/wp\/v2\/pages\/6206","targetHints":{"allow":["GET"]}}],"collection":[{"href":"https:\/\/shalom.org.pl\/en\/wp-json\/wp\/v2\/pages"}],"about":[{"href":"https:\/\/shalom.org.pl\/en\/wp-json\/wp\/v2\/types\/page"}],"author":[{"embeddable":true,"href":"https:\/\/shalom.org.pl\/en\/wp-json\/wp\/v2\/users\/1"}],"replies":[{"embeddable":true,"href":"https:\/\/shalom.org.pl\/en\/wp-json\/wp\/v2\/comments?post=6206"}],"version-history":[{"count":5,"href":"https:\/\/shalom.org.pl\/en\/wp-json\/wp\/v2\/pages\/6206\/revisions"}],"predecessor-version":[{"id":7025,"href":"https:\/\/shalom.org.pl\/en\/wp-json\/wp\/v2\/pages\/6206\/revisions\/7025"}],"up":[{"embeddable":true,"href":"https:\/\/shalom.org.pl\/en\/wp-json\/wp\/v2\/pages\/5690"}],"wp:attachment":[{"href":"https:\/\/shalom.org.pl\/en\/wp-json\/wp\/v2\/media?parent=6206"}],"curies":[{"name":"wp","href":"https:\/\/api.w.org\/{rel}","templated":true}]}}