{"id":6202,"date":"2019-05-14T11:44:27","date_gmt":"2019-05-14T09:44:27","guid":{"rendered":"http:\/\/shalom.org.pl\/?page_id=6202"},"modified":"2019-05-29T22:01:23","modified_gmt":"2019-05-29T20:01:23","slug":"2005-2","status":"publish","type":"page","link":"https:\/\/shalom.org.pl\/en\/o-festiwalu\/poprzednie-edycje\/2005-2\/","title":{"rendered":"2005"},"content":{"rendered":"\t\t<div data-elementor-type=\"wp-post\" data-elementor-id=\"6202\" class=\"elementor elementor-6202\">\n\t\t\t\t\t\t<section class=\"has_eae_slider elementor-section elementor-top-section elementor-element elementor-element-4ddb1559 elementor-section-boxed elementor-section-height-default elementor-section-height-default\" data-eae-slider=\"85539\" data-id=\"4ddb1559\" data-element_type=\"section\" data-e-type=\"section\">\n\t\t\t\t\t\t<div class=\"elementor-container elementor-column-gap-default\">\n\t\t\t\t\t<div class=\"has_eae_slider elementor-column elementor-col-100 elementor-top-column elementor-element elementor-element-765c0986\" data-eae-slider=\"46282\" data-id=\"765c0986\" data-element_type=\"column\" data-e-type=\"column\">\n\t\t\t<div class=\"elementor-widget-wrap elementor-element-populated\">\n\t\t\t\t\t\t<div class=\"elementor-element elementor-element-062a64e elementor-widget elementor-widget-heading\" data-id=\"062a64e\" data-element_type=\"widget\" data-e-type=\"widget\" data-widget_type=\"heading.default\">\n\t\t\t\t<div class=\"elementor-widget-container\">\n\t\t\t\t\t<h2 class=\"elementor-heading-title elementor-size-default\">II EDYCJA FESTIWALU WARSZAWA SINGERA<\/h2>\t\t\t\t<\/div>\n\t\t\t\t<\/div>\n\t\t\t\t<div class=\"elementor-element elementor-element-2f2c333 elementor-widget elementor-widget-text-editor\" data-id=\"2f2c333\" data-element_type=\"widget\" data-e-type=\"widget\" data-widget_type=\"text-editor.default\">\n\t\t\t\t<div class=\"elementor-widget-container\">\n\t\t\t\t\t\t\t\t\t<p class=\"cz-color-16777215\" style=\"text-align: justify;\"><span style=\"font-size: 1rem;\">15-18 WRZE\u015aNIA 2005 R.<\/span><\/p><p class=\"cz-color-16777215\" style=\"text-align: justify;\"><span class=\"cz-color-16777215\"><span class=\"cz-color-8682612\"><span class=\"cz-color-0\">Festiwal rozpocz\u0119\u0142a sesja naukowa po\u015bwi\u0119cona \u017bydowskiemu Zwi\u0105zkowi Literat\u00f3w i\u00a0Dziennikarzy. Mi\u0142o\u015bnicy przedwojennej literatury \u017cydowskiej wys\u0142uchali wyk\u0142ad\u00f3w <strong class=\"cz-color-0\">prof. Moniki Adamczyk-Garbowskiej<\/strong><strong class=\"cz-color-0\">,<\/strong><strong class=\"cz-color-0\"> dr\u00a0Joanny Lisek<\/strong><strong class=\"cz-color-0\">, d<\/strong><strong class=\"cz-color-0\">r\u00a0Magdaleny Ruty<\/strong><strong class=\"cz-color-0\"> prof. Mariana Fuksa,<\/strong> <strong class=\"cz-color-0\">dr\u00a0Jacoba Weitznera<\/strong>, oraz <strong class=\"cz-color-0\">Micha\u0142a Friedmana<\/strong>, t\u0142umacza literatury jidysz i <strong class=\"cz-color-0\">Daniela Kaca<\/strong>, wybitnego \u017cydowski pisarza i\u00a0publicysty.<\/span><\/span><\/span><\/p><p class=\"cz-color-16777215\" style=\"text-align: justify;\"><span class=\"cz-color-16777215\"><span class=\"cz-color-8682612\"><span class=\"cz-color-0\">Na festiwal przyjecha\u0142y \u015bwiatowej s\u0142awy gwiazdy. Kantor <strong class=\"cz-color-0\">Joseph Malovany<\/strong><strong class=\"cz-color-0\"> wraz z\u00a0moskiewskim ch\u00f3rem <\/strong><strong class=\"cz-color-0\">Hasidic Cappella\u00a0<\/strong>oczarowa\u0142 t\u0142um zgromadzony w\u00a0Synagodze im. No\u017cyk\u00f3w przy ulicy Twardej.\u00a0 Serca publiczno\u015bci podbi\u0142a tak\u017ce <strong class=\"cz-color-0\">Lea Koenig<\/strong>, niekwestionowana gwiazda Teatru Narodowego Habimah w\u00a0Izraelu. Ta\u00a0wielka zachwyca\u0142a swoj\u0105 osobowo\u015bci\u0105, rozbawia\u0142a \u017cartami i\u00a0dialogami z\u00a0publiczno\u015bci\u0105 i\u00a0zaskakiwa\u0142a swoj\u0105\u2026 polszczyzn\u0105.<\/span><\/span><\/span><\/p><p class=\"cz-color-16777215\" style=\"text-align: justify;\"><span class=\"cz-color-16777215\"><span class=\"cz-color-8682612\"><span class=\"cz-color-0\">Przez cztery festiwalowe dni gwarno by\u0142o w\u00a0okolicy Placu Grzybowskiego, widzowie szczelnie wype\u0142niali Teatr \u017bydowski i\u00a0wszystkie miejsca, w\u00a0kt\u00f3rych organizowane by\u0142y imprezy. Ulica Pr\u00f3\u017cna t\u0119tni\u0142a \u017cyciem w\u00a0weekend. Odwiedzaj\u0105cy festiwal mogli zobaczy\u0107 przedstawienia teatralne grup artyst\u00f3w z\u00a0ca\u0142ej Polski, mi\u0119dzy innymi <strong class=\"cz-color-0\">\u201eOpowie\u015b\u0107 o\u00a0Lejzorku Rojtszwa\u0144cu<\/strong>\u201d, zaprezentowan\u0105 przez Teatr Lalki i\u00a0Aktora z\u00a0\u0141om\u017cy, \u201e<strong class=\"cz-color-0\">Kamienic\u0119 na\u00a0Nalewkach<\/strong><strong class=\"cz-color-0\">\u201d w wykonaniu aktor\u00f3w Teatru \u017bydowskiego im. E.R. i\u00a0I.\u00a0Kami\u0144skich w\u00a0Warszawie, w kt\u00f3rym zagrali m.in. Dyrektor Teatru \u017bydowskiego <\/strong><strong class=\"cz-color-0\">Szymon Szurmiej<\/strong><strong class=\"cz-color-0\"> i\u00a0Dyrektor Fundacji Shalom <\/strong><strong class=\"cz-color-0\">Go\u0142da Tencer<\/strong><strong class=\"cz-color-0\">.\u00a0 <br class=\"cz-color-0\" \/>Teatr Formy J\u00f3zefa Markockiego <\/strong>zaprezentowa\u0142 intryguj\u0105c\u0105 pantomim\u0119<strong class=\"cz-color-0\"> \u201e<\/strong><strong class=\"cz-color-0\">Ulica Krokodyli<\/strong><strong class=\"cz-color-0\">\u201d.<\/strong><\/span><\/span><\/span><\/p><p class=\"cz-color-16777215\" style=\"text-align: justify;\"><span class=\"cz-color-16777215\"><span class=\"cz-color-8682612\"><span class=\"cz-color-0\">Ogromnym zainteresowaniem cieszy\u0142y si\u0119 warsztaty.\u00a0 Warsztaty ta\u0144ca prowadzi\u0142<strong class=\"cz-color-0\"> Leon Blank, Monika Krajewska <\/strong>uczy\u0142a wycinanki,<strong class=\"cz-color-0\">Jacob Weitzner <\/strong>prowadzi\u0142 warsztaty j\u0119zyka jidysz, <strong class=\"cz-color-0\">Teresa Wro\u0144ska <\/strong>przybli\u017ca\u0142a bogactwo piosenki \u017cydowskiej,\u00a0 a w zawi\u0142o\u015bci kaligrafii hebrajskiej wprowadza\u0142a <strong class=\"cz-color-0\">Ewa Gordon.<\/strong><\/span><\/span><\/span><\/p><p class=\"cz-color-16777215\" style=\"text-align: justify;\"><span class=\"cz-color-16777215\"><span class=\"cz-color-8682612\"><span class=\"cz-color-0\">Na Festiwalu nie mog\u0142o zabrakn\u0105\u0107 muzyki klezmerskiej. Jej r\u00f3\u017cne odcienie prezentowali m.in.<strong class=\"cz-color-0\"> Di\u00a0Naye Kapele z\u00a0W\u0119gier, Den Flygande Bokrullen ze\u00a0Szwecji, <\/strong>mi\u0119dzynarodowy zesp\u00f3\u0142 RytuAH. Inspiracje wynikaj\u0105ce z\u00a0muzyki klezmerskiej pojawi\u0142y si\u0119 tak\u017ce w\u00a0niecodziennym koncercie muzyki klasycznej w wykonaniu: <strong class=\"cz-color-0\">Vadima Brodskiego i Waldemara Malicka<\/strong> oraz znakomitej wiolonczelistki<strong class=\"cz-color-0\"> Angeliki Weiss.<\/strong><\/span><\/span><\/span><\/p><p class=\"cz-color-16777215\" style=\"text-align: justify;\"><span class=\"cz-color-16777215\"><span class=\"cz-color-8682612\"><span class=\"cz-color-0\">Opr\u00f3cz koncert\u00f3w, przedstawie\u0144 teatralnych, pokaz\u00f3w filmowych, spotka\u0144 autorskich i\u00a0warsztat\u00f3w festiwalowi go\u015bcie odwiedzili liczne wystawy.<\/span><\/span><\/span><\/p><p class=\"cz-color-16777215\" style=\"text-align: justify;\"><span class=\"cz-color-16777215\"><span class=\"cz-color-8682612\"><span class=\"cz-color-0\">Podsumowaniem\u00a0festiwalu by\u0142 koncert <strong class=\"cz-color-0\">\u201eCuda Rebego\u201d<\/strong>, kt\u00f3ry rozpocz\u0105\u0142 mini recital <strong class=\"cz-color-0\">Justyny Steczkowskiej. <\/strong>Publiczno\u015b\u0107 zachwyca\u0142a si\u0119 tak\u017ce wyst\u0119pami <strong class=\"cz-color-0\">Ewy Bem, Marty Bizo\u0144, Lei Koenig, Beli Olejnik, Beaty Rybotyckiej, si\u00f3str Rajfer, Go\u0142dy Tencer, Katarzyny Zieli\u0144skiej, Bohdana \u0141azuki, Jacka W\u00f3jcickiego i ch\u00f3ru kantor\u00f3w Hasidic Cappella.<\/strong><\/span><\/span><\/span><\/p><p class=\"cz-color-16777215\" style=\"text-align: justify;\"><span class=\"cz-color-16777215\"><span class=\"cz-color-8682612\"><span class=\"cz-color-0\">Festiwal zako\u0144czy\u0142a<strong class=\"cz-color-0\"> \u201eKo\u0142ysanka dla pami\u0119ci\u201d<\/strong> \u2013 spotkanie pod Pomnikiem Bohater\u00f3w Getta Warszawskiego. P\u00f3\u017anym wieczorem zap\u0142on\u0119\u0142y pochodnie i\u00a0znicze. Chwilom zadumy towarzyszy\u0142 poruszaj\u0105cy serca wyst\u0119p kantor\u00f3w.<\/span><\/span><\/span><\/p><p class=\"cz-color-16777215\" style=\"text-align: justify;\"><span class=\"cz-color-16777215\"><span class=\"cz-color-8682612\"><span class=\"cz-color-0\">Patronat nad festiwalem obj\u0105\u0142<strong class=\"cz-color-0\"> Minister Kultury RP, Prezydent Miasta Sto\u0142ecznego Warszawy<\/strong> oraz<strong class=\"cz-color-0\"> Ambasador Izraela.<\/strong><\/span><\/span><\/span><\/p><p class=\"cz-color-16777215\" style=\"text-align: justify;\"><span class=\"cz-color-16777215\"><span class=\"cz-color-8682612\"><strong class=\"cz-color-8682612\"><span class=\"cz-color-0\">Organizatorzy sk\u0142adaj\u0105 serdeczne podzi\u0119kowania wsp\u00f3\u0142organizatorom: Pa\u0144stwowemu Teatrowi \u017bydowskiemu, Sto\u0142ecznej Estradzie, Towarzystwu Spo\u0142eczno \u2013 Kulturalnemu \u017byd\u00f3w w\u00a0Polsce oraz Gminie Wyznaniowej \u017bydowskiej w\u00a0Warszawie, sponsorom, wsp\u00f3\u0142pracownikom oraz wszystkim, kt\u00f3rzy przyczynili si\u0119 do\u00a0sukcesu festiwalu.<\/span><\/strong><\/span><\/span><\/p><p class=\"cz-color-16777215\" style=\"text-align: justify;\"><span class=\"cz-color-16777215\"><span class=\"cz-color-8682612\"><strong class=\"cz-color-8682612\"><span class=\"cz-color-0\">Szczeg\u00f3lne podzi\u0119kowania sk\u0142adamy wolontariuszom.<\/span><\/strong><\/span><\/span><\/p><p>\n\t\t<style type=\"text\/css\">\n\t\t\t#gallery-1 {\n\t\t\t\tmargin: auto;\n\t\t\t}\n\t\t\t#gallery-1 .gallery-item {\n\t\t\t\tfloat: left;\n\t\t\t\tmargin-top: 10px;\n\t\t\t\ttext-align: center;\n\t\t\t\twidth: 33%;\n\t\t\t}\n\t\t\t#gallery-1 img {\n\t\t\t\tborder: 2px solid #cfcfcf;\n\t\t\t}\n\t\t\t#gallery-1 .gallery-caption {\n\t\t\t\tmargin-left: 0;\n\t\t\t}\n\t\t\t\/* see gallery_shortcode() in wp-includes\/media.php *\/\n\t\t<\/style>\n\t\t<div id='gallery-1' class='gallery galleryid-6202 gallery-columns-3 gallery-size-medium'><dl class='gallery-item'>\n\t\t\t<dt class='gallery-icon landscape'>\n\t\t\t\t<a href='https:\/\/shalom.org.pl\/wp-content\/uploads\/2019\/05\/01-1.png'><img fetchpriority=\"high\" decoding=\"async\" width=\"300\" height=\"195\" src=\"https:\/\/shalom.org.pl\/wp-content\/uploads\/2019\/05\/01-1-300x195.png\" class=\"attachment-medium size-medium\" alt=\"\" srcset=\"https:\/\/shalom.org.pl\/wp-content\/uploads\/2019\/05\/01-1-300x195.png 300w, https:\/\/shalom.org.pl\/wp-content\/uploads\/2019\/05\/01-1-392x255.png 392w, https:\/\/shalom.org.pl\/wp-content\/uploads\/2019\/05\/01-1-350x228.png 350w, https:\/\/shalom.org.pl\/wp-content\/uploads\/2019\/05\/01-1.png 560w\" sizes=\"(max-width: 300px) 100vw, 300px\" \/><\/a>\n\t\t\t<\/dt><\/dl><dl class='gallery-item'>\n\t\t\t<dt class='gallery-icon landscape'>\n\t\t\t\t<a href='https:\/\/shalom.org.pl\/wp-content\/uploads\/2019\/05\/12.png'><img decoding=\"async\" width=\"300\" height=\"195\" src=\"https:\/\/shalom.org.pl\/wp-content\/uploads\/2019\/05\/12-300x195.png\" class=\"attachment-medium size-medium\" alt=\"\" srcset=\"https:\/\/shalom.org.pl\/wp-content\/uploads\/2019\/05\/12-300x195.png 300w, https:\/\/shalom.org.pl\/wp-content\/uploads\/2019\/05\/12-392x255.png 392w, https:\/\/shalom.org.pl\/wp-content\/uploads\/2019\/05\/12-350x228.png 350w, https:\/\/shalom.org.pl\/wp-content\/uploads\/2019\/05\/12.png 560w\" sizes=\"(max-width: 300px) 100vw, 300px\" \/><\/a>\n\t\t\t<\/dt><\/dl><dl class='gallery-item'>\n\t\t\t<dt class='gallery-icon landscape'>\n\t\t\t\t<a href='https:\/\/shalom.org.pl\/wp-content\/uploads\/2019\/05\/11.png'><img decoding=\"async\" width=\"300\" height=\"195\" src=\"https:\/\/shalom.org.pl\/wp-content\/uploads\/2019\/05\/11-300x195.png\" class=\"attachment-medium size-medium\" alt=\"\" srcset=\"https:\/\/shalom.org.pl\/wp-content\/uploads\/2019\/05\/11-300x195.png 300w, https:\/\/shalom.org.pl\/wp-content\/uploads\/2019\/05\/11-392x255.png 392w, https:\/\/shalom.org.pl\/wp-content\/uploads\/2019\/05\/11-350x228.png 350w, https:\/\/shalom.org.pl\/wp-content\/uploads\/2019\/05\/11.png 560w\" sizes=\"(max-width: 300px) 100vw, 300px\" \/><\/a>\n\t\t\t<\/dt><\/dl><br style=\"clear: both\" \/><dl class='gallery-item'>\n\t\t\t<dt class='gallery-icon landscape'>\n\t\t\t\t<a href='https:\/\/shalom.org.pl\/wp-content\/uploads\/2019\/05\/10-1.png'><img loading=\"lazy\" decoding=\"async\" width=\"300\" height=\"195\" src=\"https:\/\/shalom.org.pl\/wp-content\/uploads\/2019\/05\/10-1-300x195.png\" class=\"attachment-medium size-medium\" alt=\"\" srcset=\"https:\/\/shalom.org.pl\/wp-content\/uploads\/2019\/05\/10-1-300x195.png 300w, https:\/\/shalom.org.pl\/wp-content\/uploads\/2019\/05\/10-1-392x255.png 392w, https:\/\/shalom.org.pl\/wp-content\/uploads\/2019\/05\/10-1-350x228.png 350w, https:\/\/shalom.org.pl\/wp-content\/uploads\/2019\/05\/10-1.png 560w\" sizes=\"(max-width: 300px) 100vw, 300px\" \/><\/a>\n\t\t\t<\/dt><\/dl><dl class='gallery-item'>\n\t\t\t<dt class='gallery-icon landscape'>\n\t\t\t\t<a href='https:\/\/shalom.org.pl\/wp-content\/uploads\/2019\/05\/09-1.png'><img loading=\"lazy\" decoding=\"async\" width=\"300\" height=\"195\" src=\"https:\/\/shalom.org.pl\/wp-content\/uploads\/2019\/05\/09-1-300x195.png\" class=\"attachment-medium size-medium\" alt=\"\" srcset=\"https:\/\/shalom.org.pl\/wp-content\/uploads\/2019\/05\/09-1-300x195.png 300w, https:\/\/shalom.org.pl\/wp-content\/uploads\/2019\/05\/09-1-392x255.png 392w, https:\/\/shalom.org.pl\/wp-content\/uploads\/2019\/05\/09-1-350x228.png 350w, https:\/\/shalom.org.pl\/wp-content\/uploads\/2019\/05\/09-1.png 560w\" sizes=\"(max-width: 300px) 100vw, 300px\" \/><\/a>\n\t\t\t<\/dt><\/dl><dl class='gallery-item'>\n\t\t\t<dt class='gallery-icon landscape'>\n\t\t\t\t<a href='https:\/\/shalom.org.pl\/wp-content\/uploads\/2019\/05\/08-1.png'><img loading=\"lazy\" decoding=\"async\" width=\"300\" height=\"195\" src=\"https:\/\/shalom.org.pl\/wp-content\/uploads\/2019\/05\/08-1-300x195.png\" class=\"attachment-medium size-medium\" alt=\"\" srcset=\"https:\/\/shalom.org.pl\/wp-content\/uploads\/2019\/05\/08-1-300x195.png 300w, https:\/\/shalom.org.pl\/wp-content\/uploads\/2019\/05\/08-1-392x255.png 392w, https:\/\/shalom.org.pl\/wp-content\/uploads\/2019\/05\/08-1-350x228.png 350w, https:\/\/shalom.org.pl\/wp-content\/uploads\/2019\/05\/08-1.png 560w\" sizes=\"(max-width: 300px) 100vw, 300px\" \/><\/a>\n\t\t\t<\/dt><\/dl><br style=\"clear: both\" \/><dl class='gallery-item'>\n\t\t\t<dt class='gallery-icon landscape'>\n\t\t\t\t<a href='https:\/\/shalom.org.pl\/wp-content\/uploads\/2019\/05\/07-1.png'><img loading=\"lazy\" decoding=\"async\" width=\"300\" height=\"195\" src=\"https:\/\/shalom.org.pl\/wp-content\/uploads\/2019\/05\/07-1-300x195.png\" class=\"attachment-medium size-medium\" alt=\"\" srcset=\"https:\/\/shalom.org.pl\/wp-content\/uploads\/2019\/05\/07-1-300x195.png 300w, https:\/\/shalom.org.pl\/wp-content\/uploads\/2019\/05\/07-1-392x255.png 392w, https:\/\/shalom.org.pl\/wp-content\/uploads\/2019\/05\/07-1-350x228.png 350w, https:\/\/shalom.org.pl\/wp-content\/uploads\/2019\/05\/07-1.png 560w\" sizes=\"(max-width: 300px) 100vw, 300px\" \/><\/a>\n\t\t\t<\/dt><\/dl><dl class='gallery-item'>\n\t\t\t<dt class='gallery-icon landscape'>\n\t\t\t\t<a href='https:\/\/shalom.org.pl\/wp-content\/uploads\/2019\/05\/06-1.png'><img loading=\"lazy\" decoding=\"async\" width=\"300\" height=\"195\" src=\"https:\/\/shalom.org.pl\/wp-content\/uploads\/2019\/05\/06-1-300x195.png\" class=\"attachment-medium size-medium\" alt=\"\" srcset=\"https:\/\/shalom.org.pl\/wp-content\/uploads\/2019\/05\/06-1-300x195.png 300w, https:\/\/shalom.org.pl\/wp-content\/uploads\/2019\/05\/06-1-392x255.png 392w, https:\/\/shalom.org.pl\/wp-content\/uploads\/2019\/05\/06-1-350x228.png 350w, https:\/\/shalom.org.pl\/wp-content\/uploads\/2019\/05\/06-1.png 560w\" sizes=\"(max-width: 300px) 100vw, 300px\" \/><\/a>\n\t\t\t<\/dt><\/dl><dl class='gallery-item'>\n\t\t\t<dt class='gallery-icon landscape'>\n\t\t\t\t<a href='https:\/\/shalom.org.pl\/wp-content\/uploads\/2019\/05\/05-1.png'><img loading=\"lazy\" decoding=\"async\" width=\"300\" height=\"195\" src=\"https:\/\/shalom.org.pl\/wp-content\/uploads\/2019\/05\/05-1-300x195.png\" class=\"attachment-medium size-medium\" alt=\"\" srcset=\"https:\/\/shalom.org.pl\/wp-content\/uploads\/2019\/05\/05-1-300x195.png 300w, https:\/\/shalom.org.pl\/wp-content\/uploads\/2019\/05\/05-1-392x255.png 392w, https:\/\/shalom.org.pl\/wp-content\/uploads\/2019\/05\/05-1-350x228.png 350w, https:\/\/shalom.org.pl\/wp-content\/uploads\/2019\/05\/05-1.png 560w\" sizes=\"(max-width: 300px) 100vw, 300px\" \/><\/a>\n\t\t\t<\/dt><\/dl><br style=\"clear: both\" \/><dl class='gallery-item'>\n\t\t\t<dt class='gallery-icon landscape'>\n\t\t\t\t<a href='https:\/\/shalom.org.pl\/wp-content\/uploads\/2019\/05\/04-1.png'><img loading=\"lazy\" decoding=\"async\" width=\"300\" height=\"195\" src=\"https:\/\/shalom.org.pl\/wp-content\/uploads\/2019\/05\/04-1-300x195.png\" class=\"attachment-medium size-medium\" alt=\"\" srcset=\"https:\/\/shalom.org.pl\/wp-content\/uploads\/2019\/05\/04-1-300x195.png 300w, https:\/\/shalom.org.pl\/wp-content\/uploads\/2019\/05\/04-1-392x255.png 392w, https:\/\/shalom.org.pl\/wp-content\/uploads\/2019\/05\/04-1-350x228.png 350w, https:\/\/shalom.org.pl\/wp-content\/uploads\/2019\/05\/04-1.png 560w\" sizes=\"(max-width: 300px) 100vw, 300px\" \/><\/a>\n\t\t\t<\/dt><\/dl><dl class='gallery-item'>\n\t\t\t<dt class='gallery-icon landscape'>\n\t\t\t\t<a href='https:\/\/shalom.org.pl\/wp-content\/uploads\/2019\/05\/03-1.png'><img loading=\"lazy\" decoding=\"async\" width=\"300\" height=\"195\" src=\"https:\/\/shalom.org.pl\/wp-content\/uploads\/2019\/05\/03-1-300x195.png\" class=\"attachment-medium size-medium\" alt=\"\" srcset=\"https:\/\/shalom.org.pl\/wp-content\/uploads\/2019\/05\/03-1-300x195.png 300w, https:\/\/shalom.org.pl\/wp-content\/uploads\/2019\/05\/03-1-392x255.png 392w, https:\/\/shalom.org.pl\/wp-content\/uploads\/2019\/05\/03-1-350x228.png 350w, https:\/\/shalom.org.pl\/wp-content\/uploads\/2019\/05\/03-1.png 560w\" sizes=\"(max-width: 300px) 100vw, 300px\" \/><\/a>\n\t\t\t<\/dt><\/dl><dl class='gallery-item'>\n\t\t\t<dt class='gallery-icon landscape'>\n\t\t\t\t<a href='https:\/\/shalom.org.pl\/wp-content\/uploads\/2019\/05\/02-1.png'><img loading=\"lazy\" decoding=\"async\" width=\"300\" height=\"195\" src=\"https:\/\/shalom.org.pl\/wp-content\/uploads\/2019\/05\/02-1-300x195.png\" class=\"attachment-medium size-medium\" alt=\"\" srcset=\"https:\/\/shalom.org.pl\/wp-content\/uploads\/2019\/05\/02-1-300x195.png 300w, https:\/\/shalom.org.pl\/wp-content\/uploads\/2019\/05\/02-1-392x255.png 392w, https:\/\/shalom.org.pl\/wp-content\/uploads\/2019\/05\/02-1-350x228.png 350w, https:\/\/shalom.org.pl\/wp-content\/uploads\/2019\/05\/02-1.png 560w\" sizes=\"(max-width: 300px) 100vw, 300px\" \/><\/a>\n\t\t\t<\/dt><\/dl><br style=\"clear: both\" \/>\n\t\t<\/div>\n<\/p>\t\t\t\t\t\t\t\t<\/div>\n\t\t\t\t<\/div>\n\t\t\t\t\t<\/div>\n\t\t<\/div>\n\t\t\t\t\t<\/div>\n\t\t<\/section>\n\t\t\t\t<\/div>\n\t\t","protected":false},"excerpt":{"rendered":"<p>II EDYCJA FESTIWALU WARSZAWA SINGERA 15-18 WRZE\u015aNIA 2005 R. Festiwal rozpocz\u0119\u0142a sesja naukowa po\u015bwi\u0119cona \u017bydowskiemu Zwi\u0105zkowi Literat\u00f3w i\u00a0Dziennikarzy. Mi\u0142o\u015bnicy przedwojennej [&hellip;]<\/p>\n","protected":false},"author":1,"featured_media":0,"parent":5690,"menu_order":0,"comment_status":"closed","ping_status":"closed","template":"src\/uniwersalny.php","meta":{"_acf_changed":false,"ngg_post_thumbnail":0,"footnotes":""},"class_list":["post-6202","page","type-page","status-publish","hentry"],"acf":[],"_links":{"self":[{"href":"https:\/\/shalom.org.pl\/en\/wp-json\/wp\/v2\/pages\/6202","targetHints":{"allow":["GET"]}}],"collection":[{"href":"https:\/\/shalom.org.pl\/en\/wp-json\/wp\/v2\/pages"}],"about":[{"href":"https:\/\/shalom.org.pl\/en\/wp-json\/wp\/v2\/types\/page"}],"author":[{"embeddable":true,"href":"https:\/\/shalom.org.pl\/en\/wp-json\/wp\/v2\/users\/1"}],"replies":[{"embeddable":true,"href":"https:\/\/shalom.org.pl\/en\/wp-json\/wp\/v2\/comments?post=6202"}],"version-history":[{"count":6,"href":"https:\/\/shalom.org.pl\/en\/wp-json\/wp\/v2\/pages\/6202\/revisions"}],"predecessor-version":[{"id":7027,"href":"https:\/\/shalom.org.pl\/en\/wp-json\/wp\/v2\/pages\/6202\/revisions\/7027"}],"up":[{"embeddable":true,"href":"https:\/\/shalom.org.pl\/en\/wp-json\/wp\/v2\/pages\/5690"}],"wp:attachment":[{"href":"https:\/\/shalom.org.pl\/en\/wp-json\/wp\/v2\/media?parent=6202"}],"curies":[{"name":"wp","href":"https:\/\/api.w.org\/{rel}","templated":true}]}}