{"id":19341,"date":"2024-05-29T14:11:39","date_gmt":"2024-05-29T12:11:39","guid":{"rendered":"http:\/\/shalom.org.pl\/?page_id=19341"},"modified":"2024-05-29T14:11:39","modified_gmt":"2024-05-29T12:11:39","slug":"projekty-5","status":"publish","type":"page","link":"https:\/\/shalom.org.pl\/en\/projekty-5\/","title":{"rendered":"Projekty"},"content":{"rendered":"\t\t<div data-elementor-type=\"wp-post\" data-elementor-id=\"19341\" class=\"elementor elementor-19341\">\n\t\t\t\t\t\t<section class=\"has_eae_slider elementor-section elementor-top-section elementor-element elementor-element-5787 elementor-section-full_width elementor-section-height-min-height elementor-section-height-default elementor-section-items-middle\" data-eae-slider=\"11082\" data-id=\"5787\" data-element_type=\"section\" data-e-type=\"section\" data-settings=\"{&quot;background_background&quot;:&quot;classic&quot;}\">\n\t\t\t\t\t\t\t<div class=\"elementor-background-overlay\"><\/div>\n\t\t\t\t\t\t\t<div class=\"elementor-container elementor-column-gap-default\">\n\t\t\t\t\t<div class=\"has_eae_slider elementor-column elementor-col-100 elementor-top-column elementor-element elementor-element-1bc6\" data-eae-slider=\"64172\" data-id=\"1bc6\" data-element_type=\"column\" data-e-type=\"column\" data-settings=\"{&quot;background_background&quot;:&quot;classic&quot;}\">\n\t\t\t<div class=\"elementor-widget-wrap elementor-element-populated\">\n\t\t\t\t\t\t<div class=\"elementor-element elementor-element-5da1 elementor-widget elementor-widget-heading\" data-id=\"5da1\" data-element_type=\"widget\" data-e-type=\"widget\" data-widget_type=\"heading.default\">\n\t\t\t\t<div class=\"elementor-widget-container\">\n\t\t\t\t\t<h2 class=\"elementor-heading-title elementor-size-default\">PROJEKTY<\/h2>\t\t\t\t<\/div>\n\t\t\t\t<\/div>\n\t\t\t\t\t<\/div>\n\t\t<\/div>\n\t\t\t\t\t<\/div>\n\t\t<\/section>\n\t\t\t\t<section class=\"has_eae_slider elementor-section elementor-top-section elementor-element elementor-element-e1d06c0 elementor-section-boxed elementor-section-height-default elementor-section-height-default\" data-eae-slider=\"32792\" data-id=\"e1d06c0\" data-element_type=\"section\" data-e-type=\"section\">\n\t\t\t\t\t\t<div class=\"elementor-container elementor-column-gap-default\">\n\t\t\t\t\t<div class=\"has_eae_slider elementor-column elementor-col-100 elementor-top-column elementor-element elementor-element-d41ca1e\" data-eae-slider=\"3147\" data-id=\"d41ca1e\" data-element_type=\"column\" data-e-type=\"column\">\n\t\t\t<div class=\"elementor-widget-wrap elementor-element-populated\">\n\t\t\t\t\t\t<div class=\"elementor-element elementor-element-0c71555 news-list-subpage elementor-widget elementor-widget-void-post-grid\" data-id=\"0c71555\" data-element_type=\"widget\" data-e-type=\"widget\" data-widget_type=\"void-post-grid.default\">\n\t\t\t\t<div class=\"elementor-widget-container\">\n\t\t\t\t\t<div class=\"void-elementor-post-grid-wrapper\">            <div class=\"void-Container standard\">\n            <!-- turn on filter section if it's on in settings. this section needs extra markup -->\n                        <!-- only this div will show if there was no filter -->\n                <div class=\"void-row\">\n            <div class=\"void-col-md-4 \" data-groups=''>\n    <div class=\"void-post-grid void-grid void-grid-1 \">\n\t\t\t\t\t<div class=\"post-img\">\n\t\t\t\t<a href=\"https:\/\/shalom.org.pl\/en\/konkurs-historyczny-3\/\">\n\t\t\t\t<img fetchpriority=\"high\" decoding=\"async\" width=\"1024\" height=\"915\" src=\"https:\/\/shalom.org.pl\/wp-content\/uploads\/2025\/06\/DSC_0868-Poprawione-Szum-1024x915.jpg\" class=\"img-responsive wp-post-image\" alt=\"DSC_0868-Poprawione-Szum\" srcset=\"https:\/\/shalom.org.pl\/wp-content\/uploads\/2025\/06\/DSC_0868-Poprawione-Szum-1024x915.jpg 1024w, https:\/\/shalom.org.pl\/wp-content\/uploads\/2025\/06\/DSC_0868-Poprawione-Szum-300x268.jpg 300w, https:\/\/shalom.org.pl\/wp-content\/uploads\/2025\/06\/DSC_0868-Poprawione-Szum-768x686.jpg 768w, https:\/\/shalom.org.pl\/wp-content\/uploads\/2025\/06\/DSC_0868-Poprawione-Szum-1536x1372.jpg 1536w, https:\/\/shalom.org.pl\/wp-content\/uploads\/2025\/06\/DSC_0868-Poprawione-Szum-2048x1829.jpg 2048w, https:\/\/shalom.org.pl\/wp-content\/uploads\/2025\/06\/DSC_0868-Poprawione-Szum-285x255.jpg 285w, https:\/\/shalom.org.pl\/wp-content\/uploads\/2025\/06\/DSC_0868-Poprawione-Szum-200x179.jpg 200w, https:\/\/shalom.org.pl\/wp-content\/uploads\/2025\/06\/DSC_0868-Poprawione-Szum-350x313.jpg 350w\" sizes=\"(max-width: 1024px) 100vw, 1024px\" \/>\t\t\t\t<\/a>\n\t\t\t<\/div><!--.post-img-->\n\t\t\n        <!--.post-img-->\n        <div class=\"post-info\">\n\t\t\t<h2 class=\"entry-title\"><a href=\"https:\/\/shalom.org.pl\/en\/konkurs-historyczny-3\/\">Konkurs Historyczny 2025<\/a><\/h2>\t\t\t\t\t\t\t<div class=\"entry-meta\">\n\t\t\t\t\t<span class=\"posted-on\"><a href=\"https:\/\/shalom.org.pl\/en\/konkurs-historyczny-3\/\"><i class=\"fas fa-edit\"><\/i> <time class=\"entry-date published\" datetime=\"2025-11-30T16:50:11+00:00\">Sunday November 30th, 2025<\/time><\/a><\/span><span class=\"updated-on\"><a href=\"https:\/\/shalom.org.pl\/en\/konkurs-historyczny-3\/\"><i class=\"fas fa-paper-plane\"><\/i> <time class=\"entry-date updated-at\" datetime=\"2026-04-07T22:32:21+00:00\">Tuesday April  7th, 2026<\/time><\/a><\/span><span class=\"byline\"> <span class=\"author vcard\"><a href=\"https:\/\/shalom.org.pl\/en\/author\/kasia\/\"><i class=\"fas fa-user\"><\/i>Kasia<\/a><\/span><\/span><span class=\"cat-links\"> <a href=\"https:\/\/shalom.org.pl\/en\/category\/projekty\/\" rel=\"category tag\">Projekty<\/a> <\/span><span class=\"comments-link\"><a href=\"https:\/\/shalom.org.pl\/en\/konkurs-historyczny-3\/#respond\">Leave a Comment<span class=\"void-screen-reader-text\"> on Konkurs Historyczny 2025<\/span><\/a><\/span>\t\t\t\t<\/div><!-- .entry-meta -->\n\t\t\t\t<div class=\"blog-excerpt\">\n\t\t\t\t\t<p>Konkurs Historyczny 2025 &nbsp; Opis projektu XIV edycja \u2013 Historia i kultura \u017byd\u00f3w polskich Fina\u0142 XIV edycji konkursu \u201eHistoria i [&hellip;]<\/p>\n\t\t\t\t<\/div><!--.blog-excerpt-->\t\t\t\t\n\t\t\t\n        <\/div>\n        <!--.post-info-->\n    <\/div>\n<\/div><div class=\"void-col-md-4 \" data-groups=''>\n    <div class=\"void-post-grid void-grid void-grid-1 \">\n\t\t\t\t\t<div class=\"post-img\">\n\t\t\t\t<a href=\"https:\/\/shalom.org.pl\/en\/centrum-kultury-jidysz-3\/\">\n\t\t\t\t<img decoding=\"async\" width=\"960\" height=\"720\" src=\"https:\/\/shalom.org.pl\/wp-content\/uploads\/2022\/02\/Seminarium2019-klasa.jpg\" class=\"img-responsive wp-post-image\" alt=\"Seminarium2019-klasa\" srcset=\"https:\/\/shalom.org.pl\/wp-content\/uploads\/2022\/02\/Seminarium2019-klasa.jpg 960w, https:\/\/shalom.org.pl\/wp-content\/uploads\/2022\/02\/Seminarium2019-klasa-300x225.jpg 300w, https:\/\/shalom.org.pl\/wp-content\/uploads\/2022\/02\/Seminarium2019-klasa-768x576.jpg 768w, https:\/\/shalom.org.pl\/wp-content\/uploads\/2022\/02\/Seminarium2019-klasa-340x255.jpg 340w, https:\/\/shalom.org.pl\/wp-content\/uploads\/2022\/02\/Seminarium2019-klasa-350x263.jpg 350w\" sizes=\"(max-width: 960px) 100vw, 960px\" \/>\t\t\t\t<\/a>\n\t\t\t<\/div><!--.post-img-->\n\t\t\n        <!--.post-img-->\n        <div class=\"post-info\">\n\t\t\t<h2 class=\"entry-title\"><a href=\"https:\/\/shalom.org.pl\/en\/centrum-kultury-jidysz-3\/\">Nauka j\u0119zyka jidysz<\/a><\/h2>\t\t\t\t\t\t\t<div class=\"entry-meta\">\n\t\t\t\t\t<span class=\"posted-on\"><a href=\"https:\/\/shalom.org.pl\/en\/centrum-kultury-jidysz-3\/\"><i class=\"fas fa-edit\"><\/i> <time class=\"entry-date published\" datetime=\"2022-02-28T13:14:06+00:00\">Monday February 28th, 2022<\/time><\/a><\/span><span class=\"updated-on\"><a href=\"https:\/\/shalom.org.pl\/en\/centrum-kultury-jidysz-3\/\"><i class=\"fas fa-paper-plane\"><\/i> <time class=\"entry-date updated-at\" datetime=\"2025-01-30T11:51:53+00:00\">Thursday January 30th, 2025<\/time><\/a><\/span><span class=\"byline\"> <span class=\"author vcard\"><a href=\"https:\/\/shalom.org.pl\/en\/author\/gabadajbor\/\"><i class=\"fas fa-user\"><\/i>gabadajbor<\/a><\/span><\/span><span class=\"cat-links\"> <a href=\"https:\/\/shalom.org.pl\/en\/category\/projekty\/\" rel=\"category tag\">Projekty<\/a> <\/span><span class=\"comments-link\"><a href=\"https:\/\/shalom.org.pl\/en\/centrum-kultury-jidysz-3\/#respond\">Leave a Comment<span class=\"void-screen-reader-text\"> on Nauka j\u0119zyka jidysz<\/span><\/a><\/span>\t\t\t\t<\/div><!-- .entry-meta -->\n\t\t\t\t<div class=\"blog-excerpt\">\n\t\t\t\t\t<p>Nauka j\u0119zyka jidysz Jednym z pierwszych, ale kontynuowanych do tej pory, przedsi\u0119wzi\u0119\u0107 Fundacj\u0119 Shalom jest organizacja lektorat\u00f3w j\u0119zyka jidysz (od [&hellip;]<\/p>\n\t\t\t\t<\/div><!--.blog-excerpt-->\t\t\t\t\n\t\t\t\n        <\/div>\n        <!--.post-info-->\n    <\/div>\n<\/div><div class=\"void-col-md-4 \" data-groups=''>\n    <div class=\"void-post-grid void-grid void-grid-1 \">\n\t\t\t\t\t<div class=\"post-img\">\n\t\t\t\t<a href=\"https:\/\/shalom.org.pl\/en\/festiwal-kultury-zydowskiej-warszawa-singera\/\">\n\t\t\t\t<img decoding=\"async\" width=\"216\" height=\"300\" src=\"https:\/\/shalom.org.pl\/wp-content\/uploads\/2019\/05\/k.png\" class=\"img-responsive wp-post-image\" alt=\"k\" srcset=\"https:\/\/shalom.org.pl\/wp-content\/uploads\/2019\/05\/k.png 216w, https:\/\/shalom.org.pl\/wp-content\/uploads\/2019\/05\/k-184x255.png 184w\" sizes=\"(max-width: 216px) 100vw, 216px\" \/>\t\t\t\t<\/a>\n\t\t\t<\/div><!--.post-img-->\n\t\t\n        <!--.post-img-->\n        <div class=\"post-info\">\n\t\t\t<h2 class=\"entry-title\"><a href=\"https:\/\/shalom.org.pl\/en\/festiwal-kultury-zydowskiej-warszawa-singera\/\">Festiwal Kultury \u017bydowskiej Warszawa Singera<\/a><\/h2>\t\t\t\t\t\t\t<div class=\"entry-meta\">\n\t\t\t\t\t<span class=\"posted-on\"><a href=\"https:\/\/shalom.org.pl\/en\/festiwal-kultury-zydowskiej-warszawa-singera\/\"><i class=\"fas fa-edit\"><\/i> <time class=\"entry-date published\" datetime=\"2014-11-03T00:00:52+00:00\">Monday November  3rd, 2014<\/time><\/a><\/span><span class=\"updated-on\"><a href=\"https:\/\/shalom.org.pl\/en\/festiwal-kultury-zydowskiej-warszawa-singera\/\"><i class=\"fas fa-paper-plane\"><\/i> <time class=\"entry-date updated-at\" datetime=\"2019-05-29T14:49:44+00:00\">Wednesday May 29th, 2019<\/time><\/a><\/span><span class=\"byline\"> <span class=\"author vcard\"><a href=\"https:\/\/shalom.org.pl\/en\/author\/cesin\/\"><i class=\"fas fa-user\"><\/i>cesin<\/a><\/span><\/span><span class=\"cat-links\"> <a href=\"https:\/\/shalom.org.pl\/en\/category\/projekty\/\" rel=\"category tag\">Projekty<\/a> <\/span><span class=\"comments-link\"><a href=\"https:\/\/shalom.org.pl\/en\/festiwal-kultury-zydowskiej-warszawa-singera\/#respond\">Leave a Comment<span class=\"void-screen-reader-text\"> on Festiwal Kultury \u017bydowskiej Warszawa Singera<\/span><\/a><\/span>\t\t\t\t<\/div><!-- .entry-meta -->\n\t\t\t\t<div class=\"blog-excerpt\">\n\t\t\t\t\t<p>Festiwal Kultury \u017bydowskiej Warszawa Singera Festiwal Warszawa Singera jest jednym z najwa\u017cniejszych wydarze\u0144 artystycznych w Polsce,\u00a0ukazuj\u0105cych kultur\u0119 \u017cydowsk\u0105 w szerokim [&hellip;]<\/p>\n\t\t\t\t<\/div><!--.blog-excerpt-->\t\t\t\t\n\t\t\t\n        <\/div>\n        <!--.post-info-->\n    <\/div>\n<\/div><div class=\"void-col-md-4 \" data-groups=''>\n    <div class=\"void-post-grid void-grid void-grid-1 \">\n\t\t\t\t\t<div class=\"post-img\">\n\t\t\t\t<a href=\"https:\/\/shalom.org.pl\/en\/i-ciagle-widze-ich-twarze\/\">\n\t\t\t\t<img loading=\"lazy\" decoding=\"async\" width=\"216\" height=\"300\" src=\"https:\/\/shalom.org.pl\/wp-content\/uploads\/2019\/05\/j.png\" class=\"img-responsive wp-post-image\" alt=\"j\" srcset=\"https:\/\/shalom.org.pl\/wp-content\/uploads\/2019\/05\/j.png 216w, https:\/\/shalom.org.pl\/wp-content\/uploads\/2019\/05\/j-184x255.png 184w\" sizes=\"(max-width: 216px) 100vw, 216px\" \/>\t\t\t\t<\/a>\n\t\t\t<\/div><!--.post-img-->\n\t\t\n        <!--.post-img-->\n        <div class=\"post-info\">\n\t\t\t<h2 class=\"entry-title\"><a href=\"https:\/\/shalom.org.pl\/en\/i-ciagle-widze-ich-twarze\/\">I ci\u0105gle widz\u0119 Ich twarze\u2026<\/a><\/h2>\t\t\t\t\t\t\t<div class=\"entry-meta\">\n\t\t\t\t\t<span class=\"posted-on\"><a href=\"https:\/\/shalom.org.pl\/en\/i-ciagle-widze-ich-twarze\/\"><i class=\"fas fa-edit\"><\/i> <time class=\"entry-date published\" datetime=\"2014-11-03T00:00:26+00:00\">Monday November  3rd, 2014<\/time><\/a><\/span><span class=\"updated-on\"><a href=\"https:\/\/shalom.org.pl\/en\/i-ciagle-widze-ich-twarze\/\"><i class=\"fas fa-paper-plane\"><\/i> <time class=\"entry-date updated-at\" datetime=\"2020-03-09T13:25:58+00:00\">Monday March  9th, 2020<\/time><\/a><\/span><span class=\"byline\"> <span class=\"author vcard\"><a href=\"https:\/\/shalom.org.pl\/en\/author\/cesin\/\"><i class=\"fas fa-user\"><\/i>cesin<\/a><\/span><\/span><span class=\"cat-links\"> <a href=\"https:\/\/shalom.org.pl\/en\/category\/projekty\/\" rel=\"category tag\">Projekty<\/a> <\/span><span class=\"comments-link\"><a href=\"https:\/\/shalom.org.pl\/en\/i-ciagle-widze-ich-twarze\/#respond\">Leave a Comment<span class=\"void-screen-reader-text\"> on I ci\u0105gle widz\u0119 Ich twarze\u2026<\/span><\/a><\/span>\t\t\t\t<\/div><!-- .entry-meta -->\n\t\t\t\t<div class=\"blog-excerpt\">\n\t\t\t\t\t<p>I ci\u0105gle widz\u0119 Ich twarze\u2026 Opis projektu Kalendarz Zapro\u015b wystaw\u0119 18 kwietnia 1996 roku wystawa \u201eI ci\u0105gle widz\u0119 ich twarze\u2026\u201d [&hellip;]<\/p>\n\t\t\t\t<\/div><!--.blog-excerpt-->\t\t\t\t\n\t\t\t\n        <\/div>\n        <!--.post-info-->\n    <\/div>\n<\/div><div class=\"void-col-md-4 \" data-groups=''>\n    <div class=\"void-post-grid void-grid void-grid-1 \">\n\t\t\t\t\t<div class=\"post-img\">\n\t\t\t\t<a href=\"https:\/\/shalom.org.pl\/en\/kwartalnik-cwiszn\/\">\n\t\t\t\t<img loading=\"lazy\" decoding=\"async\" width=\"204\" height=\"300\" src=\"https:\/\/shalom.org.pl\/wp-content\/uploads\/2019\/05\/i.jpg\" class=\"img-responsive wp-post-image\" alt=\"i\" srcset=\"https:\/\/shalom.org.pl\/wp-content\/uploads\/2019\/05\/i.jpg 204w, https:\/\/shalom.org.pl\/wp-content\/uploads\/2019\/05\/i-173x255.jpg 173w\" sizes=\"(max-width: 204px) 100vw, 204px\" \/>\t\t\t\t<\/a>\n\t\t\t<\/div><!--.post-img-->\n\t\t\n        <!--.post-img-->\n        <div class=\"post-info\">\n\t\t\t<h2 class=\"entry-title\"><a href=\"https:\/\/shalom.org.pl\/en\/kwartalnik-cwiszn\/\">Kwartalnik Cwiszn<\/a><\/h2>\t\t\t\t\t\t\t<div class=\"entry-meta\">\n\t\t\t\t\t<span class=\"posted-on\"><a href=\"https:\/\/shalom.org.pl\/en\/kwartalnik-cwiszn\/\"><i class=\"fas fa-edit\"><\/i> <time class=\"entry-date published\" datetime=\"2014-11-02T00:00:15+00:00\">Sunday November  2nd, 2014<\/time><\/a><\/span><span class=\"updated-on\"><a href=\"https:\/\/shalom.org.pl\/en\/kwartalnik-cwiszn\/\"><i class=\"fas fa-paper-plane\"><\/i> <time class=\"entry-date updated-at\" datetime=\"2019-05-29T14:50:18+00:00\">Wednesday May 29th, 2019<\/time><\/a><\/span><span class=\"byline\"> <span class=\"author vcard\"><a href=\"https:\/\/shalom.org.pl\/en\/author\/cesin\/\"><i class=\"fas fa-user\"><\/i>cesin<\/a><\/span><\/span><span class=\"cat-links\"> <a href=\"https:\/\/shalom.org.pl\/en\/category\/projekty\/\" rel=\"category tag\">Projekty<\/a> <\/span><span class=\"comments-link\"><a href=\"https:\/\/shalom.org.pl\/en\/kwartalnik-cwiszn\/#respond\">Leave a Comment<span class=\"void-screen-reader-text\"> on Kwartalnik Cwiszn<\/span><\/a><\/span>\t\t\t\t<\/div><!-- .entry-meta -->\n\t\t\t\t<div class=\"blog-excerpt\">\n\t\t\t\t\t<p>Kwartalnik \u201eCwiszn\u201d Kwartalnik \u201eCwiszn\u201d narodzi\u0142 si\u0119 z potrzeby od\u015bwie\u017cenia oblicza kultury jidysz w Polsce. Pierwszy, podw\u00f3jny numer ukaza\u0142 si\u0119 wiosn\u0105 [&hellip;]<\/p>\n\t\t\t\t<\/div><!--.blog-excerpt-->\t\t\t\t\n\t\t\t\n        <\/div>\n        <!--.post-info-->\n    <\/div>\n<\/div><div class=\"void-col-md-4 \" data-groups=''>\n    <div class=\"void-post-grid void-grid void-grid-1 \">\n\t\t\t\t\t<div class=\"post-img\">\n\t\t\t\t<a href=\"https:\/\/shalom.org.pl\/en\/konkurs-historyczny\/\">\n\t\t\t\t<img loading=\"lazy\" decoding=\"async\" width=\"259\" height=\"255\" src=\"https:\/\/shalom.org.pl\/wp-content\/uploads\/2019\/05\/i.png\" class=\"img-responsive wp-post-image\" alt=\"i\" \/>\t\t\t\t<\/a>\n\t\t\t<\/div><!--.post-img-->\n\t\t\n        <!--.post-img-->\n        <div class=\"post-info\">\n\t\t\t<h2 class=\"entry-title\"><a href=\"https:\/\/shalom.org.pl\/en\/konkurs-historyczny\/\">Konkurs Historyczny<\/a><\/h2>\t\t\t\t\t\t\t<div class=\"entry-meta\">\n\t\t\t\t\t<span class=\"posted-on\"><a href=\"https:\/\/shalom.org.pl\/en\/konkurs-historyczny\/\"><i class=\"fas fa-edit\"><\/i> <time class=\"entry-date published\" datetime=\"2014-11-01T00:00:07+00:00\">Saturday November  1st, 2014<\/time><\/a><\/span><span class=\"updated-on\"><a href=\"https:\/\/shalom.org.pl\/en\/konkurs-historyczny\/\"><i class=\"fas fa-paper-plane\"><\/i> <time class=\"entry-date updated-at\" datetime=\"2019-05-29T14:51:45+00:00\">Wednesday May 29th, 2019<\/time><\/a><\/span><span class=\"byline\"> <span class=\"author vcard\"><a href=\"https:\/\/shalom.org.pl\/en\/author\/cesin\/\"><i class=\"fas fa-user\"><\/i>cesin<\/a><\/span><\/span><span class=\"cat-links\"> <a href=\"https:\/\/shalom.org.pl\/en\/category\/projekty\/\" rel=\"category tag\">Projekty<\/a> <\/span><span class=\"comments-link\"><a href=\"https:\/\/shalom.org.pl\/en\/konkurs-historyczny\/#respond\">Leave a Comment<span class=\"void-screen-reader-text\"> on Konkurs Historyczny<\/span><\/a><\/span>\t\t\t\t<\/div><!-- .entry-meta -->\n\t\t\t\t<div class=\"blog-excerpt\">\n\t\t\t\t\t<p>Konkurs Historyczny Opis projektu XIII edycja \u2013 Historia i kultura \u017byd\u00f3w polskich Lista finalist\u00f3w &#8211; szko\u0142y \u015brednie Egzaminy &#8211; szko\u0142y [&hellip;]<\/p>\n\t\t\t\t<\/div><!--.blog-excerpt-->\t\t\t\t\n\t\t\t\n        <\/div>\n        <!--.post-info-->\n    <\/div>\n<\/div><div class=\"void-col-md-4 \" data-groups=''>\n    <div class=\"void-post-grid void-grid void-grid-1 \">\n\t\t\t\t\t<div class=\"post-img\">\n\t\t\t\t<a href=\"https:\/\/shalom.org.pl\/en\/miedzynarodowy-dzien-pamieci-o-ofiarach-holokaustu\/\">\n\t\t\t\t<img loading=\"lazy\" decoding=\"async\" width=\"259\" height=\"255\" src=\"https:\/\/shalom.org.pl\/wp-content\/uploads\/2019\/05\/h.png\" class=\"img-responsive wp-post-image\" alt=\"h\" \/>\t\t\t\t<\/a>\n\t\t\t<\/div><!--.post-img-->\n\t\t\n        <!--.post-img-->\n        <div class=\"post-info\">\n\t\t\t<h2 class=\"entry-title\"><a href=\"https:\/\/shalom.org.pl\/en\/miedzynarodowy-dzien-pamieci-o-ofiarach-holokaustu\/\">Mi\u0119dzynarodowy Dzie\u0144 Pami\u0119ci o Ofiarach Holokaustu<\/a><\/h2>\t\t\t\t\t\t\t<div class=\"entry-meta\">\n\t\t\t\t\t<span class=\"posted-on\"><a href=\"https:\/\/shalom.org.pl\/en\/miedzynarodowy-dzien-pamieci-o-ofiarach-holokaustu\/\"><i class=\"fas fa-edit\"><\/i> <time class=\"entry-date published\" datetime=\"2014-10-30T00:00:47+00:00\">Thursday October 30th, 2014<\/time><\/a><\/span><span class=\"updated-on\"><a href=\"https:\/\/shalom.org.pl\/en\/miedzynarodowy-dzien-pamieci-o-ofiarach-holokaustu\/\"><i class=\"fas fa-paper-plane\"><\/i> <time class=\"entry-date updated-at\" datetime=\"2019-05-29T15:04:21+00:00\">Wednesday May 29th, 2019<\/time><\/a><\/span><span class=\"byline\"> <span class=\"author vcard\"><a href=\"https:\/\/shalom.org.pl\/en\/author\/cesin\/\"><i class=\"fas fa-user\"><\/i>cesin<\/a><\/span><\/span><span class=\"cat-links\"> <a href=\"https:\/\/shalom.org.pl\/en\/category\/projekty\/\" rel=\"category tag\">Projekty<\/a> <\/span><span class=\"comments-link\"><a href=\"https:\/\/shalom.org.pl\/en\/miedzynarodowy-dzien-pamieci-o-ofiarach-holokaustu\/#respond\">Leave a Comment<span class=\"void-screen-reader-text\"> on Mi\u0119dzynarodowy Dzie\u0144 Pami\u0119ci o Ofiarach Holokaustu<\/span><\/a><\/span>\t\t\t\t<\/div><!-- .entry-meta -->\n\t\t\t\t<div class=\"blog-excerpt\">\n\t\t\t\t\t<p>Mi\u0119dzynarodowy Dzie\u0144 Pami\u0119ci o Ofiarach Holokaustu Nielicznym uda\u0142o si\u0119 prze\u017cy\u0107 koszmar Holokaustu, gin\u0119li wszyscy bez wyj\u0105tku: m\u0119\u017cczy\u017ani, kobiety i dzieci. [&hellip;]<\/p>\n\t\t\t\t<\/div><!--.blog-excerpt-->\t\t\t\t\n\t\t\t\n        <\/div>\n        <!--.post-info-->\n    <\/div>\n<\/div><div class=\"void-col-md-4 \" data-groups=''>\n    <div class=\"void-post-grid void-grid void-grid-1 \">\n\t\t\t\t\t<div class=\"post-img\">\n\t\t\t\t<a href=\"https:\/\/shalom.org.pl\/en\/holokaust-oczami-dziecka\/\">\n\t\t\t\t<img loading=\"lazy\" decoding=\"async\" width=\"300\" height=\"207\" src=\"https:\/\/shalom.org.pl\/wp-content\/uploads\/2019\/05\/g.png\" class=\"img-responsive wp-post-image\" alt=\"g\" \/>\t\t\t\t<\/a>\n\t\t\t<\/div><!--.post-img-->\n\t\t\n        <!--.post-img-->\n        <div class=\"post-info\">\n\t\t\t<h2 class=\"entry-title\"><a href=\"https:\/\/shalom.org.pl\/en\/holokaust-oczami-dziecka\/\">Holokaust oczami dziecka<\/a><\/h2>\t\t\t\t\t\t\t<div class=\"entry-meta\">\n\t\t\t\t\t<span class=\"posted-on\"><a href=\"https:\/\/shalom.org.pl\/en\/holokaust-oczami-dziecka\/\"><i class=\"fas fa-edit\"><\/i> <time class=\"entry-date published\" datetime=\"2014-10-22T00:00:09+00:00\">Wednesday October 22nd, 2014<\/time><\/a><\/span><span class=\"updated-on\"><a href=\"https:\/\/shalom.org.pl\/en\/holokaust-oczami-dziecka\/\"><i class=\"fas fa-paper-plane\"><\/i> <time class=\"entry-date updated-at\" datetime=\"2019-05-29T15:06:08+00:00\">Wednesday May 29th, 2019<\/time><\/a><\/span><span class=\"byline\"> <span class=\"author vcard\"><a href=\"https:\/\/shalom.org.pl\/en\/author\/cesin\/\"><i class=\"fas fa-user\"><\/i>cesin<\/a><\/span><\/span><span class=\"cat-links\"> <a href=\"https:\/\/shalom.org.pl\/en\/category\/projekty\/\" rel=\"category tag\">Projekty<\/a> <\/span><span class=\"comments-link\"><a href=\"https:\/\/shalom.org.pl\/en\/holokaust-oczami-dziecka\/#respond\">Leave a Comment<span class=\"void-screen-reader-text\"> on Holokaust oczami dziecka<\/span><\/a><\/span>\t\t\t\t<\/div><!-- .entry-meta -->\n\t\t\t\t<div class=\"blog-excerpt\">\n\t\t\t\t\t<p>Holokaust oczami dziecka \u201eCa\u0142e powstanie prze\u017cyli\u015bmy w bunkrze (\u2026). Wreszcie Niemcy przekonani, \u017ce zabili ju\u017c ostatniego \u017byda w getcie, uspokoili [&hellip;]<\/p>\n\t\t\t\t<\/div><!--.blog-excerpt-->\t\t\t\t\n\t\t\t\n        <\/div>\n        <!--.post-info-->\n    <\/div>\n<\/div><div class=\"void-col-md-4 \" data-groups=''>\n    <div class=\"void-post-grid void-grid void-grid-1 \">\n\t\t\t\t\t<div class=\"post-img\">\n\t\t\t\t<a href=\"https:\/\/shalom.org.pl\/en\/zydzi-polscy\/\">\n\t\t\t\t<img loading=\"lazy\" decoding=\"async\" width=\"216\" height=\"300\" src=\"https:\/\/shalom.org.pl\/wp-content\/uploads\/2019\/05\/f.png\" class=\"img-responsive wp-post-image\" alt=\"f\" srcset=\"https:\/\/shalom.org.pl\/wp-content\/uploads\/2019\/05\/f.png 216w, https:\/\/shalom.org.pl\/wp-content\/uploads\/2019\/05\/f-184x255.png 184w\" sizes=\"(max-width: 216px) 100vw, 216px\" \/>\t\t\t\t<\/a>\n\t\t\t<\/div><!--.post-img-->\n\t\t\n        <!--.post-img-->\n        <div class=\"post-info\">\n\t\t\t<h2 class=\"entry-title\"><a href=\"https:\/\/shalom.org.pl\/en\/zydzi-polscy\/\">\u017bydzi polscy<\/a><\/h2>\t\t\t\t\t\t\t<div class=\"entry-meta\">\n\t\t\t\t\t<span class=\"posted-on\"><a href=\"https:\/\/shalom.org.pl\/en\/zydzi-polscy\/\"><i class=\"fas fa-edit\"><\/i> <time class=\"entry-date published\" datetime=\"2014-08-03T00:00:51+00:00\">Sunday August  3rd, 2014<\/time><\/a><\/span><span class=\"updated-on\"><a href=\"https:\/\/shalom.org.pl\/en\/zydzi-polscy\/\"><i class=\"fas fa-paper-plane\"><\/i> <time class=\"entry-date updated-at\" datetime=\"2019-05-29T15:08:47+00:00\">Wednesday May 29th, 2019<\/time><\/a><\/span><span class=\"byline\"> <span class=\"author vcard\"><a href=\"https:\/\/shalom.org.pl\/en\/author\/cesin\/\"><i class=\"fas fa-user\"><\/i>cesin<\/a><\/span><\/span><span class=\"cat-links\"> <a href=\"https:\/\/shalom.org.pl\/en\/category\/projekty\/\" rel=\"category tag\">Projekty<\/a> <\/span><span class=\"comments-link\"><a href=\"https:\/\/shalom.org.pl\/en\/zydzi-polscy\/#respond\">Leave a Comment<span class=\"void-screen-reader-text\"> on \u017bydzi polscy<\/span><\/a><\/span>\t\t\t\t<\/div><!-- .entry-meta -->\n\t\t\t\t<div class=\"blog-excerpt\">\n\t\t\t\t\t<p>\u017bydzi polscy \u017bydzi polscy to nowoczesny portal po\u015bwi\u0119cony historii i dziedzictwu kulturowemu \u017byd\u00f3w. To wirtualna przestrze\u0144, w kt\u00f3rej przesz\u0142o\u015b\u0107 \u0142\u0105czy [&hellip;]<\/p>\n\t\t\t\t<\/div><!--.blog-excerpt-->\t\t\t\t\n\t\t\t\n        <\/div>\n        <!--.post-info-->\n    <\/div>\n<\/div><div class=\"void-col-md-4 \" data-groups=''>\n    <div class=\"void-post-grid void-grid void-grid-1 \">\n\t\t\t\t\t<div class=\"post-img\">\n\t\t\t\t<a href=\"https:\/\/shalom.org.pl\/en\/upamietnianie-powstania-w-getcie-warszawskim\/\">\n\t\t\t\t<img loading=\"lazy\" decoding=\"async\" width=\"300\" height=\"191\" src=\"https:\/\/shalom.org.pl\/wp-content\/uploads\/2019\/05\/e.jpeg\" class=\"img-responsive wp-post-image\" alt=\"e\" \/>\t\t\t\t<\/a>\n\t\t\t<\/div><!--.post-img-->\n\t\t\n        <!--.post-img-->\n        <div class=\"post-info\">\n\t\t\t<h2 class=\"entry-title\"><a href=\"https:\/\/shalom.org.pl\/en\/upamietnianie-powstania-w-getcie-warszawskim\/\">Upami\u0119tnianie Powstania w Getcie Warszawskim<\/a><\/h2>\t\t\t\t\t\t\t<div class=\"entry-meta\">\n\t\t\t\t\t<span class=\"posted-on\"><a href=\"https:\/\/shalom.org.pl\/en\/upamietnianie-powstania-w-getcie-warszawskim\/\"><i class=\"fas fa-edit\"><\/i> <time class=\"entry-date published\" datetime=\"2014-08-03T00:00:37+00:00\">Sunday August  3rd, 2014<\/time><\/a><\/span><span class=\"updated-on\"><a href=\"https:\/\/shalom.org.pl\/en\/upamietnianie-powstania-w-getcie-warszawskim\/\"><i class=\"fas fa-paper-plane\"><\/i> <time class=\"entry-date updated-at\" datetime=\"2019-05-29T18:17:30+00:00\">Wednesday May 29th, 2019<\/time><\/a><\/span><span class=\"byline\"> <span class=\"author vcard\"><a href=\"https:\/\/shalom.org.pl\/en\/author\/cesin\/\"><i class=\"fas fa-user\"><\/i>cesin<\/a><\/span><\/span><span class=\"cat-links\"> <a href=\"https:\/\/shalom.org.pl\/en\/category\/projekty\/\" rel=\"category tag\">Projekty<\/a> <\/span><span class=\"comments-link\"><a href=\"https:\/\/shalom.org.pl\/en\/upamietnianie-powstania-w-getcie-warszawskim\/#respond\">Leave a Comment<span class=\"void-screen-reader-text\"> on Upami\u0119tnianie Powstania w Getcie Warszawskim<\/span><\/a><\/span>\t\t\t\t<\/div><!-- .entry-meta -->\n\t\t\t\t<div class=\"blog-excerpt\">\n\t\t\t\t\t<p>Upami\u0119tnianie Powstania w Getcie Warszawskim Wczesnym poniedzia\u0142kowym rankiem, 19 kwietnia 1943 roku, w przeddzie\u0144 \u015bwi\u0119ta Pesach, kiedy na teren getta [&hellip;]<\/p>\n\t\t\t\t<\/div><!--.blog-excerpt-->\t\t\t\t\n\t\t\t\n        <\/div>\n        <!--.post-info-->\n    <\/div>\n<\/div><div class=\"void-col-md-4 \" data-groups=''>\n    <div class=\"void-post-grid void-grid void-grid-1 \">\n\t\t\t\t\t<div class=\"post-img\">\n\t\t\t\t<a href=\"https:\/\/shalom.org.pl\/en\/wydawnictwa\/\">\n\t\t\t\t<img loading=\"lazy\" decoding=\"async\" width=\"259\" height=\"258\" src=\"https:\/\/shalom.org.pl\/wp-content\/uploads\/2019\/05\/d.png\" class=\"img-responsive wp-post-image\" alt=\"d\" srcset=\"https:\/\/shalom.org.pl\/wp-content\/uploads\/2019\/05\/d.png 259w, https:\/\/shalom.org.pl\/wp-content\/uploads\/2019\/05\/d-150x150.png 150w, https:\/\/shalom.org.pl\/wp-content\/uploads\/2019\/05\/d-256x255.png 256w\" sizes=\"(max-width: 259px) 100vw, 259px\" \/>\t\t\t\t<\/a>\n\t\t\t<\/div><!--.post-img-->\n\t\t\n        <!--.post-img-->\n        <div class=\"post-info\">\n\t\t\t<h2 class=\"entry-title\"><a href=\"https:\/\/shalom.org.pl\/en\/wydawnictwa\/\">Wydawnictwa<\/a><\/h2>\t\t\t\t\t\t\t<div class=\"entry-meta\">\n\t\t\t\t\t<span class=\"posted-on\"><a href=\"https:\/\/shalom.org.pl\/en\/wydawnictwa\/\"><i class=\"fas fa-edit\"><\/i> <time class=\"entry-date published\" datetime=\"2014-08-02T00:00:33+00:00\">Saturday August  2nd, 2014<\/time><\/a><\/span><span class=\"updated-on\"><a href=\"https:\/\/shalom.org.pl\/en\/wydawnictwa\/\"><i class=\"fas fa-paper-plane\"><\/i> <time class=\"entry-date updated-at\" datetime=\"2024-02-14T10:13:27+00:00\">Wednesday February 14th, 2024<\/time><\/a><\/span><span class=\"byline\"> <span class=\"author vcard\"><a href=\"https:\/\/shalom.org.pl\/en\/author\/cesin\/\"><i class=\"fas fa-user\"><\/i>cesin<\/a><\/span><\/span><span class=\"cat-links\"> <a href=\"https:\/\/shalom.org.pl\/en\/category\/projekty\/\" rel=\"category tag\">Projekty<\/a> <\/span><span class=\"comments-link\"><a href=\"https:\/\/shalom.org.pl\/en\/wydawnictwa\/#respond\">Leave a Comment<span class=\"void-screen-reader-text\"> on Wydawnictwa<\/span><\/a><\/span>\t\t\t\t<\/div><!-- .entry-meta -->\n\t\t\t\t<div class=\"blog-excerpt\">\n\t\t\t\t\t<p>Wydawnictwa Ksi\u0105\u017cki Muzyka Video \u201eI CI\u0104GLE WIDZ\u0118 ICH TWARZE\u201d\u00a0(album w twardej\/mi\u0119kkiej oprawie) Album \u201eI ci\u0105gle widz\u0119 ich twarze\u201d, kt\u00f3ry ukaza\u0142 [&hellip;]<\/p>\n\t\t\t\t<\/div><!--.blog-excerpt-->\t\t\t\t\n\t\t\t\n        <\/div>\n        <!--.post-info-->\n    <\/div>\n<\/div><div class=\"void-col-md-4 \" data-groups=''>\n    <div class=\"void-post-grid void-grid void-grid-1 \">\n\t\t\t\t\t<div class=\"post-img\">\n\t\t\t\t<a href=\"https:\/\/shalom.org.pl\/en\/upamietnianie-rocznicy-marca68\/\">\n\t\t\t\t<img loading=\"lazy\" decoding=\"async\" width=\"259\" height=\"255\" src=\"https:\/\/shalom.org.pl\/wp-content\/uploads\/2014\/07\/c.png\" class=\"img-responsive wp-post-image\" alt=\"c\" \/>\t\t\t\t<\/a>\n\t\t\t<\/div><!--.post-img-->\n\t\t\n        <!--.post-img-->\n        <div class=\"post-info\">\n\t\t\t<h2 class=\"entry-title\"><a href=\"https:\/\/shalom.org.pl\/en\/upamietnianie-rocznicy-marca68\/\">Upami\u0119tnianie rocznicy marca\u201968<\/a><\/h2>\t\t\t\t\t\t\t<div class=\"entry-meta\">\n\t\t\t\t\t<span class=\"posted-on\"><a href=\"https:\/\/shalom.org.pl\/en\/upamietnianie-rocznicy-marca68\/\"><i class=\"fas fa-edit\"><\/i> <time class=\"entry-date published\" datetime=\"2014-07-30T00:00:09+00:00\">Wednesday July 30th, 2014<\/time><\/a><\/span><span class=\"updated-on\"><a href=\"https:\/\/shalom.org.pl\/en\/upamietnianie-rocznicy-marca68\/\"><i class=\"fas fa-paper-plane\"><\/i> <time class=\"entry-date updated-at\" datetime=\"2021-02-02T21:07:05+00:00\">Tuesday February  2nd, 2021<\/time><\/a><\/span><span class=\"byline\"> <span class=\"author vcard\"><a href=\"https:\/\/shalom.org.pl\/en\/author\/cesin\/\"><i class=\"fas fa-user\"><\/i>cesin<\/a><\/span><\/span><span class=\"cat-links\"> <a href=\"https:\/\/shalom.org.pl\/en\/category\/projekty\/\" rel=\"category tag\">Projekty<\/a> <\/span><span class=\"comments-link\"><a href=\"https:\/\/shalom.org.pl\/en\/upamietnianie-rocznicy-marca68\/#respond\">Leave a Comment<span class=\"void-screen-reader-text\"> on Upami\u0119tnianie rocznicy marca\u201968<\/span><\/a><\/span>\t\t\t\t<\/div><!-- .entry-meta -->\n\t\t\t\t<div class=\"blog-excerpt\">\n\t\t\t\t\t<p>Upami\u0119tnianie rocznicy marca\u201968 Wielotysi\u0119czne manifestacje student\u00f3w, protesty uczni\u00f3w, brutalne pobicia i masowe zatrzymania w ca\u0142ym kraju. Prze\u015bladowania intelektualist\u00f3w i ataki [&hellip;]<\/p>\n\t\t\t\t<\/div><!--.blog-excerpt-->\t\t\t\t\n\t\t\t\n        <\/div>\n        <!--.post-info-->\n    <\/div>\n<\/div><div class=\"void-col-md-4 \" data-groups=''>\n    <div class=\"void-post-grid void-grid void-grid-1 \">\n\t\t\t\t\t<div class=\"post-img\">\n\t\t\t\t<a href=\"https:\/\/shalom.org.pl\/en\/centrum-kultury-jidysz\/\">\n\t\t\t\t<img loading=\"lazy\" decoding=\"async\" width=\"259\" height=\"255\" src=\"https:\/\/shalom.org.pl\/wp-content\/uploads\/2019\/05\/b.png\" class=\"img-responsive wp-post-image\" alt=\"b\" \/>\t\t\t\t<\/a>\n\t\t\t<\/div><!--.post-img-->\n\t\t\n        <!--.post-img-->\n        <div class=\"post-info\">\n\t\t\t<h2 class=\"entry-title\"><a href=\"https:\/\/shalom.org.pl\/en\/centrum-kultury-jidysz\/\">Centrum Kultury Jidysz<\/a><\/h2>\t\t\t\t\t\t\t<div class=\"entry-meta\">\n\t\t\t\t\t<span class=\"posted-on\"><a href=\"https:\/\/shalom.org.pl\/en\/centrum-kultury-jidysz\/\"><i class=\"fas fa-edit\"><\/i> <time class=\"entry-date published\" datetime=\"2014-07-23T00:00:23+00:00\">Wednesday July 23rd, 2014<\/time><\/a><\/span><span class=\"updated-on\"><a href=\"https:\/\/shalom.org.pl\/en\/centrum-kultury-jidysz\/\"><i class=\"fas fa-paper-plane\"><\/i> <time class=\"entry-date updated-at\" datetime=\"2022-02-18T21:38:56+00:00\">Friday February 18th, 2022<\/time><\/a><\/span><span class=\"byline\"> <span class=\"author vcard\"><a href=\"https:\/\/shalom.org.pl\/en\/author\/cesin\/\"><i class=\"fas fa-user\"><\/i>cesin<\/a><\/span><\/span><span class=\"cat-links\"> <a href=\"https:\/\/shalom.org.pl\/en\/category\/projekty\/\" rel=\"category tag\">Projekty<\/a> <\/span><span class=\"comments-link\"><a href=\"https:\/\/shalom.org.pl\/en\/centrum-kultury-jidysz\/#respond\">Leave a Comment<span class=\"void-screen-reader-text\"> on Centrum Kultury Jidysz<\/span><\/a><\/span>\t\t\t\t<\/div><!-- .entry-meta -->\n\t\t\t\t<div class=\"blog-excerpt\">\n\t\t\t\t\t<p>Centrum Kultury Jidysz Centrum Kultury Jidysz powsta\u0142o z inicjatywy Fundacji Shalom, a dzi\u015b funkcjonuje jako Teatr \u017bydowski \u2013 Centrum Kultury [&hellip;]<\/p>\n\t\t\t\t<\/div><!--.blog-excerpt-->\t\t\t\t\n\t\t\t\n        <\/div>\n        <!--.post-info-->\n    <\/div>\n<\/div><div class=\"void-col-md-4 \" data-groups=''>\n    <div class=\"void-post-grid void-grid void-grid-1 \">\n\t\t\t\t\t<div class=\"post-img\">\n\t\t\t\t<a href=\"https:\/\/shalom.org.pl\/en\/cyfrowa-biblioteka-literatury-jidysz\/\">\n\t\t\t\t<img loading=\"lazy\" decoding=\"async\" width=\"259\" height=\"255\" src=\"https:\/\/shalom.org.pl\/wp-content\/uploads\/2019\/05\/a.png\" class=\"img-responsive wp-post-image\" alt=\"a\" \/>\t\t\t\t<\/a>\n\t\t\t<\/div><!--.post-img-->\n\t\t\n        <!--.post-img-->\n        <div class=\"post-info\">\n\t\t\t<h2 class=\"entry-title\"><a href=\"https:\/\/shalom.org.pl\/en\/cyfrowa-biblioteka-literatury-jidysz\/\">CYFROWA BIBLIOTEKA LITERATURY JIDYSZ<\/a><\/h2>\t\t\t\t\t\t\t<div class=\"entry-meta\">\n\t\t\t\t\t<span class=\"posted-on\"><a href=\"https:\/\/shalom.org.pl\/en\/cyfrowa-biblioteka-literatury-jidysz\/\"><i class=\"fas fa-edit\"><\/i> <time class=\"entry-date published\" datetime=\"2014-07-15T00:00:30+00:00\">Tuesday July 15th, 2014<\/time><\/a><\/span><span class=\"updated-on\"><a href=\"https:\/\/shalom.org.pl\/en\/cyfrowa-biblioteka-literatury-jidysz\/\"><i class=\"fas fa-paper-plane\"><\/i> <time class=\"entry-date updated-at\" datetime=\"2019-05-29T21:50:06+00:00\">Wednesday May 29th, 2019<\/time><\/a><\/span><span class=\"byline\"> <span class=\"author vcard\"><a href=\"https:\/\/shalom.org.pl\/en\/author\/cesin\/\"><i class=\"fas fa-user\"><\/i>cesin<\/a><\/span><\/span><span class=\"cat-links\"> <a href=\"https:\/\/shalom.org.pl\/en\/category\/projekty\/\" rel=\"category tag\">Projekty<\/a> <\/span><span class=\"comments-link\"><a href=\"https:\/\/shalom.org.pl\/en\/cyfrowa-biblioteka-literatury-jidysz\/#respond\">Leave a Comment<span class=\"void-screen-reader-text\"> on CYFROWA BIBLIOTEKA LITERATURY JIDYSZ<\/span><\/a><\/span>\t\t\t\t<\/div><!-- .entry-meta -->\n\t\t\t\t<div class=\"blog-excerpt\">\n\t\t\t\t\t<p>CYFROWA BIBLIOTEKA LITERATURY JIDYSZ Kolekcja&nbsp;dzie\u0142 najwybitniejszych autor\u00f3w pisz\u0105cych w j\u0119zyku jidysz przed II wojn\u0105 \u015bwiatow\u0105 pochodz\u0105ca ze zbior\u00f3w Biblioteki Narodowej, [&hellip;]<\/p>\n\t\t\t\t<\/div><!--.blog-excerpt-->\t\t\t\t\n\t\t\t\n        <\/div>\n        <!--.post-info-->\n    <\/div>\n<\/div><div class=\"void-col-md-4 \" data-groups=''>\n    <div class=\"void-post-grid void-grid void-grid-1 \">\n\t\t\t\t\t<div class=\"post-img\">\n\t\t\t\t<a href=\"https:\/\/shalom.org.pl\/en\/zydowski-uniwersytet-otwarty\/\">\n\t\t\t\t<img loading=\"lazy\" decoding=\"async\" width=\"1024\" height=\"399\" src=\"https:\/\/shalom.org.pl\/wp-content\/uploads\/2019\/02\/projekty03-1024x399.jpg\" class=\"img-responsive wp-post-image\" alt=\"projekty03\" srcset=\"https:\/\/shalom.org.pl\/wp-content\/uploads\/2019\/02\/projekty03-1024x399.jpg 1024w, https:\/\/shalom.org.pl\/wp-content\/uploads\/2019\/02\/projekty03-300x117.jpg 300w, https:\/\/shalom.org.pl\/wp-content\/uploads\/2019\/02\/projekty03-768x299.jpg 768w, https:\/\/shalom.org.pl\/wp-content\/uploads\/2019\/02\/projekty03-498x194.jpg 498w, https:\/\/shalom.org.pl\/wp-content\/uploads\/2019\/02\/projekty03-350x136.jpg 350w, https:\/\/shalom.org.pl\/wp-content\/uploads\/2019\/02\/projekty03.jpg 1284w\" sizes=\"(max-width: 1024px) 100vw, 1024px\" \/>\t\t\t\t<\/a>\n\t\t\t<\/div><!--.post-img-->\n\t\t\n        <!--.post-img-->\n        <div class=\"post-info\">\n\t\t\t<h2 class=\"entry-title\"><a href=\"https:\/\/shalom.org.pl\/en\/zydowski-uniwersytet-otwarty\/\">\u017bYDOWSKI UNIWERSYTET OTWARTY<\/a><\/h2>\t\t\t\t\t\t\t<div class=\"entry-meta\">\n\t\t\t\t\t<span class=\"posted-on\"><a href=\"https:\/\/shalom.org.pl\/en\/zydowski-uniwersytet-otwarty\/\"><i class=\"fas fa-edit\"><\/i> <time class=\"entry-date published\" datetime=\"2014-07-04T00:02:53+00:00\">Friday July  4th, 2014<\/time><\/a><\/span><span class=\"updated-on\"><a href=\"https:\/\/shalom.org.pl\/en\/zydowski-uniwersytet-otwarty\/\"><i class=\"fas fa-paper-plane\"><\/i> <time class=\"entry-date updated-at\" datetime=\"2019-05-29T21:51:41+00:00\">Wednesday May 29th, 2019<\/time><\/a><\/span><span class=\"byline\"> <span class=\"author vcard\"><a href=\"https:\/\/shalom.org.pl\/en\/author\/cesin\/\"><i class=\"fas fa-user\"><\/i>cesin<\/a><\/span><\/span><span class=\"cat-links\"> <a href=\"https:\/\/shalom.org.pl\/en\/category\/projekty\/\" rel=\"category tag\">Projekty<\/a> <\/span><span class=\"comments-link\"><a href=\"https:\/\/shalom.org.pl\/en\/zydowski-uniwersytet-otwarty\/#respond\">Leave a Comment<span class=\"void-screen-reader-text\"> on \u017bYDOWSKI UNIWERSYTET OTWARTY<\/span><\/a><\/span>\t\t\t\t<\/div><!-- .entry-meta -->\n\t\t\t\t<div class=\"blog-excerpt\">\n\t\t\t\t\t<p>2009-DZI\u015a<\/p>\n\t\t\t\t<\/div><!--.blog-excerpt-->\t\t\t\t\n\t\t\t\n        <\/div>\n        <!--.post-info-->\n    <\/div>\n<\/div><div class=\"void-col-md-4 \" data-groups=''>\n    <div class=\"void-post-grid void-grid void-grid-1 \">\n\t\t\t\t\t<div class=\"post-img\">\n\t\t\t\t<a href=\"https:\/\/shalom.org.pl\/en\/uniwersytet-trzeciego-wieku\/\">\n\t\t\t\t<img loading=\"lazy\" decoding=\"async\" width=\"300\" height=\"200\" src=\"https:\/\/shalom.org.pl\/wp-content\/uploads\/2019\/05\/a.jpg\" class=\"img-responsive wp-post-image\" alt=\"a\" \/>\t\t\t\t<\/a>\n\t\t\t<\/div><!--.post-img-->\n\t\t\n        <!--.post-img-->\n        <div class=\"post-info\">\n\t\t\t<h2 class=\"entry-title\"><a href=\"https:\/\/shalom.org.pl\/en\/uniwersytet-trzeciego-wieku\/\">Uniwersytet trzeciego wieku<\/a><\/h2>\t\t\t\t\t\t\t<div class=\"entry-meta\">\n\t\t\t\t\t<span class=\"posted-on\"><a href=\"https:\/\/shalom.org.pl\/en\/uniwersytet-trzeciego-wieku\/\"><i class=\"fas fa-edit\"><\/i> <time class=\"entry-date published\" datetime=\"2014-07-04T00:01:55+00:00\">Friday July  4th, 2014<\/time><\/a><\/span><span class=\"updated-on\"><a href=\"https:\/\/shalom.org.pl\/en\/uniwersytet-trzeciego-wieku\/\"><i class=\"fas fa-paper-plane\"><\/i> <time class=\"entry-date updated-at\" datetime=\"2019-05-29T21:52:57+00:00\">Wednesday May 29th, 2019<\/time><\/a><\/span><span class=\"byline\"> <span class=\"author vcard\"><a href=\"https:\/\/shalom.org.pl\/en\/author\/cesin\/\"><i class=\"fas fa-user\"><\/i>cesin<\/a><\/span><\/span><span class=\"cat-links\"> <a href=\"https:\/\/shalom.org.pl\/en\/category\/projekty\/\" rel=\"category tag\">Projekty<\/a> <\/span><span class=\"comments-link\"><a href=\"https:\/\/shalom.org.pl\/en\/uniwersytet-trzeciego-wieku\/#respond\">Leave a Comment<span class=\"void-screen-reader-text\"> on Uniwersytet trzeciego wieku<\/span><\/a><\/span>\t\t\t\t<\/div><!-- .entry-meta -->\n\t\t\t\t<div class=\"blog-excerpt\">\n\t\t\t\t\t<p>Uniwersytet trzeciego wieku Dzia\u0142aj\u0105cy nieprzerwanie od 1 marca 2006 roku, Uniwersytet Trzeciego Wieku to uczelnia szczeg\u00f3lna, stworzona przez Fundacj\u0119 Shalom, [&hellip;]<\/p>\n\t\t\t\t<\/div><!--.blog-excerpt-->\t\t\t\t\n\t\t\t\n        <\/div>\n        <!--.post-info-->\n    <\/div>\n<\/div><div class=\"void-col-md-4 \" data-groups=''>\n    <div class=\"void-post-grid void-grid void-grid-1 \">\n\t\t\t\t\t<div class=\"post-img\">\n\t\t\t\t<a href=\"https:\/\/shalom.org.pl\/en\/pomnik-janusza-korczaka-2\/\">\n\t\t\t\t<img loading=\"lazy\" decoding=\"async\" width=\"1024\" height=\"683\" src=\"https:\/\/shalom.org.pl\/wp-content\/uploads\/2021\/02\/goldfaden-pr\u00f3by-137-1024x683.jpg\" class=\"img-responsive wp-post-image\" alt=\"\" srcset=\"https:\/\/shalom.org.pl\/wp-content\/uploads\/2021\/02\/goldfaden-pr\u00f3by-137-1024x683.jpg 1024w, https:\/\/shalom.org.pl\/wp-content\/uploads\/2021\/02\/goldfaden-pr\u00f3by-137-300x200.jpg 300w, https:\/\/shalom.org.pl\/wp-content\/uploads\/2021\/02\/goldfaden-pr\u00f3by-137-768x512.jpg 768w, https:\/\/shalom.org.pl\/wp-content\/uploads\/2021\/02\/goldfaden-pr\u00f3by-137-383x255.jpg 383w, https:\/\/shalom.org.pl\/wp-content\/uploads\/2021\/02\/goldfaden-pr\u00f3by-137-350x233.jpg 350w, https:\/\/shalom.org.pl\/wp-content\/uploads\/2021\/02\/goldfaden-pr\u00f3by-137.jpg 1728w\" sizes=\"(max-width: 1024px) 100vw, 1024px\" \/>\t\t\t\t<\/a>\n\t\t\t<\/div><!--.post-img-->\n\t\t\n        <!--.post-img-->\n        <div class=\"post-info\">\n\t\t\t<h2 class=\"entry-title\"><a href=\"https:\/\/shalom.org.pl\/en\/pomnik-janusza-korczaka-2\/\">POMNIK JANUSZA KORCZAKA<\/a><\/h2>\t\t\t\t\t\t\t<div class=\"entry-meta\">\n\t\t\t\t\t<span class=\"posted-on\"><a href=\"https:\/\/shalom.org.pl\/en\/pomnik-janusza-korczaka-2\/\"><i class=\"fas fa-edit\"><\/i> <time class=\"entry-date published\" datetime=\"2014-07-04T00:00:57+00:00\">Friday July  4th, 2014<\/time><\/a><\/span><span class=\"updated-on\"><a href=\"https:\/\/shalom.org.pl\/en\/pomnik-janusza-korczaka-2\/\"><i class=\"fas fa-paper-plane\"><\/i> <time class=\"entry-date updated-at\" datetime=\"2021-02-02T13:16:36+00:00\">Tuesday February  2nd, 2021<\/time><\/a><\/span><span class=\"byline\"> <span class=\"author vcard\"><a href=\"https:\/\/shalom.org.pl\/en\/author\/cesin\/\"><i class=\"fas fa-user\"><\/i>cesin<\/a><\/span><\/span><span class=\"cat-links\"> <a href=\"https:\/\/shalom.org.pl\/en\/category\/projekty\/\" rel=\"category tag\">Projekty<\/a> <\/span><span class=\"comments-link\"><a href=\"https:\/\/shalom.org.pl\/en\/pomnik-janusza-korczaka-2\/#respond\">Leave a Comment<span class=\"void-screen-reader-text\"> on POMNIK JANUSZA KORCZAKA<\/span><\/a><\/span>\t\t\t\t<\/div><!-- .entry-meta -->\n\t\t\t\t<div class=\"blog-excerpt\">\n\t\t\t\t\t<p>2006-DZI\u015a<\/p>\n\t\t\t\t<\/div><!--.blog-excerpt-->\t\t\t\t\n\t\t\t\n        <\/div>\n        <!--.post-info-->\n    <\/div>\n<\/div>                        <!-- only this div will be closed if there is no filter -->\n                        <\/div>\n                                                    <div class=\"col-md-12\">\n                                <nav class='pagination wp-caption void-grid-nav'> \n                                                                <\/nav>\n                            <\/div>\n                                    \n            \n                                    \n            <\/div>\n            \n            <\/div>\t\t\t\t<\/div>\n\t\t\t\t<\/div>\n\t\t\t\t\t<\/div>\n\t\t<\/div>\n\t\t\t\t\t<\/div>\n\t\t<\/section>\n\t\t\t\t<\/div>\n\t\t","protected":false},"excerpt":{"rendered":"<p>PROJEKTY Festiwal Kultury \u017bydowskiej Warszawa Singera 3 listopada 201429 maja 2019 k Projekty Leave a Comment on Festiwal Kultury \u017bydowskiej [&hellip;]<\/p>\n","protected":false},"author":1,"featured_media":0,"parent":0,"menu_order":3,"comment_status":"closed","ping_status":"closed","template":"","meta":{"_acf_changed":false,"ngg_post_thumbnail":0,"footnotes":""},"class_list":["post-19341","page","type-page","status-publish","hentry"],"acf":[],"_links":{"self":[{"href":"https:\/\/shalom.org.pl\/en\/wp-json\/wp\/v2\/pages\/19341","targetHints":{"allow":["GET"]}}],"collection":[{"href":"https:\/\/shalom.org.pl\/en\/wp-json\/wp\/v2\/pages"}],"about":[{"href":"https:\/\/shalom.org.pl\/en\/wp-json\/wp\/v2\/types\/page"}],"author":[{"embeddable":true,"href":"https:\/\/shalom.org.pl\/en\/wp-json\/wp\/v2\/users\/1"}],"replies":[{"embeddable":true,"href":"https:\/\/shalom.org.pl\/en\/wp-json\/wp\/v2\/comments?post=19341"}],"version-history":[{"count":2,"href":"https:\/\/shalom.org.pl\/en\/wp-json\/wp\/v2\/pages\/19341\/revisions"}],"predecessor-version":[{"id":23291,"href":"https:\/\/shalom.org.pl\/en\/wp-json\/wp\/v2\/pages\/19341\/revisions\/23291"}],"wp:attachment":[{"href":"https:\/\/shalom.org.pl\/en\/wp-json\/wp\/v2\/media?parent=19341"}],"curies":[{"name":"wp","href":"https:\/\/api.w.org\/{rel}","templated":true}]}}